{"id":5269,"date":"2024-10-15T10:21:06","date_gmt":"2024-10-15T08:21:06","guid":{"rendered":"https:\/\/campingclosduthym.com\/camping-familial-argeles-sur-mer\/"},"modified":"2025-01-14T12:33:48","modified_gmt":"2025-01-14T11:33:48","slug":"family-campsite-argeles-sur-mer","status":"publish","type":"page","link":"https:\/\/campingclosduthym.com\/en\/family-campsite-argeles-sur-mer\/","title":{"rendered":"Welcome to a family campsite in Argel\u00e8s-sur-Mer"},"content":{"rendered":"\n<div class=\"wp-block-group alignfull gt-reveal has-global-padding is-layout-constrained wp-container-core-group-is-layout-5 wp-block-group-is-layout-constrained\">\n<div style=\"height:6rem\" aria-hidden=\"true\" class=\"wp-block-spacer gt-hide-mobile\"><\/div>\n\n\n\n<div class=\"wp-block-group alignwide gt-break-mobile gt-reverse-mobile is-nowrap is-layout-flex wp-container-core-group-is-layout-4 wp-block-group-is-layout-flex\">\n<div class=\"wp-block-group has-global-padding is-layout-constrained wp-block-group-is-layout-constrained\">\n<div class=\"wp-block-group is-layout-flow wp-block-group-is-layout-flow\" style=\"padding-right:var(--wp--preset--spacing--30);padding-left:var(--wp--preset--spacing--30)\">\n<div style=\"height:10rem\" aria-hidden=\"true\" class=\"wp-block-spacer gt-hide-mobile\"><\/div>\n\n\n\n<figure class=\"wp-block-image aligncenter size-full gt-reveal-down wp-duotone-174c4f-174c4f-1\"><img data-dominant-color=\"b15526\" data-has-transparency=\"true\" style=\"--dominant-color: #b15526;\" decoding=\"async\" width=\"43\" height=\"21\" src=\"https:\/\/campingclosduthym.com\/wp-content\/uploads\/sites\/5\/2024\/08\/separator.png\" alt=\"separator\" class=\"wp-image-150 has-transparency\"\/><\/figure>\n\n\n<h2 class=\"wp-block-heading has-text-align-center gt-reveal-down has-accent-color has-text-color has-link-color wp-elements-b7d257d593e51fe49a574f33df1a2a23\" id=\"friendly-welcome-and-3-star-service-at-reception\">Friendly welcome and 3-star service at reception<\/h2>\n\n\n<p class=\"has-text-align-center gt-reveal-down has-medium-font-size\">We&#8217;re here to <strong>give you a warm welcome<\/strong> and make <strong>your stay a pleasant<\/strong> one from the moment you arrive.<\/p>\n\n\n\n<p class=\"has-text-align-center gt-reveal-down has-medium-font-size\"><strong>Opening hours<\/strong> <br\/><strong>July-August<\/strong>: daily <strong>9 a.m. to 1 p.m.<\/strong> and <strong>3:30 p.m. to 7:30 p.m.<\/strong> and <strong>Saturday<\/strong> <strong>8 a.m. to 1 p.m.<\/strong> and <strong>2 p.m. to 8 p.m.<\/strong> <br\/><strong>June-September<\/strong>: <strong>Monday to Friday<\/strong> <strong>9 a.m. to 12 p.m.<\/strong> and <strong>2 p.m. to 6 p.m.<\/strong><\/p>\n\n\n\n<p class=\"has-text-align-center gt-reveal-down has-medium-font-size\">For off-season hours (except June-July-August-September) reception is not open in the morning: only from 2pm to 6pm.<\/p>\n\n\n\n<p class=\"has-text-align-center gt-reveal-down has-medium-font-size\"><strong>The entire reception team is on hand to advise and inform you throughout your stay.<\/strong><\/p>\n\n\n\n<p class=\"has-text-align-center gt-reveal-down has-medium-font-size\"><strong>For more information on the services offered by the <\/strong><a href=\"https:\/\/campingclosduthym.com\/en\/\">Clos du Thym campsite in Argel\u00e8s-sur-Mer<\/a>, please <strong>contact Lauriane on 04.68.81.24.23<\/strong>.<\/p>\n<\/div>\n<\/div>\n\n\n\n<div class=\"wp-block-group wp-container-content-1 is-layout-flow wp-block-group-is-layout-flow\">\n<figure class=\"wp-block-image size-full gt-reveal\"><img data-dominant-color=\"818f80\" data-has-transparency=\"false\" style=\"--dominant-color: #818f80;\" decoding=\"async\" width=\"640\" height=\"961\" src=\"https:\/\/campingclosduthym.com\/wp-content\/uploads\/sites\/5\/2024\/11\/accueil-convivial-et-services-3-etoiles.webp\" alt=\"friendly welcome and 3-star service\" class=\"wp-image-4697 not-transparent\" srcset=\"https:\/\/campingclosduthym.com\/wp-content\/uploads\/sites\/5\/2024\/11\/accueil-convivial-et-services-3-etoiles.webp 640w, https:\/\/campingclosduthym.com\/wp-content\/uploads\/sites\/5\/2024\/11\/accueil-convivial-et-services-3-etoiles-200x300.webp 200w\" sizes=\"(max-width: 640px) 100vw, 640px\" \/><\/figure>\n<\/div>\n<\/div>\n<\/div>\n\n<div class=\"wp-block-group alignfull gt-reveal has-global-padding is-layout-constrained wp-container-core-group-is-layout-11 wp-block-group-is-layout-constrained\">\n<div style=\"height:6rem\" aria-hidden=\"true\" class=\"wp-block-spacer gt-hide-mobile\"><\/div>\n\n\n\n<div class=\"wp-block-group alignwide animated fadeIn slower gt-hide-mobile is-layout-flow wp-block-group-is-layout-flow\" style=\"margin-top:0;margin-bottom:-33px;padding-right:0;padding-left:0\">\n<p class=\"gt-sliding-text has-contrast-3-color has-text-color has-link-color has-sogo-font-family wp-elements-4511769633bb9474a8ff466e01eb14e1\" style=\"margin-top:0;margin-right:0;margin-bottom:0;margin-left:0;font-size:7vw;font-style:normal;font-weight:300;line-height:1;text-transform:uppercase\">A SIMPLIFIED LIFE<\/p>\n<\/div>\n\n\n\n<div class=\"wp-block-group alignwide gt-break-mobile is-nowrap is-layout-flex wp-container-core-group-is-layout-10 wp-block-group-is-layout-flex\">\n<div class=\"wp-block-group wp-container-content-2 is-layout-flow wp-block-group-is-layout-flow\">\n<figure class=\"wp-block-image size-full gt-reveal\"><img data-dominant-color=\"686e5d\" data-has-transparency=\"false\" style=\"--dominant-color: #686e5d;\" decoding=\"async\" width=\"640\" height=\"960\" src=\"https:\/\/campingclosduthym.com\/wp-content\/uploads\/sites\/5\/2024\/11\/vie-simplifiee.webp\" alt=\"life made easy\" class=\"wp-image-4699 not-transparent\" srcset=\"https:\/\/campingclosduthym.com\/wp-content\/uploads\/sites\/5\/2024\/11\/vie-simplifiee.webp 640w, https:\/\/campingclosduthym.com\/wp-content\/uploads\/sites\/5\/2024\/11\/vie-simplifiee-200x300.webp 200w\" sizes=\"(max-width: 640px) 100vw, 640px\" \/><\/figure>\n<\/div>\n\n\n\n<div class=\"wp-block-group has-global-padding is-layout-constrained wp-block-group-is-layout-constrained\">\n<div class=\"wp-block-group is-layout-flow wp-block-group-is-layout-flow\" style=\"padding-right:var(--wp--preset--spacing--30);padding-left:var(--wp--preset--spacing--30)\">\n<div style=\"height:10rem\" aria-hidden=\"true\" class=\"wp-block-spacer gt-hide-mobile\"><\/div>\n\n\n\n<figure class=\"wp-block-image aligncenter size-full gt-reveal-down wp-duotone-174c4f-174c4f-2\"><img data-dominant-color=\"b15526\" data-has-transparency=\"true\" style=\"--dominant-color: #b15526;\" decoding=\"async\" width=\"43\" height=\"21\" src=\"https:\/\/campingclosduthym.com\/wp-content\/uploads\/sites\/5\/2024\/08\/separator.png\" alt=\"separator\" class=\"wp-image-150 has-transparency\"\/><\/figure>\n\n\n<h2 class=\"wp-block-heading has-text-align-center gt-reveal-down has-accent-color has-text-color has-link-color wp-elements-85407ca25305e011e8648995f6a3c8a3\" id=\"enjoy-free-wifi-on-vacation\">Enjoy free wifi on vacation<\/h2>\n\n\n<p class=\"has-text-align-center gt-reveal-down has-medium-font-size\">Enjoy <strong>free wifi<\/strong> on vacation, with a connection shared by all residents. Stay connected during your stay to <strong>share memories<\/strong>, <strong>plan activities<\/strong>, and <strong>keep in touch <\/strong>with loved ones. Although streaming and videoconferencing aren&#8217;t possible, you can check your e-mail and <strong>browse<\/strong> online <strong>with ease<\/strong>.  <\/p>\n\n\n<h2 class=\"wp-block-heading has-text-align-center gt-reveal-down has-accent-color has-text-color has-link-color wp-elements-bb733bb7757e4154b745ab13bd6cf697\" id=\"fully-equipped-laundry-makes-life-easier\">Fully-equipped laundry makes life easier<\/h2>\n\n\n<p class=\"has-text-align-center gt-reveal-down has-medium-font-size\">Our <strong>fully-equipped laundry facilities<\/strong> make life easier at Clos du Thym. Take advantage of our <strong>washing machines and tumble dryers<\/strong> to keep your laundry clean and fresh during your vacation. Avoid logistical worries and make the most of your stay with our practical, efficient laundry service.  <\/p>\n\n\n\n<div style=\"height:2rem\" aria-hidden=\"true\" class=\"wp-block-spacer is-style-gt-hide-mobile gt-hide-mobile\"><\/div>\n<\/div>\n<\/div>\n<\/div>\n<\/div>\n\n<div class=\"wp-block-group alignfull gt-reveal is-nowrap is-layout-flex wp-container-core-group-is-layout-14 wp-block-group-is-layout-flex\">\n<div class=\"wp-block-cover is-light gt-hide-mobile wp-container-content-3\" style=\"min-height:100vh;aspect-ratio:unset;\"><span aria-hidden=\"true\" class=\"wp-block-cover__background has-background-dim-10 has-background-dim\"><\/span><img data-dominant-color=\"828a6c\" data-has-transparency=\"false\" style=\"--dominant-color: #828a6c;\" decoding=\"async\" width=\"381\" height=\"867\" class=\"wp-block-cover__image-background wp-image-4838 not-transparent\" alt=\"verdure au camping\" src=\"https:\/\/campingclosduthym.com\/wp-content\/uploads\/sites\/5\/2024\/11\/verdure-au-camping.webp\" data-object-fit=\"cover\" srcset=\"https:\/\/campingclosduthym.com\/wp-content\/uploads\/sites\/5\/2024\/11\/verdure-au-camping.webp 381w, https:\/\/campingclosduthym.com\/wp-content\/uploads\/sites\/5\/2024\/11\/verdure-au-camping-132x300.webp 132w\" sizes=\"(max-width: 381px) 100vw, 381px\" \/><div class=\"wp-block-cover__inner-container has-global-padding is-layout-constrained wp-block-cover-is-layout-constrained\">\n<p class=\"has-text-align-center has-large-font-size\"><\/p>\n<\/div><\/div>\n\n\n\n<div class=\"wp-block-cover is-light has-custom-content-position is-position-top-center wp-container-content-4\" style=\"padding-top:0;padding-bottom:0;min-height:100vh;aspect-ratio:unset;\"><span aria-hidden=\"true\" class=\"wp-block-cover__background has-background-dim-20 has-background-dim\"><\/span><img data-dominant-color=\"9bab89\" data-has-transparency=\"false\" decoding=\"async\" width=\"1514\" height=\"629\" class=\"wp-block-cover__image-background wp-image-4417 not-transparent\" alt=\"vos animaux sont les bienvenus au camping\" src=\"https:\/\/campingclosduthym.com\/wp-content\/uploads\/sites\/5\/2024\/10\/vos-animaux-sont-les-bienvenus-au-camping.webp\" style=\"--dominant-color: #9bab89; object-position:28% 50%\" data-object-fit=\"cover\" data-object-position=\"28% 50%\" srcset=\"https:\/\/campingclosduthym.com\/wp-content\/uploads\/sites\/5\/2024\/10\/vos-animaux-sont-les-bienvenus-au-camping.webp 1514w, https:\/\/campingclosduthym.com\/wp-content\/uploads\/sites\/5\/2024\/10\/vos-animaux-sont-les-bienvenus-au-camping-300x125.webp 300w, https:\/\/campingclosduthym.com\/wp-content\/uploads\/sites\/5\/2024\/10\/vos-animaux-sont-les-bienvenus-au-camping-1024x425.webp 1024w, https:\/\/campingclosduthym.com\/wp-content\/uploads\/sites\/5\/2024\/10\/vos-animaux-sont-les-bienvenus-au-camping-768x319.webp 768w\" sizes=\"(max-width: 1514px) 100vw, 1514px\" \/><div class=\"wp-block-cover__inner-container has-global-padding is-layout-constrained wp-block-cover-is-layout-constrained\">\n<div class=\"wp-block-group gt-reveal-down has-global-padding is-layout-constrained wp-container-core-group-is-layout-13 wp-block-group-is-layout-constrained\">\n<div class=\"wp-block-group has-contrast-3-background-color has-background is-layout-flow wp-block-group-is-layout-flow\" style=\"min-height:12rem\"><\/div>\n<\/div>\n\n\n\n<figure class=\"wp-block-image aligncenter size-full gt-reveal-down wp-duotone-e5e0ce-ffffff-3\"><img data-dominant-color=\"b15526\" data-has-transparency=\"true\" style=\"--dominant-color: #b15526;\" decoding=\"async\" width=\"43\" height=\"21\" src=\"https:\/\/campingclosduthym.com\/wp-content\/uploads\/sites\/5\/2024\/08\/separator.png\" alt=\"separator\" class=\"wp-image-150 has-transparency\"\/><\/figure>\n\n\n\n<div style=\"height:1rem\" aria-hidden=\"true\" class=\"wp-block-spacer gt-hide-mobile\"><\/div>\n\n\n<h2 class=\"wp-block-heading has-text-align-center has-base-color has-text-color has-link-color has-large-font-size wp-elements-a1ea523cfe04e793e711a28205c26934\" id=\"your-pets-are-welcome-at-the-campsite\">Your pets are welcome at the campsite<\/h2>\n\n\n<p class=\"has-text-align-center has-base-color has-text-color has-link-color has-medium-font-size wp-elements-7050705b2d3b01048d41112c94870c8e\">Your pets are <strong>welcome<\/strong> at the campsite. For our friends the <strong>dogs<\/strong> (except categorized dogs), although the supervised beaches are forbidden, they are tolerated <strong>south of the dike<\/strong> and at the <strong>Mas Larrieu nature reserve<\/strong>, taking care to keep them <strong>on a leash<\/strong>. Enjoy pleasant walks with your four-legged friends and explore the natural beauty of our region together.  <\/p>\n\n\n\n<div style=\"height:var(--wp--preset--spacing--40)\" aria-hidden=\"true\" class=\"wp-block-spacer gt-hide-mobile\"><\/div>\n<\/div><\/div>\n<\/div>\n\n<div class=\"wp-block-group alignfull has-global-padding is-layout-constrained wp-block-group-is-layout-constrained\" id=\"snack-bar\">\n<div class=\"wp-block-group alignfull gt-reveal gt-break-mobile is-content-justification-center is-nowrap is-layout-flex wp-container-core-group-is-layout-20 wp-block-group-is-layout-flex\">\n<div class=\"wp-block-group is-nowrap is-layout-flex wp-container-core-group-is-layout-19 wp-block-group-is-layout-flex\" style=\"padding-right:var(--wp--preset--spacing--20);padding-left:var(--wp--preset--spacing--20)\">\n<div class=\"wp-block-group has-global-padding is-layout-constrained wp-block-group-is-layout-constrained\">\n<div class=\"wp-block-group animated fadeInDown slow gt-reveal-down has-global-padding is-layout-constrained wp-container-core-group-is-layout-16 wp-block-group-is-layout-constrained\">\n<div class=\"wp-block-group gt-reveal-down has-contrast-3-background-color has-background is-layout-flow wp-block-group-is-layout-flow\" style=\"min-height:30rem\"><\/div>\n<\/div>\n\n\n\n<figure class=\"wp-block-image aligncenter size-full gt-reveal-down wp-duotone-e5e0ce-ffffff-4\"><img data-dominant-color=\"b15526\" data-has-transparency=\"true\" style=\"--dominant-color: #b15526;\" decoding=\"async\" width=\"43\" height=\"21\" src=\"https:\/\/campingclosduthym.com\/wp-content\/uploads\/sites\/5\/2024\/08\/separator.png\" alt=\"separator\" class=\"wp-image-150 has-transparency\"\/><\/figure>\n<\/div>\n\n\n\n<div class=\"wp-block-group has-global-padding is-layout-constrained wp-block-group-is-layout-constrained\"><h2 class=\"wp-block-heading has-accent-color has-text-color has-link-color wp-elements-de3571d6235400327d705355dffb54f5\" id=\"the-snack-bar-in-argeles-sur-mer-offers-lunch-and-dinner\">The snack bar in Argel\u00e8s-sur-Mer offers lunch and dinner<\/h2>\n\n\n<p class=\"has-medium-font-size\">Welcome to the <strong>snack bar<\/strong> at Clos du Thym campsite in Argel\u00e8s-sur-Mer, your place to <strong>relax <\/strong>and <strong>enjoy a delicious meal <\/strong>to make your vacation even more enjoyable. Our snack bar is the ideal place for a <strong>quick lunch break <\/strong>or a <strong>convivial evening<\/strong> with friends and family. <\/p>\n\n\n\n<p class=\"has-medium-font-size\"><strong>Opening hours (June-September)<\/strong> <br\/>The snack bar is open from June to September.<\/p>\n\n\n\n<p class=\"has-medium-font-size\"><strong>Make every meal special at the Clos du Thym campsite snack bar.<\/strong><\/p>\n\n\n\n<p class=\"has-medium-font-size\"><strong>Come and discover delicious cuisine in a friendly atmosphere.<\/strong><\/p>\n<\/div>\n<\/div>\n\n\n\n<figure class=\"wp-block-image size-full\"><img data-dominant-color=\"b99b7a\" data-has-transparency=\"false\" style=\"--dominant-color: #b99b7a;\" decoding=\"async\" width=\"1108\" height=\"738\" src=\"https:\/\/campingclosduthym.com\/wp-content\/uploads\/sites\/5\/2024\/11\/snack-bar-vous-regale-midi-et-soir-a-argeles-sur-mer.webp\" alt=\"snack bar for lunch and dinner in argeles sur mer\" class=\"wp-image-4703 not-transparent\" srcset=\"https:\/\/campingclosduthym.com\/wp-content\/uploads\/sites\/5\/2024\/11\/snack-bar-vous-regale-midi-et-soir-a-argeles-sur-mer.webp 1108w, https:\/\/campingclosduthym.com\/wp-content\/uploads\/sites\/5\/2024\/11\/snack-bar-vous-regale-midi-et-soir-a-argeles-sur-mer-300x200.webp 300w, https:\/\/campingclosduthym.com\/wp-content\/uploads\/sites\/5\/2024\/11\/snack-bar-vous-regale-midi-et-soir-a-argeles-sur-mer-1024x682.webp 1024w, https:\/\/campingclosduthym.com\/wp-content\/uploads\/sites\/5\/2024\/11\/snack-bar-vous-regale-midi-et-soir-a-argeles-sur-mer-768x512.webp 768w\" sizes=\"(max-width: 1108px) 100vw, 1108px\" \/><\/figure>\n<\/div>\n\n\n\n<div style=\"height:6rem\" aria-hidden=\"true\" class=\"wp-block-spacer gt-hide-mobile\"><\/div>\n\n\n\n<div style=\"height:6rem\" aria-hidden=\"true\" class=\"wp-block-spacer gt-hide-mobile\"><\/div>\n<\/div>\n\n<div class=\"wp-block-group alignfull has-global-padding is-layout-constrained wp-block-group-is-layout-constrained\">\n<div class=\"wp-block-group alignfull gt-reveal gt-break-mobile is-content-justification-center is-nowrap is-layout-flex wp-container-core-group-is-layout-24 wp-block-group-is-layout-flex\">\n<figure class=\"wp-block-image size-full\"><img data-dominant-color=\"946d4f\" data-has-transparency=\"false\" style=\"--dominant-color: #946d4f;\" decoding=\"async\" width=\"662\" height=\"531\" src=\"https:\/\/campingclosduthym.com\/wp-content\/uploads\/sites\/5\/2024\/11\/paella.webp\" alt=\"paella\" class=\"wp-image-4789 not-transparent\" srcset=\"https:\/\/campingclosduthym.com\/wp-content\/uploads\/sites\/5\/2024\/11\/paella.webp 662w, https:\/\/campingclosduthym.com\/wp-content\/uploads\/sites\/5\/2024\/11\/paella-300x241.webp 300w\" sizes=\"(max-width: 662px) 100vw, 662px\" \/><\/figure>\n\n\n\n<div class=\"wp-block-group is-nowrap is-layout-flex wp-container-core-group-is-layout-23 wp-block-group-is-layout-flex\" style=\"padding-right:var(--wp--preset--spacing--20);padding-left:var(--wp--preset--spacing--20)\">\n<div class=\"wp-block-group has-global-padding is-layout-constrained wp-block-group-is-layout-constrained\"><h3 class=\"wp-block-heading has-accent-color has-text-color has-link-color wp-elements-2f1112f3d706e01105574b2effb9103e\" id=\"enjoy-traditional-catalan-cuisine\">Enjoy traditional Catalan cuisine<\/h3>\n\n\n<p class=\"has-medium-font-size\">Sample <strong>traditional Catalan cuisine<\/strong> with special <strong>evening meals<\/strong>, featuring dishes such as <strong>paella<\/strong>, <strong>fideua<\/strong>, <strong>moules-frites<\/strong>, and much more.<\/p>\n\n\n<h3 class=\"wp-block-heading has-accent-color has-text-color has-link-color wp-elements-bee16fbde4d0a87c76db32ba4c85e82a\" id=\"on-site-or-takeaway-meals\">On-site or takeaway meals<\/h3>\n\n\n<p class=\"has-medium-font-size\">The Clos du Thym campsite snack bar offers a wide variety of delicacies <strong>to take away<\/strong> or <strong>enjoy on the terrace<\/strong>, including <strong>paninis<\/strong>, <strong>crispy fries<\/strong>, succulent <strong>burgers<\/strong>, fresh <strong>pizzas<\/strong>, mouth-watering <strong>kebabs<\/strong> and refreshing <strong>salads<\/strong>.<\/p>\n<\/div>\n<\/div>\n<\/div>\n\n\n\n<div class=\"wp-block-group alignfull gt-reveal gt-break-mobile gt-reverse-mobile is-content-justification-center is-nowrap is-layout-flex wp-container-core-group-is-layout-27 wp-block-group-is-layout-flex\">\n<div class=\"wp-block-group is-nowrap is-layout-flex wp-container-core-group-is-layout-26 wp-block-group-is-layout-flex\" style=\"padding-right:var(--wp--preset--spacing--20);padding-left:var(--wp--preset--spacing--20)\">\n<div class=\"wp-block-group has-global-padding is-layout-constrained wp-block-group-is-layout-constrained\"><h3 class=\"wp-block-heading has-accent-color has-text-color has-link-color wp-elements-f57ad6cc0d9e1449b12cfd968a3a950e\" id=\"lively-evenings-in-the-campsite-snack-bar\">Lively evenings in the campsite snack bar<\/h3>\n\n\n<p class=\"has-medium-font-size\">Lively evenings at the campsite snack bar (July and August): enjoy <strong>lively evening meals<\/strong> where <strong>good food<\/strong> and <strong>conviviality<\/strong> are the order of the day. Relax over tasty dishes prepared with care and share pleasant moments with friends or family. Our evenings are the perfect opportunity to create unforgettable memories in a warm atmosphere.  <\/p>\n\n\n<h3 class=\"wp-block-heading has-accent-color has-text-color has-link-color wp-elements-ca998b959d6b105411c1f9c677f31840\" id=\"your-snack-bar-welcomes-groups\">Your snack bar welcomes groups<\/h3>\n\n\n<p class=\"has-medium-font-size\">Your snack bar welcomes <strong>groups <\/strong>. Whether it&#8217;s a <strong>team meal<\/strong>, a <strong>special celebration<\/strong> or a <strong>special event<\/strong>, we&#8217;re here to provide a memorable dining experience. Contact us to discuss your needs and preferences, and let us help you <strong>organize a convivial and delicious time<\/strong> at camping Clos du Thym.  <\/p>\n<\/div>\n<\/div>\n\n\n\n<figure class=\"wp-block-image size-full\"><img data-dominant-color=\"a29694\" data-has-transparency=\"false\" style=\"--dominant-color: #a29694;\" decoding=\"async\" width=\"662\" height=\"531\" src=\"https:\/\/campingclosduthym.com\/wp-content\/uploads\/sites\/5\/2024\/11\/soirees-animees.webp\" alt=\"animated evenings\" class=\"wp-image-4709 not-transparent\" srcset=\"https:\/\/campingclosduthym.com\/wp-content\/uploads\/sites\/5\/2024\/11\/soirees-animees.webp 662w, https:\/\/campingclosduthym.com\/wp-content\/uploads\/sites\/5\/2024\/11\/soirees-animees-300x241.webp 300w\" sizes=\"(max-width: 662px) 100vw, 662px\" \/><\/figure>\n<\/div>\n\n\n\n<div style=\"height:6rem\" aria-hidden=\"true\" class=\"wp-block-spacer\"><\/div>\n<\/div>\n\n<div class=\"wp-block-group alignfull gt-reveal is-nowrap is-layout-flex wp-container-core-group-is-layout-31 wp-block-group-is-layout-flex\">\n<div class=\"wp-block-cover is-light gt-hide-mobile wp-container-content-5\" style=\"min-height:100vh;aspect-ratio:unset;\"><span aria-hidden=\"true\" class=\"wp-block-cover__background has-background-dim-10 has-background-dim\"><\/span><img data-dominant-color=\"908d71\" data-has-transparency=\"false\" style=\"--dominant-color: #908d71;\" decoding=\"async\" width=\"381\" height=\"921\" class=\"wp-block-cover__image-background wp-image-4426 not-transparent\" alt=\"louez un velo aupres de notre partenaire et faites le vous livrer\" src=\"https:\/\/campingclosduthym.com\/wp-content\/uploads\/sites\/5\/2024\/10\/louez-un-velo-aupres-de-notre-partenaire-et-faites-le-vous-livrer.webp\" data-object-fit=\"cover\" srcset=\"https:\/\/campingclosduthym.com\/wp-content\/uploads\/sites\/5\/2024\/10\/louez-un-velo-aupres-de-notre-partenaire-et-faites-le-vous-livrer.webp 381w, https:\/\/campingclosduthym.com\/wp-content\/uploads\/sites\/5\/2024\/10\/louez-un-velo-aupres-de-notre-partenaire-et-faites-le-vous-livrer-124x300.webp 124w\" sizes=\"(max-width: 381px) 100vw, 381px\" \/><div class=\"wp-block-cover__inner-container has-global-padding is-layout-constrained wp-block-cover-is-layout-constrained\">\n<p class=\"has-text-align-center has-large-font-size\"><\/p>\n<\/div><\/div>\n\n\n\n<div class=\"wp-block-cover has-custom-content-position is-position-top-center wp-container-content-6\" style=\"padding-top:0;padding-bottom:0;min-height:100vh;aspect-ratio:unset;\"><span aria-hidden=\"true\" class=\"wp-block-cover__background has-background-dim-40 has-background-dim\"><\/span><img data-dominant-color=\"d4b697\" data-has-transparency=\"false\" style=\"--dominant-color: #d4b697;\" decoding=\"async\" width=\"1514\" height=\"921\" class=\"wp-block-cover__image-background wp-image-4428 not-transparent\" alt=\"location de kit bebe en supplement pour votre confort\" src=\"https:\/\/campingclosduthym.com\/wp-content\/uploads\/sites\/5\/2024\/10\/location-de-kit-bebe-en-supplement-pour-votre-confort.webp\" data-object-fit=\"cover\" srcset=\"https:\/\/campingclosduthym.com\/wp-content\/uploads\/sites\/5\/2024\/10\/location-de-kit-bebe-en-supplement-pour-votre-confort.webp 1514w, https:\/\/campingclosduthym.com\/wp-content\/uploads\/sites\/5\/2024\/10\/location-de-kit-bebe-en-supplement-pour-votre-confort-300x182.webp 300w, https:\/\/campingclosduthym.com\/wp-content\/uploads\/sites\/5\/2024\/10\/location-de-kit-bebe-en-supplement-pour-votre-confort-1024x623.webp 1024w, https:\/\/campingclosduthym.com\/wp-content\/uploads\/sites\/5\/2024\/10\/location-de-kit-bebe-en-supplement-pour-votre-confort-768x467.webp 768w\" sizes=\"(max-width: 1514px) 100vw, 1514px\" \/><div class=\"wp-block-cover__inner-container has-global-padding is-layout-constrained wp-block-cover-is-layout-constrained\">\n<div class=\"wp-block-group gt-reveal-down has-global-padding is-layout-constrained wp-container-core-group-is-layout-30 wp-block-group-is-layout-constrained\">\n<div class=\"wp-block-group has-contrast-3-background-color has-background is-layout-flow wp-block-group-is-layout-flow\" style=\"min-height:12rem\"><\/div>\n<\/div>\n\n\n\n<figure class=\"wp-block-image aligncenter size-full gt-reveal-down wp-duotone-e5e0ce-ffffff-5\"><img data-dominant-color=\"b15526\" data-has-transparency=\"true\" style=\"--dominant-color: #b15526;\" decoding=\"async\" width=\"43\" height=\"21\" src=\"https:\/\/campingclosduthym.com\/wp-content\/uploads\/sites\/5\/2024\/08\/separator.png\" alt=\"separator\" class=\"wp-image-150 has-transparency\"\/><\/figure>\n\n\n\n<div style=\"height:1rem\" aria-hidden=\"true\" class=\"wp-block-spacer\"><\/div>\n\n\n<h2 class=\"wp-block-heading has-text-align-center has-base-color has-text-color has-link-color has-large-font-size wp-elements-aa5308294fcf448c1c81003182376ab6\" id=\"extra-equipment-for-your-comfort\">Extra equipment for your comfort<\/h2>\n\n\n<p class=\"has-text-align-center has-base-color has-text-color has-link-color has-medium-font-size wp-elements-8e7457d0830c78797cf493f313a16338\"><strong>Take advantage of our free daily living equipment loan service<\/strong> <br\/>Discover our <strong>unique daily living equipment loan service<\/strong>, completely <strong>free of charge<\/strong> (with deposit). Whether you need an iron for your clothes or a vacuum cleaner to keep your space clean, we&#8217;ve got you covered. We provide a range of equipment to make your life easier.  <\/p>\n\n\n\n<p class=\"has-text-align-center has-base-color has-text-color has-link-color has-medium-font-size wp-elements-1a3e5098ab438b4c160559fcd6264d86\"><strong>Baby kit rental and sale of disposable sheets<\/strong> <br\/>For young parents, we offer <strong>baby kit rental <\/strong>including a <strong>high chair<\/strong>,<strong> cot<\/strong> and <strong>bathtub<\/strong>, everything you need to welcome your child in the best possible conditions. What&#8217;s more, we <strong>sell single-use sheets<\/strong> for added <strong>convenience<\/strong> and <strong>hygiene<\/strong>. Take advantage of these services for a comfortable, hassle-free stay.  <\/p>\n\n\n\n<div style=\"height:var(--wp--preset--spacing--40)\" aria-hidden=\"true\" class=\"wp-block-spacer\"><\/div>\n<\/div><\/div>\n<\/div>\n\n<div class=\"wp-block-group alignfull gt-break-mobile is-content-justification-right is-nowrap is-layout-flex wp-container-core-group-is-layout-37 wp-block-group-is-layout-flex\">\n<div class=\"wp-block-group alignwide gt-absolute-text gt-hide-mobile wp-container-content-7 is-horizontal is-content-justification-right is-nowrap is-layout-flex wp-container-core-group-is-layout-32 wp-block-group-is-layout-flex\" style=\"margin-top:0;padding-right:0;padding-left:0\">\n<p class=\"gt-sliding-text-y has-contrast-3-color has-text-color has-link-color has-sogo-font-family wp-elements-d811a202e24ea6c87257a5eb33d637bd\" style=\"margin-top:0;margin-right:0;margin-bottom:0;margin-left:0;font-size:7vw;font-style:normal;font-weight:300;line-height:1;text-transform:uppercase\">Guidon Fut\u00e9<\/p>\n<\/div>\n\n\n\n<div class=\"wp-block-group has-accent-2-background-color has-background wp-container-content-8 has-global-padding is-content-justification-center is-layout-constrained wp-block-group-is-layout-constrained\">\n<div class=\"wp-block-group alignwide is-layout-flow wp-block-group-is-layout-flow\" style=\"padding-top:0;padding-right:var(--wp--preset--spacing--60);padding-bottom:var(--wp--preset--spacing--30);padding-left:var(--wp--preset--spacing--60)\">\n<div class=\"wp-block-group gt-reveal-down has-global-padding is-layout-constrained wp-container-core-group-is-layout-34 wp-block-group-is-layout-constrained\" style=\"margin-top:-3rem\">\n<div class=\"wp-block-group has-contrast-3-background-color has-background is-layout-flow wp-block-group-is-layout-flow\" style=\"min-height:6rem\"><\/div>\n<\/div>\n\n\n\n<figure class=\"wp-block-image aligncenter size-full gt-reveal-down wp-duotone-174c4f-174c4f-6\"><img data-dominant-color=\"b15526\" data-has-transparency=\"true\" style=\"--dominant-color: #b15526;\" decoding=\"async\" width=\"43\" height=\"21\" src=\"https:\/\/campingclosduthym.com\/wp-content\/uploads\/sites\/5\/2024\/08\/separator.png\" alt=\"separator\" class=\"wp-image-150 has-transparency\"\/><\/figure>\n\n\n<h2 class=\"wp-block-heading alignwide has-text-align-center gt-reveal-down has-accent-color has-text-color has-link-color wp-elements-a1f553d433d23280ec321fdd2b25a006\" id=\"rent-a-bike-from-our-partner-and-have-it-delivered\"> Rent a bike from our partner and have it delivered.<\/h2>\n\n\n<p class=\"has-text-align-center gt-reveal-down has-medium-font-size\">Explore the splendor of <a href=\"https:\/\/campingclosduthym.com\/en\/tourism-pyrenees-orientales\/#argeles-sur-mer\">Argel\u00e8s-sur-Mer<\/a> by bicycle with our trusted partner, &#8220;Guidon Fut\u00e9&#8221;.<\/p>\n\n\n\n<p class=\"has-text-align-center gt-reveal-down has-medium-font-size\">Book your bikes now on Guidon Fut\u00e9 for an unforgettable <strong>cycling experience <\/strong>.<\/p>\n\n\n\n<p class=\"has-text-align-center gt-reveal-down has-medium-font-size\">Take advantage of <strong>free delivery directly to the<\/strong> Clos du Thym <strong>campsite<\/strong> for all bookings of one week&#8217;s rental or more.<\/p>\n\n\n\n<ul class=\"wp-block-list\">\n<li>Visit the <a href=\"https:\/\/www.guidon-fute.com\/fr\/\" target=\"_blank\" rel=\"noreferrer noopener\">Guidon Fut\u00e9 website<\/a> or call 04.68.81.56.55.<\/li>\n\n\n\n<li>Select the bikes of your choice and the rental period.<\/li>\n\n\n\n<li>Indicate when booking that you are staying at the <a href=\"https:\/\/campingclosduthym.com\/en\/\">Clos du Thym campsite in Argel\u00e8s-sur-Mer<\/a> to benefit from free delivery (for rentals of one week or more).<\/li>\n\n\n\n<li>It&#8217;s easy to finalize your reservation.<\/li>\n<\/ul>\n<\/div>\n\n\n\n<div style=\"height:6rem;width:0px\" aria-hidden=\"true\" class=\"wp-block-spacer\"><\/div>\n<\/div>\n<\/div>\n\n<div class=\"wp-block-group alignfull has-global-padding is-layout-constrained wp-block-group-is-layout-constrained\">\n<div style=\"height:6rem\" aria-hidden=\"true\" class=\"wp-block-spacer\"><\/div>\n\n\n\n<div class=\"wp-block-group alignfull gt-reveal gt-break-mobile gt-reverse-mobile is-content-justification-center is-nowrap is-layout-flex wp-container-core-group-is-layout-43 wp-block-group-is-layout-flex\">\n<div class=\"wp-block-group is-nowrap is-layout-flex wp-container-core-group-is-layout-42 wp-block-group-is-layout-flex\" style=\"padding-right:var(--wp--preset--spacing--20);padding-left:var(--wp--preset--spacing--20)\">\n<div class=\"wp-block-group has-global-padding is-layout-constrained wp-block-group-is-layout-constrained\">\n<div class=\"wp-block-group animated fadeInDown slow gt-reveal-down has-global-padding is-layout-constrained wp-container-core-group-is-layout-39 wp-block-group-is-layout-constrained\">\n<div class=\"wp-block-group gt-reveal-down has-contrast-3-background-color has-background is-layout-flow wp-block-group-is-layout-flow\" style=\"min-height:30rem\"><\/div>\n<\/div>\n\n\n\n<figure class=\"wp-block-image aligncenter size-full gt-reveal-down wp-duotone-e5e0ce-ffffff-7\"><img data-dominant-color=\"b15526\" data-has-transparency=\"true\" style=\"--dominant-color: #b15526;\" decoding=\"async\" width=\"43\" height=\"21\" src=\"https:\/\/campingclosduthym.com\/wp-content\/uploads\/sites\/5\/2024\/08\/separator.png\" alt=\"separator\" class=\"wp-image-150 has-transparency\"\/><\/figure>\n<\/div>\n\n\n\n<div class=\"wp-block-group has-global-padding is-layout-constrained wp-block-group-is-layout-constrained\"><h2 class=\"wp-block-heading has-accent-color has-text-color has-link-color wp-elements-42f7bc7282ea8cbd74444725ecd69d1a\" id=\"shops-close-to-the-campsite-in-argeles-sur-mer\">Shops close to the campsite in Argel\u00e8s-sur-Mer<\/h2>\n\n\n<p class=\"has-medium-font-size\">Discover the <strong>shops close to <\/strong>the Clos du Thym campsite in Argel\u00e8s-sur-Mer to make your stay easier. You&#8217;ll find a wide choice, including an Intermarch\u00e9 <strong>hypermarket<\/strong>, as well as chains such as Lidl and Aldi. <strong>Many local producers<\/strong> also offer their products, ideal for local consumption. Enjoy the convenience and <strong>variety of stores just a few steps<\/strong> from your holiday destination.   <\/p>\n\n\n\n<p class=\"has-medium-font-size\">Located in the <strong>beautiful Occitanie region<\/strong>, the Clos du Thym campsite in Argel\u00e8s-sur-Mer is the ideal starting point for exploring a <strong>wide variety of local shops<\/strong>. Whether you&#8217;re looking for <strong>fresh produce<\/strong>, <strong>unique souvenirs<\/strong> or <strong>delicious meals<\/strong>, you&#8217;ll find everything you need just a few steps from your accommodation. <\/p>\n\n\n\n<p class=\"has-medium-font-size\"><strong>Argel\u00e8s-sur-Mer&#8217;s markets<\/strong> are renowned for their <strong>lively atmosphere<\/strong> and <strong>quality local produce<\/strong>. The <strong>main market<\/strong>, <strong>just 10 minutes <\/strong>from the campsite, offers a <strong>wide range of fruit, vegetables, cheeses and charcuterie<\/strong>. Don&#8217;t miss the <strong>night market in summer<\/strong>, perfect for an evening stroll.  <\/p>\n<\/div>\n<\/div>\n\n\n\n<figure class=\"wp-block-image size-full\"><img data-dominant-color=\"c26c38\" data-has-transparency=\"false\" style=\"--dominant-color: #c26c38;\" decoding=\"async\" width=\"1108\" height=\"738\" src=\"https:\/\/campingclosduthym.com\/wp-content\/uploads\/sites\/5\/2024\/11\/commerces-a-proximite-du-camping-a-argeles-sur-mer.webp\" alt=\"shops near the campsite in argeles sur mer\" class=\"wp-image-4712 not-transparent\" srcset=\"https:\/\/campingclosduthym.com\/wp-content\/uploads\/sites\/5\/2024\/11\/commerces-a-proximite-du-camping-a-argeles-sur-mer.webp 1108w, https:\/\/campingclosduthym.com\/wp-content\/uploads\/sites\/5\/2024\/11\/commerces-a-proximite-du-camping-a-argeles-sur-mer-300x200.webp 300w, https:\/\/campingclosduthym.com\/wp-content\/uploads\/sites\/5\/2024\/11\/commerces-a-proximite-du-camping-a-argeles-sur-mer-1024x682.webp 1024w, https:\/\/campingclosduthym.com\/wp-content\/uploads\/sites\/5\/2024\/11\/commerces-a-proximite-du-camping-a-argeles-sur-mer-768x512.webp 768w\" sizes=\"(max-width: 1108px) 100vw, 1108px\" \/><\/figure>\n<\/div>\n\n\n\n<div style=\"height:6rem\" aria-hidden=\"true\" class=\"wp-block-spacer\"><\/div>\n<\/div>\n\n<div class=\"wp-block-group alignfull has-global-padding is-layout-constrained wp-block-group-is-layout-constrained\">\n<div class=\"wp-block-group alignfull gt-reveal gt-break-mobile is-content-justification-center is-nowrap is-layout-flex wp-container-core-group-is-layout-47 wp-block-group-is-layout-flex\">\n<figure class=\"wp-block-image size-full\"><img data-dominant-color=\"908865\" data-has-transparency=\"false\" style=\"--dominant-color: #908865;\" decoding=\"async\" width=\"662\" height=\"531\" src=\"https:\/\/campingclosduthym.com\/wp-content\/uploads\/sites\/5\/2024\/11\/boutiques-charmantes.webp\" alt=\"charming boutiques\" class=\"wp-image-4715 not-transparent\" srcset=\"https:\/\/campingclosduthym.com\/wp-content\/uploads\/sites\/5\/2024\/11\/boutiques-charmantes.webp 662w, https:\/\/campingclosduthym.com\/wp-content\/uploads\/sites\/5\/2024\/11\/boutiques-charmantes-300x241.webp 300w\" sizes=\"(max-width: 662px) 100vw, 662px\" \/><\/figure>\n\n\n\n<div class=\"wp-block-group is-nowrap is-layout-flex wp-container-core-group-is-layout-46 wp-block-group-is-layout-flex\" style=\"padding-right:var(--wp--preset--spacing--20);padding-left:var(--wp--preset--spacing--20)\">\n<div class=\"wp-block-group has-global-padding is-layout-constrained wp-block-group-is-layout-constrained\">\n<p class=\"has-medium-font-size\">For those who love to <strong>shop<\/strong>, <strong>Argel\u00e8s-sur-Mer&#8217;s town center<\/strong> is full of <strong>charming boutiques<\/strong>. You&#8217;ll find <strong>clothing<\/strong>, <strong>accessories<\/strong> and <strong>handcrafted souvenirs<\/strong> that capture the essence of the region. The boutiques on Rue de la R\u00e9publique are particularly popular.  <\/p>\n\n\n\n<p class=\"has-medium-font-size\">Our village is also a <strong>gourmet&#8217;s paradise<\/strong>. Near the Clos du Thym campsite, you&#8217;ll discover a <strong>wide variety of restaurants and caf\u00e9s<\/strong> offering <strong>local and international dishes<\/strong>. Whether you&#8217;re in the mood for fresh seafood, traditional French cuisine or Mediterranean dishes, you&#8217;ll find <strong>something to satisfy your taste buds<\/strong>.  <\/p>\n<\/div>\n<\/div>\n<\/div>\n\n\n\n<div class=\"wp-block-group alignfull gt-reveal gt-break-mobile gt-reverse-mobile is-content-justification-center is-nowrap is-layout-flex wp-container-core-group-is-layout-50 wp-block-group-is-layout-flex\">\n<div class=\"wp-block-group is-nowrap is-layout-flex wp-container-core-group-is-layout-49 wp-block-group-is-layout-flex\" style=\"padding-right:var(--wp--preset--spacing--20);padding-left:var(--wp--preset--spacing--20)\">\n<div class=\"wp-block-group has-global-padding is-layout-constrained wp-block-group-is-layout-constrained\">\n<p class=\"has-medium-font-size\">For your <strong>daily needs, several supermarkets<\/strong> are located close to the campsite. Intermarch\u00e9 and Carrefour Market are within easy reach and offer a wide range of products. Services such as <strong>pharmacies<\/strong>, <strong>bakeries<\/strong> and <strong>banks<\/strong> are also available nearby.  <\/p>\n\n\n\n<p class=\"has-medium-font-size\">In addition to shopping, Argel\u00e8s-sur-Mer offers <strong>a wide range of leisure activities<\/strong>. Take advantage of the <strong>magnificent beaches<\/strong>, <strong>hiking trails <\/strong>in the Pyrenees, or <strong>water sports<\/strong>. The <strong>Luna Park amusement park<\/strong>, just <strong>a few minutes from<\/strong> the campsite, is perfect for a family outing.  <\/p>\n<\/div>\n<\/div>\n\n\n\n<figure class=\"wp-block-image size-full\"><img data-dominant-color=\"a48272\" data-has-transparency=\"false\" style=\"--dominant-color: #a48272;\" decoding=\"async\" width=\"662\" height=\"531\" src=\"https:\/\/campingclosduthym.com\/wp-content\/uploads\/sites\/5\/2024\/11\/nombreuses-activites-de-loisirs.webp\" alt=\"numerous leisure activities\" class=\"wp-image-4717 not-transparent\" srcset=\"https:\/\/campingclosduthym.com\/wp-content\/uploads\/sites\/5\/2024\/11\/nombreuses-activites-de-loisirs.webp 662w, https:\/\/campingclosduthym.com\/wp-content\/uploads\/sites\/5\/2024\/11\/nombreuses-activites-de-loisirs-300x241.webp 300w\" sizes=\"(max-width: 662px) 100vw, 662px\" \/><\/figure>\n<\/div>\n\n\n\n<div style=\"height:6rem\" aria-hidden=\"true\" class=\"wp-block-spacer gt-hide-mobile\"><\/div>\n<\/div>\n\n<div class=\"wp-block-group alignfull is-layout-flow wp-block-group-is-layout-flow\" style=\"padding-bottom:0\">\n<div class=\"wp-block-group alignwide animated fadeIn slower is-layout-flow wp-block-group-is-layout-flow\" style=\"margin-top:0;margin-bottom:-33px;padding-right:0;padding-left:0\">\n<p class=\"gt-sliding-text has-contrast-3-color has-text-color has-link-color has-sogo-font-family wp-elements-055dedaa180c6391e3df9be02b178382\" style=\"margin-top:0;margin-right:0;margin-bottom:0;margin-left:0;font-size:7vw;font-style:normal;font-weight:300;line-height:1;text-transform:uppercase\">DISCOVER<\/p>\n<\/div>\n\n\n\n<div class=\"wp-block-group gt-break-mobile is-layout-grid wp-container-core-group-is-layout-53 wp-block-group-is-layout-grid\" style=\"border-radius:2rem\">\n<div\n\tstyle=\"border-radius:0rem;\" class=\"gt-maillage-8 wp-block-gt-gt-fse-maillage\"\tdata-wp-interactive=\"gt\/maillage\"\n\tdata-wp-on--click=\"actions.ctaLoad\"\n\tdata-wp-context='{\"radius\":\"0rem\",\"hover_bg_color\":\"#132f44\",\"hover_text_color\":\"#ffffff\",\"hover_image_opacity\":0.5}'>\t\n\n\t\n\t\t\t\t\t\t\t\t\t<div \n\t\t\t\tclass=\"gt-fse-maillage-link gt-fse-maillage-image-zoom gt-fse-maillage-hover-background-color gt-fse-maillage-hover-text-color\"\n\t\t\t\tstyle=\"border-radius: 0rem\"\n\t\t\t\tdata-wp-on-async--mouseover=\"actions.mouseover\"\n\t\t\t>\n\t\t\t\t\t\t\t\t\t\t\t\t\t\t\t\t\t\t<\/div>\n\t\t\t\t\t\t\t\t\t\t\t<div \n\t\t\t\tclass=\"gt-fse-maillage-link gt-fse-maillage-image-zoom gt-fse-maillage-hover-background-color gt-fse-maillage-hover-text-color\"\n\t\t\t\tstyle=\"border-radius: 0rem\"\n\t\t\t\tdata-wp-on-async--mouseover=\"actions.mouseover\"\n\t\t\t>\n\t\t\t\t\t\t\t\t\t\t\t\t\t\t\t\t\t\t<\/div>\n\t\t\t\t\t\t\t\t\t\t\t<div \n\t\t\t\tclass=\"gt-fse-maillage-link gt-fse-maillage-image-zoom gt-fse-maillage-hover-background-color gt-fse-maillage-hover-text-color\"\n\t\t\t\tstyle=\"border-radius: 0rem\"\n\t\t\t\tdata-wp-on-async--mouseover=\"actions.mouseover\"\n\t\t\t>\n\t\t\t\t\t\t\t\t\t\t\t\t\t\t\t\t\t\t<\/div>\n\t\t\t\t\t\t\t\t<\/div><\/div>\n\n\n\n<div style=\"height:6rem\" aria-hidden=\"true\" class=\"wp-block-spacer gt-hide-mobile\"><\/div>\n<\/div>\n","protected":false},"excerpt":{"rendered":"<p>Friendly welcome and 3-star service at reception We&#8217;re here to give you a warm welcome and make your stay a pleasant one from the moment you arrive. Opening hours July-August: daily 9 a.m. to 1 p.m. and 3:30 p.m. to 7:30 p.m. and Saturday 8 a.m. to 1 p.m. and 2 p.m. to 8 p.m. [&hellip;]<\/p>\n","protected":false},"author":1,"featured_media":4087,"parent":0,"menu_order":0,"comment_status":"closed","ping_status":"closed","template":"","meta":{"_acf_changed":false,"_seopress_robots_primary_cat":"","_seopress_titles_title":"Family campsite and snack bar in Argel\u00e8s-sur-Mer, Pyr\u00e9n\u00e9es-Orientales","_seopress_titles_desc":"Enjoy the 3-star services and friendly welcome of a family campsite with snack bar and Catalan cuisine in Argel\u00e8s-sur-Mer, Pyr\u00e9n\u00e9es-Orientales.","_seopress_robots_index":"","_gt_ctv_global_id":"","_gt_ctv_id_group":false,"inline_featured_image":false,"gt_fse_maillage_image":"https:\/\/campingclosduthym.com\/wp-content\/uploads\/sites\/5\/2024\/10\/le-clos-du-thym-camping-familial-argeles-sur-mer.webp","gt_fse_maillage_titre":"Welcome to a family campsite in Argel\u00e8s-sur-Mer","gt_fse_maillage_resume":"","_gt_maillage_image":0,"_gt_maillage_video":0,"_gt_maillage_title":"","footnotes":""},"categories":[],"tags":[],"class_list":["post-5269","page","type-page","status-publish","has-post-thumbnail","hentry"],"acf":[],"_links":{"self":[{"href":"https:\/\/campingclosduthym.com\/en\/wp-json\/wp\/v2\/pages\/5269","targetHints":{"allow":["GET"]}}],"collection":[{"href":"https:\/\/campingclosduthym.com\/en\/wp-json\/wp\/v2\/pages"}],"about":[{"href":"https:\/\/campingclosduthym.com\/en\/wp-json\/wp\/v2\/types\/page"}],"author":[{"embeddable":true,"href":"https:\/\/campingclosduthym.com\/en\/wp-json\/wp\/v2\/users\/1"}],"replies":[{"embeddable":true,"href":"https:\/\/campingclosduthym.com\/en\/wp-json\/wp\/v2\/comments?post=5269"}],"version-history":[{"count":6,"href":"https:\/\/campingclosduthym.com\/en\/wp-json\/wp\/v2\/pages\/5269\/revisions"}],"predecessor-version":[{"id":5920,"href":"https:\/\/campingclosduthym.com\/en\/wp-json\/wp\/v2\/pages\/5269\/revisions\/5920"}],"wp:featuredmedia":[{"embeddable":true,"href":"https:\/\/campingclosduthym.com\/en\/wp-json\/wp\/v2\/media\/4087"}],"wp:attachment":[{"href":"https:\/\/campingclosduthym.com\/en\/wp-json\/wp\/v2\/media?parent=5269"}],"wp:term":[{"taxonomy":"category","embeddable":true,"href":"https:\/\/campingclosduthym.com\/en\/wp-json\/wp\/v2\/categories?post=5269"},{"taxonomy":"post_tag","embeddable":true,"href":"https:\/\/campingclosduthym.com\/en\/wp-json\/wp\/v2\/tags?post=5269"}],"curies":[{"name":"wp","href":"https:\/\/api.w.org\/{rel}","templated":true}]}}