{"id":5284,"date":"2024-10-15T10:27:45","date_gmt":"2024-10-15T08:27:45","guid":{"rendered":"https:\/\/campingclosduthym.com\/location-mobil-home-argeles-sur-mer\/"},"modified":"2025-01-14T12:31:34","modified_gmt":"2025-01-14T11:31:34","slug":"mobil-home-rental-argeles-sur-mer","status":"publish","type":"page","link":"https:\/\/campingclosduthym.com\/en\/mobil-home-rental-argeles-sur-mer\/","title":{"rendered":"Mobile homes designed for your comfort to rent in the Pyr\u00e9n\u00e9es-Orientales"},"content":{"rendered":"\n<div style=\"height:var(--wp--preset--spacing--20)\" aria-hidden=\"true\" class=\"wp-block-spacer\"><\/div>\n\n<div class=\"wp-block-group alignwide is-layout-flow wp-block-group-is-layout-flow\" style=\"padding-top:0;padding-bottom:0\"><h2 class=\"wp-block-heading has-accent-color has-text-color has-link-color has-x-large-font-size wp-elements-21ad0f081debc110fd38130ce1f9bac5\" id=\"discover-our-comfort-mobile-homes-for-rent-in-argeles-sur-mer\"><strong>Discover our comfort mobile homes for rent in Argel\u00e8s-sur-Mer<\/strong><\/h2>\n\n\n<div style=\"height:var(--wp--preset--spacing--20)\" aria-hidden=\"true\" class=\"wp-block-spacer\"><\/div>\n\n\n\n<div class=\"wp-block-columns alignwide is-layout-flex wp-container-core-columns-is-layout-1 wp-block-columns-is-layout-flex\">\n<div class=\"wp-block-column is-layout-flow wp-block-column-is-layout-flow\" style=\"flex-basis:25%\"><\/div>\n\n\n\n<div class=\"wp-block-column is-layout-flow wp-block-column-is-layout-flow\" style=\"flex-basis:50%\">\n<div data-wp-context=\"{}\" data-wp-interactive=\"core\/query\" data-wp-key=\"1\" data-wp-router-region=\"query-1\" class=\"wp-block-query alignwide gt-fse-hebergements is-layout-flow wp-block-query-is-layout-flow gt-fse-widgets-ctv-open-product\"><ul class=\"columns-2 wp-block-post-template is-layout-grid wp-container-core-post-template-is-layout-1 wp-block-post-template-is-layout-grid gt-fse-widgets-ctv-open-product\"><li data-gt-campings=\"\" data-gt-capacities=\"90\" data-gt-ctv-product-id=\"\" data-gt-gammes=\"64\" data-gt-options=\"68,70,72,74,76,78,80,82,84\" data-gt-rooms=\"94\" data-gt-superficies=\"98\" data-gt-types=\"86\" data-wp-key=\"post-template-item-5610\" class=\"wp-block-post post-5610 hebergement type-hebergement status-publish has-post-thumbnail hentry gt-hebergements-gammes-confort-en gt-hebergements-options-acces-handicape-non-en gt-hebergements-options-animaux-acceptes-en gt-hebergements-options-chauffage-en gt-hebergements-options-climatisation-en gt-hebergements-options-cuisine-en gt-hebergements-options-salle-de-bain-en gt-hebergements-options-terrasse-en gt-hebergements-options-tv-en gt-hebergements-options-wc-en gt-hebergements-types-mobil-home-en gt-hebergements-nombre-personnes-6-en gt-hebergements-nombre-chambres-3-en gt-hebergements-superficie-32-en gt-fse-widgets-ctv-open-product\">\n\n<div class=\"wp-block-group gt-hebergement-wrap has-base-background-color has-background has-global-padding is-layout-constrained wp-container-core-group-is-layout-9 wp-block-group-is-layout-constrained gt-fse-widgets-ctv-open-product\" style=\"padding-top:0;padding-right:0;padding-bottom:0;padding-left:0;box-shadow:var(--wp--preset--shadow--natural)\"><figure class=\"hebergement-featured-image wp-block-post-featured-image gt-fse-widgets-ctv-open-product\"><img decoding=\"async\" width=\"489\" height=\"275\" src=\"https:\/\/campingclosduthym.com\/wp-content\/uploads\/sites\/5\/2024\/11\/mobil-home-confort-3-chambres.webp\" class=\"attachment-full size-full not-transparent wp-post-image gt-fse-widgets-ctv-open-product\" alt=\"mobil home confort 3 bedrooms\" style=\"--dominant-color: #78644e;border-radius:0px;object-fit:cover;\" srcset=\"https:\/\/campingclosduthym.com\/wp-content\/uploads\/sites\/5\/2024\/11\/mobil-home-confort-3-chambres.webp 489w, https:\/\/campingclosduthym.com\/wp-content\/uploads\/sites\/5\/2024\/11\/mobil-home-confort-3-chambres-300x169.webp 300w\" sizes=\"(max-width: 489px) 100vw, 489px\" data-has-transparency=\"false\" data-dominant-color=\"78644e\" \/><\/figure>\n\n\n<div class=\"wp-block-group gt-hebergement-content has-global-padding is-layout-constrained wp-container-core-group-is-layout-7 wp-block-group-is-layout-constrained gt-fse-widgets-ctv-open-product\" style=\"padding-top:var(--wp--preset--spacing--20);padding-right:var(--wp--preset--spacing--20);padding-bottom:var(--wp--preset--spacing--20);padding-left:var(--wp--preset--spacing--20)\">\n<div class=\"wp-block-group is-nowrap is-layout-flex wp-container-core-group-is-layout-2 wp-block-group-is-layout-flex gt-fse-widgets-ctv-open-product\">\n<div class=\"wp-block-group has-accent-background-color has-background has-small-font-size is-nowrap is-layout-flex wp-container-core-group-is-layout-1 wp-block-group-is-layout-flex gt-fse-widgets-ctv-open-product\" style=\"border-radius:1rem;padding-top:4px;padding-right:8px;padding-bottom:4px;padding-left:8px\">\n<figure class=\"wp-block-image size-thumbnail is-resized wp-duotone-rgb255255255-ffffff-1 gt-fse-widgets-ctv-open-product\"><img decoding=\"async\" src=\"https:\/\/camping-del-mar.com\/wp-content\/uploads\/sites\/2\/2024\/11\/marque-haut-de-gamme-150x150.png\" alt=\"premium brand\" class=\"wp-image-5875 gt-fse-widgets-ctv-open-product\" style=\"width:16px\"\/><\/figure>\n\n\n<div style=\"font-size:0.75rem;font-style:normal;font-weight:600;text-transform:uppercase\" class=\"taxonomy-gt-hebergements-gammes has-link-color wp-elements-ad13c04d06df33f9d2c8a3c157264b7c wp-block-post-terms has-text-color has-base-color gt-fse-widgets-ctv-open-product\"><span class=\"gt-fse-widgets-ctv-open-product\">Confort<\/span><\/div><\/div>\n<\/div>\n\n\n\n<div style=\"height:0.25rem\" aria-hidden=\"true\" class=\"wp-block-spacer gt-fse-widgets-ctv-open-product\"><\/div>\n\n\n<h3 style=\"font-size:clamp(0.984rem, 0.984rem + ((1vw - 0.2rem) * 0.86), 1.5rem); margin-top:0;margin-bottom:0;\" class=\"hebergement-title wp-block-post-title gt-fse-widgets-ctv-open-product\">Comfort Mobile Home 3 Bedrooms<\/h3>\n\n\n<div class=\"wp-block-group is-layout-flex wp-container-core-group-is-layout-6 wp-block-group-is-layout-flex gt-fse-widgets-ctv-open-product\">\n<div class=\"wp-block-group is-nowrap is-layout-flex wp-container-core-group-is-layout-3 wp-block-group-is-layout-flex gt-fse-widgets-ctv-open-product\">\n<figure class=\"wp-block-image size-medium is-resized wp-duotone-132f44-ffffff-2 gt-fse-widgets-ctv-open-product\"><img decoding=\"async\" src=\"https:\/\/camping-del-mar.com\/wp-content\/uploads\/sites\/2\/2024\/11\/groupe-300x300.png\" alt=\"group\" class=\"wp-image-5889 gt-fse-widgets-ctv-open-product\" style=\"width:16px\"\/><\/figure>\n\n\n<div class=\"taxonomy-gt-hebergements-nombre-personnes wp-block-post-terms gt-fse-widgets-ctv-open-product\"><span class=\"gt-fse-widgets-ctv-open-product\">6<\/span><span class=\"wp-block-post-terms__suffix gt-fse-widgets-ctv-open-product\"> Pers.<\/span><\/div><\/div>\n\n\n\n<div class=\"wp-block-group is-nowrap is-layout-flex wp-container-core-group-is-layout-4 wp-block-group-is-layout-flex gt-fse-widgets-ctv-open-product\">\n<figure class=\"wp-block-image size-full is-resized wp-duotone-132f44-ffffff-3 gt-fse-widgets-ctv-open-product\"><img decoding=\"async\" src=\"https:\/\/camping-del-mar.com\/wp-content\/uploads\/sites\/2\/2024\/11\/chambre-a-coucher.png\" alt=\"bedroom\" class=\"wp-image-5894 gt-fse-widgets-ctv-open-product\" style=\"width:16px\"\/><\/figure>\n\n\n<div class=\"taxonomy-gt-hebergements-nombre-chambres wp-block-post-terms gt-fse-widgets-ctv-open-product\"><span class=\"gt-fse-widgets-ctv-open-product\">3<\/span><span class=\"wp-block-post-terms__suffix gt-fse-widgets-ctv-open-product\"> ch.<\/span><\/div><\/div>\n\n\n\n<div class=\"wp-block-group is-nowrap is-layout-flex wp-container-core-group-is-layout-5 wp-block-group-is-layout-flex gt-fse-widgets-ctv-open-product\">\n<figure class=\"wp-block-image size-medium is-resized wp-duotone-132f44-ffffff-4 gt-fse-widgets-ctv-open-product\"><img decoding=\"async\" src=\"https:\/\/camping-del-mar.com\/wp-content\/uploads\/sites\/2\/2024\/11\/regles-300x300.png\" alt=\"rules\" class=\"wp-image-5900 gt-fse-widgets-ctv-open-product\" style=\"width:16px\"\/><\/figure>\n\n\n<div class=\"taxonomy-gt-hebergements-superficie wp-block-post-terms gt-fse-widgets-ctv-open-product\"><span class=\"gt-fse-widgets-ctv-open-product\">32<\/span><span class=\"wp-block-post-terms__suffix gt-fse-widgets-ctv-open-product\"> m2<\/span><\/div><\/div>\n<\/div>\n\n\n<div style=\"font-size:0.75rem\" class=\"taxonomy-gt-hebergements-options wp-block-post-terms gt-fse-widgets-ctv-open-product\"><span class=\"gt-fse-widgets-ctv-open-product\">Acc\u00e8s handicap\u00e9 : non<\/span><span class=\"wp-block-post-terms__separator gt-fse-widgets-ctv-open-product\"> \u2022 <\/span><span class=\"gt-fse-widgets-ctv-open-product\">Animaux accept\u00e9s<\/span><span class=\"wp-block-post-terms__separator gt-fse-widgets-ctv-open-product\"> \u2022 <\/span><span class=\"gt-fse-widgets-ctv-open-product\">Chauffage<\/span><span class=\"wp-block-post-terms__separator gt-fse-widgets-ctv-open-product\"> \u2022 <\/span><span class=\"gt-fse-widgets-ctv-open-product\">Climatisation<\/span><span class=\"wp-block-post-terms__separator gt-fse-widgets-ctv-open-product\"> \u2022 <\/span><span class=\"gt-fse-widgets-ctv-open-product\">Cuisine<\/span><span class=\"wp-block-post-terms__separator gt-fse-widgets-ctv-open-product\"> \u2022 <\/span><span class=\"gt-fse-widgets-ctv-open-product\">Salle de bain<\/span><span class=\"wp-block-post-terms__separator gt-fse-widgets-ctv-open-product\"> \u2022 <\/span><span class=\"gt-fse-widgets-ctv-open-product\">Terrasse<\/span><span class=\"wp-block-post-terms__separator gt-fse-widgets-ctv-open-product\"> \u2022 <\/span><span class=\"gt-fse-widgets-ctv-open-product\">TV<\/span><span class=\"wp-block-post-terms__separator gt-fse-widgets-ctv-open-product\"> \u2022 <\/span><span class=\"gt-fse-widgets-ctv-open-product\">WC<\/span><\/div><\/div>\n\n\n\n<div class=\"wp-block-group gt-hebergement-foot is-layout-flow wp-container-core-group-is-layout-8 wp-block-group-is-layout-flow gt-fse-widgets-ctv-open-product\">\n<hr class=\"wp-block-separator has-text-color has-alpha-channel-opacity has-background is-style-wide gt-fse-widgets-ctv-open-product\" style=\"background-color:#0000000d;color:#0000000d\"\/>\n\n\n\n<p class=\"has-text-align-center gt-fse-widgets-ctv-open-product\" style=\"padding-top:var(--wp--preset--spacing--10);padding-right:var(--wp--preset--spacing--10);padding-bottom:var(--wp--preset--spacing--10);padding-left:var(--wp--preset--spacing--10);font-size:0.75rem;font-style:normal;font-weight:600;text-transform:uppercase\">See accommodation<\/p>\n<\/div>\n<\/div>\n\n<\/li><li data-gt-campings=\"\" data-gt-capacities=\"88\" data-gt-ctv-product-id=\"\" data-gt-gammes=\"64\" data-gt-options=\"66,76,78,80,84\" data-gt-rooms=\"92\" data-gt-superficies=\"96\" data-gt-types=\"86\" data-wp-key=\"post-template-item-5607\" class=\"wp-block-post post-5607 hebergement type-hebergement status-publish has-post-thumbnail hentry gt-hebergements-gammes-confort-en gt-hebergements-options-1-couchage-hors-chambre-en gt-hebergements-options-cuisine-en gt-hebergements-options-salle-de-bain-en gt-hebergements-options-terrasse-en gt-hebergements-options-wc-en gt-hebergements-types-mobil-home-en gt-hebergements-nombre-personnes-4-6-en gt-hebergements-nombre-chambres-2-en gt-hebergements-superficie-30-en gt-fse-widgets-ctv-open-product\">\n\n<div class=\"wp-block-group gt-hebergement-wrap has-base-background-color has-background has-global-padding is-layout-constrained wp-container-core-group-is-layout-18 wp-block-group-is-layout-constrained gt-fse-widgets-ctv-open-product\" style=\"padding-top:0;padding-right:0;padding-bottom:0;padding-left:0;box-shadow:var(--wp--preset--shadow--natural)\"><figure class=\"hebergement-featured-image wp-block-post-featured-image gt-fse-widgets-ctv-open-product\"><img decoding=\"async\" width=\"489\" height=\"275\" src=\"https:\/\/campingclosduthym.com\/wp-content\/uploads\/sites\/5\/2024\/11\/mobil-home-confort-climatise-30m.webp\" class=\"attachment-full size-full not-transparent wp-post-image gt-fse-widgets-ctv-open-product\" alt=\"mobil home confort climatise 30m\" style=\"--dominant-color: #7c6d5d;border-radius:0px;object-fit:cover;\" srcset=\"https:\/\/campingclosduthym.com\/wp-content\/uploads\/sites\/5\/2024\/11\/mobil-home-confort-climatise-30m.webp 489w, https:\/\/campingclosduthym.com\/wp-content\/uploads\/sites\/5\/2024\/11\/mobil-home-confort-climatise-30m-300x169.webp 300w\" sizes=\"(max-width: 489px) 100vw, 489px\" data-has-transparency=\"false\" data-dominant-color=\"7c6d5d\" \/><\/figure>\n\n\n<div class=\"wp-block-group gt-hebergement-content has-global-padding is-layout-constrained wp-container-core-group-is-layout-16 wp-block-group-is-layout-constrained gt-fse-widgets-ctv-open-product\" style=\"padding-top:var(--wp--preset--spacing--20);padding-right:var(--wp--preset--spacing--20);padding-bottom:var(--wp--preset--spacing--20);padding-left:var(--wp--preset--spacing--20)\">\n<div class=\"wp-block-group is-nowrap is-layout-flex wp-container-core-group-is-layout-11 wp-block-group-is-layout-flex gt-fse-widgets-ctv-open-product\">\n<div class=\"wp-block-group has-accent-background-color has-background has-small-font-size is-nowrap is-layout-flex wp-container-core-group-is-layout-10 wp-block-group-is-layout-flex gt-fse-widgets-ctv-open-product\" style=\"border-radius:1rem;padding-top:4px;padding-right:8px;padding-bottom:4px;padding-left:8px\">\n<figure class=\"wp-block-image size-thumbnail is-resized wp-duotone-rgb255255255-ffffff-5 gt-fse-widgets-ctv-open-product\"><img decoding=\"async\" src=\"https:\/\/camping-del-mar.com\/wp-content\/uploads\/sites\/2\/2024\/11\/marque-haut-de-gamme-150x150.png\" alt=\"premium brand\" class=\"wp-image-5875 gt-fse-widgets-ctv-open-product\" style=\"width:16px\"\/><\/figure>\n\n\n<div style=\"font-size:0.75rem;font-style:normal;font-weight:600;text-transform:uppercase\" class=\"taxonomy-gt-hebergements-gammes has-link-color wp-elements-ad13c04d06df33f9d2c8a3c157264b7c wp-block-post-terms has-text-color has-base-color gt-fse-widgets-ctv-open-product\"><span class=\"gt-fse-widgets-ctv-open-product\">Confort<\/span><\/div><\/div>\n<\/div>\n\n\n\n<div style=\"height:0.25rem\" aria-hidden=\"true\" class=\"wp-block-spacer gt-fse-widgets-ctv-open-product\"><\/div>\n\n\n<h3 style=\"font-size:clamp(0.984rem, 0.984rem + ((1vw - 0.2rem) * 0.86), 1.5rem); margin-top:0;margin-bottom:0;\" class=\"hebergement-title wp-block-post-title gt-fse-widgets-ctv-open-product\">Comfort mobile home: air-conditioned 30m2<\/h3>\n\n\n<div class=\"wp-block-group is-layout-flex wp-container-core-group-is-layout-15 wp-block-group-is-layout-flex gt-fse-widgets-ctv-open-product\">\n<div class=\"wp-block-group is-nowrap is-layout-flex wp-container-core-group-is-layout-12 wp-block-group-is-layout-flex gt-fse-widgets-ctv-open-product\">\n<figure class=\"wp-block-image size-medium is-resized wp-duotone-132f44-ffffff-6 gt-fse-widgets-ctv-open-product\"><img decoding=\"async\" src=\"https:\/\/camping-del-mar.com\/wp-content\/uploads\/sites\/2\/2024\/11\/groupe-300x300.png\" alt=\"group\" class=\"wp-image-5889 gt-fse-widgets-ctv-open-product\" style=\"width:16px\"\/><\/figure>\n\n\n<div class=\"taxonomy-gt-hebergements-nombre-personnes wp-block-post-terms gt-fse-widgets-ctv-open-product\"><span class=\"gt-fse-widgets-ctv-open-product\">4 \/ 6<\/span><span class=\"wp-block-post-terms__suffix gt-fse-widgets-ctv-open-product\"> Pers.<\/span><\/div><\/div>\n\n\n\n<div class=\"wp-block-group is-nowrap is-layout-flex wp-container-core-group-is-layout-13 wp-block-group-is-layout-flex gt-fse-widgets-ctv-open-product\">\n<figure class=\"wp-block-image size-full is-resized wp-duotone-132f44-ffffff-7 gt-fse-widgets-ctv-open-product\"><img decoding=\"async\" src=\"https:\/\/camping-del-mar.com\/wp-content\/uploads\/sites\/2\/2024\/11\/chambre-a-coucher.png\" alt=\"bedroom\" class=\"wp-image-5894 gt-fse-widgets-ctv-open-product\" style=\"width:16px\"\/><\/figure>\n\n\n<div class=\"taxonomy-gt-hebergements-nombre-chambres wp-block-post-terms gt-fse-widgets-ctv-open-product\"><span class=\"gt-fse-widgets-ctv-open-product\">2<\/span><span class=\"wp-block-post-terms__suffix gt-fse-widgets-ctv-open-product\"> ch.<\/span><\/div><\/div>\n\n\n\n<div class=\"wp-block-group is-nowrap is-layout-flex wp-container-core-group-is-layout-14 wp-block-group-is-layout-flex gt-fse-widgets-ctv-open-product\">\n<figure class=\"wp-block-image size-medium is-resized wp-duotone-132f44-ffffff-8 gt-fse-widgets-ctv-open-product\"><img decoding=\"async\" src=\"https:\/\/camping-del-mar.com\/wp-content\/uploads\/sites\/2\/2024\/11\/regles-300x300.png\" alt=\"rules\" class=\"wp-image-5900 gt-fse-widgets-ctv-open-product\" style=\"width:16px\"\/><\/figure>\n\n\n<div class=\"taxonomy-gt-hebergements-superficie wp-block-post-terms gt-fse-widgets-ctv-open-product\"><span class=\"gt-fse-widgets-ctv-open-product\">30<\/span><span class=\"wp-block-post-terms__suffix gt-fse-widgets-ctv-open-product\"> m2<\/span><\/div><\/div>\n<\/div>\n\n\n<div style=\"font-size:0.75rem\" class=\"taxonomy-gt-hebergements-options wp-block-post-terms gt-fse-widgets-ctv-open-product\"><span class=\"gt-fse-widgets-ctv-open-product\">1 couchage hors chambre<\/span><span class=\"wp-block-post-terms__separator gt-fse-widgets-ctv-open-product\"> \u2022 <\/span><span class=\"gt-fse-widgets-ctv-open-product\">Cuisine<\/span><span class=\"wp-block-post-terms__separator gt-fse-widgets-ctv-open-product\"> \u2022 <\/span><span class=\"gt-fse-widgets-ctv-open-product\">Salle de bain<\/span><span class=\"wp-block-post-terms__separator gt-fse-widgets-ctv-open-product\"> \u2022 <\/span><span class=\"gt-fse-widgets-ctv-open-product\">Terrasse<\/span><span class=\"wp-block-post-terms__separator gt-fse-widgets-ctv-open-product\"> \u2022 <\/span><span class=\"gt-fse-widgets-ctv-open-product\">WC<\/span><\/div><\/div>\n\n\n\n<div class=\"wp-block-group gt-hebergement-foot is-layout-flow wp-container-core-group-is-layout-17 wp-block-group-is-layout-flow gt-fse-widgets-ctv-open-product\">\n<hr class=\"wp-block-separator has-text-color has-alpha-channel-opacity has-background is-style-wide gt-fse-widgets-ctv-open-product\" style=\"background-color:#0000000d;color:#0000000d\"\/>\n\n\n\n<p class=\"has-text-align-center gt-fse-widgets-ctv-open-product\" style=\"padding-top:var(--wp--preset--spacing--10);padding-right:var(--wp--preset--spacing--10);padding-bottom:var(--wp--preset--spacing--10);padding-left:var(--wp--preset--spacing--10);font-size:0.75rem;font-style:normal;font-weight:600;text-transform:uppercase\">See accommodation<\/p>\n<\/div>\n<\/div>\n\n<\/li><\/ul><\/div>\n<\/div>\n\n\n\n<div class=\"wp-block-column is-layout-flow wp-block-column-is-layout-flow\" style=\"flex-basis:25%\"><\/div>\n<\/div>\n\n\n\n<div style=\"height:var(--wp--preset--spacing--20)\" aria-hidden=\"true\" class=\"wp-block-spacer\"><\/div>\n<\/div>\n\n<div class=\"wp-block-group alignwide is-layout-flow wp-block-group-is-layout-flow\" style=\"padding-top:0;padding-bottom:0\">\n<div class=\"wp-block-columns are-vertically-aligned-center gt-reverse-mobile is-layout-flex wp-container-core-columns-is-layout-2 wp-block-columns-is-layout-flex\" style=\"padding-right:0;padding-left:0\">\n<div class=\"wp-block-column is-vertically-aligned-center is-layout-flow wp-block-column-is-layout-flow\">\n<p>The <a href=\"https:\/\/campingclosduthym.com\/en\/\">Clos du Thym campsite in Argel\u00e8s-sur-Mer<\/a> offers <a href=\"https:\/\/campingclosduthym.com\/en\/cheap-camping-argeles-sur-mer\/\">comfortable mobile homes at the best prices<\/a> for an unforgettable vacation.<\/p>\n\n\n\n<p>Our mobile homes are perfectly equipped and designed to welcome families and friends, offering all the comforts needed for a pleasant stay and an optimal vacation experience.<\/p>\n\n\n\n<p><strong>Furnished<\/strong> with care, they welcome you into a <strong>cocoon of comfort<\/strong>. Enjoy a <strong>modern, functional<\/strong> space to relax in after a busy day. <\/p>\n\n\n\n<p>Each mobile home features <strong>spacious bedrooms<\/strong>, a <strong>fully equipped kitchen<\/strong>, and a <strong>private terrace<\/strong> for al fresco dining. <strong>Air conditioning<\/strong> and <strong>TV <\/strong>are included to ensure your comfort, even on the hottest days. <\/p>\n\n\n\n<p>Situated in a <strong>natural, shady setting<\/strong>, our campsite is ideally placed for exploring Argel\u00e8s-sur-Mer&#8217;s magnificent beaches and local attractions. Book your comfort mobile home now and enjoy a memorable vacation in the Mediterranean sunshine. <\/p>\n\n\n\n<p>You&#8217;ll find different ranges of mobile homes for rent, with <strong>2 or 3 bedrooms<\/strong>, depending on the number of guests.<\/p>\n<\/div>\n\n\n\n<div class=\"wp-block-column is-vertically-aligned-center is-layout-flow wp-container-core-column-is-layout-5 wp-block-column-is-layout-flow\">\n<div class=\"wp-block-group animated fadeIn slow is-layout-flow wp-block-group-is-layout-flow\">\n<figure data-wp-context=\"{&quot;imageId&quot;:&quot;69f0cc4b2993d&quot;}\" data-wp-interactive=\"core\/image\" class=\"wp-block-image size-full wp-lightbox-container\"><img data-dominant-color=\"a0957d\" data-has-transparency=\"false\" decoding=\"async\" width=\"648\" height=\"865\" data-wp-class--hide=\"state.isContentHidden\" data-wp-class--show=\"state.isContentVisible\" data-wp-init=\"callbacks.setButtonStyles\" data-wp-on-async--click=\"actions.showLightbox\" data-wp-on-async--load=\"callbacks.setButtonStyles\" data-wp-on-async-window--resize=\"callbacks.setButtonStyles\" src=\"https:\/\/campingclosduthym.com\/wp-content\/uploads\/sites\/5\/2024\/10\/mobil-homes-penses-pour-votre-confort-a-louer-dans-les-pyrenees-orientales.webp\" alt=\"mobil homes for your comfort to rent in the pyrenees orientales\" class=\"wp-image-4283 not-transparent\" style=\"--dominant-color: #a0957d; aspect-ratio:3\/4;object-fit:cover\" srcset=\"https:\/\/campingclosduthym.com\/wp-content\/uploads\/sites\/5\/2024\/10\/mobil-homes-penses-pour-votre-confort-a-louer-dans-les-pyrenees-orientales.webp 648w, https:\/\/campingclosduthym.com\/wp-content\/uploads\/sites\/5\/2024\/10\/mobil-homes-penses-pour-votre-confort-a-louer-dans-les-pyrenees-orientales-225x300.webp 225w\" sizes=\"(max-width: 648px) 100vw, 648px\" \/><button\n\t\t\tclass=\"lightbox-trigger\"\n\t\t\ttype=\"button\"\n\t\t\taria-haspopup=\"dialog\"\n\t\t\taria-label=\"Enlarge image: mobil homes for your comfort to rent in the pyrenees orientales\"\n\t\t\tdata-wp-init=\"callbacks.initTriggerButton\"\n\t\t\tdata-wp-on-async--click=\"actions.showLightbox\"\n\t\t\tdata-wp-style--right=\"state.imageButtonRight\"\n\t\t\tdata-wp-style--top=\"state.imageButtonTop\"\n\t\t>\n\t\t\t<svg xmlns=\"http:\/\/www.w3.org\/2000\/svg\" width=\"12\" height=\"12\" fill=\"none\" viewBox=\"0 0 12 12\">\n\t\t\t\t<path fill=\"#fff\" d=\"M2 0a2 2 0 0 0-2 2v2h1.5V2a.5.5 0 0 1 .5-.5h2V0H2Zm2 10.5H2a.5.5 0 0 1-.5-.5V8H0v2a2 2 0 0 0 2 2h2v-1.5ZM8 12v-1.5h2a.5.5 0 0 0 .5-.5V8H12v2a2 2 0 0 1-2 2H8Zm2-12a2 2 0 0 1 2 2v2h-1.5V2a.5.5 0 0 0-.5-.5H8V0h2Z\" \/>\n\t\t\t<\/svg>\n\t\t<\/button><\/figure>\n<\/div>\n<\/div>\n<\/div>\n\n\n\n<div style=\"height:var(--wp--preset--spacing--20)\" aria-hidden=\"true\" class=\"wp-block-spacer\"><\/div>\n<\/div>\n\n<div class=\"wp-block-group alignwide is-layout-flow wp-block-group-is-layout-flow\" style=\"padding-top:var(--wp--preset--spacing--40);padding-bottom:var(--wp--preset--spacing--40)\">\n<div class=\"wp-block-columns is-layout-flex wp-container-core-columns-is-layout-3 wp-block-columns-is-layout-flex\">\n<div class=\"wp-block-column is-vertically-aligned-center is-layout-flow wp-container-core-column-is-layout-6 wp-block-column-is-layout-flow\">\n<div class=\"wp-block-group animated fadeIn slow has-global-padding is-layout-constrained wp-block-group-is-layout-constrained\">\n<figure data-wp-context=\"{&quot;imageId&quot;:&quot;69f0cc4b2a2cc&quot;}\" data-wp-interactive=\"core\/image\" class=\"wp-block-image size-full wp-lightbox-container\"><img data-dominant-color=\"b38881\" data-has-transparency=\"false\" decoding=\"async\" width=\"648\" height=\"865\" data-wp-class--hide=\"state.isContentHidden\" data-wp-class--show=\"state.isContentVisible\" data-wp-init=\"callbacks.setButtonStyles\" data-wp-on-async--click=\"actions.showLightbox\" data-wp-on-async--load=\"callbacks.setButtonStyles\" data-wp-on-async-window--resize=\"callbacks.setButtonStyles\" src=\"https:\/\/campingclosduthym.com\/wp-content\/uploads\/sites\/5\/2024\/11\/check-in.webp\" alt=\"check in\" class=\"wp-image-4927 not-transparent\" style=\"--dominant-color: #b38881; aspect-ratio:3\/4;object-fit:cover\" srcset=\"https:\/\/campingclosduthym.com\/wp-content\/uploads\/sites\/5\/2024\/11\/check-in.webp 648w, https:\/\/campingclosduthym.com\/wp-content\/uploads\/sites\/5\/2024\/11\/check-in-225x300.webp 225w\" sizes=\"(max-width: 648px) 100vw, 648px\" \/><button\n\t\t\tclass=\"lightbox-trigger\"\n\t\t\ttype=\"button\"\n\t\t\taria-haspopup=\"dialog\"\n\t\t\taria-label=\"Enlarge image: check in\"\n\t\t\tdata-wp-init=\"callbacks.initTriggerButton\"\n\t\t\tdata-wp-on-async--click=\"actions.showLightbox\"\n\t\t\tdata-wp-style--right=\"state.imageButtonRight\"\n\t\t\tdata-wp-style--top=\"state.imageButtonTop\"\n\t\t>\n\t\t\t<svg xmlns=\"http:\/\/www.w3.org\/2000\/svg\" width=\"12\" height=\"12\" fill=\"none\" viewBox=\"0 0 12 12\">\n\t\t\t\t<path fill=\"#fff\" d=\"M2 0a2 2 0 0 0-2 2v2h1.5V2a.5.5 0 0 1 .5-.5h2V0H2Zm2 10.5H2a.5.5 0 0 1-.5-.5V8H0v2a2 2 0 0 0 2 2h2v-1.5ZM8 12v-1.5h2a.5.5 0 0 0 .5-.5V8H12v2a2 2 0 0 1-2 2H8Zm2-12a2 2 0 0 1 2 2v2h-1.5V2a.5.5 0 0 0-.5-.5H8V0h2Z\" \/>\n\t\t\t<\/svg>\n\t\t<\/button><\/figure>\n<\/div>\n<\/div>\n\n\n\n<div class=\"wp-block-column is-vertically-aligned-top is-layout-flow wp-block-column-is-layout-flow\"><h2 class=\"wp-block-heading has-accent-color has-text-color has-link-color has-x-large-font-size wp-elements-e3d1368e79c98033470ac3589a134847\" id=\"practical-information-for-your-stay\">Practical information for your stay<\/h2>\n\n\n<p>To make your stay easier, here is some important information:<\/p>\n\n\n\n<p><strong>Check-in<\/strong>: all our rentals are available <strong>from 5 pm<\/strong>. <br\/><strong>Check-out <\/strong>: please vacate your accommodation <strong>by 10 a.m.<\/strong><\/p>\n\n\n\n<p><strong>Non-smoking<\/strong>: all our mobile homes are non-smoking areas to guarantee a healthy environment.<\/p>\n\n\n\n<p><strong>Payment of balance<\/strong>: the balance of the rental must be paid no later than 30 days before your arrival at the campsite.<\/p>\n\n\n\n<p><strong>Our optional extras<\/strong> <br\/>Disposable sheets: \u20ac13 per pair for the stay <br\/>Baby kit: rental of cot + high chair \u20ac20\/week <br\/>Cleaning: &#8220;end-of-stay cleaning \u20ac150&#8221; option (the cleaning option must be confirmed 48 hours before departure) <br\/>(All our extras are subject to reservation and availability).<\/p>\n\n\n\n<p>Please note that children can stay free of charge, as long as the maximum occupancy indicated for the accommodation is respected. (6 people maximum) <\/p>\n\n\n\n<p>Failure to comply with the maximum occupancy rate will result in expulsion and no refunds will be accepted.<\/p>\n<\/div>\n<\/div>\n\n\n\n<div style=\"height:2rem\" aria-hidden=\"true\" class=\"wp-block-spacer\"><\/div>\n<\/div>\n\n<div class=\"wp-block-group alignfull gt-break-mobile is-content-justification-right is-nowrap is-layout-flex wp-container-core-group-is-layout-29 wp-block-group-is-layout-flex\">\n<div class=\"wp-block-group alignwide gt-absolute-text gt-hide-mobile wp-container-content-1 is-horizontal is-content-justification-right is-nowrap is-layout-flex wp-container-core-group-is-layout-24 wp-block-group-is-layout-flex\" style=\"margin-top:0;padding-right:0;padding-left:0\"><\/div>\n\n\n\n<div class=\"wp-block-group has-accent-2-background-color has-background wp-container-content-2 has-global-padding is-content-justification-center is-layout-constrained wp-block-group-is-layout-constrained\">\n<div class=\"wp-block-group alignwide is-layout-flow wp-block-group-is-layout-flow\" style=\"padding-top:0;padding-right:var(--wp--preset--spacing--60);padding-bottom:var(--wp--preset--spacing--30);padding-left:var(--wp--preset--spacing--60)\">\n<div class=\"wp-block-group gt-reveal-down has-global-padding is-layout-constrained wp-container-core-group-is-layout-26 wp-block-group-is-layout-constrained\" style=\"margin-top:-3rem\">\n<div class=\"wp-block-group has-contrast-3-background-color has-background is-layout-flow wp-block-group-is-layout-flow\" style=\"min-height:6rem\"><\/div>\n<\/div>\n\n\n\n<figure class=\"wp-block-image aligncenter size-full gt-reveal-down wp-duotone-174c4f-174c4f-9\"><img data-dominant-color=\"b15526\" data-has-transparency=\"true\" style=\"--dominant-color: #b15526;\" decoding=\"async\" width=\"43\" height=\"21\" src=\"https:\/\/campingclosduthym.com\/wp-content\/uploads\/sites\/5\/2024\/08\/separator.png\" alt=\"separator\" class=\"wp-image-150 has-transparency\"\/><\/figure>\n\n\n\n<p class=\"has-text-align-center gt-reveal-down has-medium-font-size\"><strong>Our mandatory extras<\/strong><\/p>\n\n\n\n<p class=\"has-text-align-center gt-reveal-down has-medium-font-size\">Tourist tax 2024 camping Clos du thym*** <br\/>6.02\u20ac per week and per person +18 years old<\/p>\n\n\n\n<p class=\"has-text-align-center gt-reveal-down has-medium-font-size\">Pet*: \u20ac23 per week from 27\/06 to 05\/09 (free except July and August) you must present your pet&#8217;s up-to-date vaccination certificate on arrival &#8211; one pet per mobile home is required<\/p>\n\n\n\n<p class=\"has-text-align-center gt-reveal-down has-medium-font-size\">*Management reserves the right to refuse to accept an animal depending on its category.<\/p>\n\n\n\n<p class=\"has-text-align-center gt-reveal-down has-medium-font-size\"><strong>A deposit of 620\u20ac will be required for all rentals (in two checks 470\u20ac and 150\u20ac) or a<br\/>credit card imprint.<\/strong><\/p>\n\n\n    <div id=\"gt-fse-lire-plus-69f0cc4b2afc1\" class=\"gt-fse-lire-plus\" data-min-height=\"130\" style=\"background-color: #f9f8f3;\">\n        <input id=\"gt-fse-lire-plus-69f0cc4b2afc1-toggle\" type=\"checkbox\" class=\"gt-fse-lire-plus__toggle\" \/>\n        <label for=\"gt-fse-lire-plus-69f0cc4b2afc1-toggle\" class=\"gt-fse-lire-plus__toggle-label\">\n            <span>Read more<\/span>\n            <span>Read less<\/span>\n        <\/label>\n        <div class=\"gt-fse-lire-plus__content\" style=\"height: 130px;\">\n            \n\n<p class=\"has-text-align-center gt-reveal-down has-medium-font-size\"><strong>Reservations<\/strong> <br\/>Free quotation <br\/>All reservations are subject to a \u20ac30 booking fee, non-refundable in the event of cancellation, and a deposit equal to 25% of the total cost of the stay. The balance must be paid no later than 30 days before arrival. Customers who have not paid the balance by the agreed date are considered to have cancelled. Under no circumstances will they be entitled to a refund of the deposit paid. For bookings made less than 30 days before departure, the full price of the trip or stay must be paid at<br\/>. <br\/>The reservation option is valid for 8 days. The reservation is effective when the customer receives written confirmation from<br\/>camping clos du thym.    <\/p>\n\n\n\n<p class=\"has-text-align-center gt-reveal-down has-medium-font-size\"><strong>Accommodation<\/strong> <br\/>Please note that children can stay free of charge, as long as the maximum occupancy indicated for the accommodation is respected. <br\/>Failure to comply with the maximum occupancy rate will result in eviction and no refund will be<br\/>tolerated.<\/p>\n\n\n\n<p class=\"has-text-align-center gt-reveal-down has-medium-font-size\"><strong>Cancellation insurance<\/strong> <br\/>Cancellation insurance is optional and is calculated according to the amount of your stay. No<br\/>refund of your deposit can be requested in the event of cancellation. <br\/>Failure to arrive on the day of arrival without prior notice will result in cancellation after 24 hours (no refund of deposit).<\/p>\n\n\n\n<p class=\"has-text-align-center gt-reveal-down has-medium-font-size\"><strong>Payment methods<\/strong> <br\/>Cash-CB-ANCV-cheques-bank transfer<\/p>\n\n            <div class=\"gt-fse-lire-plus__gradient\" style=\"background: linear-gradient(to bottom,rgba(249,248,243,0) 0%,rgba(249,248,243,1) 100%);\"><\/div>\n        <\/div>\n    <\/div>\n    <\/div>\n\n\n\n<div style=\"height:6rem;width:0px\" aria-hidden=\"true\" class=\"wp-block-spacer\"><\/div>\n<\/div>\n<\/div>\n\n<div style=\"height:2rem\" aria-hidden=\"true\" class=\"wp-block-spacer\"><\/div>\n\n<div class=\"wp-block-group alignfull is-layout-flow wp-block-group-is-layout-flow\" style=\"padding-bottom:0\">\n<div class=\"wp-block-group alignwide animated fadeIn slower is-layout-flow wp-block-group-is-layout-flow\" style=\"margin-top:0;margin-bottom:-33px;padding-right:0;padding-left:0\">\n<p class=\"gt-sliding-text has-contrast-3-color has-text-color has-link-color has-sogo-font-family wp-elements-055dedaa180c6391e3df9be02b178382\" style=\"margin-top:0;margin-right:0;margin-bottom:0;margin-left:0;font-size:7vw;font-style:normal;font-weight:300;line-height:1;text-transform:uppercase\">DISCOVER<\/p>\n<\/div>\n\n\n\n<div class=\"wp-block-group gt-break-mobile is-layout-grid wp-container-core-group-is-layout-31 wp-block-group-is-layout-grid\" style=\"border-radius:2rem\">\n<div\n\tstyle=\"border-radius:0rem;\" class=\"gt-maillage-10 wp-block-gt-gt-fse-maillage\"\tdata-wp-interactive=\"gt\/maillage\"\n\tdata-wp-on--click=\"actions.ctaLoad\"\n\tdata-wp-context='{\"radius\":\"0rem\",\"hover_bg_color\":\"#132f44\",\"hover_text_color\":\"#ffffff\",\"hover_image_opacity\":0.5}'>\t\n\n\t\n\t\t\t\t\t\t\t\t\t<div \n\t\t\t\tclass=\"gt-fse-maillage-link gt-fse-maillage-image-zoom gt-fse-maillage-hover-background-color gt-fse-maillage-hover-text-color\"\n\t\t\t\tstyle=\"border-radius: 0rem\"\n\t\t\t\tdata-wp-on-async--mouseover=\"actions.mouseover\"\n\t\t\t>\n\t\t\t\t\t\t\t\t\t\t\t\t\t\t\t\t\t\t<\/div>\n\t\t\t\t\t\t\t\t\t\t\t<div \n\t\t\t\tclass=\"gt-fse-maillage-link gt-fse-maillage-image-zoom gt-fse-maillage-hover-background-color gt-fse-maillage-hover-text-color\"\n\t\t\t\tstyle=\"border-radius: 0rem\"\n\t\t\t\tdata-wp-on-async--mouseover=\"actions.mouseover\"\n\t\t\t>\n\t\t\t\t\t\t\t\t\t\t\t\t\t\t\t\t\t\t<\/div>\n\t\t\t\t\t\t\t\t\t\t\t<div \n\t\t\t\tclass=\"gt-fse-maillage-link gt-fse-maillage-image-zoom gt-fse-maillage-hover-background-color gt-fse-maillage-hover-text-color\"\n\t\t\t\tstyle=\"border-radius: 0rem\"\n\t\t\t\tdata-wp-on-async--mouseover=\"actions.mouseover\"\n\t\t\t>\n\t\t\t\t\t\t\t\t\t\t\t\t\t\t\t\t\t\t<\/div>\n\t\t\t\t\t\t\t\t<\/div><\/div>\n\n\n\n<div style=\"height:6rem\" aria-hidden=\"true\" class=\"wp-block-spacer\"><\/div>\n<\/div>\n","protected":false},"excerpt":{"rendered":"<p>Discover our comfort mobile homes for rent in Argel\u00e8s-sur-Mer The Clos du Thym campsite in Argel\u00e8s-sur-Mer offers comfortable mobile homes at the best prices for an unforgettable vacation. Our mobile homes are perfectly equipped and designed to welcome families and friends, offering all the comforts needed for a pleasant stay and an optimal vacation experience. [&hellip;]<\/p>\n","protected":false},"author":1,"featured_media":4072,"parent":0,"menu_order":0,"comment_status":"closed","ping_status":"closed","template":"","meta":{"_acf_changed":false,"_seopress_robots_primary_cat":"","_seopress_titles_title":"Mobile home rental in Argel\u00e8s-sur-Mer, Pyr\u00e9n\u00e9es-Orientales","_seopress_titles_desc":"Rent a comfortable, fully-equipped mobile home with air conditioning and television for your stay in Argel\u00e8s-sur-Mer, Pyr\u00e9n\u00e9es-Orientales.","_seopress_robots_index":"","_gt_ctv_global_id":"","_gt_ctv_id_group":false,"inline_featured_image":false,"gt_fse_maillage_image":"https:\/\/campingclosduthym.com\/wp-content\/uploads\/sites\/5\/2024\/10\/camping-le-clos-du-thym-location-mobil-home-argeles-sur-mer.webp","gt_fse_maillage_titre":"Mobile homes designed for your comfort to rent in the Pyr\u00e9n\u00e9es-Orientales","gt_fse_maillage_resume":"","_gt_maillage_image":0,"_gt_maillage_video":0,"_gt_maillage_title":"","footnotes":""},"categories":[],"tags":[],"class_list":["post-5284","page","type-page","status-publish","has-post-thumbnail","hentry"],"acf":[],"_links":{"self":[{"href":"https:\/\/campingclosduthym.com\/en\/wp-json\/wp\/v2\/pages\/5284","targetHints":{"allow":["GET"]}}],"collection":[{"href":"https:\/\/campingclosduthym.com\/en\/wp-json\/wp\/v2\/pages"}],"about":[{"href":"https:\/\/campingclosduthym.com\/en\/wp-json\/wp\/v2\/types\/page"}],"author":[{"embeddable":true,"href":"https:\/\/campingclosduthym.com\/en\/wp-json\/wp\/v2\/users\/1"}],"replies":[{"embeddable":true,"href":"https:\/\/campingclosduthym.com\/en\/wp-json\/wp\/v2\/comments?post=5284"}],"version-history":[{"count":6,"href":"https:\/\/campingclosduthym.com\/en\/wp-json\/wp\/v2\/pages\/5284\/revisions"}],"predecessor-version":[{"id":5908,"href":"https:\/\/campingclosduthym.com\/en\/wp-json\/wp\/v2\/pages\/5284\/revisions\/5908"}],"wp:featuredmedia":[{"embeddable":true,"href":"https:\/\/campingclosduthym.com\/en\/wp-json\/wp\/v2\/media\/4072"}],"wp:attachment":[{"href":"https:\/\/campingclosduthym.com\/en\/wp-json\/wp\/v2\/media?parent=5284"}],"wp:term":[{"taxonomy":"category","embeddable":true,"href":"https:\/\/campingclosduthym.com\/en\/wp-json\/wp\/v2\/categories?post=5284"},{"taxonomy":"post_tag","embeddable":true,"href":"https:\/\/campingclosduthym.com\/en\/wp-json\/wp\/v2\/tags?post=5284"}],"curies":[{"name":"wp","href":"https:\/\/api.w.org\/{rel}","templated":true}]}}