{"id":5283,"date":"2024-10-15T10:21:06","date_gmt":"2024-10-15T08:21:06","guid":{"rendered":"https:\/\/campingclosduthym.com\/camping-familial-argeles-sur-mer\/"},"modified":"2025-01-14T12:34:33","modified_gmt":"2025-01-14T11:34:33","slug":"familiecamping-argeles-sur-mer","status":"publish","type":"page","link":"https:\/\/campingclosduthym.com\/nl\/familiecamping-argeles-sur-mer\/","title":{"rendered":"Welkom op een gezinscamping in Argel\u00e8s-sur-Mer"},"content":{"rendered":"\n<div class=\"wp-block-group alignfull gt-reveal has-global-padding is-layout-constrained wp-container-core-group-is-layout-5 wp-block-group-is-layout-constrained\">\n<div style=\"height:6rem\" aria-hidden=\"true\" class=\"wp-block-spacer gt-hide-mobile\"><\/div>\n\n\n\n<div class=\"wp-block-group alignwide gt-break-mobile gt-reverse-mobile is-nowrap is-layout-flex wp-container-core-group-is-layout-4 wp-block-group-is-layout-flex\">\n<div class=\"wp-block-group has-global-padding is-layout-constrained wp-block-group-is-layout-constrained\">\n<div class=\"wp-block-group is-layout-flow wp-block-group-is-layout-flow\" style=\"padding-right:var(--wp--preset--spacing--30);padding-left:var(--wp--preset--spacing--30)\">\n<div style=\"height:10rem\" aria-hidden=\"true\" class=\"wp-block-spacer gt-hide-mobile\"><\/div>\n\n\n\n<figure class=\"wp-block-image aligncenter size-full gt-reveal-down wp-duotone-174c4f-174c4f-1\"><img data-dominant-color=\"b15526\" data-has-transparency=\"true\" style=\"--dominant-color: #b15526;\" decoding=\"async\" width=\"43\" height=\"21\" src=\"https:\/\/campingclosduthym.com\/wp-content\/uploads\/sites\/5\/2024\/08\/separator.png\" alt=\"scheider\" class=\"wp-image-150 has-transparency\"\/><\/figure>\n\n\n<h2 class=\"wp-block-heading has-text-align-center gt-reveal-down has-accent-color has-text-color has-link-color wp-elements-3360105959650b8d0eac93db8386e8ef\" id=\"vriendelijke-ontvangst-en-3-sterrenservice-bij-de-receptie\">Vriendelijke ontvangst en 3-sterrenservice bij de receptie<\/h2>\n\n\n<p class=\"has-text-align-center gt-reveal-down has-medium-font-size\">We zijn er om <strong>je een warm welkom te heten<\/strong> en <strong>je een aangenaam verblijf<\/strong> te bezorgen vanaf het moment dat je aankomt.<\/p>\n\n\n\n<p class=\"has-text-align-center gt-reveal-down has-medium-font-size\"><strong>Openingstijden<\/strong><br\/><strong>juli-augustus<\/strong>: dagelijks van <strong>9.00 tot 13.00 uur<\/strong> en van <strong>15.30 tot 19.30 uur<\/strong> en <strong>op zaterdag<\/strong> van <strong>8.00 tot 13.00 uur<\/strong> en van <strong>14.00 tot 20.00 uur<\/strong><br\/><strong>juni-september<\/strong>: <strong>maandag tot vrijdag<\/strong> van <strong>9.00 tot 12.00 uur<\/strong> en van <strong>14.00 tot 18.00 uur<\/strong>.<\/p>\n\n\n\n<p class=\"has-text-align-center gt-reveal-down has-medium-font-size\">Tijdens het laagseizoen (behalve in juni-juli-augustus-september) is de receptie &#8217;s ochtends niet geopend: alleen van 14.00 tot 18.00 uur.<\/p>\n\n\n\n<p class=\"has-text-align-center gt-reveal-down has-medium-font-size\"><strong>Het hele receptieteam staat klaar om je te adviseren en te informeren tijdens je verblijf.<\/strong><\/p>\n\n\n\n<p class=\"has-text-align-center gt-reveal-down has-medium-font-size\"><strong>Voor meer informatie over de diensten van <\/strong><a href=\"https:\/\/campingclosduthym.com\/nl\/\">camping Clos du Thym in Argel\u00e8s-sur-Mer<\/a> kunt <strong>u contact opnemen met Lauriane op 04.68.81.24.23<\/strong>.<\/p>\n<\/div>\n<\/div>\n\n\n\n<div class=\"wp-block-group wp-container-content-1 is-layout-flow wp-block-group-is-layout-flow\">\n<figure class=\"wp-block-image size-full gt-reveal\"><img data-dominant-color=\"818f80\" data-has-transparency=\"false\" style=\"--dominant-color: #818f80;\" decoding=\"async\" width=\"640\" height=\"961\" src=\"https:\/\/campingclosduthym.com\/wp-content\/uploads\/sites\/5\/2024\/11\/accueil-convivial-et-services-3-etoiles.webp\" alt=\"vriendelijke ontvangst en 3-sterrenservice\" class=\"wp-image-4697 not-transparent\" srcset=\"https:\/\/campingclosduthym.com\/wp-content\/uploads\/sites\/5\/2024\/11\/accueil-convivial-et-services-3-etoiles.webp 640w, https:\/\/campingclosduthym.com\/wp-content\/uploads\/sites\/5\/2024\/11\/accueil-convivial-et-services-3-etoiles-200x300.webp 200w\" sizes=\"(max-width: 640px) 100vw, 640px\" \/><\/figure>\n<\/div>\n<\/div>\n<\/div>\n\n<div class=\"wp-block-group alignfull gt-reveal has-global-padding is-layout-constrained wp-container-core-group-is-layout-11 wp-block-group-is-layout-constrained\">\n<div style=\"height:6rem\" aria-hidden=\"true\" class=\"wp-block-spacer gt-hide-mobile\"><\/div>\n\n\n\n<div class=\"wp-block-group alignwide animated fadeIn slower gt-hide-mobile is-layout-flow wp-block-group-is-layout-flow\" style=\"margin-top:0;margin-bottom:-33px;padding-right:0;padding-left:0\">\n<p class=\"gt-sliding-text has-contrast-3-color has-text-color has-link-color has-sogo-font-family wp-elements-46b5e76520427e0946d990f375200fd3\" style=\"margin-top:0;margin-right:0;margin-bottom:0;margin-left:0;font-size:7vw;font-style:normal;font-weight:300;line-height:1;text-transform:uppercase\">EEN VEREENVOUDIGD LEVEN<\/p>\n<\/div>\n\n\n\n<div class=\"wp-block-group alignwide gt-break-mobile is-nowrap is-layout-flex wp-container-core-group-is-layout-10 wp-block-group-is-layout-flex\">\n<div class=\"wp-block-group wp-container-content-2 is-layout-flow wp-block-group-is-layout-flow\">\n<figure class=\"wp-block-image size-full gt-reveal\"><img data-dominant-color=\"686e5d\" data-has-transparency=\"false\" style=\"--dominant-color: #686e5d;\" decoding=\"async\" width=\"640\" height=\"960\" src=\"https:\/\/campingclosduthym.com\/wp-content\/uploads\/sites\/5\/2024\/11\/vie-simplifiee.webp\" alt=\"het leven gemakkelijk gemaakt\" class=\"wp-image-4699 not-transparent\" srcset=\"https:\/\/campingclosduthym.com\/wp-content\/uploads\/sites\/5\/2024\/11\/vie-simplifiee.webp 640w, https:\/\/campingclosduthym.com\/wp-content\/uploads\/sites\/5\/2024\/11\/vie-simplifiee-200x300.webp 200w\" sizes=\"(max-width: 640px) 100vw, 640px\" \/><\/figure>\n<\/div>\n\n\n\n<div class=\"wp-block-group has-global-padding is-layout-constrained wp-block-group-is-layout-constrained\">\n<div class=\"wp-block-group is-layout-flow wp-block-group-is-layout-flow\" style=\"padding-right:var(--wp--preset--spacing--30);padding-left:var(--wp--preset--spacing--30)\">\n<div style=\"height:10rem\" aria-hidden=\"true\" class=\"wp-block-spacer gt-hide-mobile\"><\/div>\n\n\n\n<figure class=\"wp-block-image aligncenter size-full gt-reveal-down wp-duotone-174c4f-174c4f-2\"><img data-dominant-color=\"b15526\" data-has-transparency=\"true\" style=\"--dominant-color: #b15526;\" decoding=\"async\" width=\"43\" height=\"21\" src=\"https:\/\/campingclosduthym.com\/wp-content\/uploads\/sites\/5\/2024\/08\/separator.png\" alt=\"scheider\" class=\"wp-image-150 has-transparency\"\/><\/figure>\n\n\n<h2 class=\"wp-block-heading has-text-align-center gt-reveal-down has-accent-color has-text-color has-link-color wp-elements-d89015d3f6ef185bf308c2c81509e8b7\" id=\"geniet-van-gratis-wifi-op-vakantie\">Geniet van gratis wifi op vakantie<\/h2>\n\n\n<p class=\"has-text-align-center gt-reveal-down has-medium-font-size\">Geniet van <strong>gratis wifi<\/strong> op vakantie, met een verbinding die door alle bewoners wordt gedeeld. Blijf verbonden tijdens je verblijf om <strong>herinneringen te delen<\/strong>, <strong>activiteiten te plannen<\/strong> en <strong>contact te houden <\/strong>met je geliefden. Hoewel streaming en videoconferencing niet mogelijk zijn, kun je wel <strong>gemakkelijk<\/strong> je e-mail checken en online <strong>surfen<\/strong>.  <\/p>\n\n\n<h2 class=\"wp-block-heading has-text-align-center gt-reveal-down has-accent-color has-text-color has-link-color wp-elements-a548c658e1a4760448a35a00e7990a1a\" id=\"volledig-uitgeruste-wasfaciliteiten-om-het-leven-gemakkelijker-te-maken\">Volledig uitgeruste wasfaciliteiten om het leven gemakkelijker te maken<\/h2>\n\n\n<p class=\"has-text-align-center gt-reveal-down has-medium-font-size\">De <strong>volledig uitgeruste wasserette<\/strong> maakt het leven gemakkelijker op camping Clos du Thym. Profiteer van onze <strong>wasmachines en drogers<\/strong> om uw was schoon en fris te houden tijdens uw vakantie. Voorkom logistieke zorgen en profiteer optimaal van je verblijf dankzij onze praktische en effici\u00ebnte wasservice.  <\/p>\n\n\n\n<div style=\"height:2rem\" aria-hidden=\"true\" class=\"wp-block-spacer is-style-gt-hide-mobile gt-hide-mobile\"><\/div>\n<\/div>\n<\/div>\n<\/div>\n<\/div>\n\n<div class=\"wp-block-group alignfull gt-reveal is-nowrap is-layout-flex wp-container-core-group-is-layout-14 wp-block-group-is-layout-flex\">\n<div class=\"wp-block-cover is-light gt-hide-mobile wp-container-content-3\" style=\"min-height:100vh;aspect-ratio:unset;\"><span aria-hidden=\"true\" class=\"wp-block-cover__background has-background-dim-10 has-background-dim\"><\/span><img data-dominant-color=\"828a6c\" data-has-transparency=\"false\" style=\"--dominant-color: #828a6c;\" decoding=\"async\" width=\"381\" height=\"867\" class=\"wp-block-cover__image-background wp-image-4838 not-transparent\" alt=\"verdure au camping\" src=\"https:\/\/campingclosduthym.com\/wp-content\/uploads\/sites\/5\/2024\/11\/verdure-au-camping.webp\" data-object-fit=\"cover\" srcset=\"https:\/\/campingclosduthym.com\/wp-content\/uploads\/sites\/5\/2024\/11\/verdure-au-camping.webp 381w, https:\/\/campingclosduthym.com\/wp-content\/uploads\/sites\/5\/2024\/11\/verdure-au-camping-132x300.webp 132w\" sizes=\"(max-width: 381px) 100vw, 381px\" \/><div class=\"wp-block-cover__inner-container has-global-padding is-layout-constrained wp-block-cover-is-layout-constrained\">\n<p class=\"has-text-align-center has-large-font-size\"><\/p>\n<\/div><\/div>\n\n\n\n<div class=\"wp-block-cover is-light has-custom-content-position is-position-top-center wp-container-content-4\" style=\"padding-top:0;padding-bottom:0;min-height:100vh;aspect-ratio:unset;\"><span aria-hidden=\"true\" class=\"wp-block-cover__background has-background-dim-20 has-background-dim\"><\/span><img data-dominant-color=\"9bab89\" data-has-transparency=\"false\" decoding=\"async\" width=\"1514\" height=\"629\" class=\"wp-block-cover__image-background wp-image-4417 not-transparent\" alt=\"vos animaux sont les bienvenus au camping\" src=\"https:\/\/campingclosduthym.com\/wp-content\/uploads\/sites\/5\/2024\/10\/vos-animaux-sont-les-bienvenus-au-camping.webp\" style=\"--dominant-color: #9bab89; object-position:28% 50%\" data-object-fit=\"cover\" data-object-position=\"28% 50%\" srcset=\"https:\/\/campingclosduthym.com\/wp-content\/uploads\/sites\/5\/2024\/10\/vos-animaux-sont-les-bienvenus-au-camping.webp 1514w, https:\/\/campingclosduthym.com\/wp-content\/uploads\/sites\/5\/2024\/10\/vos-animaux-sont-les-bienvenus-au-camping-300x125.webp 300w, https:\/\/campingclosduthym.com\/wp-content\/uploads\/sites\/5\/2024\/10\/vos-animaux-sont-les-bienvenus-au-camping-1024x425.webp 1024w, https:\/\/campingclosduthym.com\/wp-content\/uploads\/sites\/5\/2024\/10\/vos-animaux-sont-les-bienvenus-au-camping-768x319.webp 768w\" sizes=\"(max-width: 1514px) 100vw, 1514px\" \/><div class=\"wp-block-cover__inner-container has-global-padding is-layout-constrained wp-block-cover-is-layout-constrained\">\n<div class=\"wp-block-group gt-reveal-down has-global-padding is-layout-constrained wp-container-core-group-is-layout-13 wp-block-group-is-layout-constrained\">\n<div class=\"wp-block-group has-contrast-3-background-color has-background is-layout-flow wp-block-group-is-layout-flow\" style=\"min-height:12rem\"><\/div>\n<\/div>\n\n\n\n<figure class=\"wp-block-image aligncenter size-full gt-reveal-down wp-duotone-e5e0ce-ffffff-3\"><img data-dominant-color=\"b15526\" data-has-transparency=\"true\" style=\"--dominant-color: #b15526;\" decoding=\"async\" width=\"43\" height=\"21\" src=\"https:\/\/campingclosduthym.com\/wp-content\/uploads\/sites\/5\/2024\/08\/separator.png\" alt=\"scheider\" class=\"wp-image-150 has-transparency\"\/><\/figure>\n\n\n\n<div style=\"height:1rem\" aria-hidden=\"true\" class=\"wp-block-spacer gt-hide-mobile\"><\/div>\n\n\n<h2 class=\"wp-block-heading has-text-align-center has-base-color has-text-color has-link-color has-large-font-size wp-elements-9113ae07c132ecde7601d49aaefcb826\" id=\"uw-huisdieren-zijn-welkom-op-de-camping\">Uw huisdieren zijn welkom op de camping<\/h2>\n\n\n<p class=\"has-text-align-center has-base-color has-text-color has-link-color has-medium-font-size wp-elements-88eac64baf7e9ac905b85c9b65d088e1\">Uw huisdieren zijn <strong>welkom<\/strong> op de camping. Voor onze vrienden de <strong>honden<\/strong> (behalve de gecategoriseerde honden), hoewel de bewaakte stranden verboden zijn, worden ze getolereerd <strong>ten zuiden van de dijk<\/strong> en in het <strong>natuurreservaat Mas Larrieu<\/strong>, mits ze <strong>aangelijnd<\/strong> zijn. Geniet van aangename wandelingen met je viervoeters en verken samen de natuurlijke schoonheid van onze streek.  <\/p>\n\n\n\n<div style=\"height:var(--wp--preset--spacing--40)\" aria-hidden=\"true\" class=\"wp-block-spacer gt-hide-mobile\"><\/div>\n<\/div><\/div>\n<\/div>\n\n<div class=\"wp-block-group alignfull has-global-padding is-layout-constrained wp-block-group-is-layout-constrained\" id=\"snack-bar\">\n<div class=\"wp-block-group alignfull gt-reveal gt-break-mobile is-content-justification-center is-nowrap is-layout-flex wp-container-core-group-is-layout-20 wp-block-group-is-layout-flex\">\n<div class=\"wp-block-group is-nowrap is-layout-flex wp-container-core-group-is-layout-19 wp-block-group-is-layout-flex\" style=\"padding-right:var(--wp--preset--spacing--20);padding-left:var(--wp--preset--spacing--20)\">\n<div class=\"wp-block-group has-global-padding is-layout-constrained wp-block-group-is-layout-constrained\">\n<div class=\"wp-block-group animated fadeInDown slow gt-reveal-down has-global-padding is-layout-constrained wp-container-core-group-is-layout-16 wp-block-group-is-layout-constrained\">\n<div class=\"wp-block-group gt-reveal-down has-contrast-3-background-color has-background is-layout-flow wp-block-group-is-layout-flow\" style=\"min-height:30rem\"><\/div>\n<\/div>\n\n\n\n<figure class=\"wp-block-image aligncenter size-full gt-reveal-down wp-duotone-e5e0ce-ffffff-4\"><img data-dominant-color=\"b15526\" data-has-transparency=\"true\" style=\"--dominant-color: #b15526;\" decoding=\"async\" width=\"43\" height=\"21\" src=\"https:\/\/campingclosduthym.com\/wp-content\/uploads\/sites\/5\/2024\/08\/separator.png\" alt=\"scheider\" class=\"wp-image-150 has-transparency\"\/><\/figure>\n<\/div>\n\n\n\n<div class=\"wp-block-group has-global-padding is-layout-constrained wp-block-group-is-layout-constrained\"><h2 class=\"wp-block-heading has-accent-color has-text-color has-link-color wp-elements-41afdc83a18098d13b1694434c74ca5c\" id=\"een-snackbar-voor-lunch-en-diner-in-argeles-sur-mer\">Een snackbar voor lunch en diner in Argel\u00e8s-sur-Mer<\/h2>\n\n\n<p class=\"has-medium-font-size\">Welkom bij de <strong>snackbar<\/strong> van camping Clos du Thym in Argel\u00e8s-sur-Mer, uw plek om <strong>te ontspannen <\/strong>en <strong>te genieten van een heerlijke maaltijd <\/strong>om uw vakantie nog aangenamer te maken. Onze snackbar is de ideale plek voor een <strong>snelle lunchpauze <\/strong>of een <strong>gezellige avond<\/strong> met vrienden en familie. <\/p>\n\n\n\n<p class=\"has-medium-font-size\"><strong>Openingstijden (juni-september) <\/strong><br\/>De snackbar is geopend van juni tot september.<\/p>\n\n\n\n<p class=\"has-medium-font-size\"><strong>Maak van elke maaltijd iets bijzonders in de snackbar van camping Clos du Thym.<\/strong><\/p>\n\n\n\n<p class=\"has-medium-font-size\"><strong>Kom en ontdek heerlijke gerechten in een vriendelijke sfeer.<\/strong><\/p>\n<\/div>\n<\/div>\n\n\n\n<figure class=\"wp-block-image size-full\"><img data-dominant-color=\"b99b7a\" data-has-transparency=\"false\" style=\"--dominant-color: #b99b7a;\" decoding=\"async\" width=\"1108\" height=\"738\" src=\"https:\/\/campingclosduthym.com\/wp-content\/uploads\/sites\/5\/2024\/11\/snack-bar-vous-regale-midi-et-soir-a-argeles-sur-mer.webp\" alt=\"snackbar voor lunch en diner in argeles sur mer\" class=\"wp-image-4703 not-transparent\" srcset=\"https:\/\/campingclosduthym.com\/wp-content\/uploads\/sites\/5\/2024\/11\/snack-bar-vous-regale-midi-et-soir-a-argeles-sur-mer.webp 1108w, https:\/\/campingclosduthym.com\/wp-content\/uploads\/sites\/5\/2024\/11\/snack-bar-vous-regale-midi-et-soir-a-argeles-sur-mer-300x200.webp 300w, https:\/\/campingclosduthym.com\/wp-content\/uploads\/sites\/5\/2024\/11\/snack-bar-vous-regale-midi-et-soir-a-argeles-sur-mer-1024x682.webp 1024w, https:\/\/campingclosduthym.com\/wp-content\/uploads\/sites\/5\/2024\/11\/snack-bar-vous-regale-midi-et-soir-a-argeles-sur-mer-768x512.webp 768w\" sizes=\"(max-width: 1108px) 100vw, 1108px\" \/><\/figure>\n<\/div>\n\n\n\n<div style=\"height:6rem\" aria-hidden=\"true\" class=\"wp-block-spacer gt-hide-mobile\"><\/div>\n\n\n\n<div style=\"height:6rem\" aria-hidden=\"true\" class=\"wp-block-spacer gt-hide-mobile\"><\/div>\n<\/div>\n\n<div class=\"wp-block-group alignfull has-global-padding is-layout-constrained wp-block-group-is-layout-constrained\">\n<div class=\"wp-block-group alignfull gt-reveal gt-break-mobile is-content-justification-center is-nowrap is-layout-flex wp-container-core-group-is-layout-24 wp-block-group-is-layout-flex\">\n<figure class=\"wp-block-image size-full\"><img data-dominant-color=\"946d4f\" data-has-transparency=\"false\" style=\"--dominant-color: #946d4f;\" decoding=\"async\" width=\"662\" height=\"531\" src=\"https:\/\/campingclosduthym.com\/wp-content\/uploads\/sites\/5\/2024\/11\/paella.webp\" alt=\"paella\" class=\"wp-image-4789 not-transparent\" srcset=\"https:\/\/campingclosduthym.com\/wp-content\/uploads\/sites\/5\/2024\/11\/paella.webp 662w, https:\/\/campingclosduthym.com\/wp-content\/uploads\/sites\/5\/2024\/11\/paella-300x241.webp 300w\" sizes=\"(max-width: 662px) 100vw, 662px\" \/><\/figure>\n\n\n\n<div class=\"wp-block-group is-nowrap is-layout-flex wp-container-core-group-is-layout-23 wp-block-group-is-layout-flex\" style=\"padding-right:var(--wp--preset--spacing--20);padding-left:var(--wp--preset--spacing--20)\">\n<div class=\"wp-block-group has-global-padding is-layout-constrained wp-block-group-is-layout-constrained\"><h3 class=\"wp-block-heading has-accent-color has-text-color has-link-color wp-elements-ba56574a5a6371627cec1f1d1e039c38\" id=\"proef-de-traditionele-catalaanse-keuken\">Proef de traditionele Catalaanse keuken<\/h3>\n\n\n<p class=\"has-medium-font-size\">Proef de <strong>traditionele Catalaanse keuken<\/strong> met speciale <strong>avondmaaltijden<\/strong>, met gerechten als <strong>paella<\/strong>, <strong>fideua<\/strong>, <strong>moules-frites<\/strong> en nog veel meer.<\/p>\n\n\n<h3 class=\"wp-block-heading has-accent-color has-text-color has-link-color wp-elements-f628f27ff06427299c9a65dfab4709e9\" id=\"maaltijden-ter-plaatse-of-afhaalmaaltijden\">Maaltijden ter plaatse of afhaalmaaltijden<\/h3>\n\n\n<p class=\"has-medium-font-size\">De snackbar van camping Clos du Thym biedt een grote verscheidenheid aan lekkernijen <strong>om mee te nemen<\/strong> of <strong>om van te genieten op het terras<\/strong>, zoals <strong>panini&#8217;s<\/strong>, <strong>knapperige frietjes<\/strong>, sappige <strong>hamburgers<\/strong>, verse <strong>pizza&#8217;s<\/strong>, verrukkelijke <strong>kebabs<\/strong> en verfrissende <strong>salades<\/strong>.<\/p>\n<\/div>\n<\/div>\n<\/div>\n\n\n\n<div class=\"wp-block-group alignfull gt-reveal gt-break-mobile gt-reverse-mobile is-content-justification-center is-nowrap is-layout-flex wp-container-core-group-is-layout-27 wp-block-group-is-layout-flex\">\n<div class=\"wp-block-group is-nowrap is-layout-flex wp-container-core-group-is-layout-26 wp-block-group-is-layout-flex\" style=\"padding-right:var(--wp--preset--spacing--20);padding-left:var(--wp--preset--spacing--20)\">\n<div class=\"wp-block-group has-global-padding is-layout-constrained wp-block-group-is-layout-constrained\"><h3 class=\"wp-block-heading has-accent-color has-text-color has-link-color wp-elements-97726aaf87c3bd0fb574ad077b5993e5\" id=\"gezellige-avonden-in-de-snackbar-van-de-camping\">Gezellige avonden in de snackbar van de camping<\/h3>\n\n\n<p class=\"has-medium-font-size\">Levendige avonden in de snackbar van de camping (in juli en augustus): geniet van <strong>gezellige avonden<\/strong> waar <strong>lekker eten<\/strong> en <strong>gezelligheid<\/strong> aan de orde van de dag zijn. Ontspan bij smakelijke gerechten die met zorg zijn bereid en deel gezellige momenten met vrienden of familie. Onze avonden zijn de perfecte gelegenheid om onvergetelijke herinneringen te cre\u00ebren in een warme sfeer.  <\/p>\n\n\n<h3 class=\"wp-block-heading has-accent-color has-text-color has-link-color wp-elements-06c9afab2d0c20c3f2aeef37fd394da0\" id=\"je-snackbar-verwelkomt-groepen\">Je snackbar verwelkomt groepen<\/h3>\n\n\n<p class=\"has-medium-font-size\">Jouw snackbar verwelkomt <strong>groepen <\/strong>. Of het nu gaat om <strong>een teammaaltijd<\/strong>, een <strong>bijzonder feest<\/strong> of een <strong>speciale gebeurtenis<\/strong>, wij staan klaar om u een onvergetelijke dinerervaring te bezorgen. Neem contact met ons op om uw wensen en voorkeuren te bespreken en laat ons u helpen <strong>een gezellige en heerlijke tijd te organiseren<\/strong> op camping Clos du Thym.  <\/p>\n<\/div>\n<\/div>\n\n\n\n<figure class=\"wp-block-image size-full\"><img data-dominant-color=\"a29694\" data-has-transparency=\"false\" style=\"--dominant-color: #a29694;\" decoding=\"async\" width=\"662\" height=\"531\" src=\"https:\/\/campingclosduthym.com\/wp-content\/uploads\/sites\/5\/2024\/11\/soirees-animees.webp\" alt=\"geanimeerde avonden\" class=\"wp-image-4709 not-transparent\" srcset=\"https:\/\/campingclosduthym.com\/wp-content\/uploads\/sites\/5\/2024\/11\/soirees-animees.webp 662w, https:\/\/campingclosduthym.com\/wp-content\/uploads\/sites\/5\/2024\/11\/soirees-animees-300x241.webp 300w\" sizes=\"(max-width: 662px) 100vw, 662px\" \/><\/figure>\n<\/div>\n\n\n\n<div style=\"height:6rem\" aria-hidden=\"true\" class=\"wp-block-spacer\"><\/div>\n<\/div>\n\n<div class=\"wp-block-group alignfull gt-reveal is-nowrap is-layout-flex wp-container-core-group-is-layout-31 wp-block-group-is-layout-flex\">\n<div class=\"wp-block-cover is-light gt-hide-mobile wp-container-content-5\" style=\"min-height:100vh;aspect-ratio:unset;\"><span aria-hidden=\"true\" class=\"wp-block-cover__background has-background-dim-10 has-background-dim\"><\/span><img data-dominant-color=\"908d71\" data-has-transparency=\"false\" style=\"--dominant-color: #908d71;\" decoding=\"async\" width=\"381\" height=\"921\" class=\"wp-block-cover__image-background wp-image-4426 not-transparent\" alt=\"louez un velo aupres de notre partenaire et faites le vous livrer\" src=\"https:\/\/campingclosduthym.com\/wp-content\/uploads\/sites\/5\/2024\/10\/louez-un-velo-aupres-de-notre-partenaire-et-faites-le-vous-livrer.webp\" data-object-fit=\"cover\" srcset=\"https:\/\/campingclosduthym.com\/wp-content\/uploads\/sites\/5\/2024\/10\/louez-un-velo-aupres-de-notre-partenaire-et-faites-le-vous-livrer.webp 381w, https:\/\/campingclosduthym.com\/wp-content\/uploads\/sites\/5\/2024\/10\/louez-un-velo-aupres-de-notre-partenaire-et-faites-le-vous-livrer-124x300.webp 124w\" sizes=\"(max-width: 381px) 100vw, 381px\" \/><div class=\"wp-block-cover__inner-container has-global-padding is-layout-constrained wp-block-cover-is-layout-constrained\">\n<p class=\"has-text-align-center has-large-font-size\"><\/p>\n<\/div><\/div>\n\n\n\n<div class=\"wp-block-cover has-custom-content-position is-position-top-center wp-container-content-6\" style=\"padding-top:0;padding-bottom:0;min-height:100vh;aspect-ratio:unset;\"><span aria-hidden=\"true\" class=\"wp-block-cover__background has-background-dim-40 has-background-dim\"><\/span><img data-dominant-color=\"d4b697\" data-has-transparency=\"false\" style=\"--dominant-color: #d4b697;\" decoding=\"async\" width=\"1514\" height=\"921\" class=\"wp-block-cover__image-background wp-image-4428 not-transparent\" alt=\"location de kit bebe en supplement pour votre confort\" src=\"https:\/\/campingclosduthym.com\/wp-content\/uploads\/sites\/5\/2024\/10\/location-de-kit-bebe-en-supplement-pour-votre-confort.webp\" data-object-fit=\"cover\" srcset=\"https:\/\/campingclosduthym.com\/wp-content\/uploads\/sites\/5\/2024\/10\/location-de-kit-bebe-en-supplement-pour-votre-confort.webp 1514w, https:\/\/campingclosduthym.com\/wp-content\/uploads\/sites\/5\/2024\/10\/location-de-kit-bebe-en-supplement-pour-votre-confort-300x182.webp 300w, https:\/\/campingclosduthym.com\/wp-content\/uploads\/sites\/5\/2024\/10\/location-de-kit-bebe-en-supplement-pour-votre-confort-1024x623.webp 1024w, https:\/\/campingclosduthym.com\/wp-content\/uploads\/sites\/5\/2024\/10\/location-de-kit-bebe-en-supplement-pour-votre-confort-768x467.webp 768w\" sizes=\"(max-width: 1514px) 100vw, 1514px\" \/><div class=\"wp-block-cover__inner-container has-global-padding is-layout-constrained wp-block-cover-is-layout-constrained\">\n<div class=\"wp-block-group gt-reveal-down has-global-padding is-layout-constrained wp-container-core-group-is-layout-30 wp-block-group-is-layout-constrained\">\n<div class=\"wp-block-group has-contrast-3-background-color has-background is-layout-flow wp-block-group-is-layout-flow\" style=\"min-height:12rem\"><\/div>\n<\/div>\n\n\n\n<figure class=\"wp-block-image aligncenter size-full gt-reveal-down wp-duotone-e5e0ce-ffffff-5\"><img data-dominant-color=\"b15526\" data-has-transparency=\"true\" style=\"--dominant-color: #b15526;\" decoding=\"async\" width=\"43\" height=\"21\" src=\"https:\/\/campingclosduthym.com\/wp-content\/uploads\/sites\/5\/2024\/08\/separator.png\" alt=\"scheider\" class=\"wp-image-150 has-transparency\"\/><\/figure>\n\n\n\n<div style=\"height:1rem\" aria-hidden=\"true\" class=\"wp-block-spacer\"><\/div>\n\n\n<h2 class=\"wp-block-heading has-text-align-center has-base-color has-text-color has-link-color has-large-font-size wp-elements-c4636253449deb305306f4bd0f2a1040\" id=\"extra-uitrusting-voor-uw-comfort\">Extra uitrusting voor uw comfort<\/h2>\n\n\n<p class=\"has-text-align-center has-base-color has-text-color has-link-color has-medium-font-size wp-elements-f8878c3b4c9cc837dbfb66ef5ba9d336\"><strong>Profiteer van onze gratis uitleenservice voor alledaagse apparatuur<\/strong><br\/>Ontdek onze <strong>unieke uitleenservice voor alledaagse apparatuur<\/strong>, helemaal <strong>gratis<\/strong> (met borg). Of je nu een strijkijzer nodig hebt voor je kleding of een stofzuiger om je ruimte schoon te houden, wij hebben wat je nodig hebt. We bieden een scala aan apparatuur om je leven gemakkelijker te maken.  <\/p>\n\n\n\n<p class=\"has-text-align-center has-base-color has-text-color has-link-color has-medium-font-size wp-elements-625e890a7c1a69450b1095a9d18906e3\"><br\/>V<strong>erhuur van babypakketten en verkoop van wegwerplakens<\/strong> Voor jonge ouders<strong> verhuren <\/strong>we<strong> babypakketten <\/strong>met een <strong>kinderstoel<\/strong>,<strong> kinderbedje<\/strong> en <strong>badje<\/strong>, alles wat je nodig hebt om je kind in de beste omstandigheden te verwelkomen. We <strong>verkopen<\/strong> ook <strong>wegwerplakens voor<\/strong> extra <strong>gemak<\/strong> en<strong>hygi\u00ebne<\/strong>. Profiteer van deze diensten voor een comfortabel verblijf zonder gedoe.  <\/p>\n\n\n\n<div style=\"height:var(--wp--preset--spacing--40)\" aria-hidden=\"true\" class=\"wp-block-spacer\"><\/div>\n<\/div><\/div>\n<\/div>\n\n<div class=\"wp-block-group alignfull gt-break-mobile is-content-justification-right is-nowrap is-layout-flex wp-container-core-group-is-layout-37 wp-block-group-is-layout-flex\">\n<div class=\"wp-block-group alignwide gt-absolute-text gt-hide-mobile wp-container-content-7 is-horizontal is-content-justification-right is-nowrap is-layout-flex wp-container-core-group-is-layout-32 wp-block-group-is-layout-flex\" style=\"margin-top:0;padding-right:0;padding-left:0\">\n<p class=\"gt-sliding-text-y has-contrast-3-color has-text-color has-link-color has-sogo-font-family wp-elements-4f68b1beb37f5dde3b307c1443c190cf\" style=\"margin-top:0;margin-right:0;margin-bottom:0;margin-left:0;font-size:7vw;font-style:normal;font-weight:300;line-height:1;text-transform:uppercase\">Fut\u00e9 geleider<\/p>\n<\/div>\n\n\n\n<div class=\"wp-block-group has-accent-2-background-color has-background wp-container-content-8 has-global-padding is-content-justification-center is-layout-constrained wp-block-group-is-layout-constrained\">\n<div class=\"wp-block-group alignwide is-layout-flow wp-block-group-is-layout-flow\" style=\"padding-top:0;padding-right:var(--wp--preset--spacing--60);padding-bottom:var(--wp--preset--spacing--30);padding-left:var(--wp--preset--spacing--60)\">\n<div class=\"wp-block-group gt-reveal-down has-global-padding is-layout-constrained wp-container-core-group-is-layout-34 wp-block-group-is-layout-constrained\" style=\"margin-top:-3rem\">\n<div class=\"wp-block-group has-contrast-3-background-color has-background is-layout-flow wp-block-group-is-layout-flow\" style=\"min-height:6rem\"><\/div>\n<\/div>\n\n\n\n<figure class=\"wp-block-image aligncenter size-full gt-reveal-down wp-duotone-174c4f-174c4f-6\"><img data-dominant-color=\"b15526\" data-has-transparency=\"true\" style=\"--dominant-color: #b15526;\" decoding=\"async\" width=\"43\" height=\"21\" src=\"https:\/\/campingclosduthym.com\/wp-content\/uploads\/sites\/5\/2024\/08\/separator.png\" alt=\"scheider\" class=\"wp-image-150 has-transparency\"\/><\/figure>\n\n\n<h2 class=\"wp-block-heading alignwide has-text-align-center gt-reveal-down has-accent-color has-text-color has-link-color wp-elements-226d4d70bce4884df7ad50e59b8c16d8\" id=\"huur-een-fiets-bij-onze-partner-en-laat-hem-bij-je-afleveren\"> Huur een fiets bij onze partner en laat hem bij je afleveren<\/h2>\n\n\n<p class=\"has-text-align-center gt-reveal-down has-medium-font-size\">Ontdek de pracht van <a href=\"https:\/\/campingclosduthym.com\/nl\/ontdek-de-pyrenees-orientales\/#argeles-sur-mer\">Argel\u00e8s-sur-Mer<\/a> op de fiets met onze vertrouwde partner, &#8220;Guidon Fut\u00e9&#8221;.<\/p>\n\n\n\n<p class=\"has-text-align-center gt-reveal-down has-medium-font-size\">Boek nu je fietsen bij Guidon Fut\u00e9 voor een onvergetelijke <strong>fietservaring <\/strong>.<\/p>\n\n\n\n<p class=\"has-text-align-center gt-reveal-down has-medium-font-size\">Profiteer van de <strong>gratis levering rechtstreeks op de camping<\/strong> Clos du Thym voor alle reserveringen van een week huur of meer.<\/p>\n\n\n\n<ul class=\"wp-block-list\">\n<li>Bezoek de <a href=\"https:\/\/www.guidon-fute.com\/fr\/\" target=\"_blank\" rel=\"noreferrer noopener\">Guidon Fut\u00e9 website<\/a> of bel 04.68.81.56.55.<\/li>\n\n\n\n<li>Selecteer de fietsen van je keuze en de huurperiode.<\/li>\n\n\n\n<li>Vermeld bij uw reservering dat u op <a href=\"https:\/\/campingclosduthym.com\/nl\/\">camping Le Clos du Thym in Argel\u00e8s-sur-Mer<\/a> verblijft om te profiteren van gratis bezorging (voor huurperiodes van een week of meer).<\/li>\n\n\n\n<li>Het is gemakkelijk om je boeking te voltooien.<\/li>\n<\/ul>\n<\/div>\n\n\n\n<div style=\"height:6rem;width:0px\" aria-hidden=\"true\" class=\"wp-block-spacer\"><\/div>\n<\/div>\n<\/div>\n\n<div class=\"wp-block-group alignfull has-global-padding is-layout-constrained wp-block-group-is-layout-constrained\">\n<div style=\"height:6rem\" aria-hidden=\"true\" class=\"wp-block-spacer\"><\/div>\n\n\n\n<div class=\"wp-block-group alignfull gt-reveal gt-break-mobile gt-reverse-mobile is-content-justification-center is-nowrap is-layout-flex wp-container-core-group-is-layout-43 wp-block-group-is-layout-flex\">\n<div class=\"wp-block-group is-nowrap is-layout-flex wp-container-core-group-is-layout-42 wp-block-group-is-layout-flex\" style=\"padding-right:var(--wp--preset--spacing--20);padding-left:var(--wp--preset--spacing--20)\">\n<div class=\"wp-block-group has-global-padding is-layout-constrained wp-block-group-is-layout-constrained\">\n<div class=\"wp-block-group animated fadeInDown slow gt-reveal-down has-global-padding is-layout-constrained wp-container-core-group-is-layout-39 wp-block-group-is-layout-constrained\">\n<div class=\"wp-block-group gt-reveal-down has-contrast-3-background-color has-background is-layout-flow wp-block-group-is-layout-flow\" style=\"min-height:30rem\"><\/div>\n<\/div>\n\n\n\n<figure class=\"wp-block-image aligncenter size-full gt-reveal-down wp-duotone-e5e0ce-ffffff-7\"><img data-dominant-color=\"b15526\" data-has-transparency=\"true\" style=\"--dominant-color: #b15526;\" decoding=\"async\" width=\"43\" height=\"21\" src=\"https:\/\/campingclosduthym.com\/wp-content\/uploads\/sites\/5\/2024\/08\/separator.png\" alt=\"scheider\" class=\"wp-image-150 has-transparency\"\/><\/figure>\n<\/div>\n\n\n\n<div class=\"wp-block-group has-global-padding is-layout-constrained wp-block-group-is-layout-constrained\"><h2 class=\"wp-block-heading has-accent-color has-text-color has-link-color wp-elements-7e48f327e8643fc9ae31a961e0c897f3\" id=\"winkels-in-de-buurt-van-camping-argeles-sur-mer\">Winkels in de buurt van camping Argel\u00e8s-sur-Mer<\/h2>\n\n\n<p class=\"has-medium-font-size\">Ontdek de <strong>winkels in de buurt van <\/strong>camping Clos du Thym in Argel\u00e8s-sur-Mer om uw verblijf te vergemakkelijken. Je vindt er een gevarieerd aanbod, waaronder een <strong>hypermarkt<\/strong> van Intermarch\u00e9, maar ook ketens zoals Lidl en Aldi. <strong>Veel lokale producenten<\/strong> bieden ook hun producten aan, ideaal voor lokale consumptie. Geniet van het gemak en <strong>de verscheidenheid van winkels op slechts een korte loopafstand<\/strong> van je vakantiebestemming.   <\/p>\n\n\n\n<p class=\"has-medium-font-size\">Camping Le Clos du Thym in Argel\u00e8s-sur-Mer ligt in de <strong>prachtige regio Occitanie<\/strong> en is de perfecte uitvalsbasis om een <strong>grote verscheidenheid aan lokale winkels<\/strong> te ontdekken. Of je nu op zoek bent naar <strong>verse producten<\/strong>, <strong>unieke souvenirs<\/strong> of <strong>heerlijke maaltijden<\/strong>, je vindt alles wat je nodig hebt op loopafstand van je accommodatie. <\/p>\n\n\n\n<p class=\"has-medium-font-size\"><strong>De markten van Argel\u00e8s-sur-Mer<\/strong> staan bekend om hun <strong>levendige sfeer<\/strong> en <strong>lokale kwaliteitsproducten<\/strong>. De <strong>grote markt<\/strong>, <strong>op slechts 10 minuten <\/strong>van de camping, biedt een <strong>breed scala aan fruit, groenten, kazen en vleeswaren<\/strong>. Mis <strong>in de zomer<\/strong> de <strong>avondmarkt<\/strong> niet, perfect voor een avondwandeling.  <\/p>\n<\/div>\n<\/div>\n\n\n\n<figure class=\"wp-block-image size-full\"><img data-dominant-color=\"c26c38\" data-has-transparency=\"false\" style=\"--dominant-color: #c26c38;\" decoding=\"async\" width=\"1108\" height=\"738\" src=\"https:\/\/campingclosduthym.com\/wp-content\/uploads\/sites\/5\/2024\/11\/commerces-a-proximite-du-camping-a-argeles-sur-mer.webp\" alt=\"winkels in de omgeving van de camping in argeles sur mer\" class=\"wp-image-4712 not-transparent\" srcset=\"https:\/\/campingclosduthym.com\/wp-content\/uploads\/sites\/5\/2024\/11\/commerces-a-proximite-du-camping-a-argeles-sur-mer.webp 1108w, https:\/\/campingclosduthym.com\/wp-content\/uploads\/sites\/5\/2024\/11\/commerces-a-proximite-du-camping-a-argeles-sur-mer-300x200.webp 300w, https:\/\/campingclosduthym.com\/wp-content\/uploads\/sites\/5\/2024\/11\/commerces-a-proximite-du-camping-a-argeles-sur-mer-1024x682.webp 1024w, https:\/\/campingclosduthym.com\/wp-content\/uploads\/sites\/5\/2024\/11\/commerces-a-proximite-du-camping-a-argeles-sur-mer-768x512.webp 768w\" sizes=\"(max-width: 1108px) 100vw, 1108px\" \/><\/figure>\n<\/div>\n\n\n\n<div style=\"height:6rem\" aria-hidden=\"true\" class=\"wp-block-spacer\"><\/div>\n<\/div>\n\n<div class=\"wp-block-group alignfull has-global-padding is-layout-constrained wp-block-group-is-layout-constrained\">\n<div class=\"wp-block-group alignfull gt-reveal gt-break-mobile is-content-justification-center is-nowrap is-layout-flex wp-container-core-group-is-layout-47 wp-block-group-is-layout-flex\">\n<figure class=\"wp-block-image size-full\"><img data-dominant-color=\"908865\" data-has-transparency=\"false\" style=\"--dominant-color: #908865;\" decoding=\"async\" width=\"662\" height=\"531\" src=\"https:\/\/campingclosduthym.com\/wp-content\/uploads\/sites\/5\/2024\/11\/boutiques-charmantes.webp\" alt=\"charmante boetiekjes\" class=\"wp-image-4715 not-transparent\" srcset=\"https:\/\/campingclosduthym.com\/wp-content\/uploads\/sites\/5\/2024\/11\/boutiques-charmantes.webp 662w, https:\/\/campingclosduthym.com\/wp-content\/uploads\/sites\/5\/2024\/11\/boutiques-charmantes-300x241.webp 300w\" sizes=\"(max-width: 662px) 100vw, 662px\" \/><\/figure>\n\n\n\n<div class=\"wp-block-group is-nowrap is-layout-flex wp-container-core-group-is-layout-46 wp-block-group-is-layout-flex\" style=\"padding-right:var(--wp--preset--spacing--20);padding-left:var(--wp--preset--spacing--20)\">\n<div class=\"wp-block-group has-global-padding is-layout-constrained wp-block-group-is-layout-constrained\">\n<p class=\"has-medium-font-size\">Voor liefhebbers van <strong>winkelen<\/strong> zit <strong>het centrum van Argel\u00e8s-sur-Mer<\/strong> vol met <strong>charmante boetiekjes<\/strong>. Je vindt er <strong>kleding<\/strong>, <strong>accessoires<\/strong> en <strong>handgemaakte souvenirs<\/strong> die de essentie van de streek weergeven. Vooral de winkels in de Rue de la R\u00e9publique zijn populair.  <\/p>\n\n\n\n<p class=\"has-medium-font-size\">Ons dorp is ook een <strong>paradijs voor fijnproevers<\/strong>. In de buurt van camping Clos du Thym vind je een<strong> grote verscheidenheid aan restaurants en caf\u00e9s<\/strong> met <strong>lokale en internationale gerechten<\/strong>. Of je nu zin hebt in verse zeevruchten, de traditionele Franse keuken of mediterrane gerechten, je zult zeker <strong>iets vinden om je smaakpapillen te bevredigen<\/strong>.  <\/p>\n<\/div>\n<\/div>\n<\/div>\n\n\n\n<div class=\"wp-block-group alignfull gt-reveal gt-break-mobile gt-reverse-mobile is-content-justification-center is-nowrap is-layout-flex wp-container-core-group-is-layout-50 wp-block-group-is-layout-flex\">\n<div class=\"wp-block-group is-nowrap is-layout-flex wp-container-core-group-is-layout-49 wp-block-group-is-layout-flex\" style=\"padding-right:var(--wp--preset--spacing--20);padding-left:var(--wp--preset--spacing--20)\">\n<div class=\"wp-block-group has-global-padding is-layout-constrained wp-block-group-is-layout-constrained\">\n<p class=\"has-medium-font-size\">Voor je <strong>dagelijkse boodschappen zijn er verschillende supermarkten<\/strong> in de buurt van de camping. Intermarch\u00e9 en Carrefour Market zijn gemakkelijk te bereiken en bieden een breed scala aan producten. Diensten zoals <strong>apotheken<\/strong>, <strong>bakkerijen<\/strong> en <strong>banken<\/strong> zijn ook beschikbaar in de buurt.  <\/p>\n\n\n\n<p class=\"has-medium-font-size\">Naast winkels biedt Argel\u00e8s-sur-Mer <strong>een breed scala aan vrijetijdsactiviteiten<\/strong>. Profiteer van <strong>de prachtige stranden<\/strong>, <strong>wandelroutes <\/strong>in de Pyrenee\u00ebn of <strong>watersporten<\/strong>. Het <strong>themapark Luna Park<\/strong>, op <strong>een paar minuten<\/strong> van de camping, is perfect voor een gezinsuitstapje.  <\/p>\n<\/div>\n<\/div>\n\n\n\n<figure class=\"wp-block-image size-full\"><img data-dominant-color=\"a48272\" data-has-transparency=\"false\" style=\"--dominant-color: #a48272;\" decoding=\"async\" width=\"662\" height=\"531\" src=\"https:\/\/campingclosduthym.com\/wp-content\/uploads\/sites\/5\/2024\/11\/nombreuses-activites-de-loisirs.webp\" alt=\"een breed scala aan vrijetijdsactiviteiten\" class=\"wp-image-4717 not-transparent\" srcset=\"https:\/\/campingclosduthym.com\/wp-content\/uploads\/sites\/5\/2024\/11\/nombreuses-activites-de-loisirs.webp 662w, https:\/\/campingclosduthym.com\/wp-content\/uploads\/sites\/5\/2024\/11\/nombreuses-activites-de-loisirs-300x241.webp 300w\" sizes=\"(max-width: 662px) 100vw, 662px\" \/><\/figure>\n<\/div>\n\n\n\n<div style=\"height:6rem\" aria-hidden=\"true\" class=\"wp-block-spacer gt-hide-mobile\"><\/div>\n<\/div>\n\n<div class=\"wp-block-group alignfull is-layout-flow wp-block-group-is-layout-flow\" style=\"padding-bottom:0\">\n<div class=\"wp-block-group alignwide animated fadeIn slower is-layout-flow wp-block-group-is-layout-flow\" style=\"margin-top:0;margin-bottom:-33px;padding-right:0;padding-left:0\">\n<p class=\"gt-sliding-text has-contrast-3-color has-text-color has-link-color has-sogo-font-family wp-elements-3b0a62d677c316857b2750de3a2edf02\" style=\"margin-top:0;margin-right:0;margin-bottom:0;margin-left:0;font-size:7vw;font-style:normal;font-weight:300;line-height:1;text-transform:uppercase\">ONTDEK<\/p>\n<\/div>\n\n\n\n<div class=\"wp-block-group gt-break-mobile is-layout-grid wp-container-core-group-is-layout-53 wp-block-group-is-layout-grid\" style=\"border-radius:2rem\">\n<div\n\tstyle=\"border-radius:0rem;\" class=\"gt-maillage-8 wp-block-gt-gt-fse-maillage\"\tdata-wp-interactive=\"gt\/maillage\"\n\tdata-wp-on--click=\"actions.ctaLoad\"\n\tdata-wp-context='{\"radius\":\"0rem\",\"hover_bg_color\":\"#132f44\",\"hover_text_color\":\"#ffffff\",\"hover_image_opacity\":0.5}'>\t\n\n\t\n\t\t\t\t\t\t\t\t\t<div \n\t\t\t\tclass=\"gt-fse-maillage-link gt-fse-maillage-image-zoom gt-fse-maillage-hover-background-color gt-fse-maillage-hover-text-color\"\n\t\t\t\tstyle=\"border-radius: 0rem\"\n\t\t\t\tdata-wp-on-async--mouseover=\"actions.mouseover\"\n\t\t\t>\n\t\t\t\t\t\t\t\t\t\t\t\t\t\t\t\t\t\t<\/div>\n\t\t\t\t\t\t\t\t\t\t\t<div \n\t\t\t\tclass=\"gt-fse-maillage-link gt-fse-maillage-image-zoom gt-fse-maillage-hover-background-color gt-fse-maillage-hover-text-color\"\n\t\t\t\tstyle=\"border-radius: 0rem\"\n\t\t\t\tdata-wp-on-async--mouseover=\"actions.mouseover\"\n\t\t\t>\n\t\t\t\t\t\t\t\t\t\t\t\t\t\t\t\t\t\t<\/div>\n\t\t\t\t\t\t\t\t\t\t\t<div \n\t\t\t\tclass=\"gt-fse-maillage-link gt-fse-maillage-image-zoom gt-fse-maillage-hover-background-color gt-fse-maillage-hover-text-color\"\n\t\t\t\tstyle=\"border-radius: 0rem\"\n\t\t\t\tdata-wp-on-async--mouseover=\"actions.mouseover\"\n\t\t\t>\n\t\t\t\t\t\t\t\t\t\t\t\t\t\t\t\t\t\t<\/div>\n\t\t\t\t\t\t\t\t<\/div><\/div>\n\n\n\n<div style=\"height:6rem\" aria-hidden=\"true\" class=\"wp-block-spacer gt-hide-mobile\"><\/div>\n<\/div>\n","protected":false},"excerpt":{"rendered":"<p>Vriendelijke ontvangst en 3-sterrenservice bij de receptie We zijn er om je een warm welkom te heten en je een aangenaam verblijf te bezorgen vanaf het moment dat je aankomt. Openingstijdenjuli-augustus: dagelijks van 9.00 tot 13.00 uur en van 15.30 tot 19.30 uur en op zaterdag van 8.00 tot 13.00 uur en van 14.00 tot [&hellip;]<\/p>\n","protected":false},"author":1,"featured_media":5285,"parent":0,"menu_order":0,"comment_status":"closed","ping_status":"closed","template":"","meta":{"_acf_changed":false,"_seopress_robots_primary_cat":"","_seopress_titles_title":"Familiecamping en snackbar in Argel\u00e8s-sur-Mer, Pyr\u00e9n\u00e9es-Orientales","_seopress_titles_desc":"Geniet van de 3-sterrenservice en het vriendelijke onthaal van een familiecamping met snackbar en Catalaanse keuken in Argel\u00e8s-sur-Mer, in de regio Pyr\u00e9n\u00e9es-Orientales.","_seopress_robots_index":"","_gt_ctv_global_id":"","_gt_ctv_id_group":false,"inline_featured_image":false,"gt_fse_maillage_image":"https:\/\/campingclosduthym.com\/wp-content\/uploads\/sites\/5\/2024\/10\/le-clos-du-thym-camping-familial-argeles-sur-mer.webp","gt_fse_maillage_titre":"Welkom op een gezinscamping in Argel\u00e8s-sur-Mer","gt_fse_maillage_resume":"","_gt_maillage_image":0,"_gt_maillage_video":0,"_gt_maillage_title":"","footnotes":""},"categories":[],"tags":[],"class_list":["post-5283","page","type-page","status-publish","has-post-thumbnail","hentry"],"acf":[],"_links":{"self":[{"href":"https:\/\/campingclosduthym.com\/nl\/wp-json\/wp\/v2\/pages\/5283","targetHints":{"allow":["GET"]}}],"collection":[{"href":"https:\/\/campingclosduthym.com\/nl\/wp-json\/wp\/v2\/pages"}],"about":[{"href":"https:\/\/campingclosduthym.com\/nl\/wp-json\/wp\/v2\/types\/page"}],"author":[{"embeddable":true,"href":"https:\/\/campingclosduthym.com\/nl\/wp-json\/wp\/v2\/users\/1"}],"replies":[{"embeddable":true,"href":"https:\/\/campingclosduthym.com\/nl\/wp-json\/wp\/v2\/comments?post=5283"}],"version-history":[{"count":6,"href":"https:\/\/campingclosduthym.com\/nl\/wp-json\/wp\/v2\/pages\/5283\/revisions"}],"predecessor-version":[{"id":5921,"href":"https:\/\/campingclosduthym.com\/nl\/wp-json\/wp\/v2\/pages\/5283\/revisions\/5921"}],"wp:featuredmedia":[{"embeddable":true,"href":"https:\/\/campingclosduthym.com\/nl\/wp-json\/wp\/v2\/media\/5285"}],"wp:attachment":[{"href":"https:\/\/campingclosduthym.com\/nl\/wp-json\/wp\/v2\/media?parent=5283"}],"wp:term":[{"taxonomy":"category","embeddable":true,"href":"https:\/\/campingclosduthym.com\/nl\/wp-json\/wp\/v2\/categories?post=5283"},{"taxonomy":"post_tag","embeddable":true,"href":"https:\/\/campingclosduthym.com\/nl\/wp-json\/wp\/v2\/tags?post=5283"}],"curies":[{"name":"wp","href":"https:\/\/api.w.org\/{rel}","templated":true}]}}