{"id":5311,"date":"2024-10-15T10:27:45","date_gmt":"2024-10-15T08:27:45","guid":{"rendered":"https:\/\/campingclosduthym.com\/location-mobil-home-argeles-sur-mer\/"},"modified":"2025-01-14T12:31:20","modified_gmt":"2025-01-14T11:31:20","slug":"verhuur-stacaravan-argeles-sur-mer","status":"publish","type":"page","link":"https:\/\/campingclosduthym.com\/nl\/verhuur-stacaravan-argeles-sur-mer\/","title":{"rendered":"Verhuur van stacaravans ontworpen voor uw comfort in de Pyr\u00e9n\u00e9es-Orientales"},"content":{"rendered":"\n<div style=\"height:var(--wp--preset--spacing--20)\" aria-hidden=\"true\" class=\"wp-block-spacer\"><\/div>\n\n<div class=\"wp-block-group alignwide is-layout-flow wp-block-group-is-layout-flow\" style=\"padding-top:0;padding-bottom:0\"><h2 class=\"wp-block-heading has-accent-color has-text-color has-link-color has-x-large-font-size wp-elements-da7c6098e22ebd39f9ff422fdd008053\" id=\"ontdek-onze-comfortabele-stacaravans-te-huur-in-argeles-sur-mer\"><strong>Ontdek onze comfortabele stacaravans te huur in Argel\u00e8s-sur-Mer<\/strong><\/h2>\n\n\n<div style=\"height:var(--wp--preset--spacing--20)\" aria-hidden=\"true\" class=\"wp-block-spacer\"><\/div>\n\n\n\n<div class=\"wp-block-columns alignwide is-layout-flex wp-container-core-columns-is-layout-1 wp-block-columns-is-layout-flex\">\n<div class=\"wp-block-column is-layout-flow wp-block-column-is-layout-flow\" style=\"flex-basis:25%\"><\/div>\n\n\n\n<div class=\"wp-block-column is-layout-flow wp-block-column-is-layout-flow\" style=\"flex-basis:50%\">\n<div data-wp-context=\"{}\" data-wp-interactive=\"core\/query\" data-wp-key=\"1\" data-wp-router-region=\"query-1\" class=\"wp-block-query alignwide gt-fse-hebergements is-layout-flow wp-block-query-is-layout-flow gt-fse-widgets-ctv-open-product\"><ul class=\"columns-2 wp-block-post-template is-layout-grid wp-container-core-post-template-is-layout-1 wp-block-post-template-is-layout-grid gt-fse-widgets-ctv-open-product\"><li data-gt-campings=\"\" data-gt-capacities=\"91\" data-gt-ctv-product-id=\"\" data-gt-gammes=\"65\" data-gt-options=\"69,71,73,75,77,79,81,83,85\" data-gt-rooms=\"95\" data-gt-superficies=\"99\" data-gt-types=\"87\" data-wp-key=\"post-template-item-5611\" class=\"wp-block-post post-5611 hebergement type-hebergement status-publish has-post-thumbnail hentry gt-hebergements-gammes-confort-nl gt-hebergements-options-acces-handicape-non-nl gt-hebergements-options-animaux-acceptes-nl gt-hebergements-options-chauffage-nl gt-hebergements-options-climatisation-nl gt-hebergements-options-cuisine-nl gt-hebergements-options-salle-de-bain-nl gt-hebergements-options-terrasse-nl gt-hebergements-options-tv-nl gt-hebergements-options-wc-nl gt-hebergements-types-mobil-home-nl gt-hebergements-nombre-personnes-6-nl gt-hebergements-nombre-chambres-3-nl gt-hebergements-superficie-32-nl gt-fse-widgets-ctv-open-product\">\n\n<div class=\"wp-block-group gt-hebergement-wrap has-base-background-color has-background has-global-padding is-layout-constrained wp-container-core-group-is-layout-9 wp-block-group-is-layout-constrained gt-fse-widgets-ctv-open-product\" style=\"padding-top:0;padding-right:0;padding-bottom:0;padding-left:0;box-shadow:var(--wp--preset--shadow--natural)\"><figure class=\"hebergement-featured-image wp-block-post-featured-image gt-fse-widgets-ctv-open-product\"><img decoding=\"async\" width=\"489\" height=\"275\" src=\"https:\/\/campingclosduthym.com\/wp-content\/uploads\/sites\/5\/2024\/11\/mobil-home-confort-3-chambres.webp\" class=\"attachment-full size-full not-transparent wp-post-image gt-fse-widgets-ctv-open-product\" alt=\"stacaravan confort 3 slaapkamers\" style=\"--dominant-color: #78644e;border-radius:0px;object-fit:cover;\" srcset=\"https:\/\/campingclosduthym.com\/wp-content\/uploads\/sites\/5\/2024\/11\/mobil-home-confort-3-chambres.webp 489w, https:\/\/campingclosduthym.com\/wp-content\/uploads\/sites\/5\/2024\/11\/mobil-home-confort-3-chambres-300x169.webp 300w\" sizes=\"(max-width: 489px) 100vw, 489px\" data-has-transparency=\"false\" data-dominant-color=\"78644e\" \/><\/figure>\n\n\n<div class=\"wp-block-group gt-hebergement-content has-global-padding is-layout-constrained wp-container-core-group-is-layout-7 wp-block-group-is-layout-constrained gt-fse-widgets-ctv-open-product\" style=\"padding-top:var(--wp--preset--spacing--20);padding-right:var(--wp--preset--spacing--20);padding-bottom:var(--wp--preset--spacing--20);padding-left:var(--wp--preset--spacing--20)\">\n<div class=\"wp-block-group is-nowrap is-layout-flex wp-container-core-group-is-layout-2 wp-block-group-is-layout-flex gt-fse-widgets-ctv-open-product\">\n<div class=\"wp-block-group has-accent-background-color has-background has-small-font-size is-nowrap is-layout-flex wp-container-core-group-is-layout-1 wp-block-group-is-layout-flex gt-fse-widgets-ctv-open-product\" style=\"border-radius:1rem;padding-top:4px;padding-right:8px;padding-bottom:4px;padding-left:8px\">\n<figure class=\"wp-block-image size-thumbnail is-resized wp-duotone-rgb255255255-ffffff-1 gt-fse-widgets-ctv-open-product\"><img decoding=\"async\" src=\"https:\/\/camping-del-mar.com\/wp-content\/uploads\/sites\/2\/2024\/11\/marque-haut-de-gamme-150x150.png\" alt=\"topmerk\" class=\"wp-image-5875 gt-fse-widgets-ctv-open-product\" style=\"width:16px\"\/><\/figure>\n\n\n<div style=\"font-size:0.75rem;font-style:normal;font-weight:600;text-transform:uppercase\" class=\"taxonomy-gt-hebergements-gammes has-link-color wp-elements-ad13c04d06df33f9d2c8a3c157264b7c wp-block-post-terms has-text-color has-base-color gt-fse-widgets-ctv-open-product\"><span class=\"gt-fse-widgets-ctv-open-product\">Confort<\/span><\/div><\/div>\n<\/div>\n\n\n\n<div style=\"height:0.25rem\" aria-hidden=\"true\" class=\"wp-block-spacer gt-fse-widgets-ctv-open-product\"><\/div>\n\n\n<h3 style=\"font-size:clamp(0.984rem, 0.984rem + ((1vw - 0.2rem) * 0.86), 1.5rem); margin-top:0;margin-bottom:0;\" class=\"hebergement-title wp-block-post-title gt-fse-widgets-ctv-open-product\">Comfort Stacaravan 3 Slaapkamers<\/h3>\n\n\n<div class=\"wp-block-group is-layout-flex wp-container-core-group-is-layout-6 wp-block-group-is-layout-flex gt-fse-widgets-ctv-open-product\">\n<div class=\"wp-block-group is-nowrap is-layout-flex wp-container-core-group-is-layout-3 wp-block-group-is-layout-flex gt-fse-widgets-ctv-open-product\">\n<figure class=\"wp-block-image size-medium is-resized wp-duotone-132f44-ffffff-2 gt-fse-widgets-ctv-open-product\"><img decoding=\"async\" src=\"https:\/\/camping-del-mar.com\/wp-content\/uploads\/sites\/2\/2024\/11\/groupe-300x300.png\" alt=\"groep\" class=\"wp-image-5889 gt-fse-widgets-ctv-open-product\" style=\"width:16px\"\/><\/figure>\n\n\n<div class=\"taxonomy-gt-hebergements-nombre-personnes wp-block-post-terms gt-fse-widgets-ctv-open-product\"><span class=\"gt-fse-widgets-ctv-open-product\">6<\/span><span class=\"wp-block-post-terms__suffix gt-fse-widgets-ctv-open-product\"> Pers.<\/span><\/div><\/div>\n\n\n\n<div class=\"wp-block-group is-nowrap is-layout-flex wp-container-core-group-is-layout-4 wp-block-group-is-layout-flex gt-fse-widgets-ctv-open-product\">\n<figure class=\"wp-block-image size-full is-resized wp-duotone-132f44-ffffff-3 gt-fse-widgets-ctv-open-product\"><img decoding=\"async\" src=\"https:\/\/camping-del-mar.com\/wp-content\/uploads\/sites\/2\/2024\/11\/chambre-a-coucher.png\" alt=\"slaapkamer\" class=\"wp-image-5894 gt-fse-widgets-ctv-open-product\" style=\"width:16px\"\/><\/figure>\n\n\n<div class=\"taxonomy-gt-hebergements-nombre-chambres wp-block-post-terms gt-fse-widgets-ctv-open-product\"><span class=\"gt-fse-widgets-ctv-open-product\">3<\/span><span class=\"wp-block-post-terms__suffix gt-fse-widgets-ctv-open-product\"> ch.<\/span><\/div><\/div>\n\n\n\n<div class=\"wp-block-group is-nowrap is-layout-flex wp-container-core-group-is-layout-5 wp-block-group-is-layout-flex gt-fse-widgets-ctv-open-product\">\n<figure class=\"wp-block-image size-medium is-resized wp-duotone-132f44-ffffff-4 gt-fse-widgets-ctv-open-product\"><img decoding=\"async\" src=\"https:\/\/camping-del-mar.com\/wp-content\/uploads\/sites\/2\/2024\/11\/regles-300x300.png\" alt=\"regels\" class=\"wp-image-5900 gt-fse-widgets-ctv-open-product\" style=\"width:16px\"\/><\/figure>\n\n\n<div class=\"taxonomy-gt-hebergements-superficie wp-block-post-terms gt-fse-widgets-ctv-open-product\"><span class=\"gt-fse-widgets-ctv-open-product\">32<\/span><span class=\"wp-block-post-terms__suffix gt-fse-widgets-ctv-open-product\"> m2<\/span><\/div><\/div>\n<\/div>\n\n\n<div style=\"font-size:0.75rem\" class=\"taxonomy-gt-hebergements-options wp-block-post-terms gt-fse-widgets-ctv-open-product\"><span class=\"gt-fse-widgets-ctv-open-product\">Acc\u00e8s handicap\u00e9 : non<\/span><span class=\"wp-block-post-terms__separator gt-fse-widgets-ctv-open-product\"> \u2022 <\/span><span class=\"gt-fse-widgets-ctv-open-product\">Animaux accept\u00e9s<\/span><span class=\"wp-block-post-terms__separator gt-fse-widgets-ctv-open-product\"> \u2022 <\/span><span class=\"gt-fse-widgets-ctv-open-product\">Chauffage<\/span><span class=\"wp-block-post-terms__separator gt-fse-widgets-ctv-open-product\"> \u2022 <\/span><span class=\"gt-fse-widgets-ctv-open-product\">Climatisation<\/span><span class=\"wp-block-post-terms__separator gt-fse-widgets-ctv-open-product\"> \u2022 <\/span><span class=\"gt-fse-widgets-ctv-open-product\">Cuisine<\/span><span class=\"wp-block-post-terms__separator gt-fse-widgets-ctv-open-product\"> \u2022 <\/span><span class=\"gt-fse-widgets-ctv-open-product\">Salle de bain<\/span><span class=\"wp-block-post-terms__separator gt-fse-widgets-ctv-open-product\"> \u2022 <\/span><span class=\"gt-fse-widgets-ctv-open-product\">Terrasse<\/span><span class=\"wp-block-post-terms__separator gt-fse-widgets-ctv-open-product\"> \u2022 <\/span><span class=\"gt-fse-widgets-ctv-open-product\">TV<\/span><span class=\"wp-block-post-terms__separator gt-fse-widgets-ctv-open-product\"> \u2022 <\/span><span class=\"gt-fse-widgets-ctv-open-product\">WC<\/span><\/div><\/div>\n\n\n\n<div class=\"wp-block-group gt-hebergement-foot is-layout-flow wp-container-core-group-is-layout-8 wp-block-group-is-layout-flow gt-fse-widgets-ctv-open-product\">\n<hr class=\"wp-block-separator has-text-color has-alpha-channel-opacity has-background is-style-wide gt-fse-widgets-ctv-open-product\" style=\"background-color:#0000000d;color:#0000000d\"\/>\n\n\n\n<p class=\"has-text-align-center gt-fse-widgets-ctv-open-product\" style=\"padding-top:var(--wp--preset--spacing--10);padding-right:var(--wp--preset--spacing--10);padding-bottom:var(--wp--preset--spacing--10);padding-left:var(--wp--preset--spacing--10);font-size:0.75rem;font-style:normal;font-weight:600;text-transform:uppercase\">Accommodatie bekijken<\/p>\n<\/div>\n<\/div>\n\n<\/li><li data-gt-campings=\"\" data-gt-capacities=\"89\" data-gt-ctv-product-id=\"\" data-gt-gammes=\"65\" data-gt-options=\"67,77,79,81,85\" data-gt-rooms=\"93\" data-gt-superficies=\"97\" data-gt-types=\"87\" data-wp-key=\"post-template-item-5608\" class=\"wp-block-post post-5608 hebergement type-hebergement status-publish has-post-thumbnail hentry gt-hebergements-gammes-confort-nl gt-hebergements-options-1-couchage-hors-chambre-nl gt-hebergements-options-cuisine-nl gt-hebergements-options-salle-de-bain-nl gt-hebergements-options-terrasse-nl gt-hebergements-options-wc-nl gt-hebergements-types-mobil-home-nl gt-hebergements-nombre-personnes-4-6-nl gt-hebergements-nombre-chambres-2-nl gt-hebergements-superficie-30-nl gt-fse-widgets-ctv-open-product\">\n\n<div class=\"wp-block-group gt-hebergement-wrap has-base-background-color has-background has-global-padding is-layout-constrained wp-container-core-group-is-layout-18 wp-block-group-is-layout-constrained gt-fse-widgets-ctv-open-product\" style=\"padding-top:0;padding-right:0;padding-bottom:0;padding-left:0;box-shadow:var(--wp--preset--shadow--natural)\"><figure class=\"hebergement-featured-image wp-block-post-featured-image gt-fse-widgets-ctv-open-product\"><img decoding=\"async\" width=\"489\" height=\"275\" src=\"https:\/\/campingclosduthym.com\/wp-content\/uploads\/sites\/5\/2024\/11\/mobil-home-confort-climatise-30m.webp\" class=\"attachment-full size-full not-transparent wp-post-image gt-fse-widgets-ctv-open-product\" alt=\"mobil home confort climatise 30m\" style=\"--dominant-color: #7c6d5d;border-radius:0px;object-fit:cover;\" srcset=\"https:\/\/campingclosduthym.com\/wp-content\/uploads\/sites\/5\/2024\/11\/mobil-home-confort-climatise-30m.webp 489w, https:\/\/campingclosduthym.com\/wp-content\/uploads\/sites\/5\/2024\/11\/mobil-home-confort-climatise-30m-300x169.webp 300w\" sizes=\"(max-width: 489px) 100vw, 489px\" data-has-transparency=\"false\" data-dominant-color=\"7c6d5d\" \/><\/figure>\n\n\n<div class=\"wp-block-group gt-hebergement-content has-global-padding is-layout-constrained wp-container-core-group-is-layout-16 wp-block-group-is-layout-constrained gt-fse-widgets-ctv-open-product\" style=\"padding-top:var(--wp--preset--spacing--20);padding-right:var(--wp--preset--spacing--20);padding-bottom:var(--wp--preset--spacing--20);padding-left:var(--wp--preset--spacing--20)\">\n<div class=\"wp-block-group is-nowrap is-layout-flex wp-container-core-group-is-layout-11 wp-block-group-is-layout-flex gt-fse-widgets-ctv-open-product\">\n<div class=\"wp-block-group has-accent-background-color has-background has-small-font-size is-nowrap is-layout-flex wp-container-core-group-is-layout-10 wp-block-group-is-layout-flex gt-fse-widgets-ctv-open-product\" style=\"border-radius:1rem;padding-top:4px;padding-right:8px;padding-bottom:4px;padding-left:8px\">\n<figure class=\"wp-block-image size-thumbnail is-resized wp-duotone-rgb255255255-ffffff-5 gt-fse-widgets-ctv-open-product\"><img decoding=\"async\" src=\"https:\/\/camping-del-mar.com\/wp-content\/uploads\/sites\/2\/2024\/11\/marque-haut-de-gamme-150x150.png\" alt=\"topmerk\" class=\"wp-image-5875 gt-fse-widgets-ctv-open-product\" style=\"width:16px\"\/><\/figure>\n\n\n<div style=\"font-size:0.75rem;font-style:normal;font-weight:600;text-transform:uppercase\" class=\"taxonomy-gt-hebergements-gammes has-link-color wp-elements-ad13c04d06df33f9d2c8a3c157264b7c wp-block-post-terms has-text-color has-base-color gt-fse-widgets-ctv-open-product\"><span class=\"gt-fse-widgets-ctv-open-product\">Confort<\/span><\/div><\/div>\n<\/div>\n\n\n\n<div style=\"height:0.25rem\" aria-hidden=\"true\" class=\"wp-block-spacer gt-fse-widgets-ctv-open-product\"><\/div>\n\n\n<h3 style=\"font-size:clamp(0.984rem, 0.984rem + ((1vw - 0.2rem) * 0.86), 1.5rem); margin-top:0;margin-bottom:0;\" class=\"hebergement-title wp-block-post-title gt-fse-widgets-ctv-open-product\">Comfort stacaravan: 30m2 met airconditioning<\/h3>\n\n\n<div class=\"wp-block-group is-layout-flex wp-container-core-group-is-layout-15 wp-block-group-is-layout-flex gt-fse-widgets-ctv-open-product\">\n<div class=\"wp-block-group is-nowrap is-layout-flex wp-container-core-group-is-layout-12 wp-block-group-is-layout-flex gt-fse-widgets-ctv-open-product\">\n<figure class=\"wp-block-image size-medium is-resized wp-duotone-132f44-ffffff-6 gt-fse-widgets-ctv-open-product\"><img decoding=\"async\" src=\"https:\/\/camping-del-mar.com\/wp-content\/uploads\/sites\/2\/2024\/11\/groupe-300x300.png\" alt=\"groep\" class=\"wp-image-5889 gt-fse-widgets-ctv-open-product\" style=\"width:16px\"\/><\/figure>\n\n\n<div class=\"taxonomy-gt-hebergements-nombre-personnes wp-block-post-terms gt-fse-widgets-ctv-open-product\"><span class=\"gt-fse-widgets-ctv-open-product\">4 \/ 6<\/span><span class=\"wp-block-post-terms__suffix gt-fse-widgets-ctv-open-product\"> Pers.<\/span><\/div><\/div>\n\n\n\n<div class=\"wp-block-group is-nowrap is-layout-flex wp-container-core-group-is-layout-13 wp-block-group-is-layout-flex gt-fse-widgets-ctv-open-product\">\n<figure class=\"wp-block-image size-full is-resized wp-duotone-132f44-ffffff-7 gt-fse-widgets-ctv-open-product\"><img decoding=\"async\" src=\"https:\/\/camping-del-mar.com\/wp-content\/uploads\/sites\/2\/2024\/11\/chambre-a-coucher.png\" alt=\"slaapkamer\" class=\"wp-image-5894 gt-fse-widgets-ctv-open-product\" style=\"width:16px\"\/><\/figure>\n\n\n<div class=\"taxonomy-gt-hebergements-nombre-chambres wp-block-post-terms gt-fse-widgets-ctv-open-product\"><span class=\"gt-fse-widgets-ctv-open-product\">2<\/span><span class=\"wp-block-post-terms__suffix gt-fse-widgets-ctv-open-product\"> ch.<\/span><\/div><\/div>\n\n\n\n<div class=\"wp-block-group is-nowrap is-layout-flex wp-container-core-group-is-layout-14 wp-block-group-is-layout-flex gt-fse-widgets-ctv-open-product\">\n<figure class=\"wp-block-image size-medium is-resized wp-duotone-132f44-ffffff-8 gt-fse-widgets-ctv-open-product\"><img decoding=\"async\" src=\"https:\/\/camping-del-mar.com\/wp-content\/uploads\/sites\/2\/2024\/11\/regles-300x300.png\" alt=\"regels\" class=\"wp-image-5900 gt-fse-widgets-ctv-open-product\" style=\"width:16px\"\/><\/figure>\n\n\n<div class=\"taxonomy-gt-hebergements-superficie wp-block-post-terms gt-fse-widgets-ctv-open-product\"><span class=\"gt-fse-widgets-ctv-open-product\">30<\/span><span class=\"wp-block-post-terms__suffix gt-fse-widgets-ctv-open-product\"> m2<\/span><\/div><\/div>\n<\/div>\n\n\n<div style=\"font-size:0.75rem\" class=\"taxonomy-gt-hebergements-options wp-block-post-terms gt-fse-widgets-ctv-open-product\"><span class=\"gt-fse-widgets-ctv-open-product\">1 couchage hors chambre<\/span><span class=\"wp-block-post-terms__separator gt-fse-widgets-ctv-open-product\"> \u2022 <\/span><span class=\"gt-fse-widgets-ctv-open-product\">Cuisine<\/span><span class=\"wp-block-post-terms__separator gt-fse-widgets-ctv-open-product\"> \u2022 <\/span><span class=\"gt-fse-widgets-ctv-open-product\">Salle de bain<\/span><span class=\"wp-block-post-terms__separator gt-fse-widgets-ctv-open-product\"> \u2022 <\/span><span class=\"gt-fse-widgets-ctv-open-product\">Terrasse<\/span><span class=\"wp-block-post-terms__separator gt-fse-widgets-ctv-open-product\"> \u2022 <\/span><span class=\"gt-fse-widgets-ctv-open-product\">WC<\/span><\/div><\/div>\n\n\n\n<div class=\"wp-block-group gt-hebergement-foot is-layout-flow wp-container-core-group-is-layout-17 wp-block-group-is-layout-flow gt-fse-widgets-ctv-open-product\">\n<hr class=\"wp-block-separator has-text-color has-alpha-channel-opacity has-background is-style-wide gt-fse-widgets-ctv-open-product\" style=\"background-color:#0000000d;color:#0000000d\"\/>\n\n\n\n<p class=\"has-text-align-center gt-fse-widgets-ctv-open-product\" style=\"padding-top:var(--wp--preset--spacing--10);padding-right:var(--wp--preset--spacing--10);padding-bottom:var(--wp--preset--spacing--10);padding-left:var(--wp--preset--spacing--10);font-size:0.75rem;font-style:normal;font-weight:600;text-transform:uppercase\">Accommodatie bekijken<\/p>\n<\/div>\n<\/div>\n\n<\/li><\/ul><\/div>\n<\/div>\n\n\n\n<div class=\"wp-block-column is-layout-flow wp-block-column-is-layout-flow\" style=\"flex-basis:25%\"><\/div>\n<\/div>\n\n\n\n<div style=\"height:var(--wp--preset--spacing--20)\" aria-hidden=\"true\" class=\"wp-block-spacer\"><\/div>\n<\/div>\n\n<div class=\"wp-block-group alignwide is-layout-flow wp-block-group-is-layout-flow\" style=\"padding-top:0;padding-bottom:0\">\n<div class=\"wp-block-columns are-vertically-aligned-center gt-reverse-mobile is-layout-flex wp-container-core-columns-is-layout-2 wp-block-columns-is-layout-flex\" style=\"padding-right:0;padding-left:0\">\n<div class=\"wp-block-column is-vertically-aligned-center is-layout-flow wp-block-column-is-layout-flow\">\n<p><a href=\"https:\/\/campingclosduthym.com\/nl\/\">Camping Clos du Thym in Argel\u00e8s-sur-Mer<\/a> biedt <a href=\"https:\/\/campingclosduthym.com\/nl\/goedkoop-kamperen-argeles-sur-mer\/\">comfortabele stacaravans tegen de beste prijzen<\/a> voor een onvergetelijke vakantie.<\/p>\n\n\n\n<p>Onze stacaravans zijn volledig uitgerust en ontworpen om families en vrienden te ontvangen, en bieden alle comfort die nodig is voor een aangenaam verblijf en een optimale vakantie-ervaring.<\/p>\n\n\n\n<p>Ze zijn met zorg <strong>ingericht<\/strong> en verwelkomen je in een <strong>cocon van comfort<\/strong>. Geniet van een <strong>moderne, functionele<\/strong> ruimte om in te ontspannen na een drukke dag. <\/p>\n\n\n\n<p>Elke stacaravan heeft <strong>ruime slaapkamers<\/strong>, een <strong>volledig uitgeruste keuken<\/strong> en een <strong>priv\u00e9terras<\/strong> om buiten te eten. <strong>Airconditioning<\/strong> en <strong>televisie <\/strong>zijn inbegrepen om je comfort te garanderen, zelfs op de warmste dagen. <\/p>\n\n\n\n<p>Onze camping ligt in een <strong>natuurlijke, schaduwrijke omgeving<\/strong> en is ideaal gelegen om de prachtige stranden en lokale attracties van Argel\u00e8s-sur-Mer te verkennen. Reserveer nu uw comfortabele stacaravan en geniet van een onvergetelijke vakantie onder de mediterrane zon. <\/p>\n\n\n\n<p>Je vindt hier verschillende stacaravans om te huren, met <strong>2 of 3 slaapkamers<\/strong>, afhankelijk van het aantal personen.<\/p>\n<\/div>\n\n\n\n<div class=\"wp-block-column is-vertically-aligned-center is-layout-flow wp-container-core-column-is-layout-5 wp-block-column-is-layout-flow\">\n<div class=\"wp-block-group animated fadeIn slow is-layout-flow wp-block-group-is-layout-flow\">\n<figure data-wp-context=\"{&quot;imageId&quot;:&quot;69f0c40791964&quot;}\" data-wp-interactive=\"core\/image\" class=\"wp-block-image size-full wp-lightbox-container\"><img data-dominant-color=\"a0957d\" data-has-transparency=\"false\" decoding=\"async\" width=\"648\" height=\"865\" data-wp-class--hide=\"state.isContentHidden\" data-wp-class--show=\"state.isContentVisible\" data-wp-init=\"callbacks.setButtonStyles\" data-wp-on-async--click=\"actions.showLightbox\" data-wp-on-async--load=\"callbacks.setButtonStyles\" data-wp-on-async-window--resize=\"callbacks.setButtonStyles\" src=\"https:\/\/campingclosduthym.com\/wp-content\/uploads\/sites\/5\/2024\/10\/mobil-homes-penses-pour-votre-confort-a-louer-dans-les-pyrenees-orientales.webp\" alt=\"stacaravans ontworpen voor uw comfort te huur in de oostelijke pyrenee&#xEB;n\" class=\"wp-image-4283 not-transparent\" style=\"--dominant-color: #a0957d; aspect-ratio:3\/4;object-fit:cover\" srcset=\"https:\/\/campingclosduthym.com\/wp-content\/uploads\/sites\/5\/2024\/10\/mobil-homes-penses-pour-votre-confort-a-louer-dans-les-pyrenees-orientales.webp 648w, https:\/\/campingclosduthym.com\/wp-content\/uploads\/sites\/5\/2024\/10\/mobil-homes-penses-pour-votre-confort-a-louer-dans-les-pyrenees-orientales-225x300.webp 225w\" sizes=\"(max-width: 648px) 100vw, 648px\" \/><button\n\t\t\tclass=\"lightbox-trigger\"\n\t\t\ttype=\"button\"\n\t\t\taria-haspopup=\"dialog\"\n\t\t\taria-label=\"Vergroot afbeelding: stacaravans ontworpen voor uw comfort te huur in de oostelijke pyrenee\u00ebn\"\n\t\t\tdata-wp-init=\"callbacks.initTriggerButton\"\n\t\t\tdata-wp-on-async--click=\"actions.showLightbox\"\n\t\t\tdata-wp-style--right=\"state.imageButtonRight\"\n\t\t\tdata-wp-style--top=\"state.imageButtonTop\"\n\t\t>\n\t\t\t<svg xmlns=\"http:\/\/www.w3.org\/2000\/svg\" width=\"12\" height=\"12\" fill=\"none\" viewBox=\"0 0 12 12\">\n\t\t\t\t<path fill=\"#fff\" d=\"M2 0a2 2 0 0 0-2 2v2h1.5V2a.5.5 0 0 1 .5-.5h2V0H2Zm2 10.5H2a.5.5 0 0 1-.5-.5V8H0v2a2 2 0 0 0 2 2h2v-1.5ZM8 12v-1.5h2a.5.5 0 0 0 .5-.5V8H12v2a2 2 0 0 1-2 2H8Zm2-12a2 2 0 0 1 2 2v2h-1.5V2a.5.5 0 0 0-.5-.5H8V0h2Z\" \/>\n\t\t\t<\/svg>\n\t\t<\/button><\/figure>\n<\/div>\n<\/div>\n<\/div>\n\n\n\n<div style=\"height:var(--wp--preset--spacing--20)\" aria-hidden=\"true\" class=\"wp-block-spacer\"><\/div>\n<\/div>\n\n<div class=\"wp-block-group alignwide is-layout-flow wp-block-group-is-layout-flow\" style=\"padding-top:var(--wp--preset--spacing--40);padding-bottom:var(--wp--preset--spacing--40)\">\n<div class=\"wp-block-columns is-layout-flex wp-container-core-columns-is-layout-3 wp-block-columns-is-layout-flex\">\n<div class=\"wp-block-column is-vertically-aligned-center is-layout-flow wp-container-core-column-is-layout-6 wp-block-column-is-layout-flow\">\n<div class=\"wp-block-group animated fadeIn slow has-global-padding is-layout-constrained wp-block-group-is-layout-constrained\">\n<figure data-wp-context=\"{&quot;imageId&quot;:&quot;69f0c407924fb&quot;}\" data-wp-interactive=\"core\/image\" class=\"wp-block-image size-full wp-lightbox-container\"><img data-dominant-color=\"b38881\" data-has-transparency=\"false\" decoding=\"async\" width=\"648\" height=\"865\" data-wp-class--hide=\"state.isContentHidden\" data-wp-class--show=\"state.isContentVisible\" data-wp-init=\"callbacks.setButtonStyles\" data-wp-on-async--click=\"actions.showLightbox\" data-wp-on-async--load=\"callbacks.setButtonStyles\" data-wp-on-async-window--resize=\"callbacks.setButtonStyles\" src=\"https:\/\/campingclosduthym.com\/wp-content\/uploads\/sites\/5\/2024\/11\/check-in.webp\" alt=\"inchecken\" class=\"wp-image-4927 not-transparent\" style=\"--dominant-color: #b38881; aspect-ratio:3\/4;object-fit:cover\" srcset=\"https:\/\/campingclosduthym.com\/wp-content\/uploads\/sites\/5\/2024\/11\/check-in.webp 648w, https:\/\/campingclosduthym.com\/wp-content\/uploads\/sites\/5\/2024\/11\/check-in-225x300.webp 225w\" sizes=\"(max-width: 648px) 100vw, 648px\" \/><button\n\t\t\tclass=\"lightbox-trigger\"\n\t\t\ttype=\"button\"\n\t\t\taria-haspopup=\"dialog\"\n\t\t\taria-label=\"Vergroot afbeelding: inchecken\"\n\t\t\tdata-wp-init=\"callbacks.initTriggerButton\"\n\t\t\tdata-wp-on-async--click=\"actions.showLightbox\"\n\t\t\tdata-wp-style--right=\"state.imageButtonRight\"\n\t\t\tdata-wp-style--top=\"state.imageButtonTop\"\n\t\t>\n\t\t\t<svg xmlns=\"http:\/\/www.w3.org\/2000\/svg\" width=\"12\" height=\"12\" fill=\"none\" viewBox=\"0 0 12 12\">\n\t\t\t\t<path fill=\"#fff\" d=\"M2 0a2 2 0 0 0-2 2v2h1.5V2a.5.5 0 0 1 .5-.5h2V0H2Zm2 10.5H2a.5.5 0 0 1-.5-.5V8H0v2a2 2 0 0 0 2 2h2v-1.5ZM8 12v-1.5h2a.5.5 0 0 0 .5-.5V8H12v2a2 2 0 0 1-2 2H8Zm2-12a2 2 0 0 1 2 2v2h-1.5V2a.5.5 0 0 0-.5-.5H8V0h2Z\" \/>\n\t\t\t<\/svg>\n\t\t<\/button><\/figure>\n<\/div>\n<\/div>\n\n\n\n<div class=\"wp-block-column is-vertically-aligned-top is-layout-flow wp-block-column-is-layout-flow\"><h2 class=\"wp-block-heading has-accent-color has-text-color has-link-color has-x-large-font-size wp-elements-46aa8517183739f83cf4651e77d889bb\" id=\"praktische-informatie-voor-je-verblijf\">Praktische informatie voor je verblijf<\/h2>\n\n\n<p>Om je verblijf gemakkelijker te maken, volgt hier wat belangrijke informatie:<\/p>\n\n\n\n<p><strong>Check-in<\/strong>: al onze accommodaties zijn beschikbaar <strong>vanaf 17.00 uur<\/strong>. <br\/><strong>Check-out <\/strong>: gelieve uw accommodatie <strong>voor 10 uur &#8217;s ochtends<\/strong> te verlaten.<\/p>\n\n\n\n<p><strong>Niet-roken<\/strong>: al onze stacaravans zijn niet-rokenruimtes om een gezonde omgeving te garanderen.<\/p>\n\n\n\n<p><strong>Betaling van het saldo<\/strong>: het saldo van de huur moet uiterlijk 30 dagen voor aankomst op de camping worden betaald.<\/p>\n\n\n\n<p><strong>Onze optionele extra&#8217;s<\/strong><br\/>Wegwerplakens: \u20ac13 per paar voor het verblijf Babykit: huur van kinderbed + kinderstoel \u20ac20\/week Schoonmaak: optie &#8220;eindschoonmaak \u20ac150&#8221; (de schoonmaakoptie moet 48 uur voor vertrek worden bevestigd) (Al onze extra&#8217;s zijn afhankelijk van reservering en beschikbaarheid).<\/p>\n\n\n\n<p>Houd er rekening mee dat kinderen gratis kunnen verblijven, zolang de maximale bezetting die is aangegeven voor de accommodatie wordt gerespecteerd. (maximaal 6 personen) <\/p>\n\n\n\n<p>Als de maximale bezettingsgraad niet wordt gerespecteerd, wordt de toegang geweigerd en wordt geen restitutie geaccepteerd.<\/p>\n<\/div>\n<\/div>\n\n\n\n<div style=\"height:2rem\" aria-hidden=\"true\" class=\"wp-block-spacer\"><\/div>\n<\/div>\n\n<div class=\"wp-block-group alignfull gt-break-mobile is-content-justification-right is-nowrap is-layout-flex wp-container-core-group-is-layout-29 wp-block-group-is-layout-flex\">\n<div class=\"wp-block-group alignwide gt-absolute-text gt-hide-mobile wp-container-content-1 is-horizontal is-content-justification-right is-nowrap is-layout-flex wp-container-core-group-is-layout-24 wp-block-group-is-layout-flex\" style=\"margin-top:0;padding-right:0;padding-left:0\"><\/div>\n\n\n\n<div class=\"wp-block-group has-accent-2-background-color has-background wp-container-content-2 has-global-padding is-content-justification-center is-layout-constrained wp-block-group-is-layout-constrained\">\n<div class=\"wp-block-group alignwide is-layout-flow wp-block-group-is-layout-flow\" style=\"padding-top:0;padding-right:var(--wp--preset--spacing--60);padding-bottom:var(--wp--preset--spacing--30);padding-left:var(--wp--preset--spacing--60)\">\n<div class=\"wp-block-group gt-reveal-down has-global-padding is-layout-constrained wp-container-core-group-is-layout-26 wp-block-group-is-layout-constrained\" style=\"margin-top:-3rem\">\n<div class=\"wp-block-group has-contrast-3-background-color has-background is-layout-flow wp-block-group-is-layout-flow\" style=\"min-height:6rem\"><\/div>\n<\/div>\n\n\n\n<figure class=\"wp-block-image aligncenter size-full gt-reveal-down wp-duotone-174c4f-174c4f-9\"><img data-dominant-color=\"b15526\" data-has-transparency=\"true\" style=\"--dominant-color: #b15526;\" decoding=\"async\" width=\"43\" height=\"21\" src=\"https:\/\/campingclosduthym.com\/wp-content\/uploads\/sites\/5\/2024\/08\/separator.png\" alt=\"scheider\" class=\"wp-image-150 has-transparency\"\/><\/figure>\n\n\n\n<p class=\"has-text-align-center gt-reveal-down has-medium-font-size\"><strong>Onze verplichte supplementen<\/strong><\/p>\n\n\n\n<p class=\"has-text-align-center gt-reveal-down has-medium-font-size\">Toeristenbelasting 2024 camping Clos du thym***<br\/>6,02\u20ac per week en per persoon ouder dan 18 jaar<\/p>\n\n\n\n<p class=\"has-text-align-center gt-reveal-down has-medium-font-size\">Huisdier*: \u20ac23 per week van 27\/06 tot 05\/09 (gratis buiten juli en augustus) u moet bij aankomst een geldig vaccinatiebewijs van uw huisdier laten zien &#8211; \u00e9\u00e9n huisdier per stacaravan verplicht<\/p>\n\n\n\n<p class=\"has-text-align-center gt-reveal-down has-medium-font-size\">*De directie behoudt zich het recht voor om een dier niet te accepteren, afhankelijk van de categorie.<\/p>\n\n\n\n<p class=\"has-text-align-center gt-reveal-down has-medium-font-size\"><strong>Een borg van 620\u20ac zal worden gevraagd voor alle verhuur (in twee cheques van 470\u20ac en 150\u20ac) of een creditcard afdruk.<\/strong><\/p>\n\n\n    <div id=\"gt-fse-lire-plus-69f0c407937f1\" class=\"gt-fse-lire-plus\" data-min-height=\"130\" style=\"background-color: #f9f8f3;\">\n        <input id=\"gt-fse-lire-plus-69f0c407937f1-toggle\" type=\"checkbox\" class=\"gt-fse-lire-plus__toggle\" \/>\n        <label for=\"gt-fse-lire-plus-69f0c407937f1-toggle\" class=\"gt-fse-lire-plus__toggle-label\">\n            <span>Meer lezen<\/span>\n            <span>Minder lezen<\/span>\n        <\/label>\n        <div class=\"gt-fse-lire-plus__content\" style=\"height: 130px;\">\n            \n\n<p class=\"has-text-align-center gt-reveal-down has-medium-font-size\"><strong>Reserveringen<\/strong><br\/>Gratis offerte Voor alle reserveringen wordt \u20ac30 reserveringskosten in rekening gebracht, die niet worden gerestitueerd in geval van annulering, en een aanbetaling van 25% van de totale prijs van het verblijf. Het saldo moet uiterlijk 30 dagen voor aankomst worden betaald. Klanten die het restbedrag niet op de overeengekomen datum hebben betaald, worden geacht te hebben geannuleerd. Zij hebben in geen geval recht op terugbetaling van de aanbetaling.<br\/>Voor boekingen die minder dan 30 dagen voor vertrek worden gemaakt, moet de volledige prijs van de reis of het verblijf worden betaald op .<br\/>De boekingsoptie is 8 dagen geldig. De boeking wordt effectief wanneer de klant een schriftelijke bevestiging ontvangt van .    <\/p>\n\n\n\n<p class=\"has-text-align-center gt-reveal-down has-medium-font-size\"><strong>Accommodatie<\/strong><br\/>Houd er rekening mee dat kinderen gratis kunnen verblijven, zolang de maximale bezetting die is aangegeven voor de accommodatie wordt gerespecteerd. <br\/>Als de maximale bezetting niet wordt gerespecteerd, wordt de accommodatie uitgezet en wordt er geen restitutie verleend.<\/p>\n\n\n\n<p class=\"has-text-align-center gt-reveal-down has-medium-font-size\"><strong>Annuleringsverzekering<\/strong><br\/>Een annuleringsverzekering is optioneel en wordt berekend op basis van het bedrag van je verblijf. In geval van annulering kan geen restitutie van de aanbetaling worden aangevraagd. <br\/>Bij niet verschijnen op de dag van aankomst zonder voorafgaande waarschuwing wordt het verblijf na 24 uur geannuleerd (er kan geen restitutie van de aanbetaling worden aangevraagd).<\/p>\n\n\n\n<p class=\"has-text-align-center gt-reveal-down has-medium-font-size\"><strong>Betalingswijze<\/strong><br\/>Contant-CB-ANCV-cheques-bankoverschrijving<\/p>\n\n            <div class=\"gt-fse-lire-plus__gradient\" style=\"background: linear-gradient(to bottom,rgba(249,248,243,0) 0%,rgba(249,248,243,1) 100%);\"><\/div>\n        <\/div>\n    <\/div>\n    <\/div>\n\n\n\n<div style=\"height:6rem;width:0px\" aria-hidden=\"true\" class=\"wp-block-spacer\"><\/div>\n<\/div>\n<\/div>\n\n<div style=\"height:2rem\" aria-hidden=\"true\" class=\"wp-block-spacer\"><\/div>\n\n<div class=\"wp-block-group alignfull is-layout-flow wp-block-group-is-layout-flow\" style=\"padding-bottom:0\">\n<div class=\"wp-block-group alignwide animated fadeIn slower is-layout-flow wp-block-group-is-layout-flow\" style=\"margin-top:0;margin-bottom:-33px;padding-right:0;padding-left:0\">\n<p class=\"gt-sliding-text has-contrast-3-color has-text-color has-link-color has-sogo-font-family wp-elements-3b0a62d677c316857b2750de3a2edf02\" style=\"margin-top:0;margin-right:0;margin-bottom:0;margin-left:0;font-size:7vw;font-style:normal;font-weight:300;line-height:1;text-transform:uppercase\">ONTDEK<\/p>\n<\/div>\n\n\n\n<div class=\"wp-block-group gt-break-mobile is-layout-grid wp-container-core-group-is-layout-31 wp-block-group-is-layout-grid\" style=\"border-radius:2rem\">\n<div\n\tstyle=\"border-radius:0rem;\" class=\"gt-maillage-10 wp-block-gt-gt-fse-maillage\"\tdata-wp-interactive=\"gt\/maillage\"\n\tdata-wp-on--click=\"actions.ctaLoad\"\n\tdata-wp-context='{\"radius\":\"0rem\",\"hover_bg_color\":\"#132f44\",\"hover_text_color\":\"#ffffff\",\"hover_image_opacity\":0.5}'>\t\n\n\t\n\t\t\t\t\t\t\t\t\t<div \n\t\t\t\tclass=\"gt-fse-maillage-link gt-fse-maillage-image-zoom gt-fse-maillage-hover-background-color gt-fse-maillage-hover-text-color\"\n\t\t\t\tstyle=\"border-radius: 0rem\"\n\t\t\t\tdata-wp-on-async--mouseover=\"actions.mouseover\"\n\t\t\t>\n\t\t\t\t\t\t\t\t\t\t\t\t\t\t\t\t\t\t<\/div>\n\t\t\t\t\t\t\t\t\t\t\t<div \n\t\t\t\tclass=\"gt-fse-maillage-link gt-fse-maillage-image-zoom gt-fse-maillage-hover-background-color gt-fse-maillage-hover-text-color\"\n\t\t\t\tstyle=\"border-radius: 0rem\"\n\t\t\t\tdata-wp-on-async--mouseover=\"actions.mouseover\"\n\t\t\t>\n\t\t\t\t\t\t\t\t\t\t\t\t\t\t\t\t\t\t<\/div>\n\t\t\t\t\t\t\t\t\t\t\t<div \n\t\t\t\tclass=\"gt-fse-maillage-link gt-fse-maillage-image-zoom gt-fse-maillage-hover-background-color gt-fse-maillage-hover-text-color\"\n\t\t\t\tstyle=\"border-radius: 0rem\"\n\t\t\t\tdata-wp-on-async--mouseover=\"actions.mouseover\"\n\t\t\t>\n\t\t\t\t\t\t\t\t\t\t\t\t\t\t\t\t\t\t<\/div>\n\t\t\t\t\t\t\t\t<\/div><\/div>\n\n\n\n<div style=\"height:6rem\" aria-hidden=\"true\" class=\"wp-block-spacer\"><\/div>\n<\/div>\n","protected":false},"excerpt":{"rendered":"<p>Ontdek onze comfortabele stacaravans te huur in Argel\u00e8s-sur-Mer Camping Clos du Thym in Argel\u00e8s-sur-Mer biedt comfortabele stacaravans tegen de beste prijzen voor een onvergetelijke vakantie. Onze stacaravans zijn volledig uitgerust en ontworpen om families en vrienden te ontvangen, en bieden alle comfort die nodig is voor een aangenaam verblijf en een optimale vakantie-ervaring. Ze zijn [&hellip;]<\/p>\n","protected":false},"author":1,"featured_media":5312,"parent":0,"menu_order":0,"comment_status":"closed","ping_status":"closed","template":"","meta":{"_acf_changed":false,"_seopress_robots_primary_cat":"","_seopress_titles_title":"Verhuur van stacaravans in Argel\u00e8s-sur-Mer, Pyr\u00e9n\u00e9es-Orientales","_seopress_titles_desc":"Huur een comfortabele, volledig ingerichte stacaravan met airconditioning en televisie voor uw verblijf in Argel\u00e8s-sur-Mer, in de regio Pyr\u00e9n\u00e9es-Orientales in Frankrijk","_seopress_robots_index":"","_gt_ctv_global_id":"","_gt_ctv_id_group":false,"inline_featured_image":false,"gt_fse_maillage_image":"https:\/\/campingclosduthym.com\/wp-content\/uploads\/sites\/5\/2024\/10\/camping-le-clos-du-thym-location-mobil-home-argeles-sur-mer.webp","gt_fse_maillage_titre":"Verhuur van stacaravans ontworpen voor uw comfort in de Pyr\u00e9n\u00e9es-Orientales","gt_fse_maillage_resume":"","_gt_maillage_image":0,"_gt_maillage_video":0,"_gt_maillage_title":"","footnotes":""},"categories":[],"tags":[],"class_list":["post-5311","page","type-page","status-publish","has-post-thumbnail","hentry"],"acf":[],"_links":{"self":[{"href":"https:\/\/campingclosduthym.com\/nl\/wp-json\/wp\/v2\/pages\/5311","targetHints":{"allow":["GET"]}}],"collection":[{"href":"https:\/\/campingclosduthym.com\/nl\/wp-json\/wp\/v2\/pages"}],"about":[{"href":"https:\/\/campingclosduthym.com\/nl\/wp-json\/wp\/v2\/types\/page"}],"author":[{"embeddable":true,"href":"https:\/\/campingclosduthym.com\/nl\/wp-json\/wp\/v2\/users\/1"}],"replies":[{"embeddable":true,"href":"https:\/\/campingclosduthym.com\/nl\/wp-json\/wp\/v2\/comments?post=5311"}],"version-history":[{"count":6,"href":"https:\/\/campingclosduthym.com\/nl\/wp-json\/wp\/v2\/pages\/5311\/revisions"}],"predecessor-version":[{"id":5903,"href":"https:\/\/campingclosduthym.com\/nl\/wp-json\/wp\/v2\/pages\/5311\/revisions\/5903"}],"wp:featuredmedia":[{"embeddable":true,"href":"https:\/\/campingclosduthym.com\/nl\/wp-json\/wp\/v2\/media\/5312"}],"wp:attachment":[{"href":"https:\/\/campingclosduthym.com\/nl\/wp-json\/wp\/v2\/media?parent=5311"}],"wp:term":[{"taxonomy":"category","embeddable":true,"href":"https:\/\/campingclosduthym.com\/nl\/wp-json\/wp\/v2\/categories?post=5311"},{"taxonomy":"post_tag","embeddable":true,"href":"https:\/\/campingclosduthym.com\/nl\/wp-json\/wp\/v2\/tags?post=5311"}],"curies":[{"name":"wp","href":"https:\/\/api.w.org\/{rel}","templated":true}]}}