{"id":5361,"date":"2024-08-13T10:50:09","date_gmt":"2024-08-13T08:50:09","guid":{"rendered":"https:\/\/campingclosduthym.com\/accueil\/"},"modified":"2025-01-14T15:27:17","modified_gmt":"2025-01-14T14:27:17","slug":"thuis","status":"publish","type":"page","link":"https:\/\/campingclosduthym.com\/nl\/","title":{"rendered":"Home"},"content":{"rendered":"\n<div class=\"wp-block-cover alignfull is-light gt-first-cover gt-reveal\" style=\"margin-top:0;margin-bottom:0;padding-right:0;padding-left:0;min-height:100vh;aspect-ratio:unset;\"><span aria-hidden=\"true\" class=\"wp-block-cover__background has-background-dim wp-block-cover__gradient-background has-background-gradient\" style=\"background:linear-gradient(180deg,rgba(0,0,0,0) 67%,rgb(0,0,0) 99%)\"><\/span><video class=\"wp-block-cover__video-background intrinsic-ignore\" playsInline autoPlay muted loop playsinline src=\"https:\/\/campingclosduthym.com\/wp-content\/uploads\/sites\/5\/2024\/12\/clos-du-thym-compressed.mp4\" data-object-fit=\"cover\"><\/video><div class=\"wp-block-cover__inner-container has-global-padding is-layout-constrained wp-container-core-cover-is-layout-1 wp-block-cover-is-layout-constrained\">\n<div class=\"wp-block-group has-global-padding is-layout-constrained wp-block-group-is-layout-constrained\" style=\"padding-top:var(--wp--preset--spacing--30);padding-bottom:var(--wp--preset--spacing--30)\">\n<figure class=\"wp-block-image aligncenter size-full is-resized has-custom-border gt-logo wp-duotone-ffffff-ffffff-1\"><img data-dominant-color=\"cfcfab\" data-has-transparency=\"true\" decoding=\"async\" width=\"250\" height=\"72\" src=\"https:\/\/campingclosduthym.com\/wp-content\/uploads\/sites\/5\/2024\/10\/camping-clos-du-thym-logo-header.webp\" alt=\"camping clos du thym\" class=\"wp-image-3623 has-transparency\" style=\"--dominant-color: #cfcfab; border-style:none;border-width:0px;width:250px\"\/><\/figure>\n<\/div>\n\n\n\n<div class=\"wp-block-columns alignfull is-layout-flex wp-container-core-columns-is-layout-1 wp-block-columns-is-layout-flex\" style=\"margin-top:var(--wp--preset--spacing--60);margin-bottom:var(--wp--preset--spacing--60);padding-top:0;padding-bottom:0\">\n<div class=\"wp-block-column is-layout-flow wp-block-column-is-layout-flow\" style=\"padding-right:0;padding-left:0;flex-basis:490px\">\n<div class=\"wp-block-group gt-socials is-vertical is-content-justification-left is-layout-flex wp-container-core-group-is-layout-2 wp-block-group-is-layout-flex\" style=\"padding-right:var(--wp--preset--spacing--20);padding-left:var(--wp--preset--spacing--20)\">\n<figure class=\"wp-block-image size-full is-resized wp-duotone-rgb255255255-ccc-2\"><a href=\"tel:+33468812423\"><img decoding=\"async\" src=\"https:\/\/campingclosduthym.com\/wp-content\/uploads\/sites\/5\/2024\/08\/telephone-delmar.svg\" alt=\"telefoon delmar\" class=\"wp-image-74\" style=\"width:41px\"\/><\/a><\/figure>\n\n\n\n<figure class=\"wp-block-image size-full is-resized wp-duotone-rgb255255255-ccc-3\"><a href=\"mailto:contact@campingclosduthym.com\"><img decoding=\"async\" width=\"512\" height=\"512\" src=\"https:\/\/campingclosduthym.com\/wp-content\/uploads\/sites\/5\/2024\/08\/email-delmar.svg\" alt=\"e-mail delmar\" class=\"wp-image-76\" style=\"width:41px\"\/><\/a><\/figure>\n\n\n\n<figure class=\"wp-block-image size-full is-resized wp-duotone-rgb255255255-ccc-4\"><a href=\"https:\/\/www.facebook.com\/Camping.ClosDuThym\/\" target=\"_blank\" rel=\"noreferrer noopener\"><img decoding=\"async\" width=\"512\" height=\"512\" src=\"https:\/\/campingclosduthym.com\/wp-content\/uploads\/sites\/5\/2024\/08\/facebook-delmar.svg\" alt=\"facebook delmar\" class=\"wp-image-78\" style=\"width:41px\"\/><\/a><\/figure>\n<\/div>\n<\/div>\n\n\n\n<div class=\"wp-block-column is-vertically-aligned-center is-layout-flow wp-block-column-is-layout-flow\" style=\"flex-basis:100%\">\n<div class=\"wp-block-group gt-fade-in gt-hide-mobile is-layout-flow wp-block-group-is-layout-flow\">\n<div class=\"wp-block-group gt-anim-split-parent has-base-color has-text-color has-link-color has-sogo-font-family wp-elements-99d6a3674c5e8f0abf8621c0e0390ad4 is-vertical is-content-justification-center is-layout-flex wp-container-core-group-is-layout-3 wp-block-group-is-layout-flex\" style=\"font-size:clamp(3.426rem, 3.426rem + ((1vw - 0.2rem) * 5.957), 7rem);\">\n<p class=\"has-text-align-center gt-anim-split-child\" style=\"line-height:1\">Natuur<\/p>\n\n\n\n<p class=\"has-text-align-center gt-anim-split-child has-sogo-font-family\" style=\"font-style:normal;font-weight:500;line-height:1\"><strong>tussen zee en bergen<\/strong><\/p>\n<\/div>\n<\/div>\n<\/div>\n\n\n\n<div class=\"wp-block-column is-vertically-aligned-bottom is-layout-flow wp-block-column-is-layout-flow\" style=\"padding-top:0;flex-basis:490px\">\n<div class=\"wp-block-buttons is-content-justification-right is-layout-flex wp-container-core-buttons-is-layout-1 wp-block-buttons-is-layout-flex\" style=\"margin-top:0;margin-bottom:0;padding-bottom:10vh\">\n<div class=\"wp-block-button has-custom-font-size gt-resa-btn has-sogo-font-family\" style=\"font-size:clamp(0.875rem, 0.875rem + ((1vw - 0.2rem) * 0.708), 1.3rem);font-style:normal;font-weight:500;text-transform:uppercase\"><a class=\"wp-block-button__link has-accent-background-color has-background wp-element-button\" style=\"border-top-left-radius:2rem;border-bottom-left-radius:2rem;padding-top:1.2rem;padding-right:var(--wp--preset--spacing--40);padding-bottom:1.2rem;padding-left:var(--wp--preset--spacing--40)\">Reserveringen<\/a><\/div>\n<\/div>\n<\/div>\n<\/div>\n<\/div><\/div>\n\n<div style=\"height:4rem\" aria-hidden=\"true\" class=\"wp-block-spacer\"><\/div>\n\n<div class=\"wp-block-group alignfull gt-reveal has-global-padding is-layout-constrained wp-container-core-group-is-layout-10 wp-block-group-is-layout-constrained\">\n<div class=\"wp-block-group alignwide animated fadeIn slower is-layout-flow wp-block-group-is-layout-flow\" style=\"margin-top:0;margin-bottom:-33px;padding-right:0;padding-left:0\">\n<p class=\"gt-sliding-text has-contrast-3-color has-text-color has-link-color has-sogo-font-family wp-elements-523310e15a007ac784a64428a4d12af8\" style=\"margin-top:0;margin-right:0;margin-bottom:0;margin-left:0;font-size:7vw;font-style:normal;font-weight:300;line-height:1;text-transform:uppercase\">UNIEKE ERVARING<\/p>\n<\/div>\n\n\n\n<div class=\"wp-block-group alignwide gt-break-mobile is-nowrap is-layout-flex wp-container-core-group-is-layout-9 wp-block-group-is-layout-flex\">\n<div class=\"wp-block-group is-layout-flow wp-block-group-is-layout-flow\">\n<figure class=\"wp-block-image size-full gt-reveal\"><img data-dominant-color=\"628383\" data-has-transparency=\"false\" style=\"--dominant-color: #628383;\" decoding=\"async\" width=\"830\" height=\"956\" src=\"https:\/\/campingclosduthym.com\/wp-content\/uploads\/sites\/5\/2024\/12\/experience-unique.webp\" alt=\"unieke ervaring\" class=\"wp-image-5003 not-transparent\" srcset=\"https:\/\/campingclosduthym.com\/wp-content\/uploads\/sites\/5\/2024\/12\/experience-unique.webp 830w, https:\/\/campingclosduthym.com\/wp-content\/uploads\/sites\/5\/2024\/12\/experience-unique-260x300.webp 260w, https:\/\/campingclosduthym.com\/wp-content\/uploads\/sites\/5\/2024\/12\/experience-unique-768x885.webp 768w\" sizes=\"(max-width: 830px) 100vw, 830px\" \/><\/figure>\n\n\n\n<div style=\"height:2rem\" aria-hidden=\"true\" class=\"wp-block-spacer gt-hide-mobile\"><\/div>\n\n\n\n<p class=\"has-text-align-center gt-reveal-down has-medium-font-size\">We kijken ernaar uit u te verwelkomen op<strong><em> momenten van ontspanning<\/em><\/strong><br\/>en om <strong>nieuwe energie op te doen<\/strong> met het gezin, met z&#8217;n twee\u00ebn of met vrienden&#8230; Ons dagelijks doel is om er alles aan te doen om je tevreden te stellen en je een<strong>rustige<\/strong>, <strong>gezellige en gezinsvriendelijke<\/strong> <strong>accommodatie<\/strong> te bieden. <br\/>Ons team staat tot uw beschikking en luistert graag naar u.<\/p>\n\n\n\n<p class=\"has-text-align-center gt-reveal-down has-medium-font-size\">Tot ziens<br\/>Het campingteam van Clos du thym<\/p>\n<\/div>\n\n\n\n<div class=\"wp-block-group has-global-padding is-layout-constrained wp-block-group-is-layout-constrained\">\n<div class=\"wp-block-group is-layout-flow wp-block-group-is-layout-flow\" style=\"padding-right:var(--wp--preset--spacing--30);padding-left:var(--wp--preset--spacing--30)\">\n<div style=\"height:10rem\" aria-hidden=\"true\" class=\"wp-block-spacer gt-hide-mobile\"><\/div>\n\n\n\n<figure class=\"wp-block-image aligncenter size-full is-resized gt-reveal-down wp-duotone-174c4f-174c4f-5\"><img data-dominant-color=\"b15526\" data-has-transparency=\"true\" decoding=\"async\" width=\"43\" height=\"21\" src=\"https:\/\/campingclosduthym.com\/wp-content\/uploads\/sites\/5\/2024\/08\/separator.png\" alt=\"scheider\" class=\"wp-image-150 has-transparency\" style=\"--dominant-color: #b15526; width:43px;height:auto\"\/><\/figure>\n\n\n<h1 class=\"wp-block-heading has-text-align-center gt-reveal-down has-accent-color has-text-color has-link-color has-x-large-font-size wp-elements-2883192ae2e2bfe533c1c639cec0a4da\" id=\"tussen-de-zee-en-de-bergen-uw-natuurvakantie-op-camping-argeles-sur-mer\">Tussen de zee en de bergen, uw natuurvakantie op camping Argel\u00e8s-sur-Mer<\/h1>\n\n\n<p class=\"has-text-align-center gt-reveal-down has-medium-font-size\">Welkom op camping Clos du Thym, uw oase van <strong>rust tussen de zee en de bergen<\/strong> in de prachtige regio Languedoc-Roussillon.<\/p>\n\n\n\n<p class=\"has-text-align-center gt-reveal-down has-medium-font-size\">Onze 176 plaatsen tellende, uitsluitend <strong>residenti\u00eble<\/strong> camping biedt een <strong>unieke ervaring, ver weg van de drukte<\/strong>. <\/p>\n\n\n\n<p class=\"has-text-align-center gt-reveal-down has-medium-font-size\">Ondergedompeld in een <strong>gezellige sfeer<\/strong>, onderscheidt de camping Clos du Thym zich door zijn <strong>warme<\/strong>, <strong>familiaire sfeer<\/strong>, omdat alleen de eigenaren hier wonen, wat een <strong>gastvrije sfeer<\/strong> cre\u00ebert.<\/p>\n\n\n\n<div style=\"height:2rem\" aria-hidden=\"true\" class=\"wp-block-spacer is-style-gt-hide-mobile\"><\/div>\n<\/div>\n\n\n\n<figure class=\"wp-block-image size-full gt-reveal\"><img data-dominant-color=\"b7ae93\" data-has-transparency=\"false\" decoding=\"async\" width=\"620\" height=\"465\" src=\"https:\/\/campingclosduthym.com\/wp-content\/uploads\/sites\/5\/2024\/11\/moments-de-detente.webp\" alt=\"momenten van ontspanning\" class=\"wp-image-4661 not-transparent\" style=\"--dominant-color: #b7ae93; aspect-ratio:4\/3;object-fit:cover\" srcset=\"https:\/\/campingclosduthym.com\/wp-content\/uploads\/sites\/5\/2024\/11\/moments-de-detente.webp 620w, https:\/\/campingclosduthym.com\/wp-content\/uploads\/sites\/5\/2024\/11\/moments-de-detente-300x225.webp 300w\" sizes=\"(max-width: 620px) 100vw, 620px\" \/><\/figure>\n<\/div>\n<\/div>\n<\/div>\n\n<div style=\"height:6rem\" aria-hidden=\"true\" class=\"wp-block-spacer\"><\/div>\n\n<div class=\"wp-block-group alignfull gt-reveal is-nowrap is-layout-flex wp-container-core-group-is-layout-13 wp-block-group-is-layout-flex\">\n<div class=\"wp-block-cover gt-hide-mobile wp-container-content-1\" style=\"min-height:100vh;aspect-ratio:unset;\"><span aria-hidden=\"true\" class=\"wp-block-cover__background has-background-dim-30 has-background-dim\"><\/span><img data-dominant-color=\"cb9f82\" data-has-transparency=\"false\" style=\"--dominant-color: #cb9f82;\" decoding=\"async\" width=\"381\" height=\"931\" class=\"wp-block-cover__image-background wp-image-4663 not-transparent\" alt=\"vacances conviviales\" src=\"https:\/\/campingclosduthym.com\/wp-content\/uploads\/sites\/5\/2024\/11\/vacances-conviviales.webp\" data-object-fit=\"cover\" srcset=\"https:\/\/campingclosduthym.com\/wp-content\/uploads\/sites\/5\/2024\/11\/vacances-conviviales.webp 381w, https:\/\/campingclosduthym.com\/wp-content\/uploads\/sites\/5\/2024\/11\/vacances-conviviales-123x300.webp 123w\" sizes=\"(max-width: 381px) 100vw, 381px\" \/><div class=\"wp-block-cover__inner-container has-global-padding is-layout-constrained wp-block-cover-is-layout-constrained\">\n<p class=\"has-text-align-center has-large-font-size\"><\/p>\n<\/div><\/div>\n\n\n\n<div class=\"wp-block-cover has-custom-content-position is-position-top-center wp-container-content-2\" style=\"padding-top:0;padding-bottom:0;min-height:100vh;aspect-ratio:unset;\"><span aria-hidden=\"true\" class=\"wp-block-cover__background has-base-2-background-color has-background-dim\"><\/span><img data-dominant-color=\"c3b89c\" data-has-transparency=\"false\" style=\"--dominant-color: #c3b89c;\" decoding=\"async\" width=\"1514\" height=\"931\" class=\"wp-block-cover__image-background wp-image-4665 not-transparent\" alt=\"services 3 etoiles dans un camping au coeur des pyrenees orientales\" src=\"https:\/\/campingclosduthym.com\/wp-content\/uploads\/sites\/5\/2024\/11\/services-3-etoiles-dans-un-camping-au-coeur-des-pyrenees-orientales.webp\" data-object-fit=\"cover\" srcset=\"https:\/\/campingclosduthym.com\/wp-content\/uploads\/sites\/5\/2024\/11\/services-3-etoiles-dans-un-camping-au-coeur-des-pyrenees-orientales.webp 1514w, https:\/\/campingclosduthym.com\/wp-content\/uploads\/sites\/5\/2024\/11\/services-3-etoiles-dans-un-camping-au-coeur-des-pyrenees-orientales-300x184.webp 300w, https:\/\/campingclosduthym.com\/wp-content\/uploads\/sites\/5\/2024\/11\/services-3-etoiles-dans-un-camping-au-coeur-des-pyrenees-orientales-1024x630.webp 1024w, https:\/\/campingclosduthym.com\/wp-content\/uploads\/sites\/5\/2024\/11\/services-3-etoiles-dans-un-camping-au-coeur-des-pyrenees-orientales-768x472.webp 768w\" sizes=\"(max-width: 1514px) 100vw, 1514px\" \/><div class=\"wp-block-cover__inner-container has-global-padding is-layout-constrained wp-block-cover-is-layout-constrained\">\n<div class=\"wp-block-group gt-reveal-down has-global-padding is-layout-constrained wp-container-core-group-is-layout-12 wp-block-group-is-layout-constrained\">\n<div class=\"wp-block-group has-contrast-3-background-color has-background is-layout-flow wp-block-group-is-layout-flow\" style=\"min-height:12rem\"><\/div>\n<\/div>\n\n\n\n<figure class=\"wp-block-image aligncenter size-full gt-reveal-down wp-duotone-e5e0ce-ffffff-6\"><img data-dominant-color=\"b15526\" data-has-transparency=\"true\" style=\"--dominant-color: #b15526;\" decoding=\"async\" width=\"43\" height=\"21\" src=\"https:\/\/campingclosduthym.com\/wp-content\/uploads\/sites\/5\/2024\/08\/separator.png\" alt=\"scheider\" class=\"wp-image-150 has-transparency\"\/><\/figure>\n\n\n\n<div style=\"height:1rem\" aria-hidden=\"true\" class=\"wp-block-spacer\"><\/div>\n\n\n<h2 class=\"wp-block-heading has-text-align-center has-base-color has-text-color has-link-color has-large-font-size wp-elements-7d01dbea5efdfea6a2c0fc58025ce393\" id=\"geniet-van-3-sterrenservice-op-een-camping-in-het-hart-van-de-pyrenees-orientales\">Geniet van 3-sterrenservice op een camping in het hart van de Pyr\u00e9n\u00e9es-Orientales<\/h2>\n\n\n<p class=\"has-text-align-center has-base-color has-text-color has-link-color has-medium-font-size wp-elements-e94e2a3aac22794ad91d953e17567532\">Ons exclusieve stacaravanpark ligt op minder dan 3 km van het strand en is de ideale plek voor een <strong>gezinsvakantie<\/strong>. Verlaat de drukte van de traditionele toeristische bestemmingen en ontdek de <strong>rust<\/strong>, <strong>de sereniteit<\/strong> en <a href=\"\">het dienstenaanbod van Clos du Thym<\/a>, een residenti\u00eble camping voor eigenaars van stacaravans. <br\/>Alles is gericht op <strong>comfort en ontspanning<\/strong>, van de <a href=\"\">snackbar met zijn traditionele Catalaanse keuken en gezellige avonden<\/a> tot het zwembad van 900 m\u00b2 dat garant staat voor een onvergetelijk verblijf voor het hele gezin. <\/p>\n\n\n\n<div style=\"height:1rem\" aria-hidden=\"true\" class=\"wp-block-spacer\"><\/div>\n\n\n\n<div class=\"wp-block-buttons alignwide is-content-justification-center is-layout-flex wp-container-core-buttons-is-layout-2 wp-block-buttons-is-layout-flex\">\n<div class=\"wp-block-button has-custom-font-size is-style-gt-contour-large has-sogo-font-family has-large-font-size\" style=\"font-style:normal;font-weight:300\"><a class=\"wp-block-button__link has-base-color has-text-color has-link-color wp-element-button\" href=\"https:\/\/campingclosduthym.com\/nl\/familiecamping-argeles-sur-mer\/\" style=\"padding-right:var(--wp--preset--spacing--30);padding-left:var(--wp--preset--spacing--30)\">Diensten<\/a><\/div>\n\n\n\n<div class=\"wp-block-button has-custom-font-size is-style-gt-contour-large has-sogo-font-family has-large-font-size\" style=\"font-style:normal;font-weight:300\"><a class=\"wp-block-button__link has-base-color has-text-color has-link-color wp-element-button\" href=\"https:\/\/campingclosduthym.com\/nl\/familiecamping-argeles-sur-mer\/#snack-bar\" style=\"padding-right:var(--wp--preset--spacing--30);padding-left:var(--wp--preset--spacing--30)\">Snackbar<\/a><\/div>\n<\/div>\n\n\n\n<div style=\"height:var(--wp--preset--spacing--40)\" aria-hidden=\"true\" class=\"wp-block-spacer\"><\/div>\n\n\n\n<div style=\"height:var(--wp--preset--spacing--40)\" aria-hidden=\"true\" class=\"wp-block-spacer\"><\/div>\n<\/div><\/div>\n<\/div>\n\n<div class=\"wp-block-group alignwide animated fadeIn slower is-layout-flow wp-block-group-is-layout-flow\" style=\"margin-top:-7vw;margin-bottom:0;padding-right:0;padding-left:0\">\n<p class=\"gt-sliding-text has-base-color has-text-color has-link-color has-sogo-font-family wp-elements-2c1dd53a781a55239a604c7ad40245c3\" style=\"margin-top:0;margin-right:0;margin-bottom:0;margin-left:0;font-size:7vw;font-style:normal;font-weight:300;line-height:1.6;text-transform:uppercase\">COMFORT EN ONTSPANNING<\/p>\n<\/div>\n\n<div style=\"height:4rem\" aria-hidden=\"true\" class=\"wp-block-spacer gt-hide-mobile\"><\/div>\n\n<div class=\"wp-block-group alignfull gt-break-mobile is-content-justification-right is-nowrap is-layout-flex wp-container-core-group-is-layout-34 wp-block-group-is-layout-flex\">\n<div class=\"wp-block-group alignwide gt-absolute-text gt-hide-mobile wp-container-content-3 is-content-justification-right is-nowrap is-layout-flex wp-container-core-group-is-layout-15 wp-block-group-is-layout-flex\" style=\"margin-top:0;margin-bottom:50rem;padding-right:0;padding-left:0\">\n<p class=\"gt-sliding-text-y has-contrast-3-color has-text-color has-link-color has-sogo-font-family wp-elements-c72a25f303830727caeb07a3e229dc2b\" style=\"margin-top:0;margin-right:0px;margin-bottom:0;margin-left:0;font-size:7vw;font-style:normal;font-weight:300;line-height:1.25;text-transform:uppercase\">Kleine plons<\/p>\n<\/div>\n\n\n\n<div class=\"wp-block-group gt-hebergements-slider-2-wrap has-accent-2-background-color has-background wp-container-content-10 has-global-padding is-layout-constrained wp-block-group-is-layout-constrained\">\n<div class=\"wp-block-group alignfull is-layout-flow wp-block-group-is-layout-flow\" style=\"padding-top:0;padding-right:var(--wp--preset--spacing--60);padding-bottom:var(--wp--preset--spacing--30);padding-left:var(--wp--preset--spacing--60)\">\n<div class=\"wp-block-group gt-reveal-down has-global-padding is-layout-constrained wp-container-core-group-is-layout-17 wp-block-group-is-layout-constrained\" style=\"margin-top:-3rem\">\n<div class=\"wp-block-group has-contrast-3-background-color has-background is-layout-flow wp-block-group-is-layout-flow\" style=\"min-height:6rem\"><\/div>\n<\/div>\n\n\n\n<figure class=\"wp-block-image aligncenter size-full gt-reveal-down wp-duotone-rgb237679-174c4f-7\"><img data-dominant-color=\"b15526\" data-has-transparency=\"true\" style=\"--dominant-color: #b15526;\" decoding=\"async\" width=\"43\" height=\"21\" src=\"https:\/\/campingclosduthym.com\/wp-content\/uploads\/sites\/5\/2024\/08\/separator.png\" alt=\"scheider\" class=\"wp-image-150 has-transparency\"\/><\/figure>\n\n\n<h2 class=\"wp-block-heading has-text-align-center gt-reveal-down has-accent-color has-text-color has-link-color wp-elements-55e0d17fd1516d044cb142851fad3ede\" id=\"ontspanning-en-welzijn-in-het-zwembad-van-camping-argeles-sur-mer\"><br>Ontspanning en welzijn in het zwembad van camping Argel\u00e8s-sur-Mer<\/h2>\n\n\n<p class=\"has-text-align-center gt-reveal-down has-medium-font-size\"><strong>Ontspan<\/strong> en <strong>revitaliseer <\/strong>in ons <a href=\"https:\/\/campingclosduthym.com\/nl\/camping-zwembad-argeles-sur-mer\/\">grote zwembad van 900 m\u00b2<\/a> op de camping van Argel\u00e8s-sur-Mer. <br\/>Geniet van de <a href=\"https:\/\/campingclosduthym.com\/nl\/camping-zwembad-argeles-sur-mer\/#banquette-balneo\">whirlpoolbank<\/a> en laat je kinderen zich vermaken in het speciale peuterbad. Ons zwembad is een ideale ontmoetingsplaats om af te koelen en onvergetelijke herinneringen te cre\u00ebren. En om met een goed gevoel af te sluiten, kun je nieuwe energie opdoen in <a href=\"https:\/\/campingclosduthym.com\/nl\/camping-zwembad-argeles-sur-mer\/#chalet-bien-etre\">onze Chalet du bien-\u00eatre<\/a> op Camping Del Mar.  <\/p>\n<\/div>\n\n\n\n<div class=\"wp-block-group alignfull gt-swiper-hebergements-2 has-global-padding is-layout-constrained wp-container-core-group-is-layout-32 wp-block-group-is-layout-constrained\" style=\"padding-right:0\">\n<div class=\"wp-block-group alignfull gt-is-slider gt-is-slider-desktop is-nowrap is-layout-flex wp-container-core-group-is-layout-31 wp-block-group-is-layout-flex\" style=\"padding-right:0\"><a href=\"https:\/\/campingclosduthym.com\/camping-piscine-argeles-sur-mer\/\" rel=\"noreferrer noopener\"   class=\"wp-block-tiptip-hyperlink-group-block\" target=\"_blank\">\n<div class=\"wp-block-group has-global-padding is-layout-constrained wp-container-core-group-is-layout-22 wp-block-group-is-layout-constrained\" style=\"border-right-color:var(--wp--preset--color--accent);border-right-width:1px;padding-right:32px\">\n<figure class=\"wp-block-image size-full is-resized\"><img data-dominant-color=\"7b9d9a\" data-has-transparency=\"false\" decoding=\"async\" width=\"480\" height=\"585\" src=\"https:\/\/campingclosduthym.com\/wp-content\/uploads\/sites\/5\/2024\/11\/piscine.webp\" alt=\"zwembad\" class=\"wp-image-4668 not-transparent\" style=\"--dominant-color: #7b9d9a; object-fit:cover;width:480px;height:585px\" srcset=\"https:\/\/campingclosduthym.com\/wp-content\/uploads\/sites\/5\/2024\/11\/piscine.webp 480w, https:\/\/campingclosduthym.com\/wp-content\/uploads\/sites\/5\/2024\/11\/piscine-246x300.webp 246w\" sizes=\"(max-width: 480px) 100vw, 480px\" \/><\/figure>\n\n\n\n<div class=\"wp-block-group is-layout-flow wp-block-group-is-layout-flow\" style=\"padding-right:var(--wp--preset--spacing--20);padding-left:var(--wp--preset--spacing--20)\">\n<p class=\"has-text-align-center has-sogo-font-family\" style=\"font-size:clamp(0.984rem, 0.984rem + ((1vw - 0.2rem) * 0.86), 1.5rem);\"><mark style=\"background-color:rgba(0, 0, 0, 0)\" class=\"has-inline-color has-accent-color\">01.<\/mark> Het zwembad <\/p>\n<\/div>\n<\/div>\n<\/a>\n\n<a href=\"https:\/\/campingclosduthym.com\/camping-piscine-argeles-sur-mer\/#banquette-balneo\" rel=\"noreferrer noopener\"   class=\"wp-block-tiptip-hyperlink-group-block\" target=\"_blank\">\n<div class=\"wp-block-group has-global-padding is-layout-constrained wp-container-core-group-is-layout-26 wp-block-group-is-layout-constrained\" style=\"border-right-color:var(--wp--preset--color--accent);border-right-width:1px;padding-right:32px\">\n<figure class=\"wp-block-image size-full is-resized\"><img data-dominant-color=\"5e98a8\" data-has-transparency=\"false\" decoding=\"async\" width=\"480\" height=\"585\" src=\"https:\/\/campingclosduthym.com\/wp-content\/uploads\/sites\/5\/2024\/10\/la-banquette-balneo.webp\" alt=\"de banquette balneo\" class=\"wp-image-4590 not-transparent\" style=\"--dominant-color: #5e98a8; object-fit:cover;width:480px;height:585px\" srcset=\"https:\/\/campingclosduthym.com\/wp-content\/uploads\/sites\/5\/2024\/10\/la-banquette-balneo.webp 480w, https:\/\/campingclosduthym.com\/wp-content\/uploads\/sites\/5\/2024\/10\/la-banquette-balneo-246x300.webp 246w\" sizes=\"(max-width: 480px) 100vw, 480px\" \/><\/figure>\n\n\n\n<div class=\"wp-block-group is-layout-flow wp-block-group-is-layout-flow\" style=\"padding-right:var(--wp--preset--spacing--20);padding-left:var(--wp--preset--spacing--20)\">\n<p class=\"has-text-align-center has-sogo-font-family\" style=\"font-size:clamp(0.984rem, 0.984rem + ((1vw - 0.2rem) * 0.86), 1.5rem);\"><mark style=\"background-color:rgba(0, 0, 0, 0)\" class=\"has-inline-color has-accent-color\">02.<\/mark> De whirlpoolbank<\/p>\n<\/div>\n<\/div>\n<\/a>\n\n<a href=\"https:\/\/campingclosduthym.com\/camping-piscine-argeles-sur-mer\/#chalet-bien-etre\" rel=\"noreferrer noopener\"   class=\"wp-block-tiptip-hyperlink-group-block\" target=\"_blank\">\n<div class=\"wp-block-group has-global-padding is-layout-constrained wp-container-core-group-is-layout-30 wp-block-group-is-layout-constrained\" style=\"border-right-color:var(--wp--preset--color--accent);border-right-width:1px;padding-right:32px\">\n<figure class=\"wp-block-image size-full is-resized\"><img data-dominant-color=\"9f9b83\" data-has-transparency=\"false\" decoding=\"async\" width=\"480\" height=\"585\" src=\"https:\/\/campingclosduthym.com\/wp-content\/uploads\/sites\/5\/2024\/11\/chalet-bien-etre.webp\" alt=\"wellness chalet\" class=\"wp-image-4671 not-transparent\" style=\"--dominant-color: #9f9b83; object-fit:cover;width:480px;height:585px\" srcset=\"https:\/\/campingclosduthym.com\/wp-content\/uploads\/sites\/5\/2024\/11\/chalet-bien-etre.webp 480w, https:\/\/campingclosduthym.com\/wp-content\/uploads\/sites\/5\/2024\/11\/chalet-bien-etre-246x300.webp 246w\" sizes=\"(max-width: 480px) 100vw, 480px\" \/><\/figure>\n\n\n\n<div class=\"wp-block-group is-layout-flow wp-block-group-is-layout-flow\" style=\"padding-right:var(--wp--preset--spacing--20);padding-left:var(--wp--preset--spacing--20)\">\n<p class=\"has-text-align-center has-sogo-font-family\" style=\"font-size:clamp(0.984rem, 0.984rem + ((1vw - 0.2rem) * 0.86), 1.5rem);\"><mark style=\"background-color:rgba(0, 0, 0, 0)\" class=\"has-inline-color has-accent-color\">03.<\/mark> Het wellness chalet op Camping Del Mar<\/p>\n<\/div>\n<\/div>\n<\/a><\/div>\n<\/div>\n\n\n\n<div style=\"height:6rem;width:0px\" aria-hidden=\"true\" class=\"wp-block-spacer\"><\/div>\n<\/div>\n<\/div>\n\n<div style=\"height:6rem\" aria-hidden=\"true\" class=\"wp-block-spacer gt-hide-mobile\"><\/div>\n\n<div class=\"wp-block-group alignwide animated fadeIn slower is-layout-flow wp-block-group-is-layout-flow\" style=\"margin-top:0;margin-bottom:-7vw;padding-right:var(--wp--preset--spacing--40);padding-left:var(--wp--preset--spacing--40)\">\n<p class=\"gt-sliding-text has-contrast-3-color has-text-color has-link-color has-sogo-font-family wp-elements-7238634dd35c7d30ee0ffb0236b5b761\" style=\"margin-top:0;margin-right:0;margin-bottom:0;margin-left:0;font-size:7vw;font-style:normal;font-weight:300;line-height:2.1;text-transform:uppercase\">Amusement &amp; vrije tijd<\/p>\n<\/div>\n\n<div class=\"wp-block-group alignfull has-global-padding is-layout-constrained wp-block-group-is-layout-constrained\">\n<div class=\"wp-block-group alignfull gt-swiper gt-swiper-1 is-layout-flow wp-block-group-is-layout-flow\">\n<div class=\"wp-block-group swiper-wrapper is-layout-flow wp-block-group-is-layout-flow\">\n<div class=\"wp-block-group swiper-slide has-global-padding is-layout-constrained wp-container-core-group-is-layout-46 wp-block-group-is-layout-constrained\" style=\"margin-top:0;margin-bottom:0\" data-hash=\"slide-restaurant\">\n<div class=\"wp-block-group alignfull gt-swiper-slide-thumb has-accent-2-color has-text-color has-link-color wp-elements-5dd6d63c6b6ecfc7f6d905b84962c061 is-layout-flow wp-block-group-is-layout-flow\">\n<figure class=\"wp-block-image size-full\"><img data-dominant-color=\"808070\" data-has-transparency=\"false\" decoding=\"async\" width=\"1519\" height=\"945\" src=\"https:\/\/campingclosduthym.com\/wp-content\/uploads\/sites\/5\/2024\/11\/animations-activites-variees-pour-rythmer-votre-sejour.webp\" alt=\"tal van activiteiten om je verblijf aan te vullen\" class=\"wp-image-4682 not-transparent\" style=\"--dominant-color: #808070; aspect-ratio:16\/9;object-fit:cover\" srcset=\"https:\/\/campingclosduthym.com\/wp-content\/uploads\/sites\/5\/2024\/11\/animations-activites-variees-pour-rythmer-votre-sejour.webp 1519w, https:\/\/campingclosduthym.com\/wp-content\/uploads\/sites\/5\/2024\/11\/animations-activites-variees-pour-rythmer-votre-sejour-300x187.webp 300w, https:\/\/campingclosduthym.com\/wp-content\/uploads\/sites\/5\/2024\/11\/animations-activites-variees-pour-rythmer-votre-sejour-1024x637.webp 1024w, https:\/\/campingclosduthym.com\/wp-content\/uploads\/sites\/5\/2024\/11\/animations-activites-variees-pour-rythmer-votre-sejour-768x478.webp 768w\" sizes=\"(max-width: 1519px) 100vw, 1519px\" \/><\/figure>\n<\/div>\n\n\n\n<div class=\"wp-block-group alignwide gt-break-mobile is-nowrap is-layout-flex wp-container-core-group-is-layout-45 wp-block-group-is-layout-flex\" style=\"padding-right:var(--wp--preset--spacing--40);padding-left:var(--wp--preset--spacing--40)\" data-swiper-parallax-duration=\"800\" data-swiper-parallax-x=\"-300\">\n<div class=\"wp-block-group gt-hide-mobile has-global-padding is-layout-constrained wp-block-group-is-layout-constrained\" style=\"margin-top:-90px\">\n<div class=\"wp-block-group gt-reveal-down has-global-padding is-layout-constrained wp-container-core-group-is-layout-38 wp-block-group-is-layout-constrained\">\n<div class=\"wp-block-group has-contrast-3-background-color has-background is-layout-flow wp-block-group-is-layout-flow\" style=\"min-height:25rem\"><\/div>\n<\/div>\n\n\n\n<figure class=\"wp-block-image aligncenter size-full gt-reveal-down wp-duotone-132f44-132f44-8\"><img data-dominant-color=\"b15526\" data-has-transparency=\"true\" style=\"--dominant-color: #b15526;\" decoding=\"async\" width=\"43\" height=\"21\" src=\"https:\/\/campingclosduthym.com\/wp-content\/uploads\/sites\/5\/2024\/08\/separator.png\" alt=\"scheider\" class=\"wp-image-150 has-transparency\"\/><\/figure>\n<\/div>\n\n\n\n<div class=\"wp-block-group has-global-padding is-layout-constrained wp-block-group-is-layout-constrained\" style=\"padding-top:var(--wp--preset--spacing--40);padding-bottom:var(--wp--preset--spacing--40)\"><h2 class=\"wp-block-heading has-accent-color has-text-color has-link-color wp-elements-02a962628a37bc3852c31a13c4bb9208\" id=\"diverse-evenementen-en-activiteiten-om-uw-verblijf-in-de-pyreneeen-te-veraangenamen\">Diverse evenementen en activiteiten om uw verblijf in de Pyrenee\u00ebn te veraangenamen<\/h2>\n\n\n<p class=\"has-medium-font-size\"><a href=\"https:\/\/campingclosduthym.com\/nl\/camping-animaties-argeles-sur-mer\/\">Entertainment overdag en &#8217;s avonds<\/a>, evenals een <a href=\"https:\/\/campingclosduthym.com\/nl\/camping-animaties-argeles-sur-mer\/#loisirs-activites\">breed scala aan recreatieve activiteiten,<\/a> maken je verblijf in de Pyr\u00e9n\u00e9es-Orientales compleet.<\/p>\n\n\n\n<div class=\"wp-block-buttons is-content-justification-center is-layout-flex wp-container-core-buttons-is-layout-3 wp-block-buttons-is-layout-flex\">\n<div class=\"wp-block-button has-custom-font-size is-style-gt-contour-small has-sogo-font-family has-large-font-size\" style=\"font-style:normal;font-weight:300\"><a class=\"wp-block-button__link has-accent-color has-text-color has-link-color wp-element-button\" href=\"https:\/\/campingclosduthym.com\/nl\/camping-animaties-argeles-sur-mer\/\">Amusement<\/a><\/div>\n\n\n\n<div class=\"wp-block-button has-custom-font-size is-style-gt-contour-small has-sogo-font-family has-large-font-size\" style=\"font-style:normal;font-weight:300\"><a class=\"wp-block-button__link has-accent-color has-text-color has-link-color wp-element-button\" href=\"https:\/\/campingclosduthym.com\/nl\/camping-animaties-argeles-sur-mer\/#loisirs-activites\">Activiteiten<\/a><\/div>\n<\/div>\n<\/div>\n\n\n\n<div class=\"wp-block-group gt-swiper-slide-nav is-vertical is-layout-flex wp-container-core-group-is-layout-44 wp-block-group-is-layout-flex\" style=\"border-left-width:1px;padding-right:0;padding-left:0\">\n<div class=\"wp-block-group has-global-padding is-layout-constrained wp-container-core-group-is-layout-41 wp-block-group-is-layout-constrained\" style=\"border-bottom-width:1px;padding-top:var(--wp--preset--spacing--10);padding-right:var(--wp--preset--spacing--20);padding-bottom:var(--wp--preset--spacing--10);padding-left:var(--wp--preset--spacing--20)\">\n<p class=\"gt-swiper-nav-slide-active has-contrast-color has-text-color has-link-color has-sogo-font-family has-large-font-size wp-elements-5c38ea62ace12045d92fd2fef0081aa4\"><a href=\"#slide-restaurant\" data-type=\"internal\" data-id=\"#slide-restaurant\">Evenementen en activiteiten<\/a><\/p>\n<\/div>\n\n\n\n<div class=\"wp-block-group has-global-padding is-layout-constrained wp-container-core-group-is-layout-42 wp-block-group-is-layout-constrained\" style=\"padding-top:var(--wp--preset--spacing--10);padding-right:var(--wp--preset--spacing--20);padding-bottom:var(--wp--preset--spacing--10);padding-left:var(--wp--preset--spacing--20)\">\n<p class=\"has-contrast-color has-text-color has-link-color has-sogo-font-family has-large-font-size wp-elements-2862de85514ce5c7d61ab2d06b0d00cd\"><a href=\"#slide-snack\">Kinderclub<\/a><\/p>\n<\/div>\n\n\n\n<div class=\"wp-block-group has-global-padding is-layout-constrained wp-container-core-group-is-layout-43 wp-block-group-is-layout-constrained\" style=\"border-top-width:1px;padding-top:var(--wp--preset--spacing--10);padding-right:var(--wp--preset--spacing--20);padding-bottom:var(--wp--preset--spacing--10);padding-left:var(--wp--preset--spacing--20)\">\n<p class=\"has-contrast-color has-text-color has-link-color has-sogo-font-family has-large-font-size wp-elements-337cb58dea9a03032b58da411565083c\"><a href=\"#slide-bar\">Attracties<\/a><\/p>\n<\/div>\n<\/div>\n<\/div>\n<\/div>\n\n\n\n<div class=\"wp-block-group swiper-slide has-global-padding is-layout-constrained wp-container-core-group-is-layout-57 wp-block-group-is-layout-constrained\" style=\"margin-top:0;margin-bottom:0\" data-hash=\"slide-snack\">\n<div class=\"wp-block-group alignfull gt-swiper-slide-thumb has-accent-2-color has-text-color has-link-color wp-elements-fa4e11dc6df3d95cb46e78ea3bc47128 is-layout-flow wp-block-group-is-layout-flow\">\n<figure class=\"wp-block-image size-full\"><img data-dominant-color=\"ad9673\" data-has-transparency=\"false\" decoding=\"async\" width=\"1519\" height=\"945\" src=\"https:\/\/campingclosduthym.com\/wp-content\/uploads\/sites\/5\/2024\/11\/club-enfant-clos-du-thyme.webp\" alt=\"club enfant clos du thyme\" class=\"wp-image-4833 not-transparent\" style=\"--dominant-color: #ad9673; aspect-ratio:16\/9;object-fit:cover\" srcset=\"https:\/\/campingclosduthym.com\/wp-content\/uploads\/sites\/5\/2024\/11\/club-enfant-clos-du-thyme.webp 1519w, https:\/\/campingclosduthym.com\/wp-content\/uploads\/sites\/5\/2024\/11\/club-enfant-clos-du-thyme-300x187.webp 300w, https:\/\/campingclosduthym.com\/wp-content\/uploads\/sites\/5\/2024\/11\/club-enfant-clos-du-thyme-1024x637.webp 1024w, https:\/\/campingclosduthym.com\/wp-content\/uploads\/sites\/5\/2024\/11\/club-enfant-clos-du-thyme-768x478.webp 768w\" sizes=\"(max-width: 1519px) 100vw, 1519px\" \/><\/figure>\n<\/div>\n\n\n\n<div class=\"wp-block-group alignwide gt-break-mobile is-nowrap is-layout-flex wp-container-core-group-is-layout-56 wp-block-group-is-layout-flex\" style=\"padding-right:var(--wp--preset--spacing--40);padding-left:var(--wp--preset--spacing--40)\" data-swiper-parallax-duration=\"800\" data-swiper-parallax-x=\"-300\">\n<div class=\"wp-block-group gt-hide-mobile has-global-padding is-layout-constrained wp-block-group-is-layout-constrained\" style=\"margin-top:-90px\">\n<div class=\"wp-block-group gt-reveal-down has-global-padding is-layout-constrained wp-container-core-group-is-layout-49 wp-block-group-is-layout-constrained\">\n<div class=\"wp-block-group has-contrast-3-background-color has-background is-layout-flow wp-block-group-is-layout-flow\" style=\"min-height:25rem\"><\/div>\n<\/div>\n\n\n\n<figure class=\"wp-block-image aligncenter size-full gt-reveal-down wp-duotone-132f44-132f44-9\"><img data-dominant-color=\"b15526\" data-has-transparency=\"true\" style=\"--dominant-color: #b15526;\" decoding=\"async\" width=\"43\" height=\"21\" src=\"https:\/\/campingclosduthym.com\/wp-content\/uploads\/sites\/5\/2024\/08\/separator.png\" alt=\"scheider\" class=\"wp-image-150 has-transparency\"\/><\/figure>\n<\/div>\n\n\n\n<div class=\"wp-block-group has-global-padding is-layout-constrained wp-block-group-is-layout-constrained\" style=\"padding-top:var(--wp--preset--spacing--40);padding-bottom:var(--wp--preset--spacing--40)\">\n<p class=\"has-medium-font-size\">Kinderen zullen zich vermaken in de <a href=\"https:\/\/campingclosduthym.com\/nl\/camping-animaties-argeles-sur-mer\/#club-enfants\">kinderclub met creatieve workshops en spelletjes<\/a>. Sportliefhebbers kunnen hun hart ophalen bij de jeu de boules toernooien (juli en augustus). <\/p>\n\n\n\n<div class=\"wp-block-buttons is-content-justification-center is-layout-flex wp-container-core-buttons-is-layout-4 wp-block-buttons-is-layout-flex\">\n<div class=\"wp-block-button has-custom-font-size is-style-gt-contour-small has-sogo-font-family has-large-font-size\" style=\"font-style:normal;font-weight:300\"><a class=\"wp-block-button__link has-accent-color has-text-color has-link-color wp-element-button\" href=\"https:\/\/campingclosduthym.com\/nl\/camping-animaties-argeles-sur-mer\/#club-enfants\">Kinderclub<\/a><\/div>\n<\/div>\n<\/div>\n\n\n\n<div class=\"wp-block-group gt-swiper-slide-nav is-vertical is-layout-flex wp-container-core-group-is-layout-55 wp-block-group-is-layout-flex\" style=\"border-left-width:1px;padding-right:0;padding-left:0\">\n<div class=\"wp-block-group has-global-padding is-layout-constrained wp-container-core-group-is-layout-52 wp-block-group-is-layout-constrained\" style=\"border-bottom-width:1px;padding-top:var(--wp--preset--spacing--10);padding-right:var(--wp--preset--spacing--20);padding-bottom:var(--wp--preset--spacing--10);padding-left:var(--wp--preset--spacing--20)\">\n<p class=\"gt-swiper-nav-slide-active has-contrast-color has-text-color has-link-color has-sogo-font-family has-large-font-size wp-elements-5c38ea62ace12045d92fd2fef0081aa4\"><a href=\"#slide-restaurant\" data-type=\"internal\" data-id=\"#slide-restaurant\">Evenementen en activiteiten<\/a><\/p>\n<\/div>\n\n\n\n<div class=\"wp-block-group has-global-padding is-layout-constrained wp-container-core-group-is-layout-53 wp-block-group-is-layout-constrained\" style=\"padding-top:var(--wp--preset--spacing--10);padding-right:var(--wp--preset--spacing--20);padding-bottom:var(--wp--preset--spacing--10);padding-left:var(--wp--preset--spacing--20)\">\n<p class=\"has-contrast-color has-text-color has-link-color has-sogo-font-family has-large-font-size wp-elements-2862de85514ce5c7d61ab2d06b0d00cd\"><a href=\"#slide-snack\">Kinderclub<\/a><\/p>\n<\/div>\n\n\n\n<div class=\"wp-block-group has-global-padding is-layout-constrained wp-container-core-group-is-layout-54 wp-block-group-is-layout-constrained\" style=\"border-top-width:1px;padding-top:var(--wp--preset--spacing--10);padding-right:var(--wp--preset--spacing--20);padding-bottom:var(--wp--preset--spacing--10);padding-left:var(--wp--preset--spacing--20)\">\n<p class=\"has-contrast-color has-text-color has-link-color has-sogo-font-family has-large-font-size wp-elements-337cb58dea9a03032b58da411565083c\"><a href=\"#slide-bar\">Attracties<\/a><\/p>\n<\/div>\n<\/div>\n<\/div>\n<\/div>\n\n\n\n<div class=\"wp-block-group swiper-slide has-global-padding is-layout-constrained wp-container-core-group-is-layout-68 wp-block-group-is-layout-constrained\" style=\"margin-top:0;margin-bottom:0\" data-hash=\"slide-bar\">\n<div class=\"wp-block-group alignfull gt-swiper-slide-thumb has-accent-2-color has-text-color has-link-color wp-elements-dc224913add68cd1b1a79cd2f5b4db01 is-layout-flow wp-block-group-is-layout-flow\">\n<figure class=\"wp-block-image size-full\"><img data-dominant-color=\"6e98ae\" data-has-transparency=\"false\" decoding=\"async\" width=\"1519\" height=\"945\" src=\"https:\/\/campingclosduthym.com\/wp-content\/uploads\/sites\/5\/2024\/11\/attraction-de-la-region.webp\" alt=\"aantrekkingskracht op de regio\" class=\"wp-image-4685 not-transparent\" style=\"--dominant-color: #6e98ae; aspect-ratio:16\/9;object-fit:cover\" srcset=\"https:\/\/campingclosduthym.com\/wp-content\/uploads\/sites\/5\/2024\/11\/attraction-de-la-region.webp 1519w, https:\/\/campingclosduthym.com\/wp-content\/uploads\/sites\/5\/2024\/11\/attraction-de-la-region-300x187.webp 300w, https:\/\/campingclosduthym.com\/wp-content\/uploads\/sites\/5\/2024\/11\/attraction-de-la-region-1024x637.webp 1024w, https:\/\/campingclosduthym.com\/wp-content\/uploads\/sites\/5\/2024\/11\/attraction-de-la-region-768x478.webp 768w\" sizes=\"(max-width: 1519px) 100vw, 1519px\" \/><\/figure>\n<\/div>\n\n\n\n<div class=\"wp-block-group alignwide gt-break-mobile is-nowrap is-layout-flex wp-container-core-group-is-layout-67 wp-block-group-is-layout-flex\" style=\"padding-right:var(--wp--preset--spacing--40);padding-left:var(--wp--preset--spacing--40)\" data-swiper-parallax-duration=\"800\" data-swiper-parallax-x=\"-300\">\n<div class=\"wp-block-group gt-hide-mobile has-global-padding is-layout-constrained wp-block-group-is-layout-constrained\" style=\"margin-top:-90px\">\n<div class=\"wp-block-group gt-reveal-down has-global-padding is-layout-constrained wp-container-core-group-is-layout-60 wp-block-group-is-layout-constrained\">\n<div class=\"wp-block-group has-contrast-3-background-color has-background is-layout-flow wp-block-group-is-layout-flow\" style=\"min-height:25rem\"><\/div>\n<\/div>\n\n\n\n<figure class=\"wp-block-image aligncenter size-full gt-reveal-down wp-duotone-132f44-132f44-10\"><img data-dominant-color=\"b15526\" data-has-transparency=\"true\" style=\"--dominant-color: #b15526;\" decoding=\"async\" width=\"43\" height=\"21\" src=\"https:\/\/campingclosduthym.com\/wp-content\/uploads\/sites\/5\/2024\/08\/separator.png\" alt=\"scheider\" class=\"wp-image-150 has-transparency\"\/><\/figure>\n<\/div>\n\n\n\n<div class=\"wp-block-group has-global-padding is-layout-constrained wp-block-group-is-layout-constrained\" style=\"padding-top:var(--wp--preset--spacing--40);padding-bottom:var(--wp--preset--spacing--40)\">\n<p class=\"has-medium-font-size\">Van<strong> <\/strong><a href=\"https:\/\/campingclosduthym.com\/nl\/camping-animaties-argeles-sur-mer\/#activites-attractions\">Culturele en gastronomische excursies<\/a> zijn ook beschikbaar om de rijkdom van de regio te ontdekken. Aan alles is gedacht om je vakantie onvergetelijk en dynamisch te maken (via onze partner\/aanvulling). <\/p>\n\n\n\n<div class=\"wp-block-buttons is-content-justification-center is-layout-flex wp-container-core-buttons-is-layout-5 wp-block-buttons-is-layout-flex\">\n<div class=\"wp-block-button has-custom-font-size is-style-gt-contour-small has-sogo-font-family has-large-font-size\" style=\"font-style:normal;font-weight:300\"><a class=\"wp-block-button__link has-accent-color has-text-color has-link-color wp-element-button\" href=\"https:\/\/campingclosduthym.com\/nl\/camping-animaties-argeles-sur-mer\/#activites-attractions\">Attracties<\/a><\/div>\n<\/div>\n<\/div>\n\n\n\n<div class=\"wp-block-group gt-swiper-slide-nav is-vertical is-layout-flex wp-container-core-group-is-layout-66 wp-block-group-is-layout-flex\" style=\"border-left-width:1px;padding-right:0;padding-left:0\">\n<div class=\"wp-block-group has-global-padding is-layout-constrained wp-container-core-group-is-layout-63 wp-block-group-is-layout-constrained\" style=\"border-bottom-width:1px;padding-top:var(--wp--preset--spacing--10);padding-right:var(--wp--preset--spacing--20);padding-bottom:var(--wp--preset--spacing--10);padding-left:var(--wp--preset--spacing--20)\">\n<p class=\"gt-swiper-nav-slide-active has-contrast-color has-text-color has-link-color has-sogo-font-family has-large-font-size wp-elements-5c38ea62ace12045d92fd2fef0081aa4\"><a href=\"#slide-restaurant\" data-type=\"internal\" data-id=\"#slide-restaurant\">Evenementen en activiteiten<\/a><\/p>\n<\/div>\n\n\n\n<div class=\"wp-block-group has-global-padding is-layout-constrained wp-container-core-group-is-layout-64 wp-block-group-is-layout-constrained\" style=\"padding-top:var(--wp--preset--spacing--10);padding-right:var(--wp--preset--spacing--20);padding-bottom:var(--wp--preset--spacing--10);padding-left:var(--wp--preset--spacing--20)\">\n<p class=\"has-contrast-color has-text-color has-link-color has-sogo-font-family has-large-font-size wp-elements-2862de85514ce5c7d61ab2d06b0d00cd\"><a href=\"#slide-snack\">Kinderclub<\/a><\/p>\n<\/div>\n\n\n\n<div class=\"wp-block-group has-global-padding is-layout-constrained wp-container-core-group-is-layout-65 wp-block-group-is-layout-constrained\" style=\"border-top-width:1px;padding-top:var(--wp--preset--spacing--10);padding-right:var(--wp--preset--spacing--20);padding-bottom:var(--wp--preset--spacing--10);padding-left:var(--wp--preset--spacing--20)\">\n<p class=\"has-contrast-color has-text-color has-link-color has-sogo-font-family has-large-font-size wp-elements-337cb58dea9a03032b58da411565083c\"><a href=\"#slide-bar\">Attracties<\/a><\/p>\n<\/div>\n<\/div>\n<\/div>\n<\/div>\n<\/div>\n<\/div>\n<\/div>\n\n<div style=\"height:4rem\" aria-hidden=\"true\" class=\"wp-block-spacer gt-hide-mobile\"><\/div>\n\n<div class=\"wp-block-group alignfull gt-reveal has-global-padding is-layout-constrained wp-container-core-group-is-layout-79 wp-block-group-is-layout-constrained\">\n<div class=\"wp-block-group alignwide animated fadeIn slower is-layout-flow wp-block-group-is-layout-flow\" style=\"margin-top:0;margin-bottom:-7vw;padding-right:0;padding-left:0\">\n<p class=\"gt-sliding-text has-contrast-3-color has-text-color has-link-color has-sogo-font-family wp-elements-4d2bff4e982730d771e55e77460b432d\" style=\"margin-top:0;margin-right:0;margin-bottom:0;margin-left:0;font-size:7vw;font-style:normal;font-weight:100;line-height:2.45;text-transform:uppercase\">IDYLLISCHE OMGEVING<\/p>\n<\/div>\n\n\n\n<div class=\"wp-block-group alignwide gt-break-mobile is-nowrap is-layout-flex wp-container-core-group-is-layout-78 wp-block-group-is-layout-flex\">\n<div class=\"wp-block-group is-layout-flow wp-block-group-is-layout-flow\">\n<figure class=\"wp-block-image size-full gt-reveal\"><img data-dominant-color=\"7b7c58\" data-has-transparency=\"false\" style=\"--dominant-color: #7b7c58;\" decoding=\"async\" width=\"746\" height=\"753\" src=\"https:\/\/campingclosduthym.com\/wp-content\/uploads\/sites\/5\/2024\/11\/nos-hebergements-en-location-a-argeles-sur-mer.webp\" alt=\"onze huuraccommodatie in argeles sur mer\" class=\"wp-image-4779 not-transparent\" srcset=\"https:\/\/campingclosduthym.com\/wp-content\/uploads\/sites\/5\/2024\/11\/nos-hebergements-en-location-a-argeles-sur-mer.webp 746w, https:\/\/campingclosduthym.com\/wp-content\/uploads\/sites\/5\/2024\/11\/nos-hebergements-en-location-a-argeles-sur-mer-297x300.webp 297w, https:\/\/campingclosduthym.com\/wp-content\/uploads\/sites\/5\/2024\/11\/nos-hebergements-en-location-a-argeles-sur-mer-150x150.webp 150w\" sizes=\"(max-width: 746px) 100vw, 746px\" \/><\/figure>\n\n\n\n<div style=\"height:2rem\" aria-hidden=\"true\" class=\"wp-block-spacer\"><\/div>\n\n\n\n<div class=\"wp-block-buttons is-content-justification-center is-layout-flex wp-container-core-buttons-is-layout-6 wp-block-buttons-is-layout-flex\">\n<div class=\"wp-block-button has-custom-font-size is-style-gt-contour-large has-sogo-font-family has-large-font-size\" style=\"font-style:normal;font-weight:300\"><a class=\"wp-block-button__link has-contrast-2-color has-text-color has-link-color wp-element-button\" href=\"https:\/\/campingclosduthym.com\/nl\/verhuur-stacaravan-argeles-sur-mer\/\" style=\"padding-right:var(--wp--preset--spacing--30);padding-left:var(--wp--preset--spacing--30)\">Onze stacaravans<\/a><\/div>\n\n\n\n<div class=\"wp-block-button has-custom-font-size is-style-gt-contour-large has-sogo-font-family has-large-font-size\" style=\"font-style:normal;font-weight:300\"><a class=\"wp-block-button__link has-contrast-2-color has-text-color has-link-color wp-element-button\" href=\"https:\/\/campingclosduthym.com\/nl\/goedkoop-kamperen-argeles-sur-mer\/\" style=\"padding-right:var(--wp--preset--spacing--30);padding-left:var(--wp--preset--spacing--30)\">Aanbiedingen &amp; prijzen<\/a><\/div>\n<\/div>\n<\/div>\n\n\n\n<div class=\"wp-block-group has-global-padding is-layout-constrained wp-block-group-is-layout-constrained\">\n<div class=\"wp-block-group is-layout-flow wp-block-group-is-layout-flow\" style=\"padding-right:var(--wp--preset--spacing--30);padding-left:var(--wp--preset--spacing--30)\">\n<div class=\"wp-block-group gt-reveal-down has-global-padding is-layout-constrained wp-container-core-group-is-layout-75 wp-block-group-is-layout-constrained\">\n<div class=\"wp-block-group has-contrast-3-background-color has-background is-layout-flow wp-block-group-is-layout-flow\" style=\"min-height:6rem\"><\/div>\n<\/div>\n\n\n\n<figure class=\"wp-block-image aligncenter size-full gt-reveal-down wp-duotone-e5e0ce-e5e0ce-11\"><img data-dominant-color=\"b15526\" data-has-transparency=\"true\" style=\"--dominant-color: #b15526;\" decoding=\"async\" width=\"43\" height=\"21\" src=\"https:\/\/campingclosduthym.com\/wp-content\/uploads\/sites\/5\/2024\/08\/separator.png\" alt=\"scheider\" class=\"wp-image-150 has-transparency\"\/><\/figure>\n\n\n<h2 class=\"wp-block-heading has-text-align-center gt-reveal-down has-accent-color has-text-color has-link-color wp-elements-a6bceaaa4b26bddfd3335d4b68d86a85\" id=\"geniet-van-het-comfort-van-onze-huuraccommodaties-in-argeles-sur-mer\">Geniet van het comfort van onze huuraccommodaties in Argel\u00e8s-sur-Mer<\/h2>\n\n\n<p class=\"has-text-align-center gt-reveal-down has-medium-font-size\">Geniet van het <strong>comfort <\/strong>van onze huuraccommodaties in Argel\u00e8s-sur-Mer. Onze <a href=\"\">moderne, goed uitgeruste stacaravans<\/a> bieden alles wat je nodig hebt voor een aangenaam verblijf: complete keuken, comfortabele slaapkamers, eigen badkamer en <strong>gemeubileerd terras<\/strong>. Profiteer van de airconditioning voor ontspannen nachten na een dag op ontdekkingstocht. Of je nu met z&#8217;n twee\u00ebn, met het gezin of met vrienden reist, onze ruime, functionele accommodaties voldoen aan al je wensen. Ze combineren comfort en functionaliteit voor een onvergetelijke vakantie, en altijd <a href=\"\">met de beste prijs-kwaliteitverhouding<\/a>!   <\/p>\n\n\n\n<div style=\"height:2rem\" aria-hidden=\"true\" class=\"wp-block-spacer\"><\/div>\n<\/div>\n\n\n\n<figure class=\"wp-block-image size-full gt-reveal\"><img data-dominant-color=\"b4a071\" data-has-transparency=\"false\" decoding=\"async\" width=\"620\" height=\"620\" src=\"https:\/\/campingclosduthym.com\/wp-content\/uploads\/sites\/5\/2024\/11\/hebergements-en-location-a-argeles-sur-mer.webp\" alt=\"vakantiewoning te huur in argeles sur mer\" class=\"wp-image-4690 not-transparent\" style=\"--dominant-color: #b4a071; aspect-ratio:1;object-fit:cover\" srcset=\"https:\/\/campingclosduthym.com\/wp-content\/uploads\/sites\/5\/2024\/11\/hebergements-en-location-a-argeles-sur-mer.webp 620w, https:\/\/campingclosduthym.com\/wp-content\/uploads\/sites\/5\/2024\/11\/hebergements-en-location-a-argeles-sur-mer-300x300.webp 300w, https:\/\/campingclosduthym.com\/wp-content\/uploads\/sites\/5\/2024\/11\/hebergements-en-location-a-argeles-sur-mer-150x150.webp 150w, https:\/\/campingclosduthym.com\/wp-content\/uploads\/sites\/5\/2024\/11\/hebergements-en-location-a-argeles-sur-mer-400x400.webp 400w, https:\/\/campingclosduthym.com\/wp-content\/uploads\/sites\/5\/2024\/11\/hebergements-en-location-a-argeles-sur-mer-600x600.webp 600w\" sizes=\"(max-width: 620px) 100vw, 620px\" \/><\/figure>\n<\/div>\n<\/div>\n<\/div>\n\n<div style=\"height:6rem\" aria-hidden=\"true\" class=\"wp-block-spacer\"><\/div>\n\n<div class=\"wp-block-cover alignfull has-custom-content-position is-position-top-center gt-reveal gt-cover-parallax-down wp-container-content-11\" style=\"margin-top:0;margin-bottom:0;padding-top:0;padding-right:var(--wp--preset--spacing--40);padding-bottom:0;padding-left:var(--wp--preset--spacing--40);min-height:100vh;aspect-ratio:unset;\"><span aria-hidden=\"true\" class=\"wp-block-cover__background has-base-2-background-color has-background-dim\"><\/span><img data-dominant-color=\"b2a37c\" data-has-transparency=\"false\" style=\"--dominant-color: #b2a37c;\" decoding=\"async\" width=\"1920\" height=\"945\" class=\"wp-block-cover__image-background wp-image-4604 not-transparent\" alt=\"votre residence secondaire vous attend a argeles sur mer\" src=\"https:\/\/campingclosduthym.com\/wp-content\/uploads\/sites\/5\/2024\/10\/votre-residence-secondaire-vous-attend-a-argeles-sur-mer.webp\" data-object-fit=\"cover\" srcset=\"https:\/\/campingclosduthym.com\/wp-content\/uploads\/sites\/5\/2024\/10\/votre-residence-secondaire-vous-attend-a-argeles-sur-mer.webp 1920w, https:\/\/campingclosduthym.com\/wp-content\/uploads\/sites\/5\/2024\/10\/votre-residence-secondaire-vous-attend-a-argeles-sur-mer-300x148.webp 300w, https:\/\/campingclosduthym.com\/wp-content\/uploads\/sites\/5\/2024\/10\/votre-residence-secondaire-vous-attend-a-argeles-sur-mer-1024x504.webp 1024w, https:\/\/campingclosduthym.com\/wp-content\/uploads\/sites\/5\/2024\/10\/votre-residence-secondaire-vous-attend-a-argeles-sur-mer-768x378.webp 768w, https:\/\/campingclosduthym.com\/wp-content\/uploads\/sites\/5\/2024\/10\/votre-residence-secondaire-vous-attend-a-argeles-sur-mer-1536x756.webp 1536w\" sizes=\"(max-width: 1920px) 100vw, 1920px\" \/><div class=\"wp-block-cover__inner-container has-global-padding is-layout-constrained wp-container-core-cover-is-layout-4 wp-block-cover-is-layout-constrained\">\n<div class=\"wp-block-group gt-reveal-down has-global-padding is-layout-constrained wp-container-core-group-is-layout-81 wp-block-group-is-layout-constrained\">\n<div class=\"wp-block-group has-contrast-3-background-color has-background is-layout-flow wp-block-group-is-layout-flow\" style=\"min-height:12rem\"><\/div>\n<\/div>\n\n\n\n<figure class=\"wp-block-image aligncenter size-full gt-reveal-down wp-duotone-e5e0ce-ffffff-12\"><img data-dominant-color=\"b15526\" data-has-transparency=\"true\" style=\"--dominant-color: #b15526;\" decoding=\"async\" width=\"43\" height=\"21\" src=\"https:\/\/campingclosduthym.com\/wp-content\/uploads\/sites\/5\/2024\/08\/separator.png\" alt=\"scheider\" class=\"wp-image-150 has-transparency\"\/><\/figure>\n\n\n\n<div style=\"height:1rem\" aria-hidden=\"true\" class=\"wp-block-spacer\"><\/div>\n\n\n<h2 class=\"wp-block-heading has-text-align-center has-base-color has-text-color has-link-color has-large-font-size wp-elements-e2ea404856ee29841c132c672b07ae05\" id=\"je-tweede-thuis-wacht-op-je-in-argeles-sur-mer\">Je tweede thuis wacht op je in Argel\u00e8s-sur-Mer<\/h2>\n\n\n<p class=\"has-text-align-center has-medium-font-size\">Je <strong>tweede thuis<\/strong> wacht op je in Argel\u00e8s-sur-Mer, een oase van rust voor een <strong>ontspannen<\/strong> vakantie. Onze comfortabele stacaravans zijn de ideale plek om <strong>nieuwe energie op te doen<\/strong> met familie of vrienden. Profiteer van de nabijheid van het strand (2,5 km) en de prachtige landschappen van de Pyr\u00e9n\u00e9es-Orientales. <a href=\"\">Als je huiseigenaar wordt in Argel\u00e8s-sur-Mer<\/a>, biedt je verblijf je de perfecte manier om te ontsnappen aan de stress van alledag. Maak er je zomerverblijf van en cre\u00eber onvergetelijke herinneringen.   <\/p>\n\n\n\n<div class=\"wp-block-buttons is-content-justification-center is-layout-flex wp-container-core-buttons-is-layout-7 wp-block-buttons-is-layout-flex\">\n<div class=\"wp-block-button has-custom-font-size is-style-gt-contour-large has-sogo-font-family has-large-font-size\" style=\"font-style:normal;font-weight:300\"><a class=\"wp-block-button__link has-base-color has-text-color has-link-color wp-element-button\" href=\"https:\/\/campingclosduthym.com\/nl\/eigenaar-worden-argeles-sur-mer\/\" style=\"padding-right:var(--wp--preset--spacing--30);padding-left:var(--wp--preset--spacing--30)\">Eigenaar worden<\/a><\/div>\n<\/div>\n\n\n\n<div style=\"height:6rem\" aria-hidden=\"true\" class=\"wp-block-spacer\"><\/div>\n<\/div><\/div>\n\n<div class=\"wp-block-group alignfull animated fadeIn slower gt-hide-mobile is-layout-flow wp-block-group-is-layout-flow\" style=\"margin-top:-7vw;padding-right:0;padding-left:0\">\n<p class=\"has-text-align-right gt-sliding-text has-base-color has-text-color has-link-color has-sogo-font-family wp-elements-67ae2b2493818978b1b47a3b8acb99f8\" style=\"margin-top:0;margin-right:0;margin-bottom:0;margin-left:0;font-size:7vw;font-style:normal;font-weight:100;line-height:1.6;text-transform:uppercase\">LEEF JE DROOM<\/p>\n<\/div>\n\n<div style=\"height:6rem\" aria-hidden=\"true\" class=\"wp-block-spacer\"><\/div>\n\n<div class=\"wp-block-group alignfull animated fadeIn slower is-layout-flow wp-block-group-is-layout-flow\" style=\"margin-top:0;margin-bottom:-30px;padding-right:0;padding-left:0\">\n<p class=\"gt-sliding-text has-contrast-3-color has-text-color has-link-color has-sogo-font-family wp-elements-2e2823431888cd5a02447a2647e97f7e\" style=\"margin-top:0;margin-right:0;margin-bottom:0;margin-left:0;font-size:7vw;font-style:normal;font-weight:300;line-height:1;text-transform:uppercase\">ONZE MOOIE REGIO<\/p>\n<\/div>\n\n<div class=\"wp-block-group alignfull has-global-padding is-layout-constrained wp-block-group-is-layout-constrained\" style=\"margin-top:0;margin-bottom:0\">\n<div class=\"wp-block-group alignfull gt-gallerie-accordeon-section has-accent-2-background-color has-background has-global-padding is-layout-constrained wp-block-group-is-layout-constrained\">\n<figure class=\"wp-block-gallery alignfull has-nested-images columns-default is-cropped gt-gallerie-accordeon wp-block-gallery-13 is-layout-flex wp-block-gallery-is-layout-flex\">\n<figure class=\"wp-block-image size-full\"><img data-dominant-color=\"4b7d9d\" data-has-transparency=\"false\" style=\"--dominant-color: #4b7d9d;\" decoding=\"async\" width=\"1326\" height=\"884\" src=\"https:\/\/campingclosduthym.com\/wp-content\/uploads\/sites\/5\/2024\/10\/les-pyrenees-orientales.webp\" alt=\"de oostelijke pyrenee&#xEB;n\" class=\"wp-image-4606 not-transparent\" srcset=\"https:\/\/campingclosduthym.com\/wp-content\/uploads\/sites\/5\/2024\/10\/les-pyrenees-orientales.webp 1326w, https:\/\/campingclosduthym.com\/wp-content\/uploads\/sites\/5\/2024\/10\/les-pyrenees-orientales-300x200.webp 300w, https:\/\/campingclosduthym.com\/wp-content\/uploads\/sites\/5\/2024\/10\/les-pyrenees-orientales-1024x683.webp 1024w, https:\/\/campingclosduthym.com\/wp-content\/uploads\/sites\/5\/2024\/10\/les-pyrenees-orientales-768x512.webp 768w\" sizes=\"(max-width: 1326px) 100vw, 1326px\" \/><figcaption class=\"wp-element-caption\">Pyr\u00e9n\u00e9es-Orientales<\/figcaption><\/figure>\n\n\n\n<figure class=\"wp-block-image size-full\"><img data-dominant-color=\"67767d\" data-has-transparency=\"false\" style=\"--dominant-color: #67767d;\" decoding=\"async\" width=\"1326\" height=\"884\" src=\"https:\/\/campingclosduthym.com\/wp-content\/uploads\/sites\/5\/2024\/10\/les-visites.webp\" alt=\"Bezoek\" class=\"wp-image-4608 not-transparent\" srcset=\"https:\/\/campingclosduthym.com\/wp-content\/uploads\/sites\/5\/2024\/10\/les-visites.webp 1326w, https:\/\/campingclosduthym.com\/wp-content\/uploads\/sites\/5\/2024\/10\/les-visites-300x200.webp 300w, https:\/\/campingclosduthym.com\/wp-content\/uploads\/sites\/5\/2024\/10\/les-visites-1024x683.webp 1024w, https:\/\/campingclosduthym.com\/wp-content\/uploads\/sites\/5\/2024\/10\/les-visites-768x512.webp 768w\" sizes=\"(max-width: 1326px) 100vw, 1326px\" \/><figcaption class=\"wp-element-caption\">Bezoek<\/figcaption><\/figure>\n\n\n\n<figure class=\"wp-block-image size-full\"><img data-dominant-color=\"46706c\" data-has-transparency=\"false\" style=\"--dominant-color: #46706c;\" decoding=\"async\" width=\"1326\" height=\"884\" src=\"https:\/\/campingclosduthym.com\/wp-content\/uploads\/sites\/5\/2024\/10\/les-activites.webp\" alt=\"ACTIVITEITEN\" class=\"wp-image-4610 not-transparent\" srcset=\"https:\/\/campingclosduthym.com\/wp-content\/uploads\/sites\/5\/2024\/10\/les-activites.webp 1326w, https:\/\/campingclosduthym.com\/wp-content\/uploads\/sites\/5\/2024\/10\/les-activites-300x200.webp 300w, https:\/\/campingclosduthym.com\/wp-content\/uploads\/sites\/5\/2024\/10\/les-activites-1024x683.webp 1024w, https:\/\/campingclosduthym.com\/wp-content\/uploads\/sites\/5\/2024\/10\/les-activites-768x512.webp 768w\" sizes=\"(max-width: 1326px) 100vw, 1326px\" \/><figcaption class=\"wp-element-caption\">De activiteiten<\/figcaption><\/figure>\n\n\n\n<figure class=\"wp-block-image size-full\"><img data-dominant-color=\"538078\" data-has-transparency=\"false\" style=\"--dominant-color: #538078;\" decoding=\"async\" width=\"1326\" height=\"884\" src=\"https:\/\/campingclosduthym.com\/wp-content\/uploads\/sites\/5\/2024\/10\/argeles-sur-mer.webp\" alt=\"argeles sur mer\" class=\"wp-image-4612 not-transparent\" srcset=\"https:\/\/campingclosduthym.com\/wp-content\/uploads\/sites\/5\/2024\/10\/argeles-sur-mer.webp 1326w, https:\/\/campingclosduthym.com\/wp-content\/uploads\/sites\/5\/2024\/10\/argeles-sur-mer-300x200.webp 300w, https:\/\/campingclosduthym.com\/wp-content\/uploads\/sites\/5\/2024\/10\/argeles-sur-mer-1024x683.webp 1024w, https:\/\/campingclosduthym.com\/wp-content\/uploads\/sites\/5\/2024\/10\/argeles-sur-mer-768x512.webp 768w\" sizes=\"(max-width: 1326px) 100vw, 1326px\" \/><figcaption class=\"wp-element-caption\">Argel\u00e8s-sur-Mer<\/figcaption><\/figure>\n\n\n\n<figure class=\"wp-block-image size-full\"><img data-dominant-color=\"946f41\" data-has-transparency=\"false\" style=\"--dominant-color: #946f41;\" decoding=\"async\" width=\"1326\" height=\"884\" src=\"https:\/\/campingclosduthym.com\/wp-content\/uploads\/sites\/5\/2024\/10\/randonnees.webp\" alt=\"wandelingen\" class=\"wp-image-4614 not-transparent\" srcset=\"https:\/\/campingclosduthym.com\/wp-content\/uploads\/sites\/5\/2024\/10\/randonnees.webp 1326w, https:\/\/campingclosduthym.com\/wp-content\/uploads\/sites\/5\/2024\/10\/randonnees-300x200.webp 300w, https:\/\/campingclosduthym.com\/wp-content\/uploads\/sites\/5\/2024\/10\/randonnees-1024x683.webp 1024w, https:\/\/campingclosduthym.com\/wp-content\/uploads\/sites\/5\/2024\/10\/randonnees-768x512.webp 768w\" sizes=\"(max-width: 1326px) 100vw, 1326px\" \/><figcaption class=\"wp-element-caption\">Wandelen<\/figcaption><\/figure>\n<\/figure>\n\n\n\n<div class=\"wp-block-group alignfull has-global-padding is-layout-constrained wp-block-group-is-layout-constrained\">\n<div class=\"wp-block-group alignfull gt-break-mobile is-content-justification-center is-nowrap is-layout-flex wp-container-core-group-is-layout-90 wp-block-group-is-layout-flex\" style=\"padding-right:var(--wp--preset--spacing--20);padding-left:var(--wp--preset--spacing--20)\" data-swiper-parallax-duration=\"800\" data-swiper-parallax-x=\"-300\">\n<div class=\"wp-block-group is-nowrap is-layout-flex wp-container-core-group-is-layout-88 wp-block-group-is-layout-flex\">\n<div class=\"wp-block-group gt-hide-mobile has-global-padding is-layout-constrained wp-block-group-is-layout-constrained\" style=\"margin-top:-90px\">\n<div class=\"wp-block-group gt-reveal-down has-global-padding is-layout-constrained wp-container-core-group-is-layout-85 wp-block-group-is-layout-constrained\">\n<div class=\"wp-block-group has-contrast-3-background-color has-background is-layout-flow wp-block-group-is-layout-flow\" style=\"min-height:25rem\"><\/div>\n<\/div>\n\n\n\n<figure class=\"wp-block-image aligncenter size-full gt-reveal-down wp-duotone-174c4f-174c4f-14\"><img data-dominant-color=\"b15526\" data-has-transparency=\"true\" style=\"--dominant-color: #b15526;\" decoding=\"async\" width=\"43\" height=\"21\" src=\"https:\/\/campingclosduthym.com\/wp-content\/uploads\/sites\/5\/2024\/08\/separator.png\" alt=\"scheider\" class=\"wp-image-150 has-transparency\"\/><\/figure>\n<\/div>\n\n\n\n<div class=\"wp-block-group has-global-padding is-layout-constrained wp-block-group-is-layout-constrained\" style=\"padding-top:var(--wp--preset--spacing--40);padding-bottom:var(--wp--preset--spacing--40)\"><h2 class=\"wp-block-heading has-accent-color has-text-color has-link-color wp-elements-eec8f20429582325c308b3c0ca372fda\" id=\"een-vakantie-om-de-pyrenees-orientales-te-ontdekken\">Een vakantie om de Pyr\u00e9n\u00e9es-Orientales te ontdekken<\/h2>\n\n\n<p class=\"has-medium-font-size\">Een vakantie <a href=\"https:\/\/campingclosduthym.com\/nl\/ontdek-de-pyrenees-orientales\/#visites\">in de Pyr\u00e9n\u00e9es-Orientales<\/a> belooft onvergetelijke momenten. Verken <strong>charmante dorpjes<\/strong> zoals <strong>Collioure<\/strong>, met zijn pittoreske smalle straatjes en kunstgalerie\u00ebn. Wandel in het <strong>Parc naturel des Pyr\u00e9n\u00e9es Catalanes<\/strong>, met adembenemende landschappen. Wat <a href=\"https:\/\/campingclosduthym.com\/nl\/ontdek-de-pyrenees-orientales\/#activites\">activiteiten in de Pyr\u00e9n\u00e9es-Orientales<\/a> betreft, ontspan op de <strong>stranden van Argel\u00e8s-sur-Mer<\/strong> of ontdek de <strong>wijngaarden van Banyuls<\/strong>. <strong>Lokale markten<\/strong>, <strong>culturele festivals<\/strong> en <strong>historische bezienswaardigheden<\/strong>, zoals het Paleis van de Koningen van Mallorca in Perpignan, maken dit lonende avontuur compleet.    <\/p>\n<\/div>\n<\/div>\n\n\n\n<div class=\"wp-block-group gt-gallerie-accordeon-nav has-sogo-font-family has-large-font-size wp-container-content-13 is-layout-flow wp-block-group-is-layout-flow\">\n<p>Navigatie<\/p>\n<\/div>\n<\/div>\n<\/div>\n\n\n\n<div style=\"height:6rem\" aria-hidden=\"true\" class=\"wp-block-spacer\"><\/div>\n<\/div>\n<\/div>\n\n<div style=\"height:6rem\" aria-hidden=\"true\" class=\"wp-block-spacer gt-hide-mobile\"><\/div>\n\n<div class=\"wp-block-group alignfull gt-reveal gt-faq-section has-global-padding is-layout-constrained wp-block-group-is-layout-constrained\">\n<div class=\"wp-block-group has-global-padding is-layout-constrained wp-block-group-is-layout-constrained\">\n<figure class=\"wp-block-image aligncenter size-full gt-reveal-down wp-duotone-174c4f-174c4f-15\"><img data-dominant-color=\"b15526\" data-has-transparency=\"true\" style=\"--dominant-color: #b15526;\" decoding=\"async\" width=\"43\" height=\"21\" src=\"https:\/\/campingclosduthym.com\/wp-content\/uploads\/sites\/5\/2024\/08\/separator.png\" alt=\"scheider\" class=\"wp-image-150 has-transparency\"\/><\/figure>\n\n\n\n<div class=\"wp-block-group gt-reveal-down has-global-padding is-layout-constrained wp-container-core-group-is-layout-95 wp-block-group-is-layout-constrained\">\n<div class=\"wp-block-group has-contrast-background-color has-background is-layout-flow wp-block-group-is-layout-flow\" style=\"min-height:2rem\"><\/div>\n<\/div>\n<\/div>\n\n\n<h2 class=\"wp-block-heading has-text-align-center has-accent-color has-text-color has-link-color wp-elements-a7b263179b663cf4ad3fea8813909d67\" id=\"faq\">FAQ<\/h2>\n\n\n<div class=\"wp-block-group alignwide is-vertical is-content-justification-stretch is-layout-flex wp-container-core-group-is-layout-97 wp-block-group-is-layout-flex\">\n<div class=\"wp-block-columns alignwide gt-no-border-mobile is-layout-flex wp-container-core-columns-is-layout-2 wp-block-columns-is-layout-flex\" style=\"border-bottom-width:1px\">\n<div class=\"wp-block-column gt-no-border-mobile is-layout-flow wp-block-column-is-layout-flow\">\n<details class=\"wp-block-details is-layout-flow wp-block-details-is-layout-flow\" style=\"padding-top:var(--wp--preset--spacing--20);padding-right:var(--wp--preset--spacing--30);padding-bottom:var(--wp--preset--spacing--20);padding-left:0\"><summary>Welke soorten accommodatie zijn er beschikbaar?<\/summary>\n<p>Op Le Clos du Thym verhuren we alleen stacaravans. We hebben er maar heel weinig omdat we een residenti\u00eble camping zijn. <\/p>\n<\/details>\n<\/div>\n\n\n\n<div class=\"wp-block-column gt-no-border-mobile is-layout-flow wp-block-column-is-layout-flow\" style=\"border-left-width:1px\">\n<details class=\"wp-block-details is-layout-flow wp-block-details-is-layout-flow\" style=\"padding-top:var(--wp--preset--spacing--20);padding-right:0;padding-bottom:var(--wp--preset--spacing--20);padding-left:var(--wp--preset--spacing--30)\"><summary>Kunnen we vrienden uitnodigen? Hebben mijn bezoekers toegang tot het zwembad? <\/summary>\n<p>Als er bezoekers komen, is het belangrijk dat je de receptie op de hoogte brengt. Ze kunnen de dag met je doorbrengen, maar kunnen niet ter plaatse slapen. Bezoekers hebben geen toegang tot het zwembad, maar kunnen wel lunchen in het restaurant, iets drinken in de bar en gebruik maken van de faciliteiten (zoals het jeu de boules veld en het voetbalveld). Het zwembad is de enige ruimte waar ze geen toegang toe hebben, om redenen van verzekering en capaciteit.   <\/p>\n<\/details>\n<\/div>\n<\/div>\n\n\n\n<div class=\"wp-block-columns alignwide gt-no-border-mobile is-layout-flex wp-container-core-columns-is-layout-3 wp-block-columns-is-layout-flex\" style=\"border-bottom-width:1px\">\n<div class=\"wp-block-column gt-no-border-mobile is-layout-flow wp-block-column-is-layout-flow\">\n<details class=\"wp-block-details is-layout-flow wp-block-details-is-layout-flow\" style=\"padding-top:var(--wp--preset--spacing--20);padding-right:var(--wp--preset--spacing--30);padding-bottom:var(--wp--preset--spacing--20);padding-left:0\"><summary>Wat zijn de vertrekdagen?<\/summary>\n<p>Aankomst en vertrek alleen op zaterdag. Aankomst vanaf 17.00 uur en vertrek tot 10.00 uur. <\/p>\n<\/details>\n<\/div>\n\n\n\n<div class=\"wp-block-column gt-no-border-mobile is-layout-flow wp-block-column-is-layout-flow\" style=\"border-left-width:1px\">\n<details class=\"wp-block-details is-layout-flow wp-block-details-is-layout-flow\" style=\"padding-top:var(--wp--preset--spacing--20);padding-right:0;padding-bottom:var(--wp--preset--spacing--20);padding-left:var(--wp--preset--spacing--30)\"><summary>Zijn jullie VACAF goedgekeurd?<\/summary>\n<p>Geen<\/p>\n<\/details>\n<\/div>\n<\/div>\n\n\n\n<div class=\"wp-block-columns alignwide gt-no-border-mobile is-layout-flex wp-container-core-columns-is-layout-4 wp-block-columns-is-layout-flex\" style=\"padding-top:0;padding-bottom:0\">\n<div class=\"wp-block-column gt-no-border-mobile is-layout-flow wp-block-column-is-layout-flow\">\n<details class=\"wp-block-details is-layout-flow wp-block-details-is-layout-flow\" style=\"padding-top:var(--wp--preset--spacing--20);padding-right:var(--wp--preset--spacing--30);padding-bottom:var(--wp--preset--spacing--20);padding-left:0\"><summary>Wat moet er gebeuren bij aankomst?<\/summary>\n<p>Als je aankomt, moet je naar de receptie gaan, of je nu via de camping of via een eigenaar hebt gehuurd. We heten je welkom en geven je alle informatie die je nodig hebt voor je verblijf. Bij het betrekken van de stacaravan wordt u gevraagd een inventaris in te vullen, die u de volgende ochtend samen met de borg terugbrengt naar de receptie.  <\/p>\n<\/details>\n<\/div>\n\n\n\n<div class=\"wp-block-column gt-no-border-mobile is-layout-flow wp-block-column-is-layout-flow\" style=\"border-left-width:1px\">\n<p class=\"has-contrast-color has-text-color has-link-color has-sogo-font-family has-large-font-size wp-elements-bcf3dc4d9230474a0e78b097b6ccbc39\" style=\"margin-top:0;margin-bottom:0;padding-top:var(--wp--preset--spacing--20);padding-right:var(--wp--preset--spacing--30);padding-bottom:0;padding-left:var(--wp--preset--spacing--30)\"><a href=\"https:\/\/campingclosduthym.com\/nl\/faq-kamperen-argeles-sur-mer\/\">Lees de volledige FAQ<\/a><\/p>\n<\/div>\n<\/div>\n<\/div>\n<\/div>\n\n<div style=\"height:6rem\" aria-hidden=\"true\" class=\"wp-block-spacer\"><\/div>\n\n<div class=\"wp-block-cover alignfull has-custom-content-position is-position-top-center gt-section-avis gt-reveal gt-cover-parallax-down\" style=\"padding-top:0;padding-right:0;padding-bottom:0;padding-left:0\"><span aria-hidden=\"true\" class=\"wp-block-cover__background has-base-2-background-color has-background-dim\"><\/span><img data-dominant-color=\"989d25\" data-has-transparency=\"false\" style=\"--dominant-color: #989d25;\" decoding=\"async\" width=\"1920\" height=\"670\" class=\"wp-block-cover__image-background wp-image-4694 not-transparent\" alt=\"avis de nos client\" src=\"https:\/\/campingclosduthym.com\/wp-content\/uploads\/sites\/5\/2024\/11\/avis-de-nos-client.webp\" data-object-fit=\"cover\" srcset=\"https:\/\/campingclosduthym.com\/wp-content\/uploads\/sites\/5\/2024\/11\/avis-de-nos-client.webp 1920w, https:\/\/campingclosduthym.com\/wp-content\/uploads\/sites\/5\/2024\/11\/avis-de-nos-client-300x105.webp 300w, https:\/\/campingclosduthym.com\/wp-content\/uploads\/sites\/5\/2024\/11\/avis-de-nos-client-1024x357.webp 1024w, https:\/\/campingclosduthym.com\/wp-content\/uploads\/sites\/5\/2024\/11\/avis-de-nos-client-768x268.webp 768w, https:\/\/campingclosduthym.com\/wp-content\/uploads\/sites\/5\/2024\/11\/avis-de-nos-client-1536x536.webp 1536w\" sizes=\"(max-width: 1920px) 100vw, 1920px\" \/><div class=\"wp-block-cover__inner-container has-global-padding is-layout-constrained wp-container-core-cover-is-layout-5 wp-block-cover-is-layout-constrained\">\n<div class=\"wp-block-columns alignfull gt-no-border-mobile is-layout-flex wp-container-core-columns-is-layout-5 wp-block-columns-is-layout-flex\" style=\"border-bottom-width:1px;padding-right:var(--wp--preset--spacing--50);padding-left:var(--wp--preset--spacing--50)\">\n<div class=\"wp-block-column is-vertically-aligned-bottom overflow-hidden is-layout-flow wp-block-column-is-layout-flow\">\n<div style=\"height:5rem\" aria-hidden=\"true\" class=\"wp-block-spacer gt-hide-mobile\"><\/div>\n\n\n\n<div style=\"height:5rem\" aria-hidden=\"true\" class=\"wp-block-spacer\"><\/div>\n\n\n\n<div class=\"wp-block-group gt-no-border-mobile is-layout-flow wp-block-group-is-layout-flow\" style=\"margin-bottom:-1px;padding-top:1px\">\n<div class=\"wp-block-group gt-no-border-mobile is-layout-flow wp-block-group-is-layout-flow\" style=\"border-top-style:none;border-top-width:0px;border-right-width:1px;border-bottom-width:1px;border-left-width:1px;margin-top:0;padding-top:var(--wp--preset--spacing--30);padding-right:var(--wp--preset--spacing--30);padding-bottom:0;padding-left:var(--wp--preset--spacing--30)\">\n<figure class=\"wp-block-image size-full gt-border-quote gt-hide-mobile\"><img data-dominant-color=\"e6e0cc\" data-has-transparency=\"true\" decoding=\"async\" width=\"118\" height=\"71\" src=\"https:\/\/campingclosduthym.com\/wp-content\/uploads\/sites\/5\/2024\/08\/avis.png\" alt=\"mening\" class=\"wp-image-500 has-transparency\" style=\"--dominant-color: #e6e0cc; object-fit:contain\"\/><\/figure>\n\n\n\n<p style=\"font-style:normal;font-weight:300\">Geweldige familievakantie. Geweldige camping, erg rustig, heeft alleen wat entertainment in de avond nodig. Dank aan fati en Robert voor hun welkom, verander niets, jullie zijn geweldig.  <\/p>\n\n\n\n<div class=\"wp-block-group is-nowrap is-layout-flex wp-container-core-group-is-layout-101 wp-block-group-is-layout-flex\">\n<figure class=\"wp-block-image size-full is-resized has-custom-border\"><img data-dominant-color=\"8f532d\" data-has-transparency=\"false\" decoding=\"async\" width=\"100\" height=\"100\" src=\"https:\/\/campingclosduthym.com\/wp-content\/uploads\/sites\/5\/2024\/10\/jennifer-p.webp\" alt=\"jennifer p\" class=\"wp-image-4618 not-transparent\" style=\"--dominant-color: #8f532d; border-top-left-radius:100%;border-top-right-radius:100%;border-bottom-left-radius:0%;border-bottom-right-radius:0%;aspect-ratio:1;object-fit:cover;width:100px\"\/><\/figure>\n\n\n\n<div class=\"wp-block-group has-global-padding is-layout-constrained wp-container-core-group-is-layout-100 wp-block-group-is-layout-constrained\">\n<p>Jennifer P.<\/p>\n\n\n\n<div class=\"wp-block-group has-base-color has-text-color has-link-color wp-elements-16e1265a4b2de9ca2e166c7b48a3e78f is-nowrap is-layout-flex wp-container-core-group-is-layout-99 wp-block-group-is-layout-flex\">\n<p>\u2605<\/p>\n\n\n\n<p class=\"has-base-color has-text-color has-link-color wp-elements-74fd8190bfa4cba59ec35e7df5dbe2ce\">\u2605<\/p>\n\n\n\n<p>\u2605<\/p>\n\n\n\n<p>\u2605<\/p>\n\n\n\n<p>\u2605<\/p>\n<\/div>\n<\/div>\n<\/div>\n<\/div>\n<\/div>\n<\/div>\n\n\n\n<div class=\"wp-block-column is-vertically-aligned-top gt-hide-mobile is-layout-flow wp-block-column-is-layout-flow\" style=\"flex-basis:14rem\">\n<div class=\"wp-block-group has-global-padding is-layout-constrained wp-block-group-is-layout-constrained\" style=\"margin-bottom:var(--wp--preset--spacing--40)\">\n<div class=\"wp-block-group gt-reveal-down has-global-padding is-layout-constrained wp-container-core-group-is-layout-105 wp-block-group-is-layout-constrained\">\n<div class=\"wp-block-group has-base-background-color has-background is-layout-flow wp-block-group-is-layout-flow\" style=\"min-height:10rem\"><\/div>\n<\/div>\n\n\n\n<figure class=\"wp-block-image aligncenter size-full gt-reveal-down wp-duotone-rgb253249249-rgb255255255-16\"><img data-dominant-color=\"b15526\" data-has-transparency=\"true\" style=\"--dominant-color: #b15526;\" decoding=\"async\" width=\"43\" height=\"21\" src=\"https:\/\/campingclosduthym.com\/wp-content\/uploads\/sites\/5\/2024\/08\/separator.png\" alt=\"scheider\" class=\"wp-image-150 has-transparency\"\/><\/figure>\n<\/div>\n\n\n\n<div class=\"wp-block-group alignwide wp-container-content-14 is-layout-flow wp-block-group-is-layout-flow\" style=\"margin-top:0;padding-right:0;padding-left:0\">\n<p class=\"gt-sliding-text-center has-base-color has-text-color has-link-color has-sogo-font-family wp-elements-5d630e5d55b1ddf2159be47f44825292\" style=\"margin-top:0;margin-right:0;margin-bottom:0;margin-left:22px;font-size:clamp(2.629rem, 2.629rem + ((1vw - 0.2rem) * 3.952), 5rem);font-style:normal;font-weight:300;line-height:1;text-transform:uppercase\">Opinie<\/p>\n<\/div>\n<\/div>\n\n\n\n<div class=\"wp-block-column is-vertically-aligned-bottom overflow-hidden is-layout-flow wp-block-column-is-layout-flow\" style=\"padding-top:var(--wp--preset--spacing--30)\">\n<div class=\"wp-block-group is-layout-flow wp-block-group-is-layout-flow\" style=\"margin-bottom:-1px;padding-top:1px\">\n<div class=\"wp-block-group gt-no-border-mobile is-layout-flow wp-block-group-is-layout-flow\" style=\"border-top-style:none;border-top-width:0px;border-right-width:1px;border-bottom-width:1px;border-left-width:1px;margin-top:0;padding-top:var(--wp--preset--spacing--30);padding-right:var(--wp--preset--spacing--30);padding-bottom:0;padding-left:var(--wp--preset--spacing--30)\">\n<figure class=\"wp-block-image size-full gt-border-quote gt-hide-mobile\"><img data-dominant-color=\"e6e0cc\" data-has-transparency=\"true\" decoding=\"async\" width=\"118\" height=\"71\" src=\"https:\/\/campingclosduthym.com\/wp-content\/uploads\/sites\/5\/2024\/08\/avis.png\" alt=\"mening\" class=\"wp-image-500 has-transparency\" style=\"--dominant-color: #e6e0cc; object-fit:contain\"\/><\/figure>\n\n\n\n<p style=\"font-style:normal;font-weight:300\">Vriendelijke familiecamping. Vriendelijk en attent personeel. We hadden een mechanisch probleem met onze auto. Het team was erg begripvol en hielp ons op alle mogelijke manieren. Zeer goede familiegeest.    <\/p>\n\n\n\n<div class=\"wp-block-group is-nowrap is-layout-flex wp-container-core-group-is-layout-110 wp-block-group-is-layout-flex\">\n<figure class=\"wp-block-image size-full is-resized has-custom-border\"><img data-dominant-color=\"956855\" data-has-transparency=\"false\" decoding=\"async\" width=\"100\" height=\"100\" src=\"https:\/\/campingclosduthym.com\/wp-content\/uploads\/sites\/5\/2024\/10\/orianne-f.webp\" alt=\"orianne f\" class=\"wp-image-4620 not-transparent\" style=\"--dominant-color: #956855; border-top-left-radius:100%;border-top-right-radius:100%;border-bottom-left-radius:0%;border-bottom-right-radius:0%;aspect-ratio:1;object-fit:cover;width:100px\"\/><\/figure>\n\n\n\n<div class=\"wp-block-group has-global-padding is-layout-constrained wp-container-core-group-is-layout-109 wp-block-group-is-layout-constrained\">\n<p>Orianne F.<\/p>\n\n\n\n<div class=\"wp-block-group has-base-color has-text-color has-link-color wp-elements-4eac911b3b30cf46bc331260e1c90bce is-nowrap is-layout-flex wp-container-core-group-is-layout-108 wp-block-group-is-layout-flex\">\n<p>\u2605<\/p>\n\n\n\n<p>\u2605<\/p>\n\n\n\n<p>\u2605<\/p>\n\n\n\n<p>\u2605<\/p>\n\n\n\n<p>\u2605<\/p>\n<\/div>\n<\/div>\n<\/div>\n<\/div>\n<\/div>\n<\/div>\n<\/div>\n\n\n\n<div style=\"height:3rem\" aria-hidden=\"true\" class=\"wp-block-spacer\"><\/div>\n\n\n\n<div class=\"wp-block-columns alignwide are-vertically-aligned-center is-layout-flex wp-container-core-columns-is-layout-6 wp-block-columns-is-layout-flex\">\n<div class=\"wp-block-column is-vertically-aligned-center gt-hide-mobile is-layout-flow wp-block-column-is-layout-flow\">\n<hr class=\"wp-block-separator has-text-color has-base-color has-alpha-channel-opacity has-base-background-color has-background is-style-wide\"\/>\n<\/div>\n\n\n\n<div class=\"wp-block-column is-vertically-aligned-center is-layout-flow wp-block-column-is-layout-flow\" style=\"flex-basis:200px\">\n<p class=\"has-text-align-center has-link-color has-sogo-font-family has-large-font-size wp-elements-4c794f97c97a6856c2f1486ec78c55eb\"><a href=\"https:\/\/www.google.com\/travel\/search?gsas=1&amp;ts=EggKAggDCgIIAxocEhoSFAoHCOgPEAsYARIHCOgPEAsYAhgBMgIQAA&amp;qs=MhRDZ3NJcE8zUG9xeXVvN1B3QVJBQjgC&amp;ap=ugEHcmV2aWV3cw&amp;client=firefox-b-d&amp;biw=1920&amp;bih=919&amp;hl=fr-FR&amp;ved=0CAAQ5JsGahcKEwjo0oKzi5OJAxUAAAAAHQAAAAAQBQ\" data-type=\"page\" data-id=\"877\" target=\"_blank\" rel=\"noreferrer noopener\">Alle beoordelingen<\/a><\/p>\n<\/div>\n\n\n\n<div class=\"wp-block-column is-vertically-aligned-center gt-hide-mobile is-layout-flow wp-block-column-is-layout-flow\">\n<hr class=\"wp-block-separator has-text-color has-base-color has-alpha-channel-opacity has-base-background-color has-background is-style-wide\"\/>\n<\/div>\n<\/div>\n\n\n\n<div style=\"height:3rem\" aria-hidden=\"true\" class=\"wp-block-spacer\"><\/div>\n<\/div><\/div>\n\n<div style=\"height:var(--wp--preset--spacing--20)\" aria-hidden=\"true\" class=\"wp-block-spacer\"><\/div>\n","protected":false},"excerpt":{"rendered":"<p>UNIEKE ERVARING We kijken ernaar uit u te verwelkomen op momenten van ontspanningen om nieuwe energie op te doen met het gezin, met z&#8217;n twee\u00ebn of met vrienden&#8230; Ons dagelijks doel is om er alles aan te doen om je tevreden te stellen en je eenrustige, gezellige en gezinsvriendelijke accommodatie te bieden. Ons team staat [&hellip;]<\/p>\n","protected":false},"author":1,"featured_media":0,"parent":0,"menu_order":0,"comment_status":"closed","ping_status":"closed","template":"","meta":{"_acf_changed":false,"_seopress_robots_primary_cat":"","_seopress_titles_title":"Camping aan zee en in de bergen in Argel\u00e8s-sur-Mer, Pyr\u00e9n\u00e9es-Orientales","_seopress_titles_desc":"Verblijf op een natuurcamping tussen de zee en de bergen in Argel\u00e8s-sur-Mer, in de Pyr\u00e9n\u00e9es-Orientales. Residenti\u00eble camping met alle comfort. ","_seopress_robots_index":"","_gt_ctv_global_id":"","_gt_ctv_id_group":false,"inline_featured_image":false,"gt_fse_maillage_image":"","gt_fse_maillage_titre":"Home","gt_fse_maillage_resume":"","_gt_maillage_image":0,"_gt_maillage_video":0,"_gt_maillage_title":"","footnotes":""},"categories":[],"tags":[],"class_list":["post-5361","page","type-page","status-publish","hentry"],"acf":[],"_links":{"self":[{"href":"https:\/\/campingclosduthym.com\/nl\/wp-json\/wp\/v2\/pages\/5361","targetHints":{"allow":["GET"]}}],"collection":[{"href":"https:\/\/campingclosduthym.com\/nl\/wp-json\/wp\/v2\/pages"}],"about":[{"href":"https:\/\/campingclosduthym.com\/nl\/wp-json\/wp\/v2\/types\/page"}],"author":[{"embeddable":true,"href":"https:\/\/campingclosduthym.com\/nl\/wp-json\/wp\/v2\/users\/1"}],"replies":[{"embeddable":true,"href":"https:\/\/campingclosduthym.com\/nl\/wp-json\/wp\/v2\/comments?post=5361"}],"version-history":[{"count":10,"href":"https:\/\/campingclosduthym.com\/nl\/wp-json\/wp\/v2\/pages\/5361\/revisions"}],"predecessor-version":[{"id":5958,"href":"https:\/\/campingclosduthym.com\/nl\/wp-json\/wp\/v2\/pages\/5361\/revisions\/5958"}],"wp:attachment":[{"href":"https:\/\/campingclosduthym.com\/nl\/wp-json\/wp\/v2\/media?parent=5361"}],"wp:term":[{"taxonomy":"category","embeddable":true,"href":"https:\/\/campingclosduthym.com\/nl\/wp-json\/wp\/v2\/categories?post=5361"},{"taxonomy":"post_tag","embeddable":true,"href":"https:\/\/campingclosduthym.com\/nl\/wp-json\/wp\/v2\/tags?post=5361"}],"curies":[{"name":"wp","href":"https:\/\/api.w.org\/{rel}","templated":true}]}}