{"id":5497,"date":"2024-10-15T10:35:55","date_gmt":"2024-10-15T08:35:55","guid":{"rendered":"https:\/\/campingclosduthym.com\/eigenaar-worden-argeles-sur-mer\/"},"modified":"2025-01-14T14:51:04","modified_gmt":"2025-01-14T13:51:04","slug":"eigenaar-worden-argeles-sur-mer","status":"publish","type":"page","link":"https:\/\/campingclosduthym.com\/nl\/eigenaar-worden-argeles-sur-mer\/","title":{"rendered":"Word eigenaar van een stacaravan in de Pyr\u00e9n\u00e9es-Orientales"},"content":{"rendered":"\n<div class=\"wp-block-group alignfull gt-reveal has-global-padding is-layout-constrained wp-container-core-group-is-layout-5 wp-block-group-is-layout-constrained\">\n<div style=\"height:6rem\" aria-hidden=\"true\" class=\"wp-block-spacer gt-hide-mobile\"><\/div>\n\n\n\n<div class=\"wp-block-group alignwide gt-break-mobile is-nowrap is-layout-flex wp-container-core-group-is-layout-4 wp-block-group-is-layout-flex\">\n<div class=\"wp-block-group has-global-padding is-layout-constrained wp-block-group-is-layout-constrained\">\n<div class=\"wp-block-group is-layout-flow wp-block-group-is-layout-flow\" style=\"padding-right:var(--wp--preset--spacing--30);padding-left:var(--wp--preset--spacing--30)\">\n<div style=\"height:10rem\" aria-hidden=\"true\" class=\"wp-block-spacer gt-hide-mobile\"><\/div>\n\n\n\n<figure class=\"wp-block-image aligncenter size-full gt-reveal-down wp-duotone-174c4f-174c4f-1\"><img data-dominant-color=\"b15526\" data-has-transparency=\"true\" style=\"--dominant-color: #b15526;\" decoding=\"async\" width=\"43\" height=\"21\" src=\"https:\/\/campingclosduthym.com\/wp-content\/uploads\/sites\/5\/2024\/08\/separator.png\" alt=\"scheider\" class=\"wp-image-150 has-transparency\"\/><\/figure>\n\n\n<h2 class=\"wp-block-heading has-text-align-center gt-reveal-down has-accent-color has-text-color has-link-color wp-elements-c0269a94a625b24598550a4dae0cdf20\" id=\"het-hele-jaar-door-op-vakantie-met-je-tweede-huis-in-argeles-sur-mer\">Het hele jaar door op vakantie met je tweede huis in Argel\u00e8s-sur-Mer<\/h2>\n\n\n<p class=\"has-text-align-center gt-reveal-down has-medium-font-size\">Onze <a href=\"https:\/\/campingclosduthym.com\/nl\/\">familiecamping in de Pyr\u00e9n\u00e9es-Orientales<\/a> is <strong>het hele jaar geopend<\/strong> en ligt <strong>op 500 m van het dorp<\/strong> en beschikt over <strong>alle faciliteiten<\/strong> die je nodig hebt voor een ontspannen vakantie in een <strong>rustige omgeving met bomen<\/strong>.<\/p>\n\n\n\n<p class=\"has-text-align-center gt-reveal-down has-medium-font-size\">Het gaat niet alleen om het kopen van een vakantieaccommodatie, het gaat er ook om dat je jezelf de vrijheid geeft om <strong>het hele jaar door van je vakantie te<\/strong> genieten. Op Le <strong>Clos du Thym<\/strong>, in <a href=\"\">het hart van de Pyr\u00e9n\u00e9es-Orientales<\/a>, bieden wij u een unieke ervaring: verblijf tot <strong>9 maanden per jaar<\/strong> in uw stacaravan en geniet van meer dan <strong>300 dagen zon<\/strong> per jaar. <\/p>\n\n\n    <div id=\"gt-fse-lire-plus-69f0c3de5178a\" class=\"gt-fse-lire-plus\" data-min-height=\"130\" style=\"background-color: #fff;\">\n        <input id=\"gt-fse-lire-plus-69f0c3de5178a-toggle\" type=\"checkbox\" class=\"gt-fse-lire-plus__toggle\" \/>\n        <label for=\"gt-fse-lire-plus-69f0c3de5178a-toggle\" class=\"gt-fse-lire-plus__toggle-label\">\n            <span>Meer lezen<\/span>\n            <span>Minder lezen<\/span>\n        <\/label>\n        <div class=\"gt-fse-lire-plus__content\" style=\"height: 130px;\">\n            \n\n<p class=\"has-text-align-center gt-reveal-down m-b-0 has-medium-font-size\"><br\/><strong>Een stacaravan, uw vakantie het hele jaar door<\/strong><br\/>Bij <strong>Clos du Thym<\/strong> vinden we dat uw vakantie niet beperkt moet blijven tot een paar weken in de zomer. Daarom zijn wij <strong>het hele jaar door geopend<\/strong>, zodat u van uw stacaravan kunt genieten wanneer u maar wilt, ongeacht het seizoen. Of het nu gaat om een zonnige herfstvakantie, een ontspannende wintervakantie of een langer verblijf in de lente en de zomer, uw stacaravan wordt een echt toevluchtsoord, een tweede thuis waar u kunt genieten van uw <strong>vakantie wanneer u maar wilt<\/strong>.  <\/p>\n\n\n\n<p class=\"has-text-align-center gt-reveal-down m-b-0 has-medium-font-size\"><br\/><strong>Geniet van het uitzonderlijke klimaat van de Pyr\u00e9n\u00e9es-Orientales<\/strong><br\/>Met meer dan <strong>300 dagen zon per jaar<\/strong> bieden de Pyr\u00e9n\u00e9es-Orientales een <strong>ideaal klimaat <\/strong>voor een vakantie het hele jaar door. Of je nu wilt zonnebaden in de mediterrane zon, de omgeving wilt verkennen of gewoon wilt ontspannen in een natuurlijke omgeving, <strong>Clos du Thym<\/strong> is de perfecte plek om van dit zonnige klimaat te genieten. Stel je voor dat je midden november geniet van een kopje koffie op het terras van je stacaravan, of dat je in maart onder een stralend blauwe hemel langs de nabijgelegen stranden wandelt.  <\/p>\n\n\n\n<p class=\"has-text-align-center gt-reveal-down m-b-0 has-medium-font-size\"><strong>Verblijf tot 9 maanden per jaar<\/strong><br\/>Als u een stacaravan koopt bij Le <strong>Clos du Thym<\/strong>, profiteert u van een exclusief aanbod waarmee u tot <strong>9 maanden per jaar<\/strong> op ons domein kunt verblijven. Dankzij deze flexibiliteit kunt u komen en gaan wanneer u wilt, naargelang uw behoeften en wensen, en vermijdt u de beperkingen van een tijdelijk verblijf. Of u nu langere periodes wilt doorbrengen of gewoon regelmatig een korte vakantie wilt, Clos du Thym biedt u <strong>totale vakantievrijheid<\/strong>.  <\/p>\n\n            <div class=\"gt-fse-lire-plus__gradient\" style=\"background: linear-gradient(to bottom,rgba(255,255,255,0) 0%,rgba(255,255,255,1) 100%);\"><\/div>\n        <\/div>\n    <\/div>\n    <\/div>\n<\/div>\n\n\n\n<div class=\"wp-block-group wp-container-content-1 is-layout-flow wp-block-group-is-layout-flow\">\n<figure class=\"wp-block-image size-full gt-reveal\"><img data-dominant-color=\"a69785\" data-has-transparency=\"false\" style=\"--dominant-color: #a69785;\" decoding=\"async\" width=\"640\" height=\"961\" src=\"https:\/\/campingclosduthym.com\/wp-content\/uploads\/sites\/5\/2024\/11\/devenez-proprietaire-d-un-mobil-home.webp\" alt=\"eigenaar worden van een stacaravan\" class=\"wp-image-4764 not-transparent\" srcset=\"https:\/\/campingclosduthym.com\/wp-content\/uploads\/sites\/5\/2024\/11\/devenez-proprietaire-d-un-mobil-home.webp 640w, https:\/\/campingclosduthym.com\/wp-content\/uploads\/sites\/5\/2024\/11\/devenez-proprietaire-d-un-mobil-home-200x300.webp 200w\" sizes=\"(max-width: 640px) 100vw, 640px\" \/><\/figure>\n<\/div>\n<\/div>\n<\/div>\n\n<div class=\"wp-block-group alignfull gt-reveal has-global-padding is-layout-constrained wp-container-core-group-is-layout-11 wp-block-group-is-layout-constrained\">\n<div style=\"height:6rem\" aria-hidden=\"true\" class=\"wp-block-spacer gt-hide-mobile\"><\/div>\n\n\n\n<div class=\"wp-block-group alignwide animated fadeIn slower gt-hide-mobile is-layout-flow wp-block-group-is-layout-flow\" style=\"margin-top:0;margin-bottom:-33px;padding-right:0;padding-left:0\">\n<p class=\"gt-sliding-text has-contrast-3-color has-text-color has-link-color has-sogo-font-family wp-elements-5d8757149a9b07f045987d625144d71d\" style=\"margin-top:0;margin-right:0;margin-bottom:0;margin-left:0;font-size:7vw;font-style:normal;font-weight:300;line-height:1;text-transform:uppercase\">EEN MANIER VAN LEVEN<\/p>\n<\/div>\n\n\n\n<div class=\"wp-block-group alignwide gt-break-mobile is-nowrap is-layout-flex wp-container-core-group-is-layout-10 wp-block-group-is-layout-flex\">\n<div class=\"wp-block-group wp-container-content-2 is-layout-flow wp-block-group-is-layout-flow\">\n<figure class=\"wp-block-image size-full gt-reveal\"><img data-dominant-color=\"565b3d\" data-has-transparency=\"false\" style=\"--dominant-color: #565b3d;\" decoding=\"async\" width=\"640\" height=\"960\" src=\"https:\/\/campingclosduthym.com\/wp-content\/uploads\/sites\/5\/2024\/11\/entre-mer-et-montagne.webp\" alt=\"tussen zee en bergen\" class=\"wp-image-4825 not-transparent\" srcset=\"https:\/\/campingclosduthym.com\/wp-content\/uploads\/sites\/5\/2024\/11\/entre-mer-et-montagne.webp 640w, https:\/\/campingclosduthym.com\/wp-content\/uploads\/sites\/5\/2024\/11\/entre-mer-et-montagne-200x300.webp 200w\" sizes=\"(max-width: 640px) 100vw, 640px\" \/><\/figure>\n<\/div>\n\n\n\n<div class=\"wp-block-group has-global-padding is-layout-constrained wp-block-group-is-layout-constrained\">\n<div class=\"wp-block-group is-layout-flow wp-block-group-is-layout-flow\" style=\"padding-right:var(--wp--preset--spacing--30);padding-left:var(--wp--preset--spacing--30)\">\n<div style=\"height:10rem\" aria-hidden=\"true\" class=\"wp-block-spacer gt-hide-mobile\"><\/div>\n\n\n\n<figure class=\"wp-block-image aligncenter size-full gt-reveal-down wp-duotone-174c4f-174c4f-2\"><img data-dominant-color=\"b15526\" data-has-transparency=\"true\" style=\"--dominant-color: #b15526;\" decoding=\"async\" width=\"43\" height=\"21\" src=\"https:\/\/campingclosduthym.com\/wp-content\/uploads\/sites\/5\/2024\/08\/separator.png\" alt=\"scheider\" class=\"wp-image-150 has-transparency\"\/><\/figure>\n\n\n\n<p class=\"has-text-align-center gt-reveal-down has-medium-font-size\"><br\/><strong>Een stacaravan, veel meer dan accommodatie<\/strong><br\/>Een stacaravan kopen bij Le Clos du Thym is veel meer dan alleen een woning kopen. Het is investeren in een <strong>manier van leven<\/strong> die rust, ontspanning en welzijn biedt. U hebt toegang tot alle voorzieningen van het domein: een zwembad, groene zones, praktische diensten en activiteiten voor het hele gezin. Alles is ontworpen om je thuis te laten voelen terwijl je geniet van het comfort en de sfeer van een vakantie.   <\/p>\n\n\n\n<p class=\"has-text-align-center gt-reveal-down has-medium-font-size\"><strong>Een ideale locatie: tussen de zee en de bergen<\/strong><br\/>Le <strong>Clos du Thym<\/strong> is ideaal gelegen dicht bij de stranden van de Middellandse Zee, de <strong>Pyrenee\u00ebn<\/strong> en iconische toeristische trekpleisters zoals <strong>Collioure<\/strong>, <strong>Argel\u00e8s-sur-Mer<\/strong> en de <strong>C\u00f4te Vermeille<\/strong>. Dankzij deze bevoorrechte locatie kun je in de zomer genieten van de <strong>stranden<\/strong>, in de herfst van wandelingen in de bergen en het hele jaar door van culturele uitstapjes. Het landgoed is ook ideaal voor mensen die op zoek zijn naar een rustige locatie, weg van de drukte, maar toch binnen handbereik van voorzieningen en toeristische attracties.  <\/p>\n\n\n    <div id=\"gt-fse-lire-plus-69f0c3de52806\" class=\"gt-fse-lire-plus\" data-min-height=\"130\" style=\"background-color: #fff;\">\n        <input id=\"gt-fse-lire-plus-69f0c3de52806-toggle\" type=\"checkbox\" class=\"gt-fse-lire-plus__toggle\" \/>\n        <label for=\"gt-fse-lire-plus-69f0c3de52806-toggle\" class=\"gt-fse-lire-plus__toggle-label\">\n            <span>Meer lezen<\/span>\n            <span>Minder lezen<\/span>\n        <\/label>\n        <div class=\"gt-fse-lire-plus__content\" style=\"height: 130px;\">\n            \n\n<p class=\"has-text-align-center gt-reveal-down has-medium-font-size\"><strong>Waarom kiezen voor Clos du Thym?<\/strong><\/p>\n\n\n\n<ul class=\"wp-block-list\">\n<li><strong>Het hele jaar geopend<\/strong>: verblijf in uw stacaravan wanneer u maar wilt, voor een korte of lange vakantie.<\/li>\n\n\n\n<li><strong>Uitzonderlijk klimaat<\/strong>: geniet van meer dan 300 dagen zon per jaar in een prachtige natuurlijke omgeving.<\/li>\n\n\n\n<li><strong>Flexibiliteit<\/strong>: met de mogelijkheid om tot 9 maanden per jaar te verblijven, heb je de vrijheid om je vakantie te plannen zoals jij dat wilt.<\/li>\n\n\n\n<li><strong>Diensten en voorzieningen<\/strong>: profiteer van alle faciliteiten op het landgoed, waaronder het zwembad, de groene zones en de activiteiten ter plaatse.<\/li>\n\n\n\n<li><strong>Droomlocatie<\/strong>: ontdek tussen de zee en de bergen een regio die rijk is aan landschappen, cultuur en activiteiten.<\/li>\n<\/ul>\n\n            <div class=\"gt-fse-lire-plus__gradient\" style=\"background: linear-gradient(to bottom,rgba(255,255,255,0) 0%,rgba(255,255,255,1) 100%);\"><\/div>\n        <\/div>\n    <\/div>\n    \n\n\n<div style=\"height:2rem\" aria-hidden=\"true\" class=\"wp-block-spacer is-style-gt-hide-mobile gt-hide-mobile\"><\/div>\n<\/div>\n<\/div>\n<\/div>\n<\/div>\n\n<div class=\"wp-block-group alignfull gt-reveal is-nowrap is-layout-flex wp-container-core-group-is-layout-14 wp-block-group-is-layout-flex\">\n<div class=\"wp-block-cover is-light gt-hide-mobile wp-container-content-3\" style=\"min-height:100vh;aspect-ratio:unset;\"><span aria-hidden=\"true\" class=\"wp-block-cover__background has-background-dim-20 has-background-dim\"><\/span><img data-dominant-color=\"dbc184\" data-has-transparency=\"false\" style=\"--dominant-color: #dbc184;\" decoding=\"async\" width=\"381\" height=\"576\" class=\"wp-block-cover__image-background wp-image-4122 not-transparent\" alt=\"style de vie\" src=\"https:\/\/campingclosduthym.com\/wp-content\/uploads\/sites\/5\/2024\/10\/style-de-vie.webp\" data-object-fit=\"cover\" srcset=\"https:\/\/campingclosduthym.com\/wp-content\/uploads\/sites\/5\/2024\/10\/style-de-vie.webp 381w, https:\/\/campingclosduthym.com\/wp-content\/uploads\/sites\/5\/2024\/10\/style-de-vie-198x300.webp 198w\" sizes=\"(max-width: 381px) 100vw, 381px\" \/><div class=\"wp-block-cover__inner-container has-global-padding is-layout-constrained wp-block-cover-is-layout-constrained\">\n<p class=\"has-text-align-center has-large-font-size\"><\/p>\n<\/div><\/div>\n\n\n\n<div class=\"wp-block-cover has-custom-content-position is-position-top-center wp-container-content-4\" style=\"padding-top:0;padding-bottom:0;min-height:100vh;aspect-ratio:unset;\"><span aria-hidden=\"true\" class=\"wp-block-cover__background has-background-dim-30 has-background-dim\"><\/span><img data-dominant-color=\"b9aa87\" data-has-transparency=\"false\" decoding=\"async\" width=\"1514\" height=\"576\" class=\"wp-block-cover__image-background wp-image-4125 not-transparent\" alt=\"vacances infinies au clos du thym\" src=\"https:\/\/campingclosduthym.com\/wp-content\/uploads\/sites\/5\/2024\/10\/vacances-infinies-au-clos-du-thym.webp\" style=\"--dominant-color: #b9aa87; object-position:29% 44%\" data-object-fit=\"cover\" data-object-position=\"29% 44%\" srcset=\"https:\/\/campingclosduthym.com\/wp-content\/uploads\/sites\/5\/2024\/10\/vacances-infinies-au-clos-du-thym.webp 1514w, https:\/\/campingclosduthym.com\/wp-content\/uploads\/sites\/5\/2024\/10\/vacances-infinies-au-clos-du-thym-300x114.webp 300w, https:\/\/campingclosduthym.com\/wp-content\/uploads\/sites\/5\/2024\/10\/vacances-infinies-au-clos-du-thym-1024x390.webp 1024w, https:\/\/campingclosduthym.com\/wp-content\/uploads\/sites\/5\/2024\/10\/vacances-infinies-au-clos-du-thym-768x292.webp 768w\" sizes=\"(max-width: 1514px) 100vw, 1514px\" \/><div class=\"wp-block-cover__inner-container has-global-padding is-layout-constrained wp-block-cover-is-layout-constrained\">\n<div class=\"wp-block-group gt-reveal-down has-global-padding is-layout-constrained wp-container-core-group-is-layout-13 wp-block-group-is-layout-constrained\">\n<div class=\"wp-block-group has-contrast-3-background-color has-background is-layout-flow wp-block-group-is-layout-flow\" style=\"min-height:12rem\"><\/div>\n<\/div>\n\n\n\n<figure class=\"wp-block-image aligncenter size-full gt-reveal-down wp-duotone-e5e0ce-ffffff-3\"><img data-dominant-color=\"b15526\" data-has-transparency=\"true\" style=\"--dominant-color: #b15526;\" decoding=\"async\" width=\"43\" height=\"21\" src=\"https:\/\/campingclosduthym.com\/wp-content\/uploads\/sites\/5\/2024\/08\/separator.png\" alt=\"scheider\" class=\"wp-image-150 has-transparency\"\/><\/figure>\n\n\n\n<div style=\"height:1rem\" aria-hidden=\"true\" class=\"wp-block-spacer gt-hide-mobile\"><\/div>\n\n\n\n<p class=\"has-text-align-center has-base-color has-text-color has-link-color has-medium-font-size wp-elements-b5318c907e8fadf7c3c4bba6e8d099d8\"><br\/>T<strong>rakteer uzelf op eindeloze vakanties bij Clos du Thym<\/strong> Beperk uw vakantie niet tot een paar weken per jaar. Als je een stacaravan koopt bij Le <strong>Clos du Thym<\/strong>, investeer je in een <strong>levensstijl<\/strong> waarin vakantie het hele jaar door mogelijk is. Of u nu op zoek bent naar een plek om er even tussenuit te gaan in het weekend, of naar een plek om enkele maanden in alle rust door te brengen, Le <strong>Clos du Thym<\/strong> biedt u de kans om unieke momenten te beleven in de zon van de Pyrenee\u00ebn-Ori\u00ebntales.  <\/p>\n\n\n\n<div style=\"height:var(--wp--preset--spacing--40)\" aria-hidden=\"true\" class=\"wp-block-spacer gt-hide-mobile\"><\/div>\n<\/div><\/div>\n<\/div>\n\n<div class=\"wp-block-group alignfull gt-break-mobile is-content-justification-right is-nowrap is-layout-flex wp-container-core-group-is-layout-20 wp-block-group-is-layout-flex\">\n<div class=\"wp-block-group alignwide gt-absolute-text gt-hide-mobile wp-container-content-5 is-horizontal is-content-justification-right is-nowrap is-layout-flex wp-container-core-group-is-layout-15 wp-block-group-is-layout-flex\" style=\"margin-top:0;padding-right:0;padding-left:0\">\n<p class=\"gt-sliding-text-y has-contrast-3-color has-text-color has-link-color has-sogo-font-family wp-elements-a9cd24050e3cab71c31a5686da363dc8\" style=\"margin-top:0;margin-right:0;margin-bottom:0;margin-left:0;font-size:7vw;font-style:normal;font-weight:300;line-height:1;text-transform:uppercase\">Alle comfort<\/p>\n<\/div>\n\n\n\n<div class=\"wp-block-group has-accent-2-background-color has-background wp-container-content-6 has-global-padding is-content-justification-center is-layout-constrained wp-block-group-is-layout-constrained\">\n<div class=\"wp-block-group alignwide is-layout-flow wp-block-group-is-layout-flow\" style=\"padding-top:0;padding-right:var(--wp--preset--spacing--60);padding-bottom:var(--wp--preset--spacing--30);padding-left:var(--wp--preset--spacing--60)\">\n<div class=\"wp-block-group gt-reveal-down has-global-padding is-layout-constrained wp-container-core-group-is-layout-17 wp-block-group-is-layout-constrained\" style=\"margin-top:-3rem\">\n<div class=\"wp-block-group has-contrast-3-background-color has-background is-layout-flow wp-block-group-is-layout-flow\" style=\"min-height:6rem\"><\/div>\n<\/div>\n\n\n\n<figure class=\"wp-block-image aligncenter size-full gt-reveal-down wp-duotone-174c4f-174c4f-4\"><img data-dominant-color=\"b15526\" data-has-transparency=\"true\" style=\"--dominant-color: #b15526;\" decoding=\"async\" width=\"43\" height=\"21\" src=\"https:\/\/campingclosduthym.com\/wp-content\/uploads\/sites\/5\/2024\/08\/separator.png\" alt=\"scheider\" class=\"wp-image-150 has-transparency\"\/><\/figure>\n\n\n<h2 class=\"wp-block-heading alignwide has-text-align-center gt-reveal-down has-accent-color has-text-color has-link-color wp-elements-da01832af66a51b00e0410c80f361c36\" id=\"jouw-comfortabele-stacaravan-beschikbaar-om-te-kopen\">Jouw comfortabele stacaravan beschikbaar om te kopen<\/h2>\n\n\n<p class=\"has-text-align-center gt-reveal-down has-medium-font-size\">We liggen <strong>aan de voet van het Massif des Alb\u00e8res<\/strong>, waar de Pyrenee\u00ebn in zee uitmonden, op 1 uur van de skipistes en 30 minuten van Spanje. Geniet van de <strong>baaien<\/strong> en <strong>zandstranden op slechts 2,5 km afstand<\/strong>. Geniet het hele jaar door op woensdag- en zaterdagochtend van de gezellige sfeer op <strong>de markten <\/strong>van Argel\u00e8s sur Mer.  <\/p>\n\n\n\n<p class=\"has-text-align-center gt-reveal-down has-medium-font-size\">Wij bieden je <strong>grote staanplaatsen<\/strong> waar je kunt genieten van het leven in de buitenlucht op een <strong>camping op mensenmaat<\/strong>, met 176 staanplaatsen, waaronder meer dan 160 staanplaatsen voor eigenaren. Het is een <strong>echte oase van rust<\/strong>, waar je onvergetelijke momenten kunt delen met je geliefden. <\/p>\n\n\n\n<p class=\"has-text-align-center gt-reveal-down has-medium-font-size\">We zetten ons volledig in voor eigenaars. <br\/>Zo kun je 9 maanden per jaar genieten van <strong>je tweede huis in de buitenlucht<\/strong>.<\/p>\n<\/div>\n\n\n\n<div style=\"height:6rem;width:0px\" aria-hidden=\"true\" class=\"wp-block-spacer gt-hide-mobile\"><\/div>\n<\/div>\n<\/div>\n\n<div class=\"wp-block-group alignfull has-global-padding is-layout-constrained wp-block-group-is-layout-constrained\">\n<div style=\"height:6rem\" aria-hidden=\"true\" class=\"wp-block-spacer gt-hide-mobile\"><\/div>\n\n\n\n<div class=\"wp-block-group alignfull gt-reveal gt-break-mobile is-content-justification-center is-nowrap is-layout-flex wp-container-core-group-is-layout-26 wp-block-group-is-layout-flex\">\n<div class=\"wp-block-group is-nowrap is-layout-flex wp-container-core-group-is-layout-25 wp-block-group-is-layout-flex\" style=\"padding-right:var(--wp--preset--spacing--20);padding-left:var(--wp--preset--spacing--20)\">\n<div class=\"wp-block-group has-global-padding is-layout-constrained wp-block-group-is-layout-constrained\">\n<div class=\"wp-block-group animated fadeInDown slow gt-reveal-down has-global-padding is-layout-constrained wp-container-core-group-is-layout-22 wp-block-group-is-layout-constrained\">\n<div class=\"wp-block-group gt-reveal-down has-contrast-3-background-color has-background is-layout-flow wp-block-group-is-layout-flow\" style=\"min-height:30rem\"><\/div>\n<\/div>\n\n\n\n<figure class=\"wp-block-image aligncenter size-full gt-reveal-down wp-duotone-e5e0ce-ffffff-5\"><img data-dominant-color=\"b15526\" data-has-transparency=\"true\" style=\"--dominant-color: #b15526;\" decoding=\"async\" width=\"43\" height=\"21\" src=\"https:\/\/campingclosduthym.com\/wp-content\/uploads\/sites\/5\/2024\/08\/separator.png\" alt=\"scheider\" class=\"wp-image-150 has-transparency\"\/><\/figure>\n<\/div>\n\n\n\n<div class=\"wp-block-group has-global-padding is-layout-constrained wp-block-group-is-layout-constrained\">\n<p class=\"has-medium-font-size\">Camping Clos du Thym biedt u ook de mogelijkheid om uw jaarlijkse kosten geheel of gedeeltelijk terug te verdienen via <strong>directe verhuur<\/strong>.<\/p>\n\n\n\n<p class=\"has-medium-font-size\">Met andere woorden, je huurt de woning zelf, met de verplichting om de inrichting te inventariseren en de woning schoon te maken tussen de verhuurperiodes, en om je te houden aan de prijslijst en de gedragscode die je krijgt.<\/p>\n\n\n\n<p class=\"has-medium-font-size\">Je kunt niet op de camping gaan wonen en we accepteren geen stacaravans van buitenaf. U kunt hieronder onze <strong>lijst met nieuwe en gebruikte stacaravans<\/strong> raadplegen. <\/p>\n\n\n\n<p class=\"has-medium-font-size\">Het <strong>team van <\/strong>Clos du Thym staat ook klaar om u te adviseren over dit nieuwe project door te bellen naar 04.68.81.24.23 of 06.22.34.21.55, of door een e-mail te sturen <a href=\"mailto:benjamin.quillevere@camping-del-mar.com\">naar benjamin.quillevere@camping-del-mar.com.<\/a><\/p>\n\n\n\n<p class=\"has-medium-font-size\">We kijken ernaar uit om u te verwelkomen in de Clos du Thym familie!<\/p>\n<\/div>\n<\/div>\n<\/div>\n\n\n\n<div style=\"height:6rem\" aria-hidden=\"true\" class=\"wp-block-spacer gt-hide-mobile\"><\/div>\n<\/div>\n\n<div class=\"wp-block-group alignfull is-layout-flow wp-block-group-is-layout-flow\" style=\"padding-top:0;padding-right:var(--wp--preset--spacing--10);padding-bottom:0;padding-left:var(--wp--preset--spacing--10)\">\n<div class=\"wp-block-group alignfull gt-reveal has-accent-2-background-color has-background is-layout-flow wp-block-group-is-layout-flow\" style=\"padding-top:var(--wp--preset--spacing--40);padding-right:var(--wp--preset--spacing--40);padding-bottom:var(--wp--preset--spacing--40);padding-left:var(--wp--preset--spacing--40)\">\n<div class=\"wp-block-columns is-layout-flex wp-container-core-columns-is-layout-2 wp-block-columns-is-layout-flex\">\n<div class=\"wp-block-column is-layout-flow wp-block-column-is-layout-flow\" style=\"flex-basis:15rem\">\n<figure data-wp-context=\"{&quot;imageId&quot;:&quot;69f0c3de55a58&quot;}\" data-wp-interactive=\"core\/image\" class=\"wp-block-image size-full has-custom-border is-style-default wp-lightbox-container\"><img data-dominant-color=\"777c7b\" data-has-transparency=\"false\" decoding=\"async\" width=\"2100\" height=\"1575\" data-wp-class--hide=\"state.isContentHidden\" data-wp-class--show=\"state.isContentVisible\" data-wp-init=\"callbacks.setButtonStyles\" data-wp-on-async--click=\"actions.showLightbox\" data-wp-on-async--load=\"callbacks.setButtonStyles\" data-wp-on-async-window--resize=\"callbacks.setButtonStyles\" src=\"https:\/\/campingclosduthym.com\/wp-content\/uploads\/sites\/5\/2024\/12\/image00010-scaled.jpeg\" alt=\"Foto van de buitenkavel\" class=\"wp-image-5075 not-transparent\" style=\"--dominant-color: #777c7b; border-radius:100%;aspect-ratio:1;object-fit:cover\" srcset=\"https:\/\/campingclosduthym.com\/wp-content\/uploads\/sites\/5\/2024\/12\/image00010-scaled.jpeg 2100w, https:\/\/campingclosduthym.com\/wp-content\/uploads\/sites\/5\/2024\/12\/image00010-300x225.jpeg 300w, https:\/\/campingclosduthym.com\/wp-content\/uploads\/sites\/5\/2024\/12\/image00010-1024x768.jpeg 1024w, https:\/\/campingclosduthym.com\/wp-content\/uploads\/sites\/5\/2024\/12\/image00010-768x576.jpeg 768w, https:\/\/campingclosduthym.com\/wp-content\/uploads\/sites\/5\/2024\/12\/image00010-1536x1152.jpeg 1536w, https:\/\/campingclosduthym.com\/wp-content\/uploads\/sites\/5\/2024\/12\/image00010-2048x1536.jpeg 2048w\" sizes=\"(max-width: 2100px) 100vw, 2100px\" \/><button\n\t\t\tclass=\"lightbox-trigger\"\n\t\t\ttype=\"button\"\n\t\t\taria-haspopup=\"dialog\"\n\t\t\taria-label=\"Vergroot afbeelding: Foto van de buitenkavel\"\n\t\t\tdata-wp-init=\"callbacks.initTriggerButton\"\n\t\t\tdata-wp-on-async--click=\"actions.showLightbox\"\n\t\t\tdata-wp-style--right=\"state.imageButtonRight\"\n\t\t\tdata-wp-style--top=\"state.imageButtonTop\"\n\t\t>\n\t\t\t<svg xmlns=\"http:\/\/www.w3.org\/2000\/svg\" width=\"12\" height=\"12\" fill=\"none\" viewBox=\"0 0 12 12\">\n\t\t\t\t<path fill=\"#fff\" d=\"M2 0a2 2 0 0 0-2 2v2h1.5V2a.5.5 0 0 1 .5-.5h2V0H2Zm2 10.5H2a.5.5 0 0 1-.5-.5V8H0v2a2 2 0 0 0 2 2h2v-1.5ZM8 12v-1.5h2a.5.5 0 0 0 .5-.5V8H12v2a2 2 0 0 1-2 2H8Zm2-12a2 2 0 0 1 2 2v2h-1.5V2a.5.5 0 0 0-.5-.5H8V0h2Z\" \/>\n\t\t\t<\/svg>\n\t\t<\/button><\/figure>\n<\/div>\n\n\n\n<div class=\"wp-block-column is-layout-flow wp-block-column-is-layout-flow\" style=\"flex-basis:100%\"><h2 class=\"wp-block-heading has-large-font-size\" style=\"font-style:normal;font-weight:400;text-transform:uppercase\" id=\"stacaravan-irm-lilas-3-slaapkamers\">Stacaravan Irm LiLAS &#8211; 3 slaapkamers<\/h2>\n\n\n<div class=\"wp-block-columns is-layout-flex wp-container-core-columns-is-layout-1 wp-block-columns-is-layout-flex\">\n<div class=\"wp-block-column is-layout-flow wp-block-column-is-layout-flow\">\n<div class=\"wp-block-group has-small-font-size has-global-padding is-layout-constrained wp-container-core-group-is-layout-28 wp-block-group-is-layout-constrained\">\n<p><strong>Referentie : Lilas 3 kamers<\/strong><\/p>\n\n\n\n<p><strong>Jaar: 2024<\/strong><\/p>\n\n\n\n<p><strong>Zitplaatsen : 6<\/strong><\/p>\n\n\n\n<p><strong>Afmetingen :<\/strong> <strong>10,60x4m<\/strong><\/p>\n<\/div>\n<\/div>\n\n\n\n<div class=\"wp-block-column is-layout-flow wp-block-column-is-layout-flow\">\n<div class=\"wp-block-group has-small-font-size has-global-padding is-layout-constrained wp-container-core-group-is-layout-29 wp-block-group-is-layout-constrained\">\n<p>Stacaravan met 3 slaapkamers<\/p>\n\n\n\n<p>Beschikbaarheid: Onmiddellijk<br\/>Algemene staat:<strong>Zeer goed<\/strong><\/p>\n\n\n\n<p>Airconditioning + TV + Overdekt terras<\/p>\n<\/div>\n<\/div>\n\n\n\n<div class=\"wp-block-column is-layout-flow wp-block-column-is-layout-flow\">\n<p class=\"has-text-align-center has-accent-color has-text-color has-link-color has-sogo-font-family has-large-font-size wp-elements-db80deb2e3fc72eaa855ab1339f0ea8a\" style=\"font-style:normal;font-weight:400\">63.000 INCL. BTW<\/p>\n\n\n\n<div class=\"wp-block-buttons is-content-justification-center is-layout-flex wp-container-core-buttons-is-layout-1 wp-block-buttons-is-layout-flex\">\n<div class=\"wp-block-button has-custom-width wp-block-button__width-100 has-custom-font-size is-style-gt-contour-large has-medium-font-size\"><a class=\"wp-block-button__link has-accent-color has-text-color has-link-color wp-element-button\" href=\"https:\/\/campingclosduthym.com\/nl\/advertentie\/stacaravan-irm-lilas-3-slaapkamers-2\/\" target=\"_blank\" rel=\"noreferrer noopener\">Meer info<\/a><\/div>\n<\/div>\n<\/div>\n<\/div>\n<\/div>\n<\/div>\n<\/div>\n\n\n\n<div class=\"wp-block-group alignfull gt-reveal has-accent-2-background-color has-background is-layout-flow wp-block-group-is-layout-flow\" style=\"padding-top:var(--wp--preset--spacing--40);padding-right:var(--wp--preset--spacing--40);padding-bottom:var(--wp--preset--spacing--40);padding-left:var(--wp--preset--spacing--40)\">\n<div class=\"wp-block-columns is-layout-flex wp-container-core-columns-is-layout-4 wp-block-columns-is-layout-flex\">\n<div class=\"wp-block-column is-layout-flow wp-block-column-is-layout-flow\" style=\"flex-basis:15rem\">\n<figure data-wp-context=\"{&quot;imageId&quot;:&quot;69f0c3de5771e&quot;}\" data-wp-interactive=\"core\/image\" class=\"wp-block-image size-full has-custom-border is-style-default wp-lightbox-container\"><img data-dominant-color=\"878570\" data-has-transparency=\"false\" decoding=\"async\" width=\"865\" height=\"865\" data-wp-class--hide=\"state.isContentHidden\" data-wp-class--show=\"state.isContentVisible\" data-wp-init=\"callbacks.setButtonStyles\" data-wp-on-async--click=\"actions.showLightbox\" data-wp-on-async--load=\"callbacks.setButtonStyles\" data-wp-on-async-window--resize=\"callbacks.setButtonStyles\" src=\"https:\/\/campingclosduthym.com\/wp-content\/uploads\/sites\/5\/2024\/10\/mobil-home-irm-violette-3-chambres.webp\" alt=\"stacaravan irm violette 3 slaapkamers\" class=\"wp-image-4134 not-transparent\" style=\"--dominant-color: #878570; border-radius:100%;aspect-ratio:1;object-fit:cover\" srcset=\"https:\/\/campingclosduthym.com\/wp-content\/uploads\/sites\/5\/2024\/10\/mobil-home-irm-violette-3-chambres.webp 865w, https:\/\/campingclosduthym.com\/wp-content\/uploads\/sites\/5\/2024\/10\/mobil-home-irm-violette-3-chambres-300x300.webp 300w, https:\/\/campingclosduthym.com\/wp-content\/uploads\/sites\/5\/2024\/10\/mobil-home-irm-violette-3-chambres-150x150.webp 150w, https:\/\/campingclosduthym.com\/wp-content\/uploads\/sites\/5\/2024\/10\/mobil-home-irm-violette-3-chambres-768x768.webp 768w, https:\/\/campingclosduthym.com\/wp-content\/uploads\/sites\/5\/2024\/10\/mobil-home-irm-violette-3-chambres-400x400.webp 400w, https:\/\/campingclosduthym.com\/wp-content\/uploads\/sites\/5\/2024\/10\/mobil-home-irm-violette-3-chambres-600x600.webp 600w\" sizes=\"(max-width: 865px) 100vw, 865px\" \/><button\n\t\t\tclass=\"lightbox-trigger\"\n\t\t\ttype=\"button\"\n\t\t\taria-haspopup=\"dialog\"\n\t\t\taria-label=\"Vergroot afbeelding: stacaravan irm violette 3 slaapkamers\"\n\t\t\tdata-wp-init=\"callbacks.initTriggerButton\"\n\t\t\tdata-wp-on-async--click=\"actions.showLightbox\"\n\t\t\tdata-wp-style--right=\"state.imageButtonRight\"\n\t\t\tdata-wp-style--top=\"state.imageButtonTop\"\n\t\t>\n\t\t\t<svg xmlns=\"http:\/\/www.w3.org\/2000\/svg\" width=\"12\" height=\"12\" fill=\"none\" viewBox=\"0 0 12 12\">\n\t\t\t\t<path fill=\"#fff\" d=\"M2 0a2 2 0 0 0-2 2v2h1.5V2a.5.5 0 0 1 .5-.5h2V0H2Zm2 10.5H2a.5.5 0 0 1-.5-.5V8H0v2a2 2 0 0 0 2 2h2v-1.5ZM8 12v-1.5h2a.5.5 0 0 0 .5-.5V8H12v2a2 2 0 0 1-2 2H8Zm2-12a2 2 0 0 1 2 2v2h-1.5V2a.5.5 0 0 0-.5-.5H8V0h2Z\" \/>\n\t\t\t<\/svg>\n\t\t<\/button><\/figure>\n<\/div>\n\n\n\n<div class=\"wp-block-column is-layout-flow wp-block-column-is-layout-flow\" style=\"flex-basis:100%\"><h2 class=\"wp-block-heading has-large-font-size\" style=\"font-style:normal;font-weight:400;text-transform:uppercase\" id=\"stacaravan-irm-violette-3-slaapkamers\">Stacaravan Irm Violette &#8211; 3 slaapkamers<\/h2>\n\n\n<div class=\"wp-block-columns is-layout-flex wp-container-core-columns-is-layout-3 wp-block-columns-is-layout-flex\">\n<div class=\"wp-block-column is-layout-flow wp-block-column-is-layout-flow\">\n<div class=\"wp-block-group has-small-font-size has-global-padding is-layout-constrained wp-container-core-group-is-layout-31 wp-block-group-is-layout-constrained\">\n<p><strong>Referentie : Violette 3 slaapkamers 2 badkamers<\/strong><\/p>\n\n\n\n<p><strong>Jaar: 2023<\/strong><\/p>\n\n\n\n<p><strong>Zitplaatsen : 6<\/strong><\/p>\n\n\n\n<p><strong>Afmetingen :<\/strong> <strong>10,60x4m<\/strong><\/p>\n<\/div>\n<\/div>\n\n\n\n<div class=\"wp-block-column is-layout-flow wp-block-column-is-layout-flow\">\n<div class=\"wp-block-group has-small-font-size has-global-padding is-layout-constrained wp-container-core-group-is-layout-32 wp-block-group-is-layout-constrained\">\n<p>Stacaravan met 3 slaapkamers<\/p>\n\n\n\n<p>Beschikbaarheid: Onmiddellijk<br\/>Algemene staat:<strong>Zeer goed<\/strong><\/p>\n\n\n\n<p>Airconditioning + TV + Overdekt terras<\/p>\n<\/div>\n<\/div>\n\n\n\n<div class=\"wp-block-column is-layout-flow wp-block-column-is-layout-flow\">\n<p class=\"has-text-align-center has-accent-color has-text-color has-link-color has-sogo-font-family has-large-font-size wp-elements-b3f1a8abd84de3c52b24382c94f39650\" style=\"font-style:normal;font-weight:400\">62.500 INCL. BTW<\/p>\n\n\n\n<div class=\"wp-block-buttons is-content-justification-center is-layout-flex wp-container-core-buttons-is-layout-2 wp-block-buttons-is-layout-flex\">\n<div class=\"wp-block-button has-custom-width wp-block-button__width-100 has-custom-font-size is-style-gt-contour-large has-medium-font-size\"><a class=\"wp-block-button__link has-accent-color has-text-color has-link-color wp-element-button\" href=\"https:\/\/campingclosduthym.com\/nl\/advertentie\/stacaravan-irm-violette-3-slaapkamers\/\" target=\"_blank\" rel=\"noreferrer noopener\">Meer info<\/a><\/div>\n<\/div>\n<\/div>\n<\/div>\n<\/div>\n<\/div>\n<\/div>\n\n\n\n<div class=\"wp-block-group alignfull gt-reveal has-accent-2-background-color has-background is-layout-flow wp-block-group-is-layout-flow\" style=\"padding-top:var(--wp--preset--spacing--40);padding-right:var(--wp--preset--spacing--40);padding-bottom:var(--wp--preset--spacing--40);padding-left:var(--wp--preset--spacing--40)\">\n<div class=\"wp-block-columns is-layout-flex wp-container-core-columns-is-layout-6 wp-block-columns-is-layout-flex\">\n<div class=\"wp-block-column is-layout-flow wp-block-column-is-layout-flow\" style=\"flex-basis:15rem\">\n<figure data-wp-context=\"{&quot;imageId&quot;:&quot;69f0c3de59240&quot;}\" data-wp-interactive=\"core\/image\" class=\"wp-block-image size-full has-custom-border is-style-default wp-lightbox-container\"><img data-dominant-color=\"727374\" data-has-transparency=\"false\" decoding=\"async\" width=\"2100\" height=\"1575\" data-wp-class--hide=\"state.isContentHidden\" data-wp-class--show=\"state.isContentVisible\" data-wp-init=\"callbacks.setButtonStyles\" data-wp-on-async--click=\"actions.showLightbox\" data-wp-on-async--load=\"callbacks.setButtonStyles\" data-wp-on-async-window--resize=\"callbacks.setButtonStyles\" src=\"https:\/\/campingclosduthym.com\/wp-content\/uploads\/sites\/5\/2024\/12\/image00001-1-scaled.jpeg\" alt=\"Foto van de buitenkavel\" class=\"wp-image-5127 not-transparent\" style=\"--dominant-color: #727374; border-radius:100%;aspect-ratio:1;object-fit:cover\" srcset=\"https:\/\/campingclosduthym.com\/wp-content\/uploads\/sites\/5\/2024\/12\/image00001-1-scaled.jpeg 2100w, https:\/\/campingclosduthym.com\/wp-content\/uploads\/sites\/5\/2024\/12\/image00001-1-300x225.jpeg 300w, https:\/\/campingclosduthym.com\/wp-content\/uploads\/sites\/5\/2024\/12\/image00001-1-1024x768.jpeg 1024w, https:\/\/campingclosduthym.com\/wp-content\/uploads\/sites\/5\/2024\/12\/image00001-1-768x576.jpeg 768w, https:\/\/campingclosduthym.com\/wp-content\/uploads\/sites\/5\/2024\/12\/image00001-1-1536x1152.jpeg 1536w, https:\/\/campingclosduthym.com\/wp-content\/uploads\/sites\/5\/2024\/12\/image00001-1-2048x1536.jpeg 2048w\" sizes=\"(max-width: 2100px) 100vw, 2100px\" \/><button\n\t\t\tclass=\"lightbox-trigger\"\n\t\t\ttype=\"button\"\n\t\t\taria-haspopup=\"dialog\"\n\t\t\taria-label=\"Vergroot afbeelding: Foto van de buitenkavel\"\n\t\t\tdata-wp-init=\"callbacks.initTriggerButton\"\n\t\t\tdata-wp-on-async--click=\"actions.showLightbox\"\n\t\t\tdata-wp-style--right=\"state.imageButtonRight\"\n\t\t\tdata-wp-style--top=\"state.imageButtonTop\"\n\t\t>\n\t\t\t<svg xmlns=\"http:\/\/www.w3.org\/2000\/svg\" width=\"12\" height=\"12\" fill=\"none\" viewBox=\"0 0 12 12\">\n\t\t\t\t<path fill=\"#fff\" d=\"M2 0a2 2 0 0 0-2 2v2h1.5V2a.5.5 0 0 1 .5-.5h2V0H2Zm2 10.5H2a.5.5 0 0 1-.5-.5V8H0v2a2 2 0 0 0 2 2h2v-1.5ZM8 12v-1.5h2a.5.5 0 0 0 .5-.5V8H12v2a2 2 0 0 1-2 2H8Zm2-12a2 2 0 0 1 2 2v2h-1.5V2a.5.5 0 0 0-.5-.5H8V0h2Z\" \/>\n\t\t\t<\/svg>\n\t\t<\/button><\/figure>\n<\/div>\n\n\n\n<div class=\"wp-block-column is-layout-flow wp-block-column-is-layout-flow\" style=\"flex-basis:100%\"><h2 class=\"wp-block-heading has-large-font-size\" style=\"font-style:normal;font-weight:400;text-transform:uppercase\" id=\"stacaravan-irm-violette-6-personen\">Stacaravan Irm Violette &#8211; 6 personen<\/h2>\n\n\n<div class=\"wp-block-columns is-layout-flex wp-container-core-columns-is-layout-5 wp-block-columns-is-layout-flex\">\n<div class=\"wp-block-column is-layout-flow wp-block-column-is-layout-flow\">\n<div class=\"wp-block-group has-small-font-size has-global-padding is-layout-constrained wp-container-core-group-is-layout-34 wp-block-group-is-layout-constrained\">\n<p><strong>Referentie : Violette 3 slaapkamers 2 badkamers<\/strong><\/p>\n\n\n\n<p><strong>Jaar: 2022<\/strong><\/p>\n\n\n\n<p><strong>Zitplaatsen : 6<\/strong><\/p>\n\n\n\n<p><strong>Afmetingen :<\/strong> <strong>10,60x4m<\/strong><\/p>\n<\/div>\n<\/div>\n\n\n\n<div class=\"wp-block-column is-layout-flow wp-block-column-is-layout-flow\">\n<div class=\"wp-block-group has-small-font-size has-global-padding is-layout-constrained wp-container-core-group-is-layout-35 wp-block-group-is-layout-constrained\">\n<p>Stacaravan met 3 slaapkamers<\/p>\n\n\n\n<p>Beschikbaarheid: Onmiddellijk<br\/>Algemene staat:<strong>Zeer goed<\/strong><\/p>\n\n\n\n<p>Airconditioning + TV + Overdekt terras<\/p>\n<\/div>\n<\/div>\n\n\n\n<div class=\"wp-block-column is-layout-flow wp-block-column-is-layout-flow\">\n<p class=\"has-text-align-center has-accent-color has-text-color has-link-color has-sogo-font-family has-large-font-size wp-elements-ab8f8dda24016c0b8a3347e9d2b268f1\" style=\"font-style:normal;font-weight:400\">60.000 INCL. BTW<\/p>\n\n\n\n<div class=\"wp-block-buttons is-content-justification-center is-layout-flex wp-container-core-buttons-is-layout-3 wp-block-buttons-is-layout-flex\">\n<div class=\"wp-block-button has-custom-width wp-block-button__width-100 has-custom-font-size is-style-gt-contour-large has-medium-font-size\"><a class=\"wp-block-button__link has-accent-color has-text-color has-link-color wp-element-button\" href=\"https:\/\/campingclosduthym.com\/nl\/advertentie\/stacaravan-irm-violette-3slaapkamers-2badkamers\/\" target=\"_blank\" rel=\"noreferrer noopener\">Meer info<\/a><\/div>\n<\/div>\n<\/div>\n<\/div>\n<\/div>\n<\/div>\n<\/div>\n\n\n\n<div class=\"wp-block-group alignfull gt-reveal has-accent-2-background-color has-background is-layout-flow wp-block-group-is-layout-flow\" style=\"padding-top:var(--wp--preset--spacing--40);padding-right:var(--wp--preset--spacing--40);padding-bottom:var(--wp--preset--spacing--40);padding-left:var(--wp--preset--spacing--40)\">\n<div class=\"wp-block-columns is-layout-flex wp-container-core-columns-is-layout-8 wp-block-columns-is-layout-flex\">\n<div class=\"wp-block-column is-layout-flow wp-block-column-is-layout-flow\" style=\"flex-basis:15rem\">\n<figure data-wp-context=\"{&quot;imageId&quot;:&quot;69f0c3de5abea&quot;}\" data-wp-interactive=\"core\/image\" class=\"wp-block-image size-full has-custom-border is-style-default wp-lightbox-container\"><img data-dominant-color=\"7b8590\" data-has-transparency=\"false\" decoding=\"async\" width=\"2100\" height=\"1575\" data-wp-class--hide=\"state.isContentHidden\" data-wp-class--show=\"state.isContentVisible\" data-wp-init=\"callbacks.setButtonStyles\" data-wp-on-async--click=\"actions.showLightbox\" data-wp-on-async--load=\"callbacks.setButtonStyles\" data-wp-on-async-window--resize=\"callbacks.setButtonStyles\" src=\"https:\/\/campingclosduthym.com\/wp-content\/uploads\/sites\/5\/2024\/12\/ext-scaled.jpg\" alt=\"Foto van de buitenkavel\" class=\"wp-image-5101 not-transparent\" style=\"--dominant-color: #7b8590; border-radius:100%;aspect-ratio:1;object-fit:cover\" srcset=\"https:\/\/campingclosduthym.com\/wp-content\/uploads\/sites\/5\/2024\/12\/ext-scaled.jpg 2100w, https:\/\/campingclosduthym.com\/wp-content\/uploads\/sites\/5\/2024\/12\/ext-300x225.jpg 300w, https:\/\/campingclosduthym.com\/wp-content\/uploads\/sites\/5\/2024\/12\/ext-1024x768.jpg 1024w, https:\/\/campingclosduthym.com\/wp-content\/uploads\/sites\/5\/2024\/12\/ext-768x576.jpg 768w, https:\/\/campingclosduthym.com\/wp-content\/uploads\/sites\/5\/2024\/12\/ext-1536x1152.jpg 1536w, https:\/\/campingclosduthym.com\/wp-content\/uploads\/sites\/5\/2024\/12\/ext-2048x1536.jpg 2048w\" sizes=\"(max-width: 2100px) 100vw, 2100px\" \/><button\n\t\t\tclass=\"lightbox-trigger\"\n\t\t\ttype=\"button\"\n\t\t\taria-haspopup=\"dialog\"\n\t\t\taria-label=\"Vergroot afbeelding: Foto van de buitenkavel\"\n\t\t\tdata-wp-init=\"callbacks.initTriggerButton\"\n\t\t\tdata-wp-on-async--click=\"actions.showLightbox\"\n\t\t\tdata-wp-style--right=\"state.imageButtonRight\"\n\t\t\tdata-wp-style--top=\"state.imageButtonTop\"\n\t\t>\n\t\t\t<svg xmlns=\"http:\/\/www.w3.org\/2000\/svg\" width=\"12\" height=\"12\" fill=\"none\" viewBox=\"0 0 12 12\">\n\t\t\t\t<path fill=\"#fff\" d=\"M2 0a2 2 0 0 0-2 2v2h1.5V2a.5.5 0 0 1 .5-.5h2V0H2Zm2 10.5H2a.5.5 0 0 1-.5-.5V8H0v2a2 2 0 0 0 2 2h2v-1.5ZM8 12v-1.5h2a.5.5 0 0 0 .5-.5V8H12v2a2 2 0 0 1-2 2H8Zm2-12a2 2 0 0 1 2 2v2h-1.5V2a.5.5 0 0 0-.5-.5H8V0h2Z\" \/>\n\t\t\t<\/svg>\n\t\t<\/button><\/figure>\n<\/div>\n\n\n\n<div class=\"wp-block-column is-layout-flow wp-block-column-is-layout-flow\" style=\"flex-basis:100%\"><h2 class=\"wp-block-heading has-large-font-size\" style=\"font-style:normal;font-weight:400;text-transform:uppercase\" id=\"stacaravan-victoria-atlantic-1100-2-slaapkamers\">Stacaravan Victoria atlantic 1100 2 slaapkamers<\/h2>\n\n\n<div class=\"wp-block-columns is-layout-flex wp-container-core-columns-is-layout-7 wp-block-columns-is-layout-flex\">\n<div class=\"wp-block-column is-layout-flow wp-block-column-is-layout-flow\">\n<div class=\"wp-block-group has-small-font-size has-global-padding is-layout-constrained wp-container-core-group-is-layout-37 wp-block-group-is-layout-constrained\">\n<p><strong>Referentie : Victoria atlantic 1100<\/strong><\/p>\n\n\n\n<p><strong>Jaar: 2019<\/strong><\/p>\n\n\n\n<p><strong>Zitplaatsen : 4<\/strong><\/p>\n\n\n\n<p><strong>Afmetingen :<\/strong> <strong>10,60x4m<\/strong><\/p>\n<\/div>\n<\/div>\n\n\n\n<div class=\"wp-block-column is-layout-flow wp-block-column-is-layout-flow\">\n<div class=\"wp-block-group has-small-font-size has-global-padding is-layout-constrained wp-container-core-group-is-layout-38 wp-block-group-is-layout-constrained\">\n<p>Stacaravan met 2 slaapkamers<\/p>\n\n\n\n<p>Beschikbaarheid: Onmiddellijk<br\/>Algemene staat:<strong>Zeer goed<\/strong><\/p>\n\n\n\n<p>Airconditioning + TV + Overdekt terras<\/p>\n<\/div>\n<\/div>\n\n\n\n<div class=\"wp-block-column is-layout-flow wp-block-column-is-layout-flow\">\n<p class=\"has-text-align-center has-accent-color has-text-color has-link-color has-sogo-font-family has-large-font-size wp-elements-8f05280fd26c435b03973f8d15747753\" style=\"font-style:normal;font-weight:400\">55.600 INCL. BTW<\/p>\n\n\n\n<div class=\"wp-block-buttons is-content-justification-center is-layout-flex wp-container-core-buttons-is-layout-4 wp-block-buttons-is-layout-flex\">\n<div class=\"wp-block-button has-custom-width wp-block-button__width-100 has-custom-font-size is-style-gt-contour-large has-medium-font-size\"><a class=\"wp-block-button__link has-accent-color has-text-color has-link-color wp-element-button\" href=\"https:\/\/campingclosduthym.com\/nl\/advertentie\/stacaravan-victoria-atlantic-1100-2-slaapkamers\/\" target=\"_blank\" rel=\"noreferrer noopener\">Meer info<\/a><\/div>\n<\/div>\n<\/div>\n<\/div>\n<\/div>\n<\/div>\n<\/div>\n\n\n\n<div class=\"wp-block-group alignfull gt-reveal has-accent-2-background-color has-background is-layout-flow wp-block-group-is-layout-flow\" style=\"padding-top:var(--wp--preset--spacing--40);padding-right:var(--wp--preset--spacing--40);padding-bottom:var(--wp--preset--spacing--40);padding-left:var(--wp--preset--spacing--40)\">\n<div class=\"wp-block-columns is-layout-flex wp-container-core-columns-is-layout-10 wp-block-columns-is-layout-flex\">\n<div class=\"wp-block-column is-layout-flow wp-block-column-is-layout-flow\" style=\"flex-basis:15rem\">\n<figure data-wp-context=\"{&quot;imageId&quot;:&quot;69f0c3de5c4b9&quot;}\" data-wp-interactive=\"core\/image\" class=\"wp-block-image size-full has-custom-border is-style-default wp-lightbox-container\"><img data-dominant-color=\"7a7766\" data-has-transparency=\"false\" decoding=\"async\" width=\"2100\" height=\"1575\" data-wp-class--hide=\"state.isContentHidden\" data-wp-class--show=\"state.isContentVisible\" data-wp-init=\"callbacks.setButtonStyles\" data-wp-on-async--click=\"actions.showLightbox\" data-wp-on-async--load=\"callbacks.setButtonStyles\" data-wp-on-async-window--resize=\"callbacks.setButtonStyles\" src=\"https:\/\/campingclosduthym.com\/wp-content\/uploads\/sites\/5\/2025\/01\/image00002-scaled.jpeg\" alt=\"Buitenfoto, niet-contractueel\" class=\"wp-image-5849 not-transparent\" style=\"--dominant-color: #7a7766; border-radius:100%;aspect-ratio:1;object-fit:cover\" srcset=\"https:\/\/campingclosduthym.com\/wp-content\/uploads\/sites\/5\/2025\/01\/image00002-scaled.jpeg 2100w, https:\/\/campingclosduthym.com\/wp-content\/uploads\/sites\/5\/2025\/01\/image00002-300x225.jpeg 300w, https:\/\/campingclosduthym.com\/wp-content\/uploads\/sites\/5\/2025\/01\/image00002-1024x768.jpeg 1024w, https:\/\/campingclosduthym.com\/wp-content\/uploads\/sites\/5\/2025\/01\/image00002-768x576.jpeg 768w, https:\/\/campingclosduthym.com\/wp-content\/uploads\/sites\/5\/2025\/01\/image00002-1536x1152.jpeg 1536w, https:\/\/campingclosduthym.com\/wp-content\/uploads\/sites\/5\/2025\/01\/image00002-2048x1536.jpeg 2048w\" sizes=\"(max-width: 2100px) 100vw, 2100px\" \/><button\n\t\t\tclass=\"lightbox-trigger\"\n\t\t\ttype=\"button\"\n\t\t\taria-haspopup=\"dialog\"\n\t\t\taria-label=\"Vergroot afbeelding: Buitenfoto, niet-contractueel\"\n\t\t\tdata-wp-init=\"callbacks.initTriggerButton\"\n\t\t\tdata-wp-on-async--click=\"actions.showLightbox\"\n\t\t\tdata-wp-style--right=\"state.imageButtonRight\"\n\t\t\tdata-wp-style--top=\"state.imageButtonTop\"\n\t\t>\n\t\t\t<svg xmlns=\"http:\/\/www.w3.org\/2000\/svg\" width=\"12\" height=\"12\" fill=\"none\" viewBox=\"0 0 12 12\">\n\t\t\t\t<path fill=\"#fff\" d=\"M2 0a2 2 0 0 0-2 2v2h1.5V2a.5.5 0 0 1 .5-.5h2V0H2Zm2 10.5H2a.5.5 0 0 1-.5-.5V8H0v2a2 2 0 0 0 2 2h2v-1.5ZM8 12v-1.5h2a.5.5 0 0 0 .5-.5V8H12v2a2 2 0 0 1-2 2H8Zm2-12a2 2 0 0 1 2 2v2h-1.5V2a.5.5 0 0 0-.5-.5H8V0h2Z\" \/>\n\t\t\t<\/svg>\n\t\t<\/button><\/figure>\n<\/div>\n\n\n\n<div class=\"wp-block-column is-layout-flow wp-block-column-is-layout-flow\" style=\"flex-basis:100%\"><h2 class=\"wp-block-heading has-large-font-size\" style=\"font-style:normal;font-weight:400;text-transform:uppercase\" id=\"stacaravan-ohara-844-2-slaapkamers\">Stacaravan O&#8217;hara 844 2 slaapkamers<\/h2>\n\n\n<div class=\"wp-block-columns is-layout-flex wp-container-core-columns-is-layout-9 wp-block-columns-is-layout-flex\">\n<div class=\"wp-block-column is-layout-flow wp-block-column-is-layout-flow\">\n<div class=\"wp-block-group has-small-font-size has-global-padding is-layout-constrained wp-container-core-group-is-layout-40 wp-block-group-is-layout-constrained\">\n<p><strong>Referentie : O&#8217;hara 844 2 kamers<\/strong><\/p>\n\n\n\n<p><strong>Jaar: 2024<\/strong><\/p>\n\n\n\n<p><strong>Zitcapaciteit: 4\/6<\/strong><\/p>\n\n\n\n<p><strong>Afmetingen :<\/strong> <strong>08,60x4m<\/strong><\/p>\n<\/div>\n<\/div>\n\n\n\n<div class=\"wp-block-column is-layout-flow wp-block-column-is-layout-flow\">\n<div class=\"wp-block-group has-small-font-size has-global-padding is-layout-constrained wp-container-core-group-is-layout-41 wp-block-group-is-layout-constrained\">\n<p>Stacaravan met 2 slaapkamers<\/p>\n\n\n\n<p><br\/>Beschikbaarheid: Onmiddellijk Algemene staat:<strong>Nieuw<\/strong><\/p>\n\n\n\n<p>Airconditioning + TV + Overdekt terras<\/p>\n<\/div>\n<\/div>\n\n\n\n<div class=\"wp-block-column is-layout-flow wp-block-column-is-layout-flow\">\n<p class=\"has-text-align-center has-accent-color has-text-color has-link-color has-sogo-font-family has-large-font-size wp-elements-8d7ba9d37db872811619ca51ea3ffe36\" style=\"font-style:normal;font-weight:400\">54.000 INCL. BTW<\/p>\n\n\n\n<div class=\"wp-block-buttons is-content-justification-center is-layout-flex wp-container-core-buttons-is-layout-5 wp-block-buttons-is-layout-flex\">\n<div class=\"wp-block-button has-custom-width wp-block-button__width-100 has-custom-font-size is-style-gt-contour-large has-medium-font-size\"><a class=\"wp-block-button__link has-accent-color has-text-color has-link-color wp-element-button\" href=\"https:\/\/campingclosduthym.com\/nl\/advertentie\/stacaravan-ohara-844-2-slaapkamers-2024\/\" target=\"_blank\" rel=\"noreferrer noopener\">Meer info<\/a><\/div>\n<\/div>\n<\/div>\n<\/div>\n<\/div>\n<\/div>\n<\/div>\n\n\n\n<div class=\"wp-block-group alignfull gt-reveal has-accent-2-background-color has-background is-layout-flow wp-block-group-is-layout-flow\" style=\"padding-top:var(--wp--preset--spacing--40);padding-right:var(--wp--preset--spacing--40);padding-bottom:var(--wp--preset--spacing--40);padding-left:var(--wp--preset--spacing--40)\">\n<div class=\"wp-block-columns is-layout-flex wp-container-core-columns-is-layout-12 wp-block-columns-is-layout-flex\">\n<div class=\"wp-block-column is-layout-flow wp-block-column-is-layout-flow\" style=\"flex-basis:15rem\">\n<figure data-wp-context=\"{&quot;imageId&quot;:&quot;69f0c3de5dc9b&quot;}\" data-wp-interactive=\"core\/image\" class=\"wp-block-image size-full has-custom-border is-style-default wp-lightbox-container\"><img data-dominant-color=\"878570\" data-has-transparency=\"false\" decoding=\"async\" width=\"865\" height=\"865\" data-wp-class--hide=\"state.isContentHidden\" data-wp-class--show=\"state.isContentVisible\" data-wp-init=\"callbacks.setButtonStyles\" data-wp-on-async--click=\"actions.showLightbox\" data-wp-on-async--load=\"callbacks.setButtonStyles\" data-wp-on-async-window--resize=\"callbacks.setButtonStyles\" src=\"https:\/\/campingclosduthym.com\/wp-content\/uploads\/sites\/5\/2024\/10\/mobil-home-irm-violette-3-chambres.webp\" alt=\"stacaravan irm violette 3 slaapkamers\" class=\"wp-image-4134 not-transparent\" style=\"--dominant-color: #878570; border-radius:100%;aspect-ratio:1;object-fit:cover\" srcset=\"https:\/\/campingclosduthym.com\/wp-content\/uploads\/sites\/5\/2024\/10\/mobil-home-irm-violette-3-chambres.webp 865w, https:\/\/campingclosduthym.com\/wp-content\/uploads\/sites\/5\/2024\/10\/mobil-home-irm-violette-3-chambres-300x300.webp 300w, https:\/\/campingclosduthym.com\/wp-content\/uploads\/sites\/5\/2024\/10\/mobil-home-irm-violette-3-chambres-150x150.webp 150w, https:\/\/campingclosduthym.com\/wp-content\/uploads\/sites\/5\/2024\/10\/mobil-home-irm-violette-3-chambres-768x768.webp 768w, https:\/\/campingclosduthym.com\/wp-content\/uploads\/sites\/5\/2024\/10\/mobil-home-irm-violette-3-chambres-400x400.webp 400w, https:\/\/campingclosduthym.com\/wp-content\/uploads\/sites\/5\/2024\/10\/mobil-home-irm-violette-3-chambres-600x600.webp 600w\" sizes=\"(max-width: 865px) 100vw, 865px\" \/><button\n\t\t\tclass=\"lightbox-trigger\"\n\t\t\ttype=\"button\"\n\t\t\taria-haspopup=\"dialog\"\n\t\t\taria-label=\"Vergroot afbeelding: stacaravan irm violette 3 slaapkamers\"\n\t\t\tdata-wp-init=\"callbacks.initTriggerButton\"\n\t\t\tdata-wp-on-async--click=\"actions.showLightbox\"\n\t\t\tdata-wp-style--right=\"state.imageButtonRight\"\n\t\t\tdata-wp-style--top=\"state.imageButtonTop\"\n\t\t>\n\t\t\t<svg xmlns=\"http:\/\/www.w3.org\/2000\/svg\" width=\"12\" height=\"12\" fill=\"none\" viewBox=\"0 0 12 12\">\n\t\t\t\t<path fill=\"#fff\" d=\"M2 0a2 2 0 0 0-2 2v2h1.5V2a.5.5 0 0 1 .5-.5h2V0H2Zm2 10.5H2a.5.5 0 0 1-.5-.5V8H0v2a2 2 0 0 0 2 2h2v-1.5ZM8 12v-1.5h2a.5.5 0 0 0 .5-.5V8H12v2a2 2 0 0 1-2 2H8Zm2-12a2 2 0 0 1 2 2v2h-1.5V2a.5.5 0 0 0-.5-.5H8V0h2Z\" \/>\n\t\t\t<\/svg>\n\t\t<\/button><\/figure>\n<\/div>\n\n\n\n<div class=\"wp-block-column is-layout-flow wp-block-column-is-layout-flow\" style=\"flex-basis:100%\"><h2 class=\"wp-block-heading has-large-font-size\" style=\"font-style:normal;font-weight:400;text-transform:uppercase\" id=\"stacaravan-magnolia-3-slaapkamers-2023\">Stacaravan Magnolia 3 slaapkamers &#8211; 2023<\/h2>\n\n\n<div class=\"wp-block-columns is-layout-flex wp-container-core-columns-is-layout-11 wp-block-columns-is-layout-flex\">\n<div class=\"wp-block-column is-layout-flow wp-block-column-is-layout-flow\">\n<div class=\"wp-block-group has-small-font-size has-global-padding is-layout-constrained wp-container-core-group-is-layout-43 wp-block-group-is-layout-constrained\">\n<p><strong>Referentie : <strong>Magnolia<\/strong><\/strong><\/p>\n\n\n\n<p><strong>Jaar: 2023<\/strong><\/p>\n\n\n\n<p><strong>Zitplaatsen : 6<\/strong><\/p>\n\n\n\n<p><strong>Afmetingen :<\/strong> <strong><strong>8,90x4m<\/strong><\/strong><\/p>\n<\/div>\n<\/div>\n\n\n\n<div class=\"wp-block-column is-layout-flow wp-block-column-is-layout-flow\">\n<div class=\"wp-block-group has-small-font-size has-global-padding is-layout-constrained wp-container-core-group-is-layout-44 wp-block-group-is-layout-constrained\">\n<p>Stacaravan met 3 slaapkamers<\/p>\n\n\n\n<p>Beschikbaarheid : Onmiddellijk<br\/>Algemene staat : <strong>Goede staat<\/strong><\/p>\n\n\n\n<p>Airconditioning<\/p>\n<\/div>\n<\/div>\n\n\n\n<div class=\"wp-block-column is-layout-flow wp-block-column-is-layout-flow\">\n<p class=\"has-text-align-center has-accent-color has-text-color has-link-color has-sogo-font-family has-large-font-size wp-elements-96c2a2989c117f1692d1fb3839d99857\" style=\"font-style:normal;font-weight:400\">52.500 INCL. BTW<\/p>\n\n\n\n<div class=\"wp-block-buttons is-content-justification-center is-layout-flex wp-container-core-buttons-is-layout-6 wp-block-buttons-is-layout-flex\">\n<div class=\"wp-block-button has-custom-width wp-block-button__width-100 has-custom-font-size is-style-gt-contour-large has-medium-font-size\"><a class=\"wp-block-button__link has-accent-color has-text-color has-link-color wp-element-button\" href=\"https:\/\/campingclosduthym.com\/nl\/advertentie\/stacaravan-magnolia-3-slaapkamers-2023\/\" target=\"_blank\" rel=\"noreferrer noopener\">Meer info<\/a><\/div>\n<\/div>\n<\/div>\n<\/div>\n<\/div>\n<\/div>\n<\/div>\n\n\n\n<div class=\"wp-block-group alignfull gt-reveal has-accent-2-background-color has-background is-layout-flow wp-block-group-is-layout-flow\" style=\"padding-top:var(--wp--preset--spacing--40);padding-right:var(--wp--preset--spacing--40);padding-bottom:var(--wp--preset--spacing--40);padding-left:var(--wp--preset--spacing--40)\">\n<div class=\"wp-block-columns is-layout-flex wp-container-core-columns-is-layout-14 wp-block-columns-is-layout-flex\">\n<div class=\"wp-block-column is-layout-flow wp-block-column-is-layout-flow\" style=\"flex-basis:15rem\">\n<figure data-wp-context=\"{&quot;imageId&quot;:&quot;69f0c3de5f5c1&quot;}\" data-wp-interactive=\"core\/image\" class=\"wp-block-image size-full has-custom-border is-style-default wp-lightbox-container\"><img data-dominant-color=\"8f7962\" data-has-transparency=\"false\" decoding=\"async\" width=\"2100\" height=\"1575\" data-wp-class--hide=\"state.isContentHidden\" data-wp-class--show=\"state.isContentVisible\" data-wp-init=\"callbacks.setButtonStyles\" data-wp-on-async--click=\"actions.showLightbox\" data-wp-on-async--load=\"callbacks.setButtonStyles\" data-wp-on-async-window--resize=\"callbacks.setButtonStyles\" src=\"https:\/\/campingclosduthym.com\/wp-content\/uploads\/sites\/5\/2025\/01\/image00003-scaled.jpeg\" alt=\"Buitenkant\" class=\"wp-image-5830 not-transparent\" style=\"--dominant-color: #8f7962; border-radius:100%;aspect-ratio:1;object-fit:cover\" srcset=\"https:\/\/campingclosduthym.com\/wp-content\/uploads\/sites\/5\/2025\/01\/image00003-scaled.jpeg 2100w, https:\/\/campingclosduthym.com\/wp-content\/uploads\/sites\/5\/2025\/01\/image00003-300x225.jpeg 300w, https:\/\/campingclosduthym.com\/wp-content\/uploads\/sites\/5\/2025\/01\/image00003-1024x768.jpeg 1024w, https:\/\/campingclosduthym.com\/wp-content\/uploads\/sites\/5\/2025\/01\/image00003-768x576.jpeg 768w, https:\/\/campingclosduthym.com\/wp-content\/uploads\/sites\/5\/2025\/01\/image00003-1536x1152.jpeg 1536w, https:\/\/campingclosduthym.com\/wp-content\/uploads\/sites\/5\/2025\/01\/image00003-2048x1536.jpeg 2048w\" sizes=\"(max-width: 2100px) 100vw, 2100px\" \/><button\n\t\t\tclass=\"lightbox-trigger\"\n\t\t\ttype=\"button\"\n\t\t\taria-haspopup=\"dialog\"\n\t\t\taria-label=\"Vergroot afbeelding: Buitenkant\"\n\t\t\tdata-wp-init=\"callbacks.initTriggerButton\"\n\t\t\tdata-wp-on-async--click=\"actions.showLightbox\"\n\t\t\tdata-wp-style--right=\"state.imageButtonRight\"\n\t\t\tdata-wp-style--top=\"state.imageButtonTop\"\n\t\t>\n\t\t\t<svg xmlns=\"http:\/\/www.w3.org\/2000\/svg\" width=\"12\" height=\"12\" fill=\"none\" viewBox=\"0 0 12 12\">\n\t\t\t\t<path fill=\"#fff\" d=\"M2 0a2 2 0 0 0-2 2v2h1.5V2a.5.5 0 0 1 .5-.5h2V0H2Zm2 10.5H2a.5.5 0 0 1-.5-.5V8H0v2a2 2 0 0 0 2 2h2v-1.5ZM8 12v-1.5h2a.5.5 0 0 0 .5-.5V8H12v2a2 2 0 0 1-2 2H8Zm2-12a2 2 0 0 1 2 2v2h-1.5V2a.5.5 0 0 0-.5-.5H8V0h2Z\" \/>\n\t\t\t<\/svg>\n\t\t<\/button><\/figure>\n<\/div>\n\n\n\n<div class=\"wp-block-column is-layout-flow wp-block-column-is-layout-flow\" style=\"flex-basis:100%\"><h2 class=\"wp-block-heading has-large-font-size\" style=\"font-style:normal;font-weight:400;text-transform:uppercase\" id=\"stacaravan-azalee-2-slaapkamers\">Stacaravan AZAL\u00e9e 2 slaapkamers<\/h2>\n\n\n<div class=\"wp-block-columns is-layout-flex wp-container-core-columns-is-layout-13 wp-block-columns-is-layout-flex\">\n<div class=\"wp-block-column is-layout-flow wp-block-column-is-layout-flow\">\n<div class=\"wp-block-group has-small-font-size has-global-padding is-layout-constrained wp-container-core-group-is-layout-46 wp-block-group-is-layout-constrained\">\n<p><strong>Referentie : Azal\u00e9e 2ch<\/strong><\/p>\n\n\n\n<p><strong>Jaar: 2024<\/strong><\/p>\n\n\n\n<p><strong>Zitcapaciteit: 4\/6<\/strong><\/p>\n\n\n\n<p><strong>Afmetingen :<\/strong> <strong><strong>7,90x4m<\/strong><\/strong><\/p>\n<\/div>\n<\/div>\n\n\n\n<div class=\"wp-block-column is-layout-flow wp-block-column-is-layout-flow\">\n<div class=\"wp-block-group has-small-font-size has-global-padding is-layout-constrained wp-container-core-group-is-layout-47 wp-block-group-is-layout-constrained\">\n<p>Stacaravan met 2 slaapkamers<\/p>\n\n\n\n<p><br\/>Beschikbaarheid: Onmiddellijk Algemene staat:<strong>Als nieuw<\/strong><\/p>\n\n\n\n<p>Airconditioning<\/p>\n<\/div>\n<\/div>\n\n\n\n<div class=\"wp-block-column is-layout-flow wp-block-column-is-layout-flow\">\n<p class=\"has-text-align-center has-accent-color has-text-color has-link-color has-sogo-font-family has-large-font-size wp-elements-99cb04a5f7bc428009bf88c60745a3b6\" style=\"font-style:normal;font-weight:400\">51.500 INCL. BTW<\/p>\n\n\n\n<div class=\"wp-block-buttons is-content-justification-center is-layout-flex wp-container-core-buttons-is-layout-7 wp-block-buttons-is-layout-flex\">\n<div class=\"wp-block-button has-custom-width wp-block-button__width-100 has-custom-font-size is-style-gt-contour-large has-medium-font-size\"><a class=\"wp-block-button__link has-accent-color has-text-color has-link-color wp-element-button\" href=\"https:\/\/campingclosduthym.com\/nl\/advertentie\/stacaravan-irm-azalee-2-slaapkamers-2024\/\" target=\"_blank\" rel=\"noreferrer noopener\">Meer info<\/a><\/div>\n<\/div>\n<\/div>\n<\/div>\n<\/div>\n<\/div>\n<\/div>\n\n\n\n<div class=\"wp-block-group alignfull gt-reveal has-accent-2-background-color has-background is-layout-flow wp-block-group-is-layout-flow\" style=\"padding-top:var(--wp--preset--spacing--40);padding-right:var(--wp--preset--spacing--40);padding-bottom:var(--wp--preset--spacing--40);padding-left:var(--wp--preset--spacing--40)\">\n<div class=\"wp-block-columns is-layout-flex wp-container-core-columns-is-layout-16 wp-block-columns-is-layout-flex\">\n<div class=\"wp-block-column is-layout-flow wp-block-column-is-layout-flow\" style=\"flex-basis:15rem\">\n<figure data-wp-context=\"{&quot;imageId&quot;:&quot;69f0c3de60f68&quot;}\" data-wp-interactive=\"core\/image\" class=\"wp-block-image size-full has-custom-border is-style-default wp-lightbox-container\"><img data-dominant-color=\"8b816f\" data-has-transparency=\"false\" decoding=\"async\" width=\"2100\" height=\"1575\" data-wp-class--hide=\"state.isContentHidden\" data-wp-class--show=\"state.isContentVisible\" data-wp-init=\"callbacks.setButtonStyles\" data-wp-on-async--click=\"actions.showLightbox\" data-wp-on-async--load=\"callbacks.setButtonStyles\" data-wp-on-async-window--resize=\"callbacks.setButtonStyles\" src=\"https:\/\/campingclosduthym.com\/wp-content\/uploads\/sites\/5\/2024\/12\/terrasse-ext-scaled.jpg\" alt=\"Foto van het overdekte buitenterras\" class=\"wp-image-5088 not-transparent\" style=\"--dominant-color: #8b816f; border-radius:100%;aspect-ratio:1;object-fit:cover\" srcset=\"https:\/\/campingclosduthym.com\/wp-content\/uploads\/sites\/5\/2024\/12\/terrasse-ext-scaled.jpg 2100w, https:\/\/campingclosduthym.com\/wp-content\/uploads\/sites\/5\/2024\/12\/terrasse-ext-300x225.jpg 300w, https:\/\/campingclosduthym.com\/wp-content\/uploads\/sites\/5\/2024\/12\/terrasse-ext-1024x768.jpg 1024w, https:\/\/campingclosduthym.com\/wp-content\/uploads\/sites\/5\/2024\/12\/terrasse-ext-768x576.jpg 768w, https:\/\/campingclosduthym.com\/wp-content\/uploads\/sites\/5\/2024\/12\/terrasse-ext-1536x1152.jpg 1536w, https:\/\/campingclosduthym.com\/wp-content\/uploads\/sites\/5\/2024\/12\/terrasse-ext-2048x1536.jpg 2048w\" sizes=\"(max-width: 2100px) 100vw, 2100px\" \/><button\n\t\t\tclass=\"lightbox-trigger\"\n\t\t\ttype=\"button\"\n\t\t\taria-haspopup=\"dialog\"\n\t\t\taria-label=\"Vergroot afbeelding: Foto van het overdekte buitenterras\"\n\t\t\tdata-wp-init=\"callbacks.initTriggerButton\"\n\t\t\tdata-wp-on-async--click=\"actions.showLightbox\"\n\t\t\tdata-wp-style--right=\"state.imageButtonRight\"\n\t\t\tdata-wp-style--top=\"state.imageButtonTop\"\n\t\t>\n\t\t\t<svg xmlns=\"http:\/\/www.w3.org\/2000\/svg\" width=\"12\" height=\"12\" fill=\"none\" viewBox=\"0 0 12 12\">\n\t\t\t\t<path fill=\"#fff\" d=\"M2 0a2 2 0 0 0-2 2v2h1.5V2a.5.5 0 0 1 .5-.5h2V0H2Zm2 10.5H2a.5.5 0 0 1-.5-.5V8H0v2a2 2 0 0 0 2 2h2v-1.5ZM8 12v-1.5h2a.5.5 0 0 0 .5-.5V8H12v2a2 2 0 0 1-2 2H8Zm2-12a2 2 0 0 1 2 2v2h-1.5V2a.5.5 0 0 0-.5-.5H8V0h2Z\" \/>\n\t\t\t<\/svg>\n\t\t<\/button><\/figure>\n<\/div>\n\n\n\n<div class=\"wp-block-column is-layout-flow wp-block-column-is-layout-flow\" style=\"flex-basis:100%\"><h2 class=\"wp-block-heading has-large-font-size\" style=\"font-style:normal;font-weight:400;text-transform:uppercase\" id=\"stacaravan-azalee-2-slaapkamers\">Stacaravan AZAL\u00e9e 2 slaapkamers<\/h2>\n\n\n<div class=\"wp-block-columns is-layout-flex wp-container-core-columns-is-layout-15 wp-block-columns-is-layout-flex\">\n<div class=\"wp-block-column is-layout-flow wp-block-column-is-layout-flow\">\n<div class=\"wp-block-group has-small-font-size has-global-padding is-layout-constrained wp-container-core-group-is-layout-49 wp-block-group-is-layout-constrained\">\n<p><strong>Referentie : Azal\u00e9e 2ch<\/strong><\/p>\n\n\n\n<p><strong>Jaar: 2023<\/strong><\/p>\n\n\n\n<p><strong>Zitplaatsen : 6<\/strong><\/p>\n\n\n\n<p><strong>Afmetingen :<\/strong> <strong><strong>7,90x4m<\/strong><\/strong><\/p>\n<\/div>\n<\/div>\n\n\n\n<div class=\"wp-block-column is-layout-flow wp-block-column-is-layout-flow\">\n<div class=\"wp-block-group has-small-font-size has-global-padding is-layout-constrained wp-container-core-group-is-layout-50 wp-block-group-is-layout-constrained\">\n<p>Stacaravan met 2 slaapkamers<\/p>\n\n\n\n<p>Beschikbaarheid : Onmiddellijk<br\/>Algemene staat : <strong>Goede staat<\/strong><\/p>\n\n\n\n<p>Airconditioning<\/p>\n<\/div>\n<\/div>\n\n\n\n<div class=\"wp-block-column is-layout-flow wp-block-column-is-layout-flow\">\n<p class=\"has-text-align-center has-accent-color has-text-color has-link-color has-sogo-font-family has-large-font-size wp-elements-7d051b4383cfa40552c2b31704388247\" style=\"font-style:normal;font-weight:400\">48.000 INCL. BTW<\/p>\n\n\n\n<div class=\"wp-block-buttons is-content-justification-center is-layout-flex wp-container-core-buttons-is-layout-8 wp-block-buttons-is-layout-flex\">\n<div class=\"wp-block-button has-custom-width wp-block-button__width-100 has-custom-font-size is-style-gt-contour-large has-medium-font-size\"><a class=\"wp-block-button__link has-accent-color has-text-color has-link-color wp-element-button\" href=\"https:\/\/campingclosduthym.com\/nl\/advertentie\/stacaravan-irm-azalee-2-slaapkamers\/\" target=\"_blank\" rel=\"noreferrer noopener\">Meer info<\/a><\/div>\n<\/div>\n<\/div>\n<\/div>\n<\/div>\n<\/div>\n<\/div>\n\n\n\n<div class=\"wp-block-group alignfull gt-reveal has-accent-2-background-color has-background is-layout-flow wp-block-group-is-layout-flow\" style=\"padding-top:var(--wp--preset--spacing--40);padding-right:var(--wp--preset--spacing--40);padding-bottom:var(--wp--preset--spacing--40);padding-left:var(--wp--preset--spacing--40)\">\n<div class=\"wp-block-columns is-layout-flex wp-container-core-columns-is-layout-18 wp-block-columns-is-layout-flex\">\n<div class=\"wp-block-column is-layout-flow wp-block-column-is-layout-flow\" style=\"flex-basis:15rem\">\n<figure data-wp-context=\"{&quot;imageId&quot;:&quot;69f0c3de62745&quot;}\" data-wp-interactive=\"core\/image\" class=\"wp-block-image size-full has-custom-border is-style-default wp-lightbox-container\"><img data-dominant-color=\"7e7a70\" data-has-transparency=\"false\" decoding=\"async\" width=\"2100\" height=\"1575\" data-wp-class--hide=\"state.isContentHidden\" data-wp-class--show=\"state.isContentVisible\" data-wp-init=\"callbacks.setButtonStyles\" data-wp-on-async--click=\"actions.showLightbox\" data-wp-on-async--load=\"callbacks.setButtonStyles\" data-wp-on-async-window--resize=\"callbacks.setButtonStyles\" src=\"https:\/\/campingclosduthym.com\/wp-content\/uploads\/sites\/5\/2024\/12\/exterieur-scaled.jpeg\" alt=\"Foto van het buitenterras\" class=\"wp-image-5138 not-transparent\" style=\"--dominant-color: #7e7a70; border-radius:100%;aspect-ratio:1;object-fit:cover\" srcset=\"https:\/\/campingclosduthym.com\/wp-content\/uploads\/sites\/5\/2024\/12\/exterieur-scaled.jpeg 2100w, https:\/\/campingclosduthym.com\/wp-content\/uploads\/sites\/5\/2024\/12\/exterieur-300x225.jpeg 300w, https:\/\/campingclosduthym.com\/wp-content\/uploads\/sites\/5\/2024\/12\/exterieur-1024x768.jpeg 1024w, https:\/\/campingclosduthym.com\/wp-content\/uploads\/sites\/5\/2024\/12\/exterieur-768x576.jpeg 768w, https:\/\/campingclosduthym.com\/wp-content\/uploads\/sites\/5\/2024\/12\/exterieur-1536x1152.jpeg 1536w, https:\/\/campingclosduthym.com\/wp-content\/uploads\/sites\/5\/2024\/12\/exterieur-2048x1536.jpeg 2048w\" sizes=\"(max-width: 2100px) 100vw, 2100px\" \/><button\n\t\t\tclass=\"lightbox-trigger\"\n\t\t\ttype=\"button\"\n\t\t\taria-haspopup=\"dialog\"\n\t\t\taria-label=\"Vergroot afbeelding: Foto van het buitenterras\"\n\t\t\tdata-wp-init=\"callbacks.initTriggerButton\"\n\t\t\tdata-wp-on-async--click=\"actions.showLightbox\"\n\t\t\tdata-wp-style--right=\"state.imageButtonRight\"\n\t\t\tdata-wp-style--top=\"state.imageButtonTop\"\n\t\t>\n\t\t\t<svg xmlns=\"http:\/\/www.w3.org\/2000\/svg\" width=\"12\" height=\"12\" fill=\"none\" viewBox=\"0 0 12 12\">\n\t\t\t\t<path fill=\"#fff\" d=\"M2 0a2 2 0 0 0-2 2v2h1.5V2a.5.5 0 0 1 .5-.5h2V0H2Zm2 10.5H2a.5.5 0 0 1-.5-.5V8H0v2a2 2 0 0 0 2 2h2v-1.5ZM8 12v-1.5h2a.5.5 0 0 0 .5-.5V8H12v2a2 2 0 0 1-2 2H8Zm2-12a2 2 0 0 1 2 2v2h-1.5V2a.5.5 0 0 0-.5-.5H8V0h2Z\" \/>\n\t\t\t<\/svg>\n\t\t<\/button><\/figure>\n<\/div>\n\n\n\n<div class=\"wp-block-column is-layout-flow wp-block-column-is-layout-flow\" style=\"flex-basis:100%\"><h2 class=\"wp-block-heading has-large-font-size\" style=\"font-style:normal;font-weight:400;text-transform:uppercase\" id=\"stacaravan-trigano-sirene-2-slaapkamers\">Stacaravan trigano sir\u00e8ne 2 slaapkamers<\/h2>\n\n\n<div class=\"wp-block-columns is-layout-flex wp-container-core-columns-is-layout-17 wp-block-columns-is-layout-flex\">\n<div class=\"wp-block-column is-layout-flow wp-block-column-is-layout-flow\">\n<div class=\"wp-block-group has-small-font-size has-global-padding is-layout-constrained wp-container-core-group-is-layout-52 wp-block-group-is-layout-constrained\">\n<p><strong>Referentie : Trigano sir\u00e8ne<\/strong><\/p>\n\n\n\n<p><strong>Jaar: 2017<\/strong><\/p>\n\n\n\n<p><strong>Zitplaatsen : 4<\/strong><\/p>\n\n\n\n<p><strong>Afmetingen :<\/strong> <strong><strong>8,50x4m<\/strong><\/strong><\/p>\n<\/div>\n<\/div>\n\n\n\n<div class=\"wp-block-column is-layout-flow wp-block-column-is-layout-flow\">\n<div class=\"wp-block-group has-small-font-size has-global-padding is-layout-constrained wp-container-core-group-is-layout-53 wp-block-group-is-layout-constrained\">\n<p>Stacaravan met 2 slaapkamers<\/p>\n\n\n\n<p>Beschikbaarheid : Onmiddellijk<br\/>Algemene staat : <strong>Goede staat<\/strong><\/p>\n\n\n\n<p>Airconditioning<\/p>\n<\/div>\n<\/div>\n\n\n\n<div class=\"wp-block-column is-layout-flow wp-block-column-is-layout-flow\">\n<p class=\"has-text-align-center has-accent-color has-text-color has-link-color has-sogo-font-family has-large-font-size wp-elements-6ee8ec6305ced14cd2cb796409072a83\" style=\"font-style:normal;font-weight:400\">34.000 INCL. BTW<\/p>\n\n\n\n<div class=\"wp-block-buttons is-content-justification-center is-layout-flex wp-container-core-buttons-is-layout-9 wp-block-buttons-is-layout-flex\">\n<div class=\"wp-block-button has-custom-width wp-block-button__width-100 has-custom-font-size is-style-gt-contour-large has-medium-font-size\"><a class=\"wp-block-button__link has-accent-color has-text-color has-link-color wp-element-button\" href=\"https:\/\/campingclosduthym.com\/nl\/advertentie\/stacaravan-trigano-sirene-2-slaapkamers-confort\/\" target=\"_blank\" rel=\"noreferrer noopener\">Meer info<\/a><\/div>\n<\/div>\n<\/div>\n<\/div>\n<\/div>\n<\/div>\n<\/div>\n\n\n\n<div class=\"wp-block-group alignfull gt-reveal has-accent-2-background-color has-background is-layout-flow wp-block-group-is-layout-flow\" style=\"padding-top:var(--wp--preset--spacing--40);padding-right:var(--wp--preset--spacing--40);padding-bottom:var(--wp--preset--spacing--40);padding-left:var(--wp--preset--spacing--40)\">\n<div class=\"wp-block-columns is-layout-flex wp-container-core-columns-is-layout-20 wp-block-columns-is-layout-flex\">\n<div class=\"wp-block-column is-layout-flow wp-block-column-is-layout-flow\" style=\"flex-basis:15rem\">\n<figure data-wp-context=\"{&quot;imageId&quot;:&quot;69f0c3de64079&quot;}\" data-wp-interactive=\"core\/image\" class=\"wp-block-image size-full has-custom-border is-style-default wp-lightbox-container\"><img data-dominant-color=\"6e7272\" data-has-transparency=\"false\" decoding=\"async\" width=\"2100\" height=\"1575\" data-wp-class--hide=\"state.isContentHidden\" data-wp-class--show=\"state.isContentVisible\" data-wp-init=\"callbacks.setButtonStyles\" data-wp-on-async--click=\"actions.showLightbox\" data-wp-on-async--load=\"callbacks.setButtonStyles\" data-wp-on-async-window--resize=\"callbacks.setButtonStyles\" src=\"https:\/\/campingclosduthym.com\/wp-content\/uploads\/sites\/5\/2024\/12\/image00001-scaled.jpeg\" alt=\"Foto van het buitenterras\" class=\"wp-image-5112 not-transparent\" style=\"--dominant-color: #6e7272; border-radius:100%;aspect-ratio:1;object-fit:cover\" srcset=\"https:\/\/campingclosduthym.com\/wp-content\/uploads\/sites\/5\/2024\/12\/image00001-scaled.jpeg 2100w, https:\/\/campingclosduthym.com\/wp-content\/uploads\/sites\/5\/2024\/12\/image00001-300x225.jpeg 300w, https:\/\/campingclosduthym.com\/wp-content\/uploads\/sites\/5\/2024\/12\/image00001-1024x768.jpeg 1024w, https:\/\/campingclosduthym.com\/wp-content\/uploads\/sites\/5\/2024\/12\/image00001-768x576.jpeg 768w, https:\/\/campingclosduthym.com\/wp-content\/uploads\/sites\/5\/2024\/12\/image00001-1536x1152.jpeg 1536w, https:\/\/campingclosduthym.com\/wp-content\/uploads\/sites\/5\/2024\/12\/image00001-2048x1536.jpeg 2048w\" sizes=\"(max-width: 2100px) 100vw, 2100px\" \/><button\n\t\t\tclass=\"lightbox-trigger\"\n\t\t\ttype=\"button\"\n\t\t\taria-haspopup=\"dialog\"\n\t\t\taria-label=\"Vergroot afbeelding: Foto van het buitenterras\"\n\t\t\tdata-wp-init=\"callbacks.initTriggerButton\"\n\t\t\tdata-wp-on-async--click=\"actions.showLightbox\"\n\t\t\tdata-wp-style--right=\"state.imageButtonRight\"\n\t\t\tdata-wp-style--top=\"state.imageButtonTop\"\n\t\t>\n\t\t\t<svg xmlns=\"http:\/\/www.w3.org\/2000\/svg\" width=\"12\" height=\"12\" fill=\"none\" viewBox=\"0 0 12 12\">\n\t\t\t\t<path fill=\"#fff\" d=\"M2 0a2 2 0 0 0-2 2v2h1.5V2a.5.5 0 0 1 .5-.5h2V0H2Zm2 10.5H2a.5.5 0 0 1-.5-.5V8H0v2a2 2 0 0 0 2 2h2v-1.5ZM8 12v-1.5h2a.5.5 0 0 0 .5-.5V8H12v2a2 2 0 0 1-2 2H8Zm2-12a2 2 0 0 1 2 2v2h-1.5V2a.5.5 0 0 0-.5-.5H8V0h2Z\" \/>\n\t\t\t<\/svg>\n\t\t<\/button><\/figure>\n<\/div>\n\n\n\n<div class=\"wp-block-column is-layout-flow wp-block-column-is-layout-flow\" style=\"flex-basis:100%\"><h2 class=\"wp-block-heading has-large-font-size\" style=\"font-style:normal;font-weight:400;text-transform:uppercase\" id=\"stacaravan-sunroller-eva-8003-3-slaapkamers\">Stacaravan SUNROLLER EVA 8003 3 SLAAPKAMERS<\/h2>\n\n\n<div class=\"wp-block-columns is-layout-flex wp-container-core-columns-is-layout-19 wp-block-columns-is-layout-flex\">\n<div class=\"wp-block-column is-layout-flow wp-block-column-is-layout-flow\">\n<div class=\"wp-block-group has-small-font-size has-global-padding is-layout-constrained wp-container-core-group-is-layout-55 wp-block-group-is-layout-constrained\">\n<p><strong>Referentie : Sunroller eva 8003<\/strong><\/p>\n\n\n\n<p><strong>Jaar : 2008<\/strong><\/p>\n\n\n\n<p><strong>Zitplaatsen : 6<\/strong><\/p>\n\n\n\n<p><strong>Afmetingen :<\/strong> <strong><strong>8,00x4m<\/strong><\/strong><\/p>\n<\/div>\n<\/div>\n\n\n\n<div class=\"wp-block-column is-layout-flow wp-block-column-is-layout-flow\">\n<div class=\"wp-block-group has-small-font-size has-global-padding is-layout-constrained wp-container-core-group-is-layout-56 wp-block-group-is-layout-constrained\">\n<p>Stacaravan met 2 slaapkamers<\/p>\n\n\n\n<p>Beschikbaarheid: Onmiddellijk<br\/>Algemene <strong>staat<\/strong>: <strong>Redelijk<\/strong><\/p>\n\n\n\n<p>Airconditioning<\/p>\n<\/div>\n<\/div>\n\n\n\n<div class=\"wp-block-column is-layout-flow wp-block-column-is-layout-flow\">\n<p class=\"has-text-align-center has-accent-color has-text-color has-link-color has-sogo-font-family has-large-font-size wp-elements-c5e4820bb3eca417126c8f3200f5cafa\" style=\"font-style:normal;font-weight:400\">13.990 INCL. BTW<\/p>\n\n\n\n<div class=\"wp-block-buttons is-content-justification-center is-layout-flex wp-container-core-buttons-is-layout-10 wp-block-buttons-is-layout-flex\">\n<div class=\"wp-block-button has-custom-width wp-block-button__width-100 has-custom-font-size is-style-gt-contour-large has-medium-font-size\"><a class=\"wp-block-button__link has-accent-color has-text-color has-link-color wp-element-button\" href=\"https:\/\/campingclosduthym.com\/nl\/advertentie\/stacaravan-sunroller-eva-8003-3-slaapkamers\/\" target=\"_blank\" rel=\"noreferrer noopener\">Meer info<\/a><\/div>\n<\/div>\n<\/div>\n<\/div>\n<\/div>\n<\/div>\n<\/div>\n\n\n\n<div class=\"wp-block-group alignfull gt-reveal has-accent-2-background-color has-background is-layout-flow wp-block-group-is-layout-flow\" style=\"padding-top:var(--wp--preset--spacing--40);padding-right:var(--wp--preset--spacing--40);padding-bottom:var(--wp--preset--spacing--40);padding-left:var(--wp--preset--spacing--40)\">\n<div class=\"wp-block-columns is-layout-flex wp-container-core-columns-is-layout-22 wp-block-columns-is-layout-flex\">\n<div class=\"wp-block-column is-layout-flow wp-block-column-is-layout-flow\" style=\"flex-basis:15rem\">\n<figure data-wp-context=\"{&quot;imageId&quot;:&quot;69f0c3de65c84&quot;}\" data-wp-interactive=\"core\/image\" class=\"wp-block-image size-full has-custom-border is-style-default wp-lightbox-container\"><img data-dominant-color=\"8b7656\" data-has-transparency=\"false\" decoding=\"async\" width=\"865\" height=\"865\" data-wp-class--hide=\"state.isContentHidden\" data-wp-class--show=\"state.isContentVisible\" data-wp-init=\"callbacks.setButtonStyles\" data-wp-on-async--click=\"actions.showLightbox\" data-wp-on-async--load=\"callbacks.setButtonStyles\" data-wp-on-async-window--resize=\"callbacks.setButtonStyles\" src=\"https:\/\/campingclosduthym.com\/wp-content\/uploads\/sites\/5\/2024\/10\/mobil-home-irm-lilas-3-chambres.webp\" alt=\"stacaravan irm lilas 3 slaapkamers\" class=\"wp-image-4132 not-transparent\" style=\"--dominant-color: #8b7656; border-radius:100%;aspect-ratio:1;object-fit:cover\" srcset=\"https:\/\/campingclosduthym.com\/wp-content\/uploads\/sites\/5\/2024\/10\/mobil-home-irm-lilas-3-chambres.webp 865w, https:\/\/campingclosduthym.com\/wp-content\/uploads\/sites\/5\/2024\/10\/mobil-home-irm-lilas-3-chambres-300x300.webp 300w, https:\/\/campingclosduthym.com\/wp-content\/uploads\/sites\/5\/2024\/10\/mobil-home-irm-lilas-3-chambres-150x150.webp 150w, https:\/\/campingclosduthym.com\/wp-content\/uploads\/sites\/5\/2024\/10\/mobil-home-irm-lilas-3-chambres-768x768.webp 768w, https:\/\/campingclosduthym.com\/wp-content\/uploads\/sites\/5\/2024\/10\/mobil-home-irm-lilas-3-chambres-400x400.webp 400w, https:\/\/campingclosduthym.com\/wp-content\/uploads\/sites\/5\/2024\/10\/mobil-home-irm-lilas-3-chambres-600x600.webp 600w\" sizes=\"(max-width: 865px) 100vw, 865px\" \/><button\n\t\t\tclass=\"lightbox-trigger\"\n\t\t\ttype=\"button\"\n\t\t\taria-haspopup=\"dialog\"\n\t\t\taria-label=\"Vergroot afbeelding: stacaravan irm lilas 3 slaapkamers\"\n\t\t\tdata-wp-init=\"callbacks.initTriggerButton\"\n\t\t\tdata-wp-on-async--click=\"actions.showLightbox\"\n\t\t\tdata-wp-style--right=\"state.imageButtonRight\"\n\t\t\tdata-wp-style--top=\"state.imageButtonTop\"\n\t\t>\n\t\t\t<svg xmlns=\"http:\/\/www.w3.org\/2000\/svg\" width=\"12\" height=\"12\" fill=\"none\" viewBox=\"0 0 12 12\">\n\t\t\t\t<path fill=\"#fff\" d=\"M2 0a2 2 0 0 0-2 2v2h1.5V2a.5.5 0 0 1 .5-.5h2V0H2Zm2 10.5H2a.5.5 0 0 1-.5-.5V8H0v2a2 2 0 0 0 2 2h2v-1.5ZM8 12v-1.5h2a.5.5 0 0 0 .5-.5V8H12v2a2 2 0 0 1-2 2H8Zm2-12a2 2 0 0 1 2 2v2h-1.5V2a.5.5 0 0 0-.5-.5H8V0h2Z\" \/>\n\t\t\t<\/svg>\n\t\t<\/button><\/figure>\n<\/div>\n\n\n\n<div class=\"wp-block-column is-layout-flow wp-block-column-is-layout-flow\" style=\"flex-basis:100%\"><h2 class=\"wp-block-heading has-large-font-size\" style=\"font-style:normal;font-weight:400;text-transform:uppercase\" id=\"stacaravan-irm-lilas-3-slaapkamers\">Stacaravan IRM Lilas &#8211; 3 slaapkamers<\/h2>\n\n\n<div class=\"wp-block-columns is-layout-flex wp-container-core-columns-is-layout-21 wp-block-columns-is-layout-flex\">\n<div class=\"wp-block-column is-layout-flow wp-block-column-is-layout-flow\">\n<div class=\"wp-block-group has-small-font-size has-global-padding is-layout-constrained wp-container-core-group-is-layout-58 wp-block-group-is-layout-constrained\">\n<p><strong>Referentie : <strong>Lilas 3 bd<\/strong><\/strong><\/p>\n\n\n\n<p><strong>Jaar: 2023<\/strong><\/p>\n\n\n\n<p><strong>Zitplaatsen : 6<\/strong><\/p>\n\n\n\n<p><strong>Afmetingen :<\/strong> <strong>10,60x4m<\/strong><\/p>\n<\/div>\n<\/div>\n\n\n\n<div class=\"wp-block-column is-layout-flow wp-block-column-is-layout-flow\">\n<div class=\"wp-block-group has-small-font-size has-global-padding is-layout-constrained wp-container-core-group-is-layout-59 wp-block-group-is-layout-constrained\">\n<p class=\"has-text-color has-link-color has-large-font-size wp-elements-7a67c19d417a1a43385646cc189a88c4\" style=\"color:#ff0000\"><strong>VERKOCHT<\/strong><\/p>\n<\/div>\n<\/div>\n\n\n\n<div class=\"wp-block-column is-layout-flow wp-block-column-is-layout-flow\"><\/div>\n<\/div>\n<\/div>\n<\/div>\n<\/div>\n\n\n\n<div class=\"wp-block-group alignfull gt-reveal has-accent-2-background-color has-background is-layout-flow wp-block-group-is-layout-flow\" style=\"padding-top:var(--wp--preset--spacing--40);padding-right:var(--wp--preset--spacing--40);padding-bottom:var(--wp--preset--spacing--40);padding-left:var(--wp--preset--spacing--40)\">\n<div class=\"wp-block-columns is-layout-flex wp-container-core-columns-is-layout-24 wp-block-columns-is-layout-flex\">\n<div class=\"wp-block-column is-layout-flow wp-block-column-is-layout-flow\" style=\"flex-basis:15rem\">\n<figure data-wp-context=\"{&quot;imageId&quot;:&quot;69f0c3de66d1e&quot;}\" data-wp-interactive=\"core\/image\" class=\"wp-block-image size-full has-custom-border is-style-default wp-lightbox-container\"><img data-dominant-color=\"657d95\" data-has-transparency=\"false\" decoding=\"async\" width=\"865\" height=\"865\" data-wp-class--hide=\"state.isContentHidden\" data-wp-class--show=\"state.isContentVisible\" data-wp-init=\"callbacks.setButtonStyles\" data-wp-on-async--click=\"actions.showLightbox\" data-wp-on-async--load=\"callbacks.setButtonStyles\" data-wp-on-async-window--resize=\"callbacks.setButtonStyles\" src=\"https:\/\/campingclosduthym.com\/wp-content\/uploads\/sites\/5\/2024\/10\/maple-europa-caravans.webp\" alt=\"esdoorn europa caravans\" class=\"wp-image-4139 not-transparent\" style=\"--dominant-color: #657d95; border-radius:100%;aspect-ratio:1;object-fit:cover\" srcset=\"https:\/\/campingclosduthym.com\/wp-content\/uploads\/sites\/5\/2024\/10\/maple-europa-caravans.webp 865w, https:\/\/campingclosduthym.com\/wp-content\/uploads\/sites\/5\/2024\/10\/maple-europa-caravans-300x300.webp 300w, https:\/\/campingclosduthym.com\/wp-content\/uploads\/sites\/5\/2024\/10\/maple-europa-caravans-150x150.webp 150w, https:\/\/campingclosduthym.com\/wp-content\/uploads\/sites\/5\/2024\/10\/maple-europa-caravans-768x768.webp 768w, https:\/\/campingclosduthym.com\/wp-content\/uploads\/sites\/5\/2024\/10\/maple-europa-caravans-400x400.webp 400w, https:\/\/campingclosduthym.com\/wp-content\/uploads\/sites\/5\/2024\/10\/maple-europa-caravans-600x600.webp 600w\" sizes=\"(max-width: 865px) 100vw, 865px\" \/><button\n\t\t\tclass=\"lightbox-trigger\"\n\t\t\ttype=\"button\"\n\t\t\taria-haspopup=\"dialog\"\n\t\t\taria-label=\"Vergroot afbeelding: esdoorn europa caravans\"\n\t\t\tdata-wp-init=\"callbacks.initTriggerButton\"\n\t\t\tdata-wp-on-async--click=\"actions.showLightbox\"\n\t\t\tdata-wp-style--right=\"state.imageButtonRight\"\n\t\t\tdata-wp-style--top=\"state.imageButtonTop\"\n\t\t>\n\t\t\t<svg xmlns=\"http:\/\/www.w3.org\/2000\/svg\" width=\"12\" height=\"12\" fill=\"none\" viewBox=\"0 0 12 12\">\n\t\t\t\t<path fill=\"#fff\" d=\"M2 0a2 2 0 0 0-2 2v2h1.5V2a.5.5 0 0 1 .5-.5h2V0H2Zm2 10.5H2a.5.5 0 0 1-.5-.5V8H0v2a2 2 0 0 0 2 2h2v-1.5ZM8 12v-1.5h2a.5.5 0 0 0 .5-.5V8H12v2a2 2 0 0 1-2 2H8Zm2-12a2 2 0 0 1 2 2v2h-1.5V2a.5.5 0 0 0-.5-.5H8V0h2Z\" \/>\n\t\t\t<\/svg>\n\t\t<\/button><\/figure>\n<\/div>\n\n\n\n<div class=\"wp-block-column is-layout-flow wp-block-column-is-layout-flow\" style=\"flex-basis:100%\"><h2 class=\"wp-block-heading has-large-font-size\" style=\"font-style:normal;font-weight:400;text-transform:uppercase\" id=\"stacaravan-maple-europa-caravans\">Stacaravan Maple europa caravans<\/h2>\n\n\n<div class=\"wp-block-columns is-layout-flex wp-container-core-columns-is-layout-23 wp-block-columns-is-layout-flex\">\n<div class=\"wp-block-column is-layout-flow wp-block-column-is-layout-flow\">\n<div class=\"wp-block-group has-small-font-size has-global-padding is-layout-constrained wp-container-core-group-is-layout-61 wp-block-group-is-layout-constrained\">\n<p><strong>Referentie : Maple Europa caravans<\/strong><\/p>\n\n\n\n<p><strong>Jaar: 2021<\/strong><\/p>\n\n\n\n<p><strong>Zitcapaciteit: 4\/6<\/strong><\/p>\n\n\n\n<p><strong>Afmetingen :<\/strong> <strong>10,50x4m <\/strong> <\/p>\n<\/div>\n<\/div>\n\n\n\n<div class=\"wp-block-column is-layout-flow wp-block-column-is-layout-flow\">\n<div class=\"wp-block-group has-small-font-size has-global-padding is-layout-constrained wp-container-core-group-is-layout-62 wp-block-group-is-layout-constrained\">\n<p class=\"has-text-color has-link-color has-large-font-size wp-elements-7a67c19d417a1a43385646cc189a88c4\" style=\"color:#ff0000\"><strong>VERKOCHT<\/strong><\/p>\n<\/div>\n<\/div>\n\n\n\n<div class=\"wp-block-column is-layout-flow wp-block-column-is-layout-flow\"><\/div>\n<\/div>\n<\/div>\n<\/div>\n<\/div>\n\n\n\n<div class=\"wp-block-group alignfull gt-reveal has-accent-2-background-color has-background is-layout-flow wp-block-group-is-layout-flow\" style=\"padding-top:var(--wp--preset--spacing--40);padding-right:var(--wp--preset--spacing--40);padding-bottom:var(--wp--preset--spacing--40);padding-left:var(--wp--preset--spacing--40)\">\n<div class=\"wp-block-columns is-layout-flex wp-container-core-columns-is-layout-26 wp-block-columns-is-layout-flex\">\n<div class=\"wp-block-column is-layout-flow wp-block-column-is-layout-flow\" style=\"flex-basis:15rem\">\n<figure data-wp-context=\"{&quot;imageId&quot;:&quot;69f0c3de67df9&quot;}\" data-wp-interactive=\"core\/image\" class=\"wp-block-image size-full has-custom-border is-style-default wp-lightbox-container\"><img data-dominant-color=\"817654\" data-has-transparency=\"false\" decoding=\"async\" width=\"865\" height=\"865\" data-wp-class--hide=\"state.isContentHidden\" data-wp-class--show=\"state.isContentVisible\" data-wp-init=\"callbacks.setButtonStyles\" data-wp-on-async--click=\"actions.showLightbox\" data-wp-on-async--load=\"callbacks.setButtonStyles\" data-wp-on-async-window--resize=\"callbacks.setButtonStyles\" src=\"https:\/\/campingclosduthym.com\/wp-content\/uploads\/sites\/5\/2024\/10\/mobil-home-ohara-804-2-chambres-2023.webp\" alt=\"stacaravan ohara 804 2 slaapkamers 2023\" class=\"wp-image-4143 not-transparent\" style=\"--dominant-color: #817654; border-radius:100%;aspect-ratio:1;object-fit:cover\" srcset=\"https:\/\/campingclosduthym.com\/wp-content\/uploads\/sites\/5\/2024\/10\/mobil-home-ohara-804-2-chambres-2023.webp 865w, https:\/\/campingclosduthym.com\/wp-content\/uploads\/sites\/5\/2024\/10\/mobil-home-ohara-804-2-chambres-2023-300x300.webp 300w, https:\/\/campingclosduthym.com\/wp-content\/uploads\/sites\/5\/2024\/10\/mobil-home-ohara-804-2-chambres-2023-150x150.webp 150w, https:\/\/campingclosduthym.com\/wp-content\/uploads\/sites\/5\/2024\/10\/mobil-home-ohara-804-2-chambres-2023-768x768.webp 768w, https:\/\/campingclosduthym.com\/wp-content\/uploads\/sites\/5\/2024\/10\/mobil-home-ohara-804-2-chambres-2023-400x400.webp 400w, https:\/\/campingclosduthym.com\/wp-content\/uploads\/sites\/5\/2024\/10\/mobil-home-ohara-804-2-chambres-2023-600x600.webp 600w\" sizes=\"(max-width: 865px) 100vw, 865px\" \/><button\n\t\t\tclass=\"lightbox-trigger\"\n\t\t\ttype=\"button\"\n\t\t\taria-haspopup=\"dialog\"\n\t\t\taria-label=\"Vergroot afbeelding: stacaravan ohara 804 2 slaapkamers 2023\"\n\t\t\tdata-wp-init=\"callbacks.initTriggerButton\"\n\t\t\tdata-wp-on-async--click=\"actions.showLightbox\"\n\t\t\tdata-wp-style--right=\"state.imageButtonRight\"\n\t\t\tdata-wp-style--top=\"state.imageButtonTop\"\n\t\t>\n\t\t\t<svg xmlns=\"http:\/\/www.w3.org\/2000\/svg\" width=\"12\" height=\"12\" fill=\"none\" viewBox=\"0 0 12 12\">\n\t\t\t\t<path fill=\"#fff\" d=\"M2 0a2 2 0 0 0-2 2v2h1.5V2a.5.5 0 0 1 .5-.5h2V0H2Zm2 10.5H2a.5.5 0 0 1-.5-.5V8H0v2a2 2 0 0 0 2 2h2v-1.5ZM8 12v-1.5h2a.5.5 0 0 0 .5-.5V8H12v2a2 2 0 0 1-2 2H8Zm2-12a2 2 0 0 1 2 2v2h-1.5V2a.5.5 0 0 0-.5-.5H8V0h2Z\" \/>\n\t\t\t<\/svg>\n\t\t<\/button><\/figure>\n<\/div>\n\n\n\n<div class=\"wp-block-column is-layout-flow wp-block-column-is-layout-flow\" style=\"flex-basis:100%\"><h2 class=\"wp-block-heading has-large-font-size\" style=\"font-style:normal;font-weight:400;text-transform:uppercase\" id=\"stacaravan-ohara-804-2-slaapkamers-2023\">Stacaravan O&#8217;hara 804 2 slaapkamers &#8211; 2023<\/h2>\n\n\n<div class=\"wp-block-columns is-layout-flex wp-container-core-columns-is-layout-25 wp-block-columns-is-layout-flex\">\n<div class=\"wp-block-column is-layout-flow wp-block-column-is-layout-flow\">\n<div class=\"wp-block-group has-small-font-size has-global-padding is-layout-constrained wp-container-core-group-is-layout-64 wp-block-group-is-layout-constrained\">\n<p><strong>Referentie : O&#8217;hara 804 2 c<strong><strong>h<\/strong><\/strong><\/strong><\/p>\n\n\n\n<p><strong>Jaar: 2023<\/strong><\/p>\n\n\n\n<p><strong>Zitcapaciteit: 4\/6<\/strong><\/p>\n\n\n\n<p><strong>Afmetingen :<\/strong> <strong>8,00x4m <\/strong> <\/p>\n<\/div>\n<\/div>\n\n\n\n<div class=\"wp-block-column is-layout-flow wp-block-column-is-layout-flow\">\n<div class=\"wp-block-group has-small-font-size has-global-padding is-layout-constrained wp-container-core-group-is-layout-65 wp-block-group-is-layout-constrained\">\n<p class=\"has-text-color has-link-color has-large-font-size wp-elements-7a67c19d417a1a43385646cc189a88c4\" style=\"color:#ff0000\"><strong>VERKOCHT<\/strong><\/p>\n<\/div>\n<\/div>\n\n\n\n<div class=\"wp-block-column is-layout-flow wp-block-column-is-layout-flow\"><\/div>\n<\/div>\n<\/div>\n<\/div>\n<\/div>\n\n\n\n<div class=\"wp-block-group alignfull gt-reveal has-accent-2-background-color has-background is-layout-flow wp-block-group-is-layout-flow\" style=\"padding-top:var(--wp--preset--spacing--40);padding-right:var(--wp--preset--spacing--40);padding-bottom:var(--wp--preset--spacing--40);padding-left:var(--wp--preset--spacing--40)\">\n<div class=\"wp-block-columns is-layout-flex wp-container-core-columns-is-layout-28 wp-block-columns-is-layout-flex\">\n<div class=\"wp-block-column is-layout-flow wp-block-column-is-layout-flow\" style=\"flex-basis:15rem\">\n<figure data-wp-context=\"{&quot;imageId&quot;:&quot;69f0c3de68ed0&quot;}\" data-wp-interactive=\"core\/image\" class=\"wp-block-image size-full has-custom-border is-style-default wp-lightbox-container\"><img data-dominant-color=\"8e7d49\" data-has-transparency=\"false\" decoding=\"async\" width=\"865\" height=\"865\" data-wp-class--hide=\"state.isContentHidden\" data-wp-class--show=\"state.isContentVisible\" data-wp-init=\"callbacks.setButtonStyles\" data-wp-on-async--click=\"actions.showLightbox\" data-wp-on-async--load=\"callbacks.setButtonStyles\" data-wp-on-async-window--resize=\"callbacks.setButtonStyles\" src=\"https:\/\/campingclosduthym.com\/wp-content\/uploads\/sites\/5\/2024\/10\/mobil-home-ohara-844-2-chambres-2023.webp\" alt=\"stacaravan ohara 844 2 slaapkamers 2023\" class=\"wp-image-4145 not-transparent\" style=\"--dominant-color: #8e7d49; border-radius:100%;aspect-ratio:1;object-fit:cover\" srcset=\"https:\/\/campingclosduthym.com\/wp-content\/uploads\/sites\/5\/2024\/10\/mobil-home-ohara-844-2-chambres-2023.webp 865w, https:\/\/campingclosduthym.com\/wp-content\/uploads\/sites\/5\/2024\/10\/mobil-home-ohara-844-2-chambres-2023-300x300.webp 300w, https:\/\/campingclosduthym.com\/wp-content\/uploads\/sites\/5\/2024\/10\/mobil-home-ohara-844-2-chambres-2023-150x150.webp 150w, https:\/\/campingclosduthym.com\/wp-content\/uploads\/sites\/5\/2024\/10\/mobil-home-ohara-844-2-chambres-2023-768x768.webp 768w, https:\/\/campingclosduthym.com\/wp-content\/uploads\/sites\/5\/2024\/10\/mobil-home-ohara-844-2-chambres-2023-400x400.webp 400w, https:\/\/campingclosduthym.com\/wp-content\/uploads\/sites\/5\/2024\/10\/mobil-home-ohara-844-2-chambres-2023-600x600.webp 600w\" sizes=\"(max-width: 865px) 100vw, 865px\" \/><button\n\t\t\tclass=\"lightbox-trigger\"\n\t\t\ttype=\"button\"\n\t\t\taria-haspopup=\"dialog\"\n\t\t\taria-label=\"Vergroot afbeelding: stacaravan ohara 844 2 slaapkamers 2023\"\n\t\t\tdata-wp-init=\"callbacks.initTriggerButton\"\n\t\t\tdata-wp-on-async--click=\"actions.showLightbox\"\n\t\t\tdata-wp-style--right=\"state.imageButtonRight\"\n\t\t\tdata-wp-style--top=\"state.imageButtonTop\"\n\t\t>\n\t\t\t<svg xmlns=\"http:\/\/www.w3.org\/2000\/svg\" width=\"12\" height=\"12\" fill=\"none\" viewBox=\"0 0 12 12\">\n\t\t\t\t<path fill=\"#fff\" d=\"M2 0a2 2 0 0 0-2 2v2h1.5V2a.5.5 0 0 1 .5-.5h2V0H2Zm2 10.5H2a.5.5 0 0 1-.5-.5V8H0v2a2 2 0 0 0 2 2h2v-1.5ZM8 12v-1.5h2a.5.5 0 0 0 .5-.5V8H12v2a2 2 0 0 1-2 2H8Zm2-12a2 2 0 0 1 2 2v2h-1.5V2a.5.5 0 0 0-.5-.5H8V0h2Z\" \/>\n\t\t\t<\/svg>\n\t\t<\/button><\/figure>\n<\/div>\n\n\n\n<div class=\"wp-block-column is-layout-flow wp-block-column-is-layout-flow\" style=\"flex-basis:100%\"><h2 class=\"wp-block-heading has-large-font-size\" style=\"font-style:normal;font-weight:400;text-transform:uppercase\" id=\"stacaravan-ohara-844-2-slaapkamers-2023\">Stacaravan O&#8217;hara 844 2 slaapkamers &#8211; 2023<\/h2>\n\n\n<div class=\"wp-block-columns is-layout-flex wp-container-core-columns-is-layout-27 wp-block-columns-is-layout-flex\">\n<div class=\"wp-block-column is-layout-flow wp-block-column-is-layout-flow\">\n<div class=\"wp-block-group has-small-font-size has-global-padding is-layout-constrained wp-container-core-group-is-layout-67 wp-block-group-is-layout-constrained\">\n<p><strong>Referentie : <strong>844 CDT<\/strong><\/strong><\/p>\n\n\n\n<p><strong>Jaar: 2023<\/strong><\/p>\n\n\n\n<p><strong>Zitcapaciteit: 4\/6<\/strong><\/p>\n\n\n\n<p><strong>Afmetingen :<\/strong> <strong>8,40x4m <\/strong> <\/p>\n<\/div>\n<\/div>\n\n\n\n<div class=\"wp-block-column is-layout-flow wp-block-column-is-layout-flow\">\n<div class=\"wp-block-group has-small-font-size has-global-padding is-layout-constrained wp-container-core-group-is-layout-68 wp-block-group-is-layout-constrained\">\n<p class=\"has-text-color has-link-color has-large-font-size wp-elements-7a67c19d417a1a43385646cc189a88c4\" style=\"color:#ff0000\"><strong>VERKOCHT<\/strong><\/p>\n<\/div>\n<\/div>\n\n\n\n<div class=\"wp-block-column is-layout-flow wp-block-column-is-layout-flow\"><\/div>\n<\/div>\n<\/div>\n<\/div>\n<\/div>\n\n\n\n<div class=\"wp-block-group alignfull gt-reveal has-accent-2-background-color has-background is-layout-flow wp-block-group-is-layout-flow\" style=\"padding-top:var(--wp--preset--spacing--40);padding-right:var(--wp--preset--spacing--40);padding-bottom:var(--wp--preset--spacing--40);padding-left:var(--wp--preset--spacing--40)\">\n<div class=\"wp-block-columns is-layout-flex wp-container-core-columns-is-layout-30 wp-block-columns-is-layout-flex\">\n<div class=\"wp-block-column is-layout-flow wp-block-column-is-layout-flow\" style=\"flex-basis:15rem\">\n<figure data-wp-context=\"{&quot;imageId&quot;:&quot;69f0c3de69df4&quot;}\" data-wp-interactive=\"core\/image\" class=\"wp-block-image size-full has-custom-border is-style-default wp-lightbox-container\"><img data-dominant-color=\"8e7765\" data-has-transparency=\"false\" decoding=\"async\" width=\"865\" height=\"865\" data-wp-class--hide=\"state.isContentHidden\" data-wp-class--show=\"state.isContentVisible\" data-wp-init=\"callbacks.setButtonStyles\" data-wp-on-async--click=\"actions.showLightbox\" data-wp-on-async--load=\"callbacks.setButtonStyles\" data-wp-on-async-window--resize=\"callbacks.setButtonStyles\" src=\"https:\/\/campingclosduthym.com\/wp-content\/uploads\/sites\/5\/2024\/10\/mobil-home-ohara-845-3ch-2021.webp\" alt=\"mobil home ohara 845 3ch 2021\" class=\"wp-image-4147 not-transparent\" style=\"--dominant-color: #8e7765; border-radius:100%;aspect-ratio:1;object-fit:cover\" srcset=\"https:\/\/campingclosduthym.com\/wp-content\/uploads\/sites\/5\/2024\/10\/mobil-home-ohara-845-3ch-2021.webp 865w, https:\/\/campingclosduthym.com\/wp-content\/uploads\/sites\/5\/2024\/10\/mobil-home-ohara-845-3ch-2021-300x300.webp 300w, https:\/\/campingclosduthym.com\/wp-content\/uploads\/sites\/5\/2024\/10\/mobil-home-ohara-845-3ch-2021-150x150.webp 150w, https:\/\/campingclosduthym.com\/wp-content\/uploads\/sites\/5\/2024\/10\/mobil-home-ohara-845-3ch-2021-768x768.webp 768w, https:\/\/campingclosduthym.com\/wp-content\/uploads\/sites\/5\/2024\/10\/mobil-home-ohara-845-3ch-2021-400x400.webp 400w, https:\/\/campingclosduthym.com\/wp-content\/uploads\/sites\/5\/2024\/10\/mobil-home-ohara-845-3ch-2021-600x600.webp 600w\" sizes=\"(max-width: 865px) 100vw, 865px\" \/><button\n\t\t\tclass=\"lightbox-trigger\"\n\t\t\ttype=\"button\"\n\t\t\taria-haspopup=\"dialog\"\n\t\t\taria-label=\"Vergroot afbeelding: mobil home ohara 845 3ch 2021\"\n\t\t\tdata-wp-init=\"callbacks.initTriggerButton\"\n\t\t\tdata-wp-on-async--click=\"actions.showLightbox\"\n\t\t\tdata-wp-style--right=\"state.imageButtonRight\"\n\t\t\tdata-wp-style--top=\"state.imageButtonTop\"\n\t\t>\n\t\t\t<svg xmlns=\"http:\/\/www.w3.org\/2000\/svg\" width=\"12\" height=\"12\" fill=\"none\" viewBox=\"0 0 12 12\">\n\t\t\t\t<path fill=\"#fff\" d=\"M2 0a2 2 0 0 0-2 2v2h1.5V2a.5.5 0 0 1 .5-.5h2V0H2Zm2 10.5H2a.5.5 0 0 1-.5-.5V8H0v2a2 2 0 0 0 2 2h2v-1.5ZM8 12v-1.5h2a.5.5 0 0 0 .5-.5V8H12v2a2 2 0 0 1-2 2H8Zm2-12a2 2 0 0 1 2 2v2h-1.5V2a.5.5 0 0 0-.5-.5H8V0h2Z\" \/>\n\t\t\t<\/svg>\n\t\t<\/button><\/figure>\n<\/div>\n\n\n\n<div class=\"wp-block-column is-layout-flow wp-block-column-is-layout-flow\" style=\"flex-basis:100%\"><h2 class=\"wp-block-heading has-large-font-size\" style=\"font-style:normal;font-weight:400;text-transform:uppercase\" id=\"stacaravan-ohara-845-3bed-2021\">Stacaravan O&#8217;hara 845 3bed 2021<\/h2>\n\n\n<div class=\"wp-block-columns is-layout-flex wp-container-core-columns-is-layout-29 wp-block-columns-is-layout-flex\">\n<div class=\"wp-block-column is-layout-flow wp-block-column-is-layout-flow\">\n<div class=\"wp-block-group has-small-font-size has-global-padding is-layout-constrained wp-container-core-group-is-layout-70 wp-block-group-is-layout-constrained\">\n<p><strong>Referentie : 845 3ch O&#8217;hara<\/strong><\/p>\n\n\n\n<p><strong>Jaar: 2021<\/strong><\/p>\n\n\n\n<p><strong>Zitplaatsen : 6<\/strong><\/p>\n\n\n\n<p><strong>Afmetingen :<\/strong> <strong>8,40x4m<\/strong><\/p>\n<\/div>\n<\/div>\n\n\n\n<div class=\"wp-block-column is-layout-flow wp-block-column-is-layout-flow\">\n<div class=\"wp-block-group has-small-font-size has-global-padding is-layout-constrained wp-container-core-group-is-layout-71 wp-block-group-is-layout-constrained\">\n<p class=\"has-text-color has-link-color has-large-font-size wp-elements-7a67c19d417a1a43385646cc189a88c4\" style=\"color:#ff0000\"><strong>VERKOCHT<\/strong><\/p>\n<\/div>\n<\/div>\n\n\n\n<div class=\"wp-block-column is-layout-flow wp-block-column-is-layout-flow\"><\/div>\n<\/div>\n<\/div>\n<\/div>\n<\/div>\n\n\n\n<div class=\"wp-block-group alignfull gt-reveal has-accent-2-background-color has-background is-layout-flow wp-block-group-is-layout-flow\" style=\"padding-top:var(--wp--preset--spacing--40);padding-right:var(--wp--preset--spacing--40);padding-bottom:var(--wp--preset--spacing--40);padding-left:var(--wp--preset--spacing--40)\">\n<div class=\"wp-block-columns is-layout-flex wp-container-core-columns-is-layout-32 wp-block-columns-is-layout-flex\">\n<div class=\"wp-block-column is-layout-flow wp-block-column-is-layout-flow\" style=\"flex-basis:15rem\">\n<figure data-wp-context=\"{&quot;imageId&quot;:&quot;69f0c3de6ac83&quot;}\" data-wp-interactive=\"core\/image\" class=\"wp-block-image size-full has-custom-border is-style-default wp-lightbox-container\"><img data-dominant-color=\"727b7b\" data-has-transparency=\"false\" decoding=\"async\" width=\"865\" height=\"865\" data-wp-class--hide=\"state.isContentHidden\" data-wp-class--show=\"state.isContentVisible\" data-wp-init=\"callbacks.setButtonStyles\" data-wp-on-async--click=\"actions.showLightbox\" data-wp-on-async--load=\"callbacks.setButtonStyles\" data-wp-on-async-window--resize=\"callbacks.setButtonStyles\" src=\"https:\/\/campingclosduthym.com\/wp-content\/uploads\/sites\/5\/2024\/10\/o-hara-884-3ch.webp\" alt=\"o hara 884 3ch\" class=\"wp-image-4153 not-transparent\" style=\"--dominant-color: #727b7b; border-radius:100%;aspect-ratio:1;object-fit:cover\" srcset=\"https:\/\/campingclosduthym.com\/wp-content\/uploads\/sites\/5\/2024\/10\/o-hara-884-3ch.webp 865w, https:\/\/campingclosduthym.com\/wp-content\/uploads\/sites\/5\/2024\/10\/o-hara-884-3ch-300x300.webp 300w, https:\/\/campingclosduthym.com\/wp-content\/uploads\/sites\/5\/2024\/10\/o-hara-884-3ch-150x150.webp 150w, https:\/\/campingclosduthym.com\/wp-content\/uploads\/sites\/5\/2024\/10\/o-hara-884-3ch-768x768.webp 768w, https:\/\/campingclosduthym.com\/wp-content\/uploads\/sites\/5\/2024\/10\/o-hara-884-3ch-400x400.webp 400w, https:\/\/campingclosduthym.com\/wp-content\/uploads\/sites\/5\/2024\/10\/o-hara-884-3ch-600x600.webp 600w\" sizes=\"(max-width: 865px) 100vw, 865px\" \/><button\n\t\t\tclass=\"lightbox-trigger\"\n\t\t\ttype=\"button\"\n\t\t\taria-haspopup=\"dialog\"\n\t\t\taria-label=\"Vergroot afbeelding: o hara 884 3ch\"\n\t\t\tdata-wp-init=\"callbacks.initTriggerButton\"\n\t\t\tdata-wp-on-async--click=\"actions.showLightbox\"\n\t\t\tdata-wp-style--right=\"state.imageButtonRight\"\n\t\t\tdata-wp-style--top=\"state.imageButtonTop\"\n\t\t>\n\t\t\t<svg xmlns=\"http:\/\/www.w3.org\/2000\/svg\" width=\"12\" height=\"12\" fill=\"none\" viewBox=\"0 0 12 12\">\n\t\t\t\t<path fill=\"#fff\" d=\"M2 0a2 2 0 0 0-2 2v2h1.5V2a.5.5 0 0 1 .5-.5h2V0H2Zm2 10.5H2a.5.5 0 0 1-.5-.5V8H0v2a2 2 0 0 0 2 2h2v-1.5ZM8 12v-1.5h2a.5.5 0 0 0 .5-.5V8H12v2a2 2 0 0 1-2 2H8Zm2-12a2 2 0 0 1 2 2v2h-1.5V2a.5.5 0 0 0-.5-.5H8V0h2Z\" \/>\n\t\t\t<\/svg>\n\t\t<\/button><\/figure>\n<\/div>\n\n\n\n<div class=\"wp-block-column is-layout-flow wp-block-column-is-layout-flow\" style=\"flex-basis:100%\"><h2 class=\"wp-block-heading has-large-font-size\" style=\"font-style:normal;font-weight:400;text-transform:uppercase\" id=\"ohara-884-3-slaapkamers\">O&#8217;hara 884 &#8211; 3 slaapkamers<\/h2>\n\n\n<div class=\"wp-block-columns is-layout-flex wp-container-core-columns-is-layout-31 wp-block-columns-is-layout-flex\">\n<div class=\"wp-block-column is-layout-flow wp-block-column-is-layout-flow\">\n<div class=\"wp-block-group has-small-font-size has-global-padding is-layout-constrained wp-container-core-group-is-layout-73 wp-block-group-is-layout-constrained\">\n<p><strong>Referentie : O&#8217;hara 884 3ch<\/strong><\/p>\n\n\n\n<p><strong>Jaar: 2021<\/strong><\/p>\n\n\n\n<p><strong>Zitplaatsen : 6<\/strong><\/p>\n\n\n\n<p><strong>Afmetingen :<\/strong> <strong>8,80x4m<\/strong><\/p>\n<\/div>\n<\/div>\n\n\n\n<div class=\"wp-block-column is-layout-flow wp-block-column-is-layout-flow\">\n<div class=\"wp-block-group has-small-font-size has-global-padding is-layout-constrained wp-container-core-group-is-layout-74 wp-block-group-is-layout-constrained\">\n<p class=\"has-text-color has-link-color has-large-font-size wp-elements-7a67c19d417a1a43385646cc189a88c4\" style=\"color:#ff0000\"><strong>VERKOCHT<\/strong><\/p>\n<\/div>\n<\/div>\n\n\n\n<div class=\"wp-block-column is-layout-flow wp-block-column-is-layout-flow\"><\/div>\n<\/div>\n<\/div>\n<\/div>\n<\/div>\n\n\n\n<div class=\"wp-block-group alignfull gt-reveal has-accent-2-background-color has-background is-layout-flow wp-block-group-is-layout-flow\" style=\"padding-top:var(--wp--preset--spacing--40);padding-right:var(--wp--preset--spacing--40);padding-bottom:var(--wp--preset--spacing--40);padding-left:var(--wp--preset--spacing--40)\">\n<div class=\"wp-block-columns is-layout-flex wp-container-core-columns-is-layout-34 wp-block-columns-is-layout-flex\">\n<div class=\"wp-block-column is-layout-flow wp-block-column-is-layout-flow\" style=\"flex-basis:15rem\">\n<figure data-wp-context=\"{&quot;imageId&quot;:&quot;69f0c3de6b874&quot;}\" data-wp-interactive=\"core\/image\" class=\"wp-block-image size-full has-custom-border is-style-default wp-lightbox-container\"><img data-dominant-color=\"aa9b5f\" data-has-transparency=\"false\" decoding=\"async\" width=\"865\" height=\"865\" data-wp-class--hide=\"state.isContentHidden\" data-wp-class--show=\"state.isContentVisible\" data-wp-init=\"callbacks.setButtonStyles\" data-wp-on-async--click=\"actions.showLightbox\" data-wp-on-async--load=\"callbacks.setButtonStyles\" data-wp-on-async-window--resize=\"callbacks.setButtonStyles\" src=\"https:\/\/campingclosduthym.com\/wp-content\/uploads\/sites\/5\/2024\/10\/carnaby-oakdale-2-ch-2-sdb.webp\" alt=\"carnaby oakdale 2 slaapkamers 2 badkamers\" class=\"wp-image-4151 not-transparent\" style=\"--dominant-color: #aa9b5f; border-radius:100%;aspect-ratio:1;object-fit:cover\" srcset=\"https:\/\/campingclosduthym.com\/wp-content\/uploads\/sites\/5\/2024\/10\/carnaby-oakdale-2-ch-2-sdb.webp 865w, https:\/\/campingclosduthym.com\/wp-content\/uploads\/sites\/5\/2024\/10\/carnaby-oakdale-2-ch-2-sdb-300x300.webp 300w, https:\/\/campingclosduthym.com\/wp-content\/uploads\/sites\/5\/2024\/10\/carnaby-oakdale-2-ch-2-sdb-150x150.webp 150w, https:\/\/campingclosduthym.com\/wp-content\/uploads\/sites\/5\/2024\/10\/carnaby-oakdale-2-ch-2-sdb-768x768.webp 768w, https:\/\/campingclosduthym.com\/wp-content\/uploads\/sites\/5\/2024\/10\/carnaby-oakdale-2-ch-2-sdb-400x400.webp 400w, https:\/\/campingclosduthym.com\/wp-content\/uploads\/sites\/5\/2024\/10\/carnaby-oakdale-2-ch-2-sdb-600x600.webp 600w\" sizes=\"(max-width: 865px) 100vw, 865px\" \/><button\n\t\t\tclass=\"lightbox-trigger\"\n\t\t\ttype=\"button\"\n\t\t\taria-haspopup=\"dialog\"\n\t\t\taria-label=\"Vergroot afbeelding: carnaby oakdale 2 slaapkamers 2 badkamers\"\n\t\t\tdata-wp-init=\"callbacks.initTriggerButton\"\n\t\t\tdata-wp-on-async--click=\"actions.showLightbox\"\n\t\t\tdata-wp-style--right=\"state.imageButtonRight\"\n\t\t\tdata-wp-style--top=\"state.imageButtonTop\"\n\t\t>\n\t\t\t<svg xmlns=\"http:\/\/www.w3.org\/2000\/svg\" width=\"12\" height=\"12\" fill=\"none\" viewBox=\"0 0 12 12\">\n\t\t\t\t<path fill=\"#fff\" d=\"M2 0a2 2 0 0 0-2 2v2h1.5V2a.5.5 0 0 1 .5-.5h2V0H2Zm2 10.5H2a.5.5 0 0 1-.5-.5V8H0v2a2 2 0 0 0 2 2h2v-1.5ZM8 12v-1.5h2a.5.5 0 0 0 .5-.5V8H12v2a2 2 0 0 1-2 2H8Zm2-12a2 2 0 0 1 2 2v2h-1.5V2a.5.5 0 0 0-.5-.5H8V0h2Z\" \/>\n\t\t\t<\/svg>\n\t\t<\/button><\/figure>\n<\/div>\n\n\n\n<div class=\"wp-block-column is-layout-flow wp-block-column-is-layout-flow\" style=\"flex-basis:100%\"><h2 class=\"wp-block-heading has-large-font-size\" style=\"font-style:normal;font-weight:400;text-transform:uppercase\" id=\"stacaravan-carnaby-oaklade-2-slaapkamers\">Stacaravan carnaby oaklade &#8211; 2 slaapkamers<\/h2>\n\n\n<div class=\"wp-block-columns is-layout-flex wp-container-core-columns-is-layout-33 wp-block-columns-is-layout-flex\">\n<div class=\"wp-block-column is-layout-flow wp-block-column-is-layout-flow\">\n<div class=\"wp-block-group has-small-font-size has-global-padding is-layout-constrained wp-container-core-group-is-layout-76 wp-block-group-is-layout-constrained\">\n<p><strong>Referentie : Carnaby oakdale 2 slaapkamers 2 badkamers<\/strong><\/p>\n\n\n\n<p><strong>Jaar: 2018<\/strong><\/p>\n\n\n\n<p><strong>Zitcapaciteit: 4\/6<\/strong><\/p>\n\n\n\n<p><strong>Afmetingen :<\/strong> <strong>10,00x4m<\/strong><\/p>\n<\/div>\n<\/div>\n\n\n\n<div class=\"wp-block-column is-layout-flow wp-block-column-is-layout-flow\">\n<div class=\"wp-block-group has-small-font-size has-global-padding is-layout-constrained wp-container-core-group-is-layout-77 wp-block-group-is-layout-constrained\">\n<p class=\"has-text-color has-link-color has-large-font-size wp-elements-7a67c19d417a1a43385646cc189a88c4\" style=\"color:#ff0000\"><strong>VERKOCHT<\/strong><\/p>\n<\/div>\n<\/div>\n\n\n\n<div class=\"wp-block-column is-layout-flow wp-block-column-is-layout-flow\"><\/div>\n<\/div>\n<\/div>\n<\/div>\n<\/div>\n\n\n\n<div class=\"wp-block-group alignfull gt-reveal has-accent-2-background-color has-background is-layout-flow wp-block-group-is-layout-flow\" style=\"padding-top:var(--wp--preset--spacing--40);padding-right:var(--wp--preset--spacing--40);padding-bottom:var(--wp--preset--spacing--40);padding-left:var(--wp--preset--spacing--40)\">\n<div class=\"wp-block-columns is-layout-flex wp-container-core-columns-is-layout-36 wp-block-columns-is-layout-flex\">\n<div class=\"wp-block-column is-layout-flow wp-block-column-is-layout-flow\" style=\"flex-basis:15rem\">\n<figure data-wp-context=\"{&quot;imageId&quot;:&quot;69f0c3de6c4e0&quot;}\" data-wp-interactive=\"core\/image\" class=\"wp-block-image size-full has-custom-border is-style-default wp-lightbox-container\"><img data-dominant-color=\"7a694b\" data-has-transparency=\"false\" decoding=\"async\" width=\"865\" height=\"865\" data-wp-class--hide=\"state.isContentHidden\" data-wp-class--show=\"state.isContentVisible\" data-wp-init=\"callbacks.setButtonStyles\" data-wp-on-async--click=\"actions.showLightbox\" data-wp-on-async--load=\"callbacks.setButtonStyles\" data-wp-on-async-window--resize=\"callbacks.setButtonStyles\" src=\"https:\/\/campingclosduthym.com\/wp-content\/uploads\/sites\/5\/2024\/10\/mobil-home-ohara-804-2-chambres.webp\" alt=\"stacaravan ohara 804 2 slaapkamers\" class=\"wp-image-4149 not-transparent\" style=\"--dominant-color: #7a694b; border-radius:100%;aspect-ratio:1;object-fit:cover\" srcset=\"https:\/\/campingclosduthym.com\/wp-content\/uploads\/sites\/5\/2024\/10\/mobil-home-ohara-804-2-chambres.webp 865w, https:\/\/campingclosduthym.com\/wp-content\/uploads\/sites\/5\/2024\/10\/mobil-home-ohara-804-2-chambres-300x300.webp 300w, https:\/\/campingclosduthym.com\/wp-content\/uploads\/sites\/5\/2024\/10\/mobil-home-ohara-804-2-chambres-150x150.webp 150w, https:\/\/campingclosduthym.com\/wp-content\/uploads\/sites\/5\/2024\/10\/mobil-home-ohara-804-2-chambres-768x768.webp 768w, https:\/\/campingclosduthym.com\/wp-content\/uploads\/sites\/5\/2024\/10\/mobil-home-ohara-804-2-chambres-400x400.webp 400w, https:\/\/campingclosduthym.com\/wp-content\/uploads\/sites\/5\/2024\/10\/mobil-home-ohara-804-2-chambres-600x600.webp 600w\" sizes=\"(max-width: 865px) 100vw, 865px\" \/><button\n\t\t\tclass=\"lightbox-trigger\"\n\t\t\ttype=\"button\"\n\t\t\taria-haspopup=\"dialog\"\n\t\t\taria-label=\"Vergroot afbeelding: stacaravan ohara 804 2 slaapkamers\"\n\t\t\tdata-wp-init=\"callbacks.initTriggerButton\"\n\t\t\tdata-wp-on-async--click=\"actions.showLightbox\"\n\t\t\tdata-wp-style--right=\"state.imageButtonRight\"\n\t\t\tdata-wp-style--top=\"state.imageButtonTop\"\n\t\t>\n\t\t\t<svg xmlns=\"http:\/\/www.w3.org\/2000\/svg\" width=\"12\" height=\"12\" fill=\"none\" viewBox=\"0 0 12 12\">\n\t\t\t\t<path fill=\"#fff\" d=\"M2 0a2 2 0 0 0-2 2v2h1.5V2a.5.5 0 0 1 .5-.5h2V0H2Zm2 10.5H2a.5.5 0 0 1-.5-.5V8H0v2a2 2 0 0 0 2 2h2v-1.5ZM8 12v-1.5h2a.5.5 0 0 0 .5-.5V8H12v2a2 2 0 0 1-2 2H8Zm2-12a2 2 0 0 1 2 2v2h-1.5V2a.5.5 0 0 0-.5-.5H8V0h2Z\" \/>\n\t\t\t<\/svg>\n\t\t<\/button><\/figure>\n<\/div>\n\n\n\n<div class=\"wp-block-column is-layout-flow wp-block-column-is-layout-flow\" style=\"flex-basis:100%\"><h2 class=\"wp-block-heading has-large-font-size\" style=\"font-style:normal;font-weight:400;text-transform:uppercase\" id=\"stacaravan-ohara-804-2-slaapkamers\">Stacaravan O&#8217;hara 804 &#8211; 2 slaapkamers<\/h2>\n\n\n<div class=\"wp-block-columns is-layout-flex wp-container-core-columns-is-layout-35 wp-block-columns-is-layout-flex\">\n<div class=\"wp-block-column is-layout-flow wp-block-column-is-layout-flow\">\n<div class=\"wp-block-group has-small-font-size has-global-padding is-layout-constrained wp-container-core-group-is-layout-79 wp-block-group-is-layout-constrained\">\n<p><strong>Referentie : O&#8217;hara 804 2ch<\/strong><\/p>\n\n\n\n<p><strong>Jaar: 2019<\/strong><\/p>\n\n\n\n<p><strong>Zitcapaciteit: 4\/6<\/strong><\/p>\n\n\n\n<p><strong>Afmetingen :<\/strong> <strong>8,00x4m<\/strong><\/p>\n<\/div>\n<\/div>\n\n\n\n<div class=\"wp-block-column is-layout-flow wp-block-column-is-layout-flow\">\n<div class=\"wp-block-group has-small-font-size has-global-padding is-layout-constrained wp-container-core-group-is-layout-80 wp-block-group-is-layout-constrained\">\n<p class=\"has-text-color has-link-color has-large-font-size wp-elements-7a67c19d417a1a43385646cc189a88c4\" style=\"color:#ff0000\"><strong>VERKOCHT<\/strong><\/p>\n<\/div>\n<\/div>\n\n\n\n<div class=\"wp-block-column is-layout-flow wp-block-column-is-layout-flow\"><\/div>\n<\/div>\n<\/div>\n<\/div>\n<\/div>\n\n\n\n<div class=\"wp-block-group alignfull gt-reveal has-accent-2-background-color has-background is-layout-flow wp-block-group-is-layout-flow\" style=\"padding-top:var(--wp--preset--spacing--40);padding-right:var(--wp--preset--spacing--40);padding-bottom:var(--wp--preset--spacing--40);padding-left:var(--wp--preset--spacing--40)\">\n<div class=\"wp-block-columns is-layout-flex wp-container-core-columns-is-layout-38 wp-block-columns-is-layout-flex\">\n<div class=\"wp-block-column is-layout-flow wp-block-column-is-layout-flow\" style=\"flex-basis:15rem\">\n<figure data-wp-context=\"{&quot;imageId&quot;:&quot;69f0c3de6d612&quot;}\" data-wp-interactive=\"core\/image\" class=\"wp-block-image size-full has-custom-border is-style-default wp-lightbox-container\"><img data-dominant-color=\"977f54\" data-has-transparency=\"false\" decoding=\"async\" width=\"865\" height=\"865\" data-wp-class--hide=\"state.isContentHidden\" data-wp-class--show=\"state.isContentVisible\" data-wp-init=\"callbacks.setButtonStyles\" data-wp-on-async--click=\"actions.showLightbox\" data-wp-on-async--load=\"callbacks.setButtonStyles\" data-wp-on-async-window--resize=\"callbacks.setButtonStyles\" src=\"https:\/\/campingclosduthym.com\/wp-content\/uploads\/sites\/5\/2024\/10\/sirene-3-luxe.webp\" alt=\"sirene 3 luxe\" class=\"wp-image-4155 not-transparent\" style=\"--dominant-color: #977f54; border-radius:100%;aspect-ratio:1;object-fit:cover\" srcset=\"https:\/\/campingclosduthym.com\/wp-content\/uploads\/sites\/5\/2024\/10\/sirene-3-luxe.webp 865w, https:\/\/campingclosduthym.com\/wp-content\/uploads\/sites\/5\/2024\/10\/sirene-3-luxe-300x300.webp 300w, https:\/\/campingclosduthym.com\/wp-content\/uploads\/sites\/5\/2024\/10\/sirene-3-luxe-150x150.webp 150w, https:\/\/campingclosduthym.com\/wp-content\/uploads\/sites\/5\/2024\/10\/sirene-3-luxe-768x768.webp 768w, https:\/\/campingclosduthym.com\/wp-content\/uploads\/sites\/5\/2024\/10\/sirene-3-luxe-400x400.webp 400w, https:\/\/campingclosduthym.com\/wp-content\/uploads\/sites\/5\/2024\/10\/sirene-3-luxe-600x600.webp 600w\" sizes=\"(max-width: 865px) 100vw, 865px\" \/><button\n\t\t\tclass=\"lightbox-trigger\"\n\t\t\ttype=\"button\"\n\t\t\taria-haspopup=\"dialog\"\n\t\t\taria-label=\"Vergroot afbeelding: sirene 3 luxe\"\n\t\t\tdata-wp-init=\"callbacks.initTriggerButton\"\n\t\t\tdata-wp-on-async--click=\"actions.showLightbox\"\n\t\t\tdata-wp-style--right=\"state.imageButtonRight\"\n\t\t\tdata-wp-style--top=\"state.imageButtonTop\"\n\t\t>\n\t\t\t<svg xmlns=\"http:\/\/www.w3.org\/2000\/svg\" width=\"12\" height=\"12\" fill=\"none\" viewBox=\"0 0 12 12\">\n\t\t\t\t<path fill=\"#fff\" d=\"M2 0a2 2 0 0 0-2 2v2h1.5V2a.5.5 0 0 1 .5-.5h2V0H2Zm2 10.5H2a.5.5 0 0 1-.5-.5V8H0v2a2 2 0 0 0 2 2h2v-1.5ZM8 12v-1.5h2a.5.5 0 0 0 .5-.5V8H12v2a2 2 0 0 1-2 2H8Zm2-12a2 2 0 0 1 2 2v2h-1.5V2a.5.5 0 0 0-.5-.5H8V0h2Z\" \/>\n\t\t\t<\/svg>\n\t\t<\/button><\/figure>\n<\/div>\n\n\n\n<div class=\"wp-block-column is-layout-flow wp-block-column-is-layout-flow\" style=\"flex-basis:100%\"><h2 class=\"wp-block-heading has-large-font-size\" style=\"font-style:normal;font-weight:400;text-transform:uppercase\" id=\"stacaravan-sirene-3-luxe\">Stacaravan Sirene 3 luxe<\/h2>\n\n\n<div class=\"wp-block-columns is-layout-flex wp-container-core-columns-is-layout-37 wp-block-columns-is-layout-flex\">\n<div class=\"wp-block-column is-layout-flow wp-block-column-is-layout-flow\">\n<div class=\"wp-block-group has-small-font-size has-global-padding is-layout-constrained wp-container-core-group-is-layout-82 wp-block-group-is-layout-constrained\">\n<p><strong>Referentie : Sirene 3 luxe<\/strong><\/p>\n\n\n\n<p><strong>Jaar: 2017<\/strong><\/p>\n\n\n\n<p><strong>Zitplaatsen : 6<\/strong><\/p>\n\n\n\n<p><strong>Afmetingen :<\/strong> <strong>9,20x4m<\/strong><\/p>\n<\/div>\n<\/div>\n\n\n\n<div class=\"wp-block-column is-layout-flow wp-block-column-is-layout-flow\">\n<div class=\"wp-block-group has-small-font-size has-global-padding is-layout-constrained wp-container-core-group-is-layout-83 wp-block-group-is-layout-constrained\">\n<p class=\"has-text-color has-link-color has-large-font-size wp-elements-7a67c19d417a1a43385646cc189a88c4\" style=\"color:#ff0000\"><strong>VERKOCHT<\/strong><\/p>\n<\/div>\n<\/div>\n\n\n\n<div class=\"wp-block-column is-layout-flow wp-block-column-is-layout-flow\"><\/div>\n<\/div>\n<\/div>\n<\/div>\n<\/div>\n\n\n\n<div class=\"wp-block-group alignfull gt-reveal has-accent-2-background-color has-background is-layout-flow wp-block-group-is-layout-flow\" style=\"padding-top:var(--wp--preset--spacing--40);padding-right:var(--wp--preset--spacing--40);padding-bottom:var(--wp--preset--spacing--40);padding-left:var(--wp--preset--spacing--40)\">\n<div class=\"wp-block-columns is-layout-flex wp-container-core-columns-is-layout-40 wp-block-columns-is-layout-flex\">\n<div class=\"wp-block-column is-layout-flow wp-block-column-is-layout-flow\" style=\"flex-basis:15rem\">\n<figure data-wp-context=\"{&quot;imageId&quot;:&quot;69f0c3de6e4c2&quot;}\" data-wp-interactive=\"core\/image\" class=\"wp-block-image size-full has-custom-border is-style-default wp-lightbox-container\"><img data-dominant-color=\"728257\" data-has-transparency=\"false\" decoding=\"async\" width=\"865\" height=\"865\" data-wp-class--hide=\"state.isContentHidden\" data-wp-class--show=\"state.isContentVisible\" data-wp-init=\"callbacks.setButtonStyles\" data-wp-on-async--click=\"actions.showLightbox\" data-wp-on-async--load=\"callbacks.setButtonStyles\" data-wp-on-async-window--resize=\"callbacks.setButtonStyles\" src=\"https:\/\/campingclosduthym.com\/wp-content\/uploads\/sites\/5\/2024\/10\/salisbury.webp\" alt=\"salisbury\" class=\"wp-image-4157 not-transparent\" style=\"--dominant-color: #728257; border-radius:100%;aspect-ratio:1;object-fit:cover\" srcset=\"https:\/\/campingclosduthym.com\/wp-content\/uploads\/sites\/5\/2024\/10\/salisbury.webp 865w, https:\/\/campingclosduthym.com\/wp-content\/uploads\/sites\/5\/2024\/10\/salisbury-300x300.webp 300w, https:\/\/campingclosduthym.com\/wp-content\/uploads\/sites\/5\/2024\/10\/salisbury-150x150.webp 150w, https:\/\/campingclosduthym.com\/wp-content\/uploads\/sites\/5\/2024\/10\/salisbury-768x768.webp 768w, https:\/\/campingclosduthym.com\/wp-content\/uploads\/sites\/5\/2024\/10\/salisbury-400x400.webp 400w, https:\/\/campingclosduthym.com\/wp-content\/uploads\/sites\/5\/2024\/10\/salisbury-600x600.webp 600w\" sizes=\"(max-width: 865px) 100vw, 865px\" \/><button\n\t\t\tclass=\"lightbox-trigger\"\n\t\t\ttype=\"button\"\n\t\t\taria-haspopup=\"dialog\"\n\t\t\taria-label=\"Vergroot afbeelding: salisbury\"\n\t\t\tdata-wp-init=\"callbacks.initTriggerButton\"\n\t\t\tdata-wp-on-async--click=\"actions.showLightbox\"\n\t\t\tdata-wp-style--right=\"state.imageButtonRight\"\n\t\t\tdata-wp-style--top=\"state.imageButtonTop\"\n\t\t>\n\t\t\t<svg xmlns=\"http:\/\/www.w3.org\/2000\/svg\" width=\"12\" height=\"12\" fill=\"none\" viewBox=\"0 0 12 12\">\n\t\t\t\t<path fill=\"#fff\" d=\"M2 0a2 2 0 0 0-2 2v2h1.5V2a.5.5 0 0 1 .5-.5h2V0H2Zm2 10.5H2a.5.5 0 0 1-.5-.5V8H0v2a2 2 0 0 0 2 2h2v-1.5ZM8 12v-1.5h2a.5.5 0 0 0 .5-.5V8H12v2a2 2 0 0 1-2 2H8Zm2-12a2 2 0 0 1 2 2v2h-1.5V2a.5.5 0 0 0-.5-.5H8V0h2Z\" \/>\n\t\t\t<\/svg>\n\t\t<\/button><\/figure>\n<\/div>\n\n\n\n<div class=\"wp-block-column is-layout-flow wp-block-column-is-layout-flow\" style=\"flex-basis:100%\"><h2 class=\"wp-block-heading has-large-font-size\" style=\"font-style:normal;font-weight:400;text-transform:uppercase\" id=\"stacaravan-willerby-jaar-2010\">Stacaravan Willerby jaar 2010<\/h2>\n\n\n<div class=\"wp-block-columns is-layout-flex wp-container-core-columns-is-layout-39 wp-block-columns-is-layout-flex\">\n<div class=\"wp-block-column is-layout-flow wp-block-column-is-layout-flow\">\n<div class=\"wp-block-group has-small-font-size has-global-padding is-layout-constrained wp-container-core-group-is-layout-85 wp-block-group-is-layout-constrained\">\n<p><strong>Referentie : Salisbury<\/strong><\/p>\n\n\n\n<p><strong>Jaar : 2010<\/strong><\/p>\n\n\n\n<p><strong>Zitcapaciteit: 4\/6<\/strong><\/p>\n\n\n\n<p><strong>Afmetingen :<\/strong> <strong>10x4m<\/strong><\/p>\n<\/div>\n<\/div>\n\n\n\n<div class=\"wp-block-column is-layout-flow wp-block-column-is-layout-flow\">\n<div class=\"wp-block-group has-small-font-size has-global-padding is-layout-constrained wp-container-core-group-is-layout-86 wp-block-group-is-layout-constrained\">\n<p class=\"has-text-color has-link-color has-large-font-size wp-elements-7a67c19d417a1a43385646cc189a88c4\" style=\"color:#ff0000\"><strong>VERKOCHT<\/strong><\/p>\n<\/div>\n<\/div>\n\n\n\n<div class=\"wp-block-column is-layout-flow wp-block-column-is-layout-flow\"><\/div>\n<\/div>\n<\/div>\n<\/div>\n<\/div>\n\n\n\n<div class=\"wp-block-group alignfull gt-reveal has-accent-2-background-color has-background is-layout-flow wp-block-group-is-layout-flow\" style=\"padding-top:var(--wp--preset--spacing--40);padding-right:var(--wp--preset--spacing--40);padding-bottom:var(--wp--preset--spacing--40);padding-left:var(--wp--preset--spacing--40)\">\n<div class=\"wp-block-columns is-layout-flex wp-container-core-columns-is-layout-42 wp-block-columns-is-layout-flex\">\n<div class=\"wp-block-column is-layout-flow wp-block-column-is-layout-flow\" style=\"flex-basis:15rem\">\n<figure data-wp-context=\"{&quot;imageId&quot;:&quot;69f0c3de6f100&quot;}\" data-wp-interactive=\"core\/image\" class=\"wp-block-image size-full has-custom-border is-style-default wp-lightbox-container\"><img data-dominant-color=\"677276\" data-has-transparency=\"false\" decoding=\"async\" width=\"865\" height=\"865\" data-wp-class--hide=\"state.isContentHidden\" data-wp-class--show=\"state.isContentVisible\" data-wp-init=\"callbacks.setButtonStyles\" data-wp-on-async--click=\"actions.showLightbox\" data-wp-on-async--load=\"callbacks.setButtonStyles\" data-wp-on-async-window--resize=\"callbacks.setButtonStyles\" src=\"https:\/\/campingclosduthym.com\/wp-content\/uploads\/sites\/5\/2024\/10\/1000xl.webp\" alt=\"1000xl\" class=\"wp-image-4159 not-transparent\" style=\"--dominant-color: #677276; border-radius:100%;aspect-ratio:1;object-fit:cover\" srcset=\"https:\/\/campingclosduthym.com\/wp-content\/uploads\/sites\/5\/2024\/10\/1000xl.webp 865w, https:\/\/campingclosduthym.com\/wp-content\/uploads\/sites\/5\/2024\/10\/1000xl-300x300.webp 300w, https:\/\/campingclosduthym.com\/wp-content\/uploads\/sites\/5\/2024\/10\/1000xl-150x150.webp 150w, https:\/\/campingclosduthym.com\/wp-content\/uploads\/sites\/5\/2024\/10\/1000xl-768x768.webp 768w, https:\/\/campingclosduthym.com\/wp-content\/uploads\/sites\/5\/2024\/10\/1000xl-400x400.webp 400w, https:\/\/campingclosduthym.com\/wp-content\/uploads\/sites\/5\/2024\/10\/1000xl-600x600.webp 600w\" sizes=\"(max-width: 865px) 100vw, 865px\" \/><button\n\t\t\tclass=\"lightbox-trigger\"\n\t\t\ttype=\"button\"\n\t\t\taria-haspopup=\"dialog\"\n\t\t\taria-label=\"Vergroot afbeelding: 1000xl\"\n\t\t\tdata-wp-init=\"callbacks.initTriggerButton\"\n\t\t\tdata-wp-on-async--click=\"actions.showLightbox\"\n\t\t\tdata-wp-style--right=\"state.imageButtonRight\"\n\t\t\tdata-wp-style--top=\"state.imageButtonTop\"\n\t\t>\n\t\t\t<svg xmlns=\"http:\/\/www.w3.org\/2000\/svg\" width=\"12\" height=\"12\" fill=\"none\" viewBox=\"0 0 12 12\">\n\t\t\t\t<path fill=\"#fff\" d=\"M2 0a2 2 0 0 0-2 2v2h1.5V2a.5.5 0 0 1 .5-.5h2V0H2Zm2 10.5H2a.5.5 0 0 1-.5-.5V8H0v2a2 2 0 0 0 2 2h2v-1.5ZM8 12v-1.5h2a.5.5 0 0 0 .5-.5V8H12v2a2 2 0 0 1-2 2H8Zm2-12a2 2 0 0 1 2 2v2h-1.5V2a.5.5 0 0 0-.5-.5H8V0h2Z\" \/>\n\t\t\t<\/svg>\n\t\t<\/button><\/figure>\n<\/div>\n\n\n\n<div class=\"wp-block-column is-layout-flow wp-block-column-is-layout-flow\" style=\"flex-basis:100%\"><h2 class=\"wp-block-heading has-large-font-size\" style=\"font-style:normal;font-weight:400;text-transform:uppercase\" id=\"sun-roller-1000xl-panoramische-stacaravan\">Sun Roller 1000XL panoramische stacaravan<\/h2>\n\n\n<div class=\"wp-block-columns is-layout-flex wp-container-core-columns-is-layout-41 wp-block-columns-is-layout-flex\">\n<div class=\"wp-block-column is-layout-flow wp-block-column-is-layout-flow\">\n<div class=\"wp-block-group has-small-font-size has-global-padding is-layout-constrained wp-container-core-group-is-layout-88 wp-block-group-is-layout-constrained\">\n<p><strong>Referentie : 1000XL<\/strong><\/p>\n\n\n\n<p><strong>Jaar : 2010<\/strong><\/p>\n\n\n\n<p><strong>Zitcapaciteit: 4\/6<\/strong><\/p>\n\n\n\n<p><strong>Afmetingen :<\/strong> <strong>10x4m<\/strong><\/p>\n<\/div>\n<\/div>\n\n\n\n<div class=\"wp-block-column is-layout-flow wp-block-column-is-layout-flow\">\n<div class=\"wp-block-group has-small-font-size has-global-padding is-layout-constrained wp-container-core-group-is-layout-89 wp-block-group-is-layout-constrained\">\n<p class=\"has-text-color has-link-color has-large-font-size wp-elements-7a67c19d417a1a43385646cc189a88c4\" style=\"color:#ff0000\"><strong>VERKOCHT<\/strong><\/p>\n<\/div>\n<\/div>\n\n\n\n<div class=\"wp-block-column is-layout-flow wp-block-column-is-layout-flow\"><\/div>\n<\/div>\n<\/div>\n<\/div>\n<\/div>\n<\/div>\n\n<div style=\"height:4rem\" aria-hidden=\"true\" class=\"wp-block-spacer gt-hide-mobile\"><\/div>\n\n<div class=\"wp-block-group alignfull is-layout-flow wp-block-group-is-layout-flow\" style=\"padding-bottom:0\">\n<div class=\"wp-block-group alignwide animated fadeIn slower is-layout-flow wp-block-group-is-layout-flow\" style=\"margin-top:0;margin-bottom:-33px;padding-right:0;padding-left:0\">\n<p class=\"gt-sliding-text has-contrast-3-color has-text-color has-link-color has-sogo-font-family wp-elements-0424d45594c3032313355a4c14d99a00\" style=\"margin-top:0;margin-right:0;margin-bottom:0;margin-left:0;font-size:7vw;font-style:normal;font-weight:300;line-height:1;text-transform:uppercase\">DE CAMPING<\/p>\n<\/div>\n\n\n\n<div class=\"wp-block-group gt-break-mobile is-layout-grid wp-container-core-group-is-layout-93 wp-block-group-is-layout-grid\" style=\"border-radius:2rem\">\n<div\n\tstyle=\"border-radius:0rem;\" class=\"gt-maillage-6 wp-block-gt-gt-fse-maillage\"\tdata-wp-interactive=\"gt\/maillage\"\n\tdata-wp-on--click=\"actions.ctaLoad\"\n\tdata-wp-context='{\"radius\":\"0rem\",\"hover_bg_color\":\"#132f44\",\"hover_text_color\":\"#ffffff\",\"hover_image_opacity\":0.5}'>\t\n\n\t\n\t\t\t\t\t\t\t\t\t<div \n\t\t\t\tclass=\"gt-fse-maillage-link gt-fse-maillage-image-zoom gt-fse-maillage-hover-background-color gt-fse-maillage-hover-text-color\"\n\t\t\t\tstyle=\"border-radius: 0rem\"\n\t\t\t\tdata-wp-on-async--mouseover=\"actions.mouseover\"\n\t\t\t>\n\t\t\t\t\t\t\t\t\t\t\t\t\t\t\t\t\t\t<\/div>\n\t\t\t\t\t\t\t\t\t\t\t<div \n\t\t\t\tclass=\"gt-fse-maillage-link gt-fse-maillage-image-zoom gt-fse-maillage-hover-background-color gt-fse-maillage-hover-text-color\"\n\t\t\t\tstyle=\"border-radius: 0rem\"\n\t\t\t\tdata-wp-on-async--mouseover=\"actions.mouseover\"\n\t\t\t>\n\t\t\t\t\t\t\t\t\t\t\t\t\t\t\t\t\t\t<\/div>\n\t\t\t\t\t\t\t\t\t\t\t<div \n\t\t\t\tclass=\"gt-fse-maillage-link gt-fse-maillage-image-zoom gt-fse-maillage-hover-background-color gt-fse-maillage-hover-text-color\"\n\t\t\t\tstyle=\"border-radius: 0rem\"\n\t\t\t\tdata-wp-on-async--mouseover=\"actions.mouseover\"\n\t\t\t>\n\t\t\t\t\t\t\t\t\t\t\t\t\t\t\t\t\t\t<\/div>\n\t\t\t\t\t\t\t\t<\/div><\/div>\n\n\n\n<div style=\"height:6rem\" aria-hidden=\"true\" class=\"wp-block-spacer gt-hide-mobile\"><\/div>\n<\/div>\n","protected":false},"excerpt":{"rendered":"<p>Het hele jaar door op vakantie met je tweede huis in Argel\u00e8s-sur-Mer Onze familiecamping in de Pyr\u00e9n\u00e9es-Orientales is het hele jaar geopend en ligt op 500 m van het dorp en beschikt over alle faciliteiten die je nodig hebt voor een ontspannen vakantie in een rustige omgeving met bomen. Het gaat niet alleen om het [&hellip;]<\/p>\n","protected":false},"author":1,"featured_media":5498,"parent":0,"menu_order":0,"comment_status":"closed","ping_status":"closed","template":"","meta":{"_acf_changed":false,"_seopress_robots_primary_cat":"","_seopress_titles_title":"Wordt eigenaar van een stacaravan in Argel\u00e8s-sur-Mer","_seopress_titles_desc":"Waarom zou je niet de eigenaar worden van een vakantiehuis in Argel\u00e8s-sur-Mer? Ontdek onze stacaravans te koop in de Pyr\u00e9n\u00e9es-Orientales! ","_seopress_robots_index":"","_gt_ctv_global_id":"","_gt_ctv_id_group":false,"inline_featured_image":false,"gt_fse_maillage_image":"https:\/\/campingclosduthym.com\/wp-content\/uploads\/sites\/5\/2024\/10\/camping-le-clos-du-thym-devenir-proprietaire-argeles-sur-mer.webp","gt_fse_maillage_titre":"Word eigenaar van een stacaravan in de Pyr\u00e9n\u00e9es-Orientales","gt_fse_maillage_resume":"","_gt_maillage_image":0,"_gt_maillage_video":0,"_gt_maillage_title":"","footnotes":""},"categories":[],"tags":[],"class_list":["post-5497","page","type-page","status-publish","has-post-thumbnail","hentry"],"acf":[],"_links":{"self":[{"href":"https:\/\/campingclosduthym.com\/nl\/wp-json\/wp\/v2\/pages\/5497","targetHints":{"allow":["GET"]}}],"collection":[{"href":"https:\/\/campingclosduthym.com\/nl\/wp-json\/wp\/v2\/pages"}],"about":[{"href":"https:\/\/campingclosduthym.com\/nl\/wp-json\/wp\/v2\/types\/page"}],"author":[{"embeddable":true,"href":"https:\/\/campingclosduthym.com\/nl\/wp-json\/wp\/v2\/users\/1"}],"replies":[{"embeddable":true,"href":"https:\/\/campingclosduthym.com\/nl\/wp-json\/wp\/v2\/comments?post=5497"}],"version-history":[{"count":18,"href":"https:\/\/campingclosduthym.com\/nl\/wp-json\/wp\/v2\/pages\/5497\/revisions"}],"predecessor-version":[{"id":5956,"href":"https:\/\/campingclosduthym.com\/nl\/wp-json\/wp\/v2\/pages\/5497\/revisions\/5956"}],"wp:featuredmedia":[{"embeddable":true,"href":"https:\/\/campingclosduthym.com\/nl\/wp-json\/wp\/v2\/media\/5498"}],"wp:attachment":[{"href":"https:\/\/campingclosduthym.com\/nl\/wp-json\/wp\/v2\/media?parent=5497"}],"wp:term":[{"taxonomy":"category","embeddable":true,"href":"https:\/\/campingclosduthym.com\/nl\/wp-json\/wp\/v2\/categories?post=5497"},{"taxonomy":"post_tag","embeddable":true,"href":"https:\/\/campingclosduthym.com\/nl\/wp-json\/wp\/v2\/tags?post=5497"}],"curies":[{"name":"wp","href":"https:\/\/api.w.org\/{rel}","templated":true}]}}